{"version":"1.0","provider_name":"Um\u011bleckopr\u016fmyslov\u00e9 museum v Praze","provider_url":"https:\/\/www.upm.cz\/an","author_name":"Radka Potm\u011b\u0161ilov\u00e1","author_url":"https:\/\/www.upm.cz\/an\/author\/radka_p\/","title":"\u010cESK\u00dd KUBISMUS. PR\u016eVODCE EXPOZIC\u00cd UPM - Um\u011bleckopr\u016fmyslov\u00e9 museum v Praze","type":"rich","width":600,"height":338,"html":"<blockquote class=\"wp-embedded-content\" data-secret=\"FO8vgTiHev\"><a href=\"https:\/\/www.upm.cz\/an\/eshop\/cesky-kubismus-pruvodce-expozici-upm\/\">\u010cESK\u00dd KUBISMUS. PR\u016eVODCE EXPOZIC\u00cd UPM<\/a><\/blockquote><iframe sandbox=\"allow-scripts\" security=\"restricted\" src=\"https:\/\/www.upm.cz\/an\/eshop\/cesky-kubismus-pruvodce-expozici-upm\/embed\/#?secret=FO8vgTiHev\" width=\"600\" height=\"338\" title=\"&#8220;\u010cESK\u00dd KUBISMUS. PR\u016eVODCE EXPOZIC\u00cd UPM&#8221; &#8212; Um\u011bleckopr\u016fmyslov\u00e9 museum v Praze\" data-secret=\"FO8vgTiHev\" frameborder=\"0\" marginwidth=\"0\" marginheight=\"0\" scrolling=\"no\" class=\"wp-embedded-content\"><\/iframe><script>\n\/*! This file is auto-generated *\/\n!function(d,l){\"use strict\";l.querySelector&&d.addEventListener&&\"undefined\"!=typeof URL&&(d.wp=d.wp||{},d.wp.receiveEmbedMessage||(d.wp.receiveEmbedMessage=function(e){var t=e.data;if((t||t.secret||t.message||t.value)&&!\/[^a-zA-Z0-9]\/.test(t.secret)){for(var s,r,n,a=l.querySelectorAll('iframe[data-secret=\"'+t.secret+'\"]'),o=l.querySelectorAll('blockquote[data-secret=\"'+t.secret+'\"]'),c=new RegExp(\"^https?:$\",\"i\"),i=0;i<o.length;i++)o[i].style.display=\"none\";for(i=0;i<a.length;i++)s=a[i],e.source===s.contentWindow&&(s.removeAttribute(\"style\"),\"height\"===t.message?(1e3<(r=parseInt(t.value,10))?r=1e3:~~r<200&&(r=200),s.height=r):\"link\"===t.message&&(r=new URL(s.getAttribute(\"src\")),n=new URL(t.value),c.test(n.protocol))&&n.host===r.host&&l.activeElement===s&&(d.top.location.href=t.value))}},d.addEventListener(\"message\",d.wp.receiveEmbedMessage,!1),l.addEventListener(\"DOMContentLoaded\",function(){for(var e,t,s=l.querySelectorAll(\"iframe.wp-embedded-content\"),r=0;r<s.length;r++)(t=(e=s[r]).getAttribute(\"data-secret\"))||(t=Math.random().toString(36).substring(2,12),e.src+=\"#?secret=\"+t,e.setAttribute(\"data-secret\",t)),e.contentWindow.postMessage({message:\"ready\",secret:t},\"*\")},!1)))}(window,document);\n\/\/# sourceURL=https:\/\/www.upm.cz\/wp-includes\/js\/wp-embed.min.js\n<\/script>","thumbnail_url":"https:\/\/www.upm.cz\/wp-content\/uploads\/628-1.jpg","thumbnail_width":633,"thumbnail_height":800,"description":"Publikace v\u011bnovan\u00e1 fenom\u00e9nu \u010desk\u00e9ho kubismu \u010dten\u00e1\u0159e prov\u00e1d\u00ed v\u0161emi tematick\u00fdmi okruhy expozice v\u00a0dom\u011b U\u00a0\u010cern\u00e9 Matky Bo\u017e\u00ed \u2013 prvn\u00ed pra\u017esk\u00e9 kubistick\u00e9 stavb\u011b. Tato kl\u00ed\u010dov\u00e1 t\u00e9mata, mezi n\u011b\u017e pat\u0159\u00ed nap\u0159\u00edklad \u201eSkupina v\u00fdtvarn\u00fdch um\u011blc\u016f\u201c, \u201eKubistick\u00fd interi\u00e9r a\u00a0n\u00e1bytkov\u00e1 tvorba\u201c \u010di\u00a0\u201e\u0160ikm\u00e1 plocha a\u00a0krystal\u201c, sleduj\u00ed vztahy mezi voln\u00fdm um\u011bn\u00edm, architekturou a\u00a0interi\u00e9rovou tvorbou.\u00a0"}