{"version":"1.0","provider_name":"Um\u011bleckopr\u016fmyslov\u00e9 museum v Praze","provider_url":"https:\/\/www.upm.cz\/an","author_name":"Radka Potm\u011b\u0161ilov\u00e1","author_url":"https:\/\/www.upm.cz\/an\/author\/radka_p\/","title":"PROM\u011aNY VL\u00c1KNA. OSOBNOSTI \u010cESKOSLOVENSK\u00c9 KRAJKY - Um\u011bleckopr\u016fmyslov\u00e9 museum v Praze","type":"rich","width":600,"height":338,"html":"<blockquote class=\"wp-embedded-content\" data-secret=\"lbkZwRk0a0\"><a href=\"https:\/\/www.upm.cz\/an\/eshop\/promeny-vlakna-osobnosti-ceskoslovenske-krajky\/\">PROM\u011aNY VL\u00c1KNA. OSOBNOSTI \u010cESKOSLOVENSK\u00c9 KRAJKY<\/a><\/blockquote><iframe sandbox=\"allow-scripts\" security=\"restricted\" src=\"https:\/\/www.upm.cz\/an\/eshop\/promeny-vlakna-osobnosti-ceskoslovenske-krajky\/embed\/#?secret=lbkZwRk0a0\" width=\"600\" height=\"338\" title=\"&#8220;PROM\u011aNY VL\u00c1KNA. OSOBNOSTI \u010cESKOSLOVENSK\u00c9 KRAJKY&#8221; &#8212; Um\u011bleckopr\u016fmyslov\u00e9 museum v Praze\" data-secret=\"lbkZwRk0a0\" frameborder=\"0\" marginwidth=\"0\" marginheight=\"0\" scrolling=\"no\" class=\"wp-embedded-content\"><\/iframe><script>\n\/*! This file is auto-generated *\/\n!function(d,l){\"use strict\";l.querySelector&&d.addEventListener&&\"undefined\"!=typeof URL&&(d.wp=d.wp||{},d.wp.receiveEmbedMessage||(d.wp.receiveEmbedMessage=function(e){var t=e.data;if((t||t.secret||t.message||t.value)&&!\/[^a-zA-Z0-9]\/.test(t.secret)){for(var s,r,n,a=l.querySelectorAll('iframe[data-secret=\"'+t.secret+'\"]'),o=l.querySelectorAll('blockquote[data-secret=\"'+t.secret+'\"]'),c=new RegExp(\"^https?:$\",\"i\"),i=0;i<o.length;i++)o[i].style.display=\"none\";for(i=0;i<a.length;i++)s=a[i],e.source===s.contentWindow&&(s.removeAttribute(\"style\"),\"height\"===t.message?(1e3<(r=parseInt(t.value,10))?r=1e3:~~r<200&&(r=200),s.height=r):\"link\"===t.message&&(r=new URL(s.getAttribute(\"src\")),n=new URL(t.value),c.test(n.protocol))&&n.host===r.host&&l.activeElement===s&&(d.top.location.href=t.value))}},d.addEventListener(\"message\",d.wp.receiveEmbedMessage,!1),l.addEventListener(\"DOMContentLoaded\",function(){for(var e,t,s=l.querySelectorAll(\"iframe.wp-embedded-content\"),r=0;r<s.length;r++)(t=(e=s[r]).getAttribute(\"data-secret\"))||(t=Math.random().toString(36).substring(2,12),e.src+=\"#?secret=\"+t,e.setAttribute(\"data-secret\",t)),e.contentWindow.postMessage({message:\"ready\",secret:t},\"*\")},!1)))}(window,document);\n\/\/# sourceURL=https:\/\/www.upm.cz\/wp-includes\/js\/wp-embed.min.js\n<\/script>","thumbnail_url":"https:\/\/www.upm.cz\/wp-content\/uploads\/Promeny_vlakna_obalka.jpg","thumbnail_width":924,"thumbnail_height":1000,"description":"Od\u00a0konce 50.\u00a0let se\u00a0za\u010dalo radik\u00e1ln\u011b m\u011bnit i\u00a0pojet\u00ed krajky. Ta\u00a0zcela opustila tradi\u010dn\u00ed funkci a\u00a0stala se\u00a0trojrozm\u011brn\u00fdm monument\u00e1ln\u00edm d\u00edlem. Stejn\u011b jako ve\u00a0sv\u011bt\u011b u\u00a0n\u00e1s doch\u00e1z\u00ed k\u00a0p\u0159ibli\u017eov\u00e1n\u00ed textiln\u00edho um\u011bn\u00ed um\u011bn\u00ed voln\u00e9mu. Nov\u00fd um\u011blecky svobodn\u00fd pohled na\u00a0krajku, spojen\u00fd s\u00a0dokonalou znalost\u00ed klasick\u00fdch technik, podn\u00edtil bohatou tvorbu t\u0159\u00ed generac\u00ed v\u00fdtvarnic."}