{"id":11452,"date":"2021-02-19T16:22:04","date_gmt":"2021-02-19T15:22:04","guid":{"rendered":"https:\/\/www.upm.cz\/?post_type=product&#038;p=11452"},"modified":"2026-01-18T16:51:22","modified_gmt":"2026-01-18T15:51:22","slug":"secese-vitalni-umeni-1900-ze-sbirek-upm","status":"publish","type":"product","link":"https:\/\/www.upm.cz\/an\/eshop\/secese-vitalni-umeni-1900-ze-sbirek-upm\/","title":{"rendered":"SECESE. VIT\u00c1LN\u00cd UM\u011aN\u00cd 1900 ZE SB\u00cdREK UPM"},"content":{"rendered":"<p>Tato monografie p\u0159edstavuje \u0161pi\u010dkov\u00e1 d\u00edla \u010desk\u00e9 a\u00a0evropsk\u00e9 secese ze sb\u00edrek Um\u011bleckopr\u016fmyslov\u00e9ho musea v\u00a0Praze, kter\u00e1 byla sou\u010d\u00e1st\u00ed\u00a0expozice v\u00a0pra\u017esk\u00e9m Obecn\u00edm dom\u011b v\u00a0letech 2013\u20132015.<\/p>\n<p>Jej\u00edm c\u00edlem je uk\u00e1zat u\u017eit\u00e9 um\u011bn\u00ed secese jako sou\u010d\u00e1st p\u0159evratn\u00e9ho moderniza\u010dn\u00edho a\u00a0emancipa\u010dn\u00edho \u00fasil\u00ed z\u00e1v\u011bru 19.\u00a0stolet\u00ed. Kniha proto p\u0159ibli\u017euje secesn\u00ed estetiku jak z\u00a0hlediska \u201eum\u011bleck\u00e9ho provozu\u201c, stylov\u00fdch inovac\u00ed a\u00a0jejich ideov\u00fdch ko\u0159en\u016f, tak z\u00a0hlediska nov\u00e9ho \u017eivotn\u00edho stylu projevuj\u00edc\u00edho se v\u00a0prom\u011bn\u00e1ch obytn\u00e9ho interi\u00e9ru, ve vizualit\u011b reklamy \u010di\u00a0v\u00a0secesn\u00ed m\u00f3d\u011b.<\/p>","protected":false},"excerpt":{"rendered":"<p>vydavatel\u00e9: UPM v\u00a0Praze a\u00a0nakl. Arbor vitae, 2013<br \/>\nedito\u0159i: Lucie Vl\u010dkov\u00e1, Radim Vondr\u00e1\u010dek<br \/>\ntexty: Iva Knobloch, Eva Uchalov\u00e1, Otto Urban, Lucie Vl\u010dkov\u00e1, Radim Vondr\u00e1\u010dek, Filip Wittlich a\u00a0kur\u00e1to\u0159i UPM<br \/>\nvyd\u00e1n\u00ed: \u010desk\u00e9 a\u00a0anglick\u00e9 (anglick\u00e9 je ji\u017e rozebr\u00e1no)<br \/>\nform\u00e1t: 24,5 x 21 cm, m\u011bkk\u00e1 vazba<br \/>\npo\u010det stran: 304<br \/>\npo\u010det\u00a0reprodukc\u00ed: 540<br \/>\nISBN 978-80-7101-128-6 (\u010dj)<br \/>\nISBN 978-80-7101-129-3 (aj)<br \/>\nISBN: 978-80-7437-223-0 (KANT)<\/p>","protected":false},"featured_media":1944,"template":"","meta":{"_acf_changed":false},"product_brand":[],"product_cat":[45],"product_tag":[],"class_list":{"0":"post-11452","1":"product","2":"type-product","3":"status-publish","4":"has-post-thumbnail","6":"product_cat-knihy","8":"first","9":"instock","10":"shipping-taxable","11":"purchasable","12":"product-type-simple"},"acf":[],"yoast_head":"<!-- This site is optimized with the Yoast SEO plugin v26.9 - https:\/\/yoast.com\/product\/yoast-seo-wordpress\/ -->\n<title>SECESE. VIT\u00c1LN\u00cd UM\u011aN\u00cd 1900 ZE SB\u00cdREK UPM - Um\u011bleckopr\u016fmyslov\u00e9 museum v Praze<\/title>\n<meta name=\"description\" content=\"Tato monografie p\u0159edstavuje \u0161pi\u010dkov\u00e1 d\u00edla \u010desk\u00e9 a\u00a0evropsk\u00e9 secese ze sb\u00edrek Um\u011bleckopr\u016fmyslov\u00e9ho musea v\u00a0Praze, kter\u00e1 byla sou\u010d\u00e1st\u00ed\u00a0expozice v\u00a0pra\u017esk\u00e9m Obecn\u00edm dom\u011b v\u00a0letech 2013\u20132015.\u00a0\" \/>\n<meta name=\"robots\" content=\"noindex, nofollow\" \/>\n<meta property=\"og:locale\" content=\"en_US\" \/>\n<meta property=\"og:type\" content=\"article\" \/>\n<meta property=\"og:title\" content=\"SECESE. VIT\u00c1LN\u00cd UM\u011aN\u00cd 1900 ZE SB\u00cdREK UPM - Um\u011bleckopr\u016fmyslov\u00e9 museum v Praze\" \/>\n<meta property=\"og:description\" content=\"Tato monografie p\u0159edstavuje \u0161pi\u010dkov\u00e1 d\u00edla \u010desk\u00e9 a\u00a0evropsk\u00e9 secese ze sb\u00edrek Um\u011bleckopr\u016fmyslov\u00e9ho musea v\u00a0Praze, kter\u00e1 byla sou\u010d\u00e1st\u00ed\u00a0expozice v\u00a0pra\u017esk\u00e9m Obecn\u00edm dom\u011b v\u00a0letech 2013\u20132015.\u00a0\" \/>\n<meta property=\"og:url\" content=\"https:\/\/www.upm.cz\/an\/eshop\/secese-vitalni-umeni-1900-ze-sbirek-upm\/\" \/>\n<meta property=\"og:site_name\" content=\"Um\u011bleckopr\u016fmyslov\u00e9 museum v Praze\" \/>\n<meta property=\"article:modified_time\" content=\"2026-01-18T15:51:22+00:00\" \/>\n<meta property=\"og:image\" content=\"https:\/\/www.upm.cz\/wp-content\/uploads\/629.jpg\" \/>\n\t<meta property=\"og:image:width\" content=\"673\" \/>\n\t<meta property=\"og:image:height\" content=\"800\" \/>\n\t<meta property=\"og:image:type\" content=\"image\/jpeg\" \/>\n<meta name=\"twitter:card\" content=\"summary_large_image\" \/>\n<meta name=\"twitter:label1\" content=\"Est. reading time\" \/>\n\t<meta name=\"twitter:data1\" content=\"1 minute\" \/>\n<script type=\"application\/ld+json\" class=\"yoast-schema-graph\">{\"@context\":\"https:\/\/schema.org\",\"@graph\":[{\"@type\":\"WebPage\",\"@id\":\"https:\/\/www.upm.cz\/eshop\/secese-vitalni-umeni-1900-ze-sbirek-upm\/\",\"url\":\"https:\/\/www.upm.cz\/eshop\/secese-vitalni-umeni-1900-ze-sbirek-upm\/\",\"name\":\"SECESE. VIT\u00c1LN\u00cd UM\u011aN\u00cd 1900 ZE SB\u00cdREK UPM - Um\u011bleckopr\u016fmyslov\u00e9 museum v Praze\",\"isPartOf\":{\"@id\":\"https:\/\/www.upm.cz\/#website\"},\"primaryImageOfPage\":{\"@id\":\"https:\/\/www.upm.cz\/eshop\/secese-vitalni-umeni-1900-ze-sbirek-upm\/#primaryimage\"},\"image\":{\"@id\":\"https:\/\/www.upm.cz\/eshop\/secese-vitalni-umeni-1900-ze-sbirek-upm\/#primaryimage\"},\"thumbnailUrl\":\"https:\/\/www.upm.cz\/wp-content\/uploads\/629.jpg\",\"datePublished\":\"2021-02-19T15:22:04+00:00\",\"dateModified\":\"2026-01-18T15:51:22+00:00\",\"description\":\"Tato monografie p\u0159edstavuje \u0161pi\u010dkov\u00e1 d\u00edla \u010desk\u00e9 a\u00a0evropsk\u00e9 secese ze sb\u00edrek Um\u011bleckopr\u016fmyslov\u00e9ho musea v\u00a0Praze, kter\u00e1 byla sou\u010d\u00e1st\u00ed\u00a0expozice v\u00a0pra\u017esk\u00e9m Obecn\u00edm dom\u011b v\u00a0letech 2013\u20132015.\u00a0\",\"breadcrumb\":{\"@id\":\"https:\/\/www.upm.cz\/eshop\/secese-vitalni-umeni-1900-ze-sbirek-upm\/#breadcrumb\"},\"inLanguage\":\"en-US\",\"potentialAction\":[{\"@type\":\"ReadAction\",\"target\":[\"https:\/\/www.upm.cz\/eshop\/secese-vitalni-umeni-1900-ze-sbirek-upm\/\"]}]},{\"@type\":\"ImageObject\",\"inLanguage\":\"en-US\",\"@id\":\"https:\/\/www.upm.cz\/eshop\/secese-vitalni-umeni-1900-ze-sbirek-upm\/#primaryimage\",\"url\":\"https:\/\/www.upm.cz\/wp-content\/uploads\/629.jpg\",\"contentUrl\":\"https:\/\/www.upm.cz\/wp-content\/uploads\/629.jpg\",\"width\":673,\"height\":800,\"caption\":\"Ob\u00e1lka knihy abstraktn\u00ed\"},{\"@type\":\"BreadcrumbList\",\"@id\":\"https:\/\/www.upm.cz\/eshop\/secese-vitalni-umeni-1900-ze-sbirek-upm\/#breadcrumb\",\"itemListElement\":[{\"@type\":\"ListItem\",\"position\":1,\"name\":\"Dom\u016f\",\"item\":\"https:\/\/www.upm.cz\/\"},{\"@type\":\"ListItem\",\"position\":2,\"name\":\"eshop\",\"item\":\"https:\/\/www.upm.cz\/eshop\/\"},{\"@type\":\"ListItem\",\"position\":3,\"name\":\"SECESE. VIT\u00c1LN\u00cd UM\u011aN\u00cd 1900 ZE SB\u00cdREK UPM\"}]},{\"@type\":\"WebSite\",\"@id\":\"https:\/\/www.upm.cz\/#website\",\"url\":\"https:\/\/www.upm.cz\/\",\"name\":\"Um\u011bleckopr\u016fmyslov\u00e9 museum v Praze\",\"description\":\"\",\"publisher\":{\"@id\":\"https:\/\/www.upm.cz\/#organization\"},\"potentialAction\":[{\"@type\":\"SearchAction\",\"target\":{\"@type\":\"EntryPoint\",\"urlTemplate\":\"https:\/\/www.upm.cz\/?s={search_term_string}\"},\"query-input\":{\"@type\":\"PropertyValueSpecification\",\"valueRequired\":true,\"valueName\":\"search_term_string\"}}],\"inLanguage\":\"en-US\"},{\"@type\":\"Organization\",\"@id\":\"https:\/\/www.upm.cz\/#organization\",\"name\":\"Um\u011bleckopr\u016fmyslov\u00e9 museum v Praze\",\"url\":\"https:\/\/www.upm.cz\/\",\"logo\":{\"@type\":\"ImageObject\",\"inLanguage\":\"en-US\",\"@id\":\"https:\/\/www.upm.cz\/#\/schema\/logo\/image\/\",\"url\":\"https:\/\/www.upm.cz\/wp-content\/uploads\/2020\/03\/logo_upm_cz.svg\",\"contentUrl\":\"https:\/\/www.upm.cz\/wp-content\/uploads\/2020\/03\/logo_upm_cz.svg\",\"width\":1736,\"height\":295,\"caption\":\"Um\u011bleckopr\u016fmyslov\u00e9 museum v Praze\"},\"image\":{\"@id\":\"https:\/\/www.upm.cz\/#\/schema\/logo\/image\/\"}}]}<\/script>\n<!-- \/ Yoast SEO plugin. -->","yoast_head_json":{"title":"SECESE. VIT\u00c1LN\u00cd UM\u011aN\u00cd 1900 ZE SB\u00cdREK UPM - Um\u011bleckopr\u016fmyslov\u00e9 museum v Praze","description":"Tato monografie p\u0159edstavuje \u0161pi\u010dkov\u00e1 d\u00edla \u010desk\u00e9 a\u00a0evropsk\u00e9 secese ze sb\u00edrek Um\u011bleckopr\u016fmyslov\u00e9ho musea v\u00a0Praze, kter\u00e1 byla sou\u010d\u00e1st\u00ed\u00a0expozice v\u00a0pra\u017esk\u00e9m Obecn\u00edm dom\u011b v\u00a0letech 2013\u20132015.\u00a0","robots":{"index":"noindex","follow":"nofollow"},"og_locale":"en_US","og_type":"article","og_title":"SECESE. VIT\u00c1LN\u00cd UM\u011aN\u00cd 1900 ZE SB\u00cdREK UPM - Um\u011bleckopr\u016fmyslov\u00e9 museum v Praze","og_description":"Tato monografie p\u0159edstavuje \u0161pi\u010dkov\u00e1 d\u00edla \u010desk\u00e9 a\u00a0evropsk\u00e9 secese ze sb\u00edrek Um\u011bleckopr\u016fmyslov\u00e9ho musea v\u00a0Praze, kter\u00e1 byla sou\u010d\u00e1st\u00ed\u00a0expozice v\u00a0pra\u017esk\u00e9m Obecn\u00edm dom\u011b v\u00a0letech 2013\u20132015.\u00a0","og_url":"https:\/\/www.upm.cz\/an\/eshop\/secese-vitalni-umeni-1900-ze-sbirek-upm\/","og_site_name":"Um\u011bleckopr\u016fmyslov\u00e9 museum v Praze","article_modified_time":"2026-01-18T15:51:22+00:00","og_image":[{"width":673,"height":800,"url":"https:\/\/www.upm.cz\/wp-content\/uploads\/629.jpg","type":"image\/jpeg"}],"twitter_card":"summary_large_image","twitter_misc":{"Est. reading time":"1 minute"},"schema":{"@context":"https:\/\/schema.org","@graph":[{"@type":"WebPage","@id":"https:\/\/www.upm.cz\/eshop\/secese-vitalni-umeni-1900-ze-sbirek-upm\/","url":"https:\/\/www.upm.cz\/eshop\/secese-vitalni-umeni-1900-ze-sbirek-upm\/","name":"SECESE. VIT\u00c1LN\u00cd UM\u011aN\u00cd 1900 ZE SB\u00cdREK UPM - Um\u011bleckopr\u016fmyslov\u00e9 museum v Praze","isPartOf":{"@id":"https:\/\/www.upm.cz\/#website"},"primaryImageOfPage":{"@id":"https:\/\/www.upm.cz\/eshop\/secese-vitalni-umeni-1900-ze-sbirek-upm\/#primaryimage"},"image":{"@id":"https:\/\/www.upm.cz\/eshop\/secese-vitalni-umeni-1900-ze-sbirek-upm\/#primaryimage"},"thumbnailUrl":"https:\/\/www.upm.cz\/wp-content\/uploads\/629.jpg","datePublished":"2021-02-19T15:22:04+00:00","dateModified":"2026-01-18T15:51:22+00:00","description":"Tato monografie p\u0159edstavuje \u0161pi\u010dkov\u00e1 d\u00edla \u010desk\u00e9 a\u00a0evropsk\u00e9 secese ze sb\u00edrek Um\u011bleckopr\u016fmyslov\u00e9ho musea v\u00a0Praze, kter\u00e1 byla sou\u010d\u00e1st\u00ed\u00a0expozice v\u00a0pra\u017esk\u00e9m Obecn\u00edm dom\u011b v\u00a0letech 2013\u20132015.\u00a0","breadcrumb":{"@id":"https:\/\/www.upm.cz\/eshop\/secese-vitalni-umeni-1900-ze-sbirek-upm\/#breadcrumb"},"inLanguage":"en-US","potentialAction":[{"@type":"ReadAction","target":["https:\/\/www.upm.cz\/eshop\/secese-vitalni-umeni-1900-ze-sbirek-upm\/"]}]},{"@type":"ImageObject","inLanguage":"en-US","@id":"https:\/\/www.upm.cz\/eshop\/secese-vitalni-umeni-1900-ze-sbirek-upm\/#primaryimage","url":"https:\/\/www.upm.cz\/wp-content\/uploads\/629.jpg","contentUrl":"https:\/\/www.upm.cz\/wp-content\/uploads\/629.jpg","width":673,"height":800,"caption":"Ob\u00e1lka knihy abstraktn\u00ed"},{"@type":"BreadcrumbList","@id":"https:\/\/www.upm.cz\/eshop\/secese-vitalni-umeni-1900-ze-sbirek-upm\/#breadcrumb","itemListElement":[{"@type":"ListItem","position":1,"name":"Dom\u016f","item":"https:\/\/www.upm.cz\/"},{"@type":"ListItem","position":2,"name":"eshop","item":"https:\/\/www.upm.cz\/eshop\/"},{"@type":"ListItem","position":3,"name":"SECESE. VIT\u00c1LN\u00cd UM\u011aN\u00cd 1900 ZE SB\u00cdREK UPM"}]},{"@type":"WebSite","@id":"https:\/\/www.upm.cz\/#website","url":"https:\/\/www.upm.cz\/","name":"Um\u011bleckopr\u016fmyslov\u00e9 museum v Praze","description":"","publisher":{"@id":"https:\/\/www.upm.cz\/#organization"},"potentialAction":[{"@type":"SearchAction","target":{"@type":"EntryPoint","urlTemplate":"https:\/\/www.upm.cz\/?s={search_term_string}"},"query-input":{"@type":"PropertyValueSpecification","valueRequired":true,"valueName":"search_term_string"}}],"inLanguage":"en-US"},{"@type":"Organization","@id":"https:\/\/www.upm.cz\/#organization","name":"Um\u011bleckopr\u016fmyslov\u00e9 museum v Praze","url":"https:\/\/www.upm.cz\/","logo":{"@type":"ImageObject","inLanguage":"en-US","@id":"https:\/\/www.upm.cz\/#\/schema\/logo\/image\/","url":"https:\/\/www.upm.cz\/wp-content\/uploads\/2020\/03\/logo_upm_cz.svg","contentUrl":"https:\/\/www.upm.cz\/wp-content\/uploads\/2020\/03\/logo_upm_cz.svg","width":1736,"height":295,"caption":"Um\u011bleckopr\u016fmyslov\u00e9 museum v Praze"},"image":{"@id":"https:\/\/www.upm.cz\/#\/schema\/logo\/image\/"}}]}},"_links":{"self":[{"href":"https:\/\/www.upm.cz\/an\/wp-json\/wp\/v2\/product\/11452","targetHints":{"allow":["GET"]}}],"collection":[{"href":"https:\/\/www.upm.cz\/an\/wp-json\/wp\/v2\/product"}],"about":[{"href":"https:\/\/www.upm.cz\/an\/wp-json\/wp\/v2\/types\/product"}],"wp:featuredmedia":[{"embeddable":true,"href":"https:\/\/www.upm.cz\/an\/wp-json\/wp\/v2\/media\/1944"}],"wp:attachment":[{"href":"https:\/\/www.upm.cz\/an\/wp-json\/wp\/v2\/media?parent=11452"}],"wp:term":[{"taxonomy":"product_brand","embeddable":true,"href":"https:\/\/www.upm.cz\/an\/wp-json\/wp\/v2\/product_brand?post=11452"},{"taxonomy":"product_cat","embeddable":true,"href":"https:\/\/www.upm.cz\/an\/wp-json\/wp\/v2\/product_cat?post=11452"},{"taxonomy":"product_tag","embeddable":true,"href":"https:\/\/www.upm.cz\/an\/wp-json\/wp\/v2\/product_tag?post=11452"}],"curies":[{"name":"wp","href":"https:\/\/api.w.org\/{rel}","templated":true}]}}