{"id":12951,"date":"2022-09-05T10:08:23","date_gmt":"2022-09-05T08:08:23","guid":{"rendered":"https:\/\/www.upm.cz\/?post_type=product&#038;p=12951"},"modified":"2022-09-06T14:09:45","modified_gmt":"2022-09-06T12:09:45","slug":"neoclassicism-and-biedermeier-from-the-collections-of-the-prince-of-liechtenstein","status":"publish","type":"product","link":"https:\/\/www.upm.cz\/an\/eshop\/neoclassicism-and-biedermeier-from-the-collections-of-the-prince-of-liechtenstein\/","title":{"rendered":"NEOCLASSICISM AND BIEDERMEIER FROM THE COLLECTIONS OF THE PRINCE OF LIECHTENSTEIN"},"content":{"rendered":"<p>The exhibition catalogue presents for the first time to the Czech public works of art from the Classical and Biedermeier periods from the rich collections of Hans-Adam II, the reigning Prince of Liechtenstein. The outstanding portrait, landscape and genre works by leading Viennese artists &#8211; Heinrich F\u00fcger, Friedrich von Amerling, Peter Fendi and Ferdinand Georg Waldm\u00fcller &#8211; illustrate the role of the princely family as a&nbsp;major patron, commissioner and collector of art.<\/p>\n<p>The publication includes over 300 works, in addition to paintings, sculpture, unique sets of painted Viennese porcelain, architectural drawings and furniture. It also focuses on the family&#8217;s&nbsp;Moravian estates and gives a&nbsp;plastic picture of the aristocratic family&#8217;s&nbsp;living culture through veduta, watercolours of interiors and pieces of furniture, especially from the furnishings of Lednice and Valtice.<\/p>","protected":false},"excerpt":{"rendered":"<p>published by UPM in Prague and Liechtenstein Museum in Vienna, 2010<br \/>\nJohann Kr\u00e4ftner<br \/>\nCatalogue entries: Johann Kr\u00e4ftner, Claudia Lehner-Jobst, Radim Vondr\u00e1\u010dek<br \/>\nCzech and English editions<br \/>\nformat: 28 x 22,7 cm, paperback<br \/>\nnumber of pages: 432<br \/>\nnumber of reproductions: 307<\/p>\n<p>ISBN 978-80-7101-088-3 (en)<\/p>","protected":false},"featured_media":7049,"template":"","meta":{"_acf_changed":false},"product_brand":[],"product_cat":[80],"product_tag":[],"class_list":{"0":"post-12951","1":"product","2":"type-product","3":"status-publish","4":"has-post-thumbnail","6":"product_cat-books","8":"first","9":"instock","10":"shipping-taxable","11":"purchasable","12":"product-type-simple"},"acf":[],"yoast_head":"<!-- This site is optimized with the Yoast SEO plugin v26.9 - https:\/\/yoast.com\/product\/yoast-seo-wordpress\/ -->\n<title>NEOCLASSICISM AND BIEDERMEIER FROM THE COLLECTIONS OF THE PRINCE OF LIECHTENSTEIN - Um\u011bleckopr\u016fmyslov\u00e9 museum v Praze<\/title>\n<meta name=\"description\" content=\"The exhibition catalogue presents for the first time to the Czech public works of art from the Classical and Biedermeier periods from the rich collections of Hans-Adam II, the reigning Prince of Liechtenstein. The outstanding portrait, landscape and genre works by leading Viennese artists - Heinrich F\u00fcger, Friedrich von Amerling, Peter Fendi and Ferdinand Georg Waldm\u00fcller - illustrate the role of the princely family as a major patron, commissioner and collector of art.\" \/>\n<meta name=\"robots\" content=\"index, follow, max-snippet:-1, max-image-preview:large, max-video-preview:-1\" \/>\n<link rel=\"canonical\" href=\"https:\/\/www.upm.cz\/an\/eshop\/neoclassicism-and-biedermeier-from-the-collections-of-the-prince-of-liechtenstein\/\" \/>\n<meta property=\"og:locale\" content=\"en_US\" \/>\n<meta property=\"og:type\" content=\"article\" \/>\n<meta property=\"og:title\" content=\"NEOCLASSICISM AND BIEDERMEIER FROM THE COLLECTIONS OF THE PRINCE OF LIECHTENSTEIN - Um\u011bleckopr\u016fmyslov\u00e9 museum v Praze\" \/>\n<meta property=\"og:description\" content=\"The exhibition catalogue presents for the first time to the Czech public works of art from the Classical and Biedermeier periods from the rich collections of Hans-Adam II, the reigning Prince of Liechtenstein. The outstanding portrait, landscape and genre works by leading Viennese artists - Heinrich F\u00fcger, Friedrich von Amerling, Peter Fendi and Ferdinand Georg Waldm\u00fcller - illustrate the role of the princely family as a major patron, commissioner and collector of art.\" \/>\n<meta property=\"og:url\" content=\"https:\/\/www.upm.cz\/an\/eshop\/neoclassicism-and-biedermeier-from-the-collections-of-the-prince-of-liechtenstein\/\" \/>\n<meta property=\"og:site_name\" content=\"Um\u011bleckopr\u016fmyslov\u00e9 museum v Praze\" \/>\n<meta property=\"article:modified_time\" content=\"2022-09-06T12:09:45+00:00\" \/>\n<meta property=\"og:image\" content=\"https:\/\/www.upm.cz\/wp-content\/uploads\/Klasicismus_biedermeier_CZ_obalka.jpg\" \/>\n\t<meta property=\"og:image:width\" content=\"813\" \/>\n\t<meta property=\"og:image:height\" content=\"1000\" \/>\n\t<meta property=\"og:image:type\" content=\"image\/jpeg\" \/>\n<meta name=\"twitter:card\" content=\"summary_large_image\" \/>\n<meta name=\"twitter:label1\" content=\"Est. reading time\" \/>\n\t<meta name=\"twitter:data1\" content=\"1 minute\" \/>\n<script type=\"application\/ld+json\" class=\"yoast-schema-graph\">{\"@context\":\"https:\/\/schema.org\",\"@graph\":[{\"@type\":\"WebPage\",\"@id\":\"https:\/\/www.upm.cz\/eshop\/neoclassicism-and-biedermeier-from-the-collections-of-the-prince-of-liechtenstein\/\",\"url\":\"https:\/\/www.upm.cz\/eshop\/neoclassicism-and-biedermeier-from-the-collections-of-the-prince-of-liechtenstein\/\",\"name\":\"NEOCLASSICISM AND BIEDERMEIER FROM THE COLLECTIONS OF THE PRINCE OF LIECHTENSTEIN - Um\u011bleckopr\u016fmyslov\u00e9 museum v Praze\",\"isPartOf\":{\"@id\":\"https:\/\/www.upm.cz\/#website\"},\"primaryImageOfPage\":{\"@id\":\"https:\/\/www.upm.cz\/eshop\/neoclassicism-and-biedermeier-from-the-collections-of-the-prince-of-liechtenstein\/#primaryimage\"},\"image\":{\"@id\":\"https:\/\/www.upm.cz\/eshop\/neoclassicism-and-biedermeier-from-the-collections-of-the-prince-of-liechtenstein\/#primaryimage\"},\"thumbnailUrl\":\"https:\/\/www.upm.cz\/wp-content\/uploads\/Klasicismus_biedermeier_CZ_obalka.jpg\",\"datePublished\":\"2022-09-05T08:08:23+00:00\",\"dateModified\":\"2022-09-06T12:09:45+00:00\",\"description\":\"The exhibition catalogue presents for the first time to the Czech public works of art from the Classical and Biedermeier periods from the rich collections of Hans-Adam II, the reigning Prince of Liechtenstein. The outstanding portrait, landscape and genre works by leading Viennese artists - Heinrich F\u00fcger, Friedrich von Amerling, Peter Fendi and Ferdinand Georg Waldm\u00fcller - illustrate the role of the princely family as a major patron, commissioner and collector of art.\",\"breadcrumb\":{\"@id\":\"https:\/\/www.upm.cz\/eshop\/neoclassicism-and-biedermeier-from-the-collections-of-the-prince-of-liechtenstein\/#breadcrumb\"},\"inLanguage\":\"en-US\",\"potentialAction\":[{\"@type\":\"ReadAction\",\"target\":[\"https:\/\/www.upm.cz\/eshop\/neoclassicism-and-biedermeier-from-the-collections-of-the-prince-of-liechtenstein\/\"]}]},{\"@type\":\"ImageObject\",\"inLanguage\":\"en-US\",\"@id\":\"https:\/\/www.upm.cz\/eshop\/neoclassicism-and-biedermeier-from-the-collections-of-the-prince-of-liechtenstein\/#primaryimage\",\"url\":\"https:\/\/www.upm.cz\/wp-content\/uploads\/Klasicismus_biedermeier_CZ_obalka.jpg\",\"contentUrl\":\"https:\/\/www.upm.cz\/wp-content\/uploads\/Klasicismus_biedermeier_CZ_obalka.jpg\",\"width\":813,\"height\":1000},{\"@type\":\"BreadcrumbList\",\"@id\":\"https:\/\/www.upm.cz\/eshop\/neoclassicism-and-biedermeier-from-the-collections-of-the-prince-of-liechtenstein\/#breadcrumb\",\"itemListElement\":[{\"@type\":\"ListItem\",\"position\":1,\"name\":\"Dom\u016f\",\"item\":\"https:\/\/www.upm.cz\/\"},{\"@type\":\"ListItem\",\"position\":2,\"name\":\"eshop\",\"item\":\"https:\/\/www.upm.cz\/eshop\/\"},{\"@type\":\"ListItem\",\"position\":3,\"name\":\"NEOCLASSICISM AND BIEDERMEIER FROM THE COLLECTIONS OF THE PRINCE OF LIECHTENSTEIN\"}]},{\"@type\":\"WebSite\",\"@id\":\"https:\/\/www.upm.cz\/#website\",\"url\":\"https:\/\/www.upm.cz\/\",\"name\":\"Um\u011bleckopr\u016fmyslov\u00e9 museum v Praze\",\"description\":\"\",\"publisher\":{\"@id\":\"https:\/\/www.upm.cz\/#organization\"},\"potentialAction\":[{\"@type\":\"SearchAction\",\"target\":{\"@type\":\"EntryPoint\",\"urlTemplate\":\"https:\/\/www.upm.cz\/?s={search_term_string}\"},\"query-input\":{\"@type\":\"PropertyValueSpecification\",\"valueRequired\":true,\"valueName\":\"search_term_string\"}}],\"inLanguage\":\"en-US\"},{\"@type\":\"Organization\",\"@id\":\"https:\/\/www.upm.cz\/#organization\",\"name\":\"Um\u011bleckopr\u016fmyslov\u00e9 museum v Praze\",\"url\":\"https:\/\/www.upm.cz\/\",\"logo\":{\"@type\":\"ImageObject\",\"inLanguage\":\"en-US\",\"@id\":\"https:\/\/www.upm.cz\/#\/schema\/logo\/image\/\",\"url\":\"https:\/\/www.upm.cz\/wp-content\/uploads\/2020\/03\/logo_upm_cz.svg\",\"contentUrl\":\"https:\/\/www.upm.cz\/wp-content\/uploads\/2020\/03\/logo_upm_cz.svg\",\"width\":1736,\"height\":295,\"caption\":\"Um\u011bleckopr\u016fmyslov\u00e9 museum v Praze\"},\"image\":{\"@id\":\"https:\/\/www.upm.cz\/#\/schema\/logo\/image\/\"}}]}<\/script>\n<!-- \/ Yoast SEO plugin. -->","yoast_head_json":{"title":"NEOCLASSICISM AND BIEDERMEIER FROM THE COLLECTIONS OF THE PRINCE OF LIECHTENSTEIN - Um\u011bleckopr\u016fmyslov\u00e9 museum v Praze","description":"The exhibition catalogue presents for the first time to the Czech public works of art from the Classical and Biedermeier periods from the rich collections of Hans-Adam II, the reigning Prince of Liechtenstein. The outstanding portrait, landscape and genre works by leading Viennese artists - Heinrich F\u00fcger, Friedrich von Amerling, Peter Fendi and Ferdinand Georg Waldm\u00fcller - illustrate the role of the princely family as a major patron, commissioner and collector of art.","robots":{"index":"index","follow":"follow","max-snippet":"max-snippet:-1","max-image-preview":"max-image-preview:large","max-video-preview":"max-video-preview:-1"},"canonical":"https:\/\/www.upm.cz\/an\/eshop\/neoclassicism-and-biedermeier-from-the-collections-of-the-prince-of-liechtenstein\/","og_locale":"en_US","og_type":"article","og_title":"NEOCLASSICISM AND BIEDERMEIER FROM THE COLLECTIONS OF THE PRINCE OF LIECHTENSTEIN - Um\u011bleckopr\u016fmyslov\u00e9 museum v Praze","og_description":"The exhibition catalogue presents for the first time to the Czech public works of art from the Classical and Biedermeier periods from the rich collections of Hans-Adam II, the reigning Prince of Liechtenstein. The outstanding portrait, landscape and genre works by leading Viennese artists - Heinrich F\u00fcger, Friedrich von Amerling, Peter Fendi and Ferdinand Georg Waldm\u00fcller - illustrate the role of the princely family as a major patron, commissioner and collector of art.","og_url":"https:\/\/www.upm.cz\/an\/eshop\/neoclassicism-and-biedermeier-from-the-collections-of-the-prince-of-liechtenstein\/","og_site_name":"Um\u011bleckopr\u016fmyslov\u00e9 museum v Praze","article_modified_time":"2022-09-06T12:09:45+00:00","og_image":[{"width":813,"height":1000,"url":"https:\/\/www.upm.cz\/wp-content\/uploads\/Klasicismus_biedermeier_CZ_obalka.jpg","type":"image\/jpeg"}],"twitter_card":"summary_large_image","twitter_misc":{"Est. reading time":"1 minute"},"schema":{"@context":"https:\/\/schema.org","@graph":[{"@type":"WebPage","@id":"https:\/\/www.upm.cz\/eshop\/neoclassicism-and-biedermeier-from-the-collections-of-the-prince-of-liechtenstein\/","url":"https:\/\/www.upm.cz\/eshop\/neoclassicism-and-biedermeier-from-the-collections-of-the-prince-of-liechtenstein\/","name":"NEOCLASSICISM AND BIEDERMEIER FROM THE COLLECTIONS OF THE PRINCE OF LIECHTENSTEIN - Um\u011bleckopr\u016fmyslov\u00e9 museum v Praze","isPartOf":{"@id":"https:\/\/www.upm.cz\/#website"},"primaryImageOfPage":{"@id":"https:\/\/www.upm.cz\/eshop\/neoclassicism-and-biedermeier-from-the-collections-of-the-prince-of-liechtenstein\/#primaryimage"},"image":{"@id":"https:\/\/www.upm.cz\/eshop\/neoclassicism-and-biedermeier-from-the-collections-of-the-prince-of-liechtenstein\/#primaryimage"},"thumbnailUrl":"https:\/\/www.upm.cz\/wp-content\/uploads\/Klasicismus_biedermeier_CZ_obalka.jpg","datePublished":"2022-09-05T08:08:23+00:00","dateModified":"2022-09-06T12:09:45+00:00","description":"The exhibition catalogue presents for the first time to the Czech public works of art from the Classical and Biedermeier periods from the rich collections of Hans-Adam II, the reigning Prince of Liechtenstein. The outstanding portrait, landscape and genre works by leading Viennese artists - Heinrich F\u00fcger, Friedrich von Amerling, Peter Fendi and Ferdinand Georg Waldm\u00fcller - illustrate the role of the princely family as a major patron, commissioner and collector of art.","breadcrumb":{"@id":"https:\/\/www.upm.cz\/eshop\/neoclassicism-and-biedermeier-from-the-collections-of-the-prince-of-liechtenstein\/#breadcrumb"},"inLanguage":"en-US","potentialAction":[{"@type":"ReadAction","target":["https:\/\/www.upm.cz\/eshop\/neoclassicism-and-biedermeier-from-the-collections-of-the-prince-of-liechtenstein\/"]}]},{"@type":"ImageObject","inLanguage":"en-US","@id":"https:\/\/www.upm.cz\/eshop\/neoclassicism-and-biedermeier-from-the-collections-of-the-prince-of-liechtenstein\/#primaryimage","url":"https:\/\/www.upm.cz\/wp-content\/uploads\/Klasicismus_biedermeier_CZ_obalka.jpg","contentUrl":"https:\/\/www.upm.cz\/wp-content\/uploads\/Klasicismus_biedermeier_CZ_obalka.jpg","width":813,"height":1000},{"@type":"BreadcrumbList","@id":"https:\/\/www.upm.cz\/eshop\/neoclassicism-and-biedermeier-from-the-collections-of-the-prince-of-liechtenstein\/#breadcrumb","itemListElement":[{"@type":"ListItem","position":1,"name":"Dom\u016f","item":"https:\/\/www.upm.cz\/"},{"@type":"ListItem","position":2,"name":"eshop","item":"https:\/\/www.upm.cz\/eshop\/"},{"@type":"ListItem","position":3,"name":"NEOCLASSICISM AND BIEDERMEIER FROM THE COLLECTIONS OF THE PRINCE OF LIECHTENSTEIN"}]},{"@type":"WebSite","@id":"https:\/\/www.upm.cz\/#website","url":"https:\/\/www.upm.cz\/","name":"Um\u011bleckopr\u016fmyslov\u00e9 museum v Praze","description":"","publisher":{"@id":"https:\/\/www.upm.cz\/#organization"},"potentialAction":[{"@type":"SearchAction","target":{"@type":"EntryPoint","urlTemplate":"https:\/\/www.upm.cz\/?s={search_term_string}"},"query-input":{"@type":"PropertyValueSpecification","valueRequired":true,"valueName":"search_term_string"}}],"inLanguage":"en-US"},{"@type":"Organization","@id":"https:\/\/www.upm.cz\/#organization","name":"Um\u011bleckopr\u016fmyslov\u00e9 museum v Praze","url":"https:\/\/www.upm.cz\/","logo":{"@type":"ImageObject","inLanguage":"en-US","@id":"https:\/\/www.upm.cz\/#\/schema\/logo\/image\/","url":"https:\/\/www.upm.cz\/wp-content\/uploads\/2020\/03\/logo_upm_cz.svg","contentUrl":"https:\/\/www.upm.cz\/wp-content\/uploads\/2020\/03\/logo_upm_cz.svg","width":1736,"height":295,"caption":"Um\u011bleckopr\u016fmyslov\u00e9 museum v Praze"},"image":{"@id":"https:\/\/www.upm.cz\/#\/schema\/logo\/image\/"}}]}},"_links":{"self":[{"href":"https:\/\/www.upm.cz\/an\/wp-json\/wp\/v2\/product\/12951","targetHints":{"allow":["GET"]}}],"collection":[{"href":"https:\/\/www.upm.cz\/an\/wp-json\/wp\/v2\/product"}],"about":[{"href":"https:\/\/www.upm.cz\/an\/wp-json\/wp\/v2\/types\/product"}],"wp:featuredmedia":[{"embeddable":true,"href":"https:\/\/www.upm.cz\/an\/wp-json\/wp\/v2\/media\/7049"}],"wp:attachment":[{"href":"https:\/\/www.upm.cz\/an\/wp-json\/wp\/v2\/media?parent=12951"}],"wp:term":[{"taxonomy":"product_brand","embeddable":true,"href":"https:\/\/www.upm.cz\/an\/wp-json\/wp\/v2\/product_brand?post=12951"},{"taxonomy":"product_cat","embeddable":true,"href":"https:\/\/www.upm.cz\/an\/wp-json\/wp\/v2\/product_cat?post=12951"},{"taxonomy":"product_tag","embeddable":true,"href":"https:\/\/www.upm.cz\/an\/wp-json\/wp\/v2\/product_tag?post=12951"}],"curies":[{"name":"wp","href":"https:\/\/api.w.org\/{rel}","templated":true}]}}