{"id":12956,"date":"2022-09-05T11:09:58","date_gmt":"2022-09-05T09:09:58","guid":{"rendered":"https:\/\/www.upm.cz\/?post_type=product&#038;p=12956"},"modified":"2024-04-14T08:52:56","modified_gmt":"2024-04-14T06:52:56","slug":"il-liberty-e-la-rivoluzione-europea-delle-arti","status":"publish","type":"product","link":"https:\/\/www.upm.cz\/an\/eshop\/il-liberty-e-la-rivoluzione-europea-delle-arti\/","title":{"rendered":"IL LIBERTY E LA RIVOLUZIONE EUROPEA DELLE ARTI"},"content":{"rendered":"<p>The UPM has prepared an illustrative catalogue in Italian for the 2017 exhibition in Trieste (Scuerie e Museo storico del Castello di Mramare), which introduced Art Nouveau art from its collections to the Italian public. A&nbsp;reprise of the successful exhibition Art Nouveau\/Vital Art 1900, hosted by the Municipal House in Prague in 2013-2015, focused on key Czech artists such as Alfons Mucha, Jan Preisler, Jan Kotera and Josef Go\u010d\u00e1r. Works representing Czech art and craft production included posters, graphics, furniture, jewellery, glass and ceramics. The authors also took into account the historical context of Trieste and Bohemia in the period before the First World War.<\/p>","protected":false},"excerpt":{"rendered":"<p>Published by Marsilio ed., 2018<br \/>\nLucie Vl\u010dkov\u00e1, Radim Vondr\u00e1\u010dek<br \/>\nLuciano Celli, Iva Knobloch, Lucie Vl\u010dkov\u00e1, Radim Vondr\u00e1\u010dek, Filip Wittlich et al.<br \/>\nEdition: Italian<br \/>\nformat: 24,5 x 21 cm, paperback<br \/>\nnumber of pages: 240, reproductions: 228<\/p>\n<p>ONLY IN ITALIAN<\/p>","protected":false},"featured_media":6127,"template":"","meta":{"_acf_changed":false},"product_brand":[],"product_cat":[80],"product_tag":[],"class_list":{"0":"post-12956","1":"product","2":"type-product","3":"status-publish","4":"has-post-thumbnail","6":"product_cat-books","8":"first","9":"instock","10":"shipping-taxable","11":"purchasable","12":"product-type-simple"},"acf":[],"yoast_head":"<!-- This site is optimized with the Yoast SEO plugin v26.9 - https:\/\/yoast.com\/product\/yoast-seo-wordpress\/ -->\n<title>IL LIBERTY E LA RIVOLUZIONE EUROPEA DELLE ARTI - Um\u011bleckopr\u016fmyslov\u00e9 museum v Praze<\/title>\n<meta name=\"description\" content=\"Fifty Years of Design from the Nordic CountriesThe UPM has prepared an illustrative catalogue in Italian for the 2017 exhibition in Trieste (Scuerie e Museo storico del Castello di Mramare), which introduced Art Nouveau art from its collections to the Italian public. A reprise of the successful exhibition Art Nouveau\/Vital Art 1900, hosted by the Municipal House in Prague in 2013-2015, focused on key Czech artists such as Alfons Mucha, Jan Preisler, Jan Kotera and Josef Go\u010d\u00e1r. Works representing Czech art and craft production included posters, graphics, furniture, jewellery, glass and ceramics. The authors also took into account the historical context of Trieste and Bohemia in the period before the First World War.\" \/>\n<meta name=\"robots\" content=\"index, follow, max-snippet:-1, max-image-preview:large, max-video-preview:-1\" \/>\n<link rel=\"canonical\" href=\"https:\/\/www.upm.cz\/an\/eshop\/il-liberty-e-la-rivoluzione-europea-delle-arti\/\" \/>\n<meta property=\"og:locale\" content=\"en_US\" \/>\n<meta property=\"og:type\" content=\"article\" \/>\n<meta property=\"og:title\" content=\"IL LIBERTY E LA RIVOLUZIONE EUROPEA DELLE ARTI - Um\u011bleckopr\u016fmyslov\u00e9 museum v Praze\" \/>\n<meta property=\"og:description\" content=\"Fifty Years of Design from the Nordic CountriesThe UPM has prepared an illustrative catalogue in Italian for the 2017 exhibition in Trieste (Scuerie e Museo storico del Castello di Mramare), which introduced Art Nouveau art from its collections to the Italian public. A reprise of the successful exhibition Art Nouveau\/Vital Art 1900, hosted by the Municipal House in Prague in 2013-2015, focused on key Czech artists such as Alfons Mucha, Jan Preisler, Jan Kotera and Josef Go\u010d\u00e1r. Works representing Czech art and craft production included posters, graphics, furniture, jewellery, glass and ceramics. The authors also took into account the historical context of Trieste and Bohemia in the period before the First World War.\" \/>\n<meta property=\"og:url\" content=\"https:\/\/www.upm.cz\/an\/eshop\/il-liberty-e-la-rivoluzione-europea-delle-arti\/\" \/>\n<meta property=\"og:site_name\" content=\"Um\u011bleckopr\u016fmyslov\u00e9 museum v Praze\" \/>\n<meta property=\"article:modified_time\" content=\"2024-04-14T06:52:56+00:00\" \/>\n<meta property=\"og:image\" content=\"https:\/\/www.upm.cz\/wp-content\/uploads\/IL_LIBERTY_obalka_P01.jpg\" \/>\n\t<meta property=\"og:image:width\" content=\"1020\" \/>\n\t<meta property=\"og:image:height\" content=\"1200\" \/>\n\t<meta property=\"og:image:type\" content=\"image\/jpeg\" \/>\n<meta name=\"twitter:card\" content=\"summary_large_image\" \/>\n<meta name=\"twitter:label1\" content=\"Est. reading time\" \/>\n\t<meta name=\"twitter:data1\" content=\"1 minute\" \/>\n<script type=\"application\/ld+json\" class=\"yoast-schema-graph\">{\"@context\":\"https:\/\/schema.org\",\"@graph\":[{\"@type\":\"WebPage\",\"@id\":\"https:\/\/www.upm.cz\/eshop\/il-liberty-e-la-rivoluzione-europea-delle-arti\/\",\"url\":\"https:\/\/www.upm.cz\/eshop\/il-liberty-e-la-rivoluzione-europea-delle-arti\/\",\"name\":\"IL LIBERTY E LA RIVOLUZIONE EUROPEA DELLE ARTI - Um\u011bleckopr\u016fmyslov\u00e9 museum v Praze\",\"isPartOf\":{\"@id\":\"https:\/\/www.upm.cz\/#website\"},\"primaryImageOfPage\":{\"@id\":\"https:\/\/www.upm.cz\/eshop\/il-liberty-e-la-rivoluzione-europea-delle-arti\/#primaryimage\"},\"image\":{\"@id\":\"https:\/\/www.upm.cz\/eshop\/il-liberty-e-la-rivoluzione-europea-delle-arti\/#primaryimage\"},\"thumbnailUrl\":\"https:\/\/www.upm.cz\/wp-content\/uploads\/IL_LIBERTY_obalka_P01.jpg\",\"datePublished\":\"2022-09-05T09:09:58+00:00\",\"dateModified\":\"2024-04-14T06:52:56+00:00\",\"description\":\"Fifty Years of Design from the Nordic CountriesThe UPM has prepared an illustrative catalogue in Italian for the 2017 exhibition in Trieste (Scuerie e Museo storico del Castello di Mramare), which introduced Art Nouveau art from its collections to the Italian public. A reprise of the successful exhibition Art Nouveau\/Vital Art 1900, hosted by the Municipal House in Prague in 2013-2015, focused on key Czech artists such as Alfons Mucha, Jan Preisler, Jan Kotera and Josef Go\u010d\u00e1r. Works representing Czech art and craft production included posters, graphics, furniture, jewellery, glass and ceramics. The authors also took into account the historical context of Trieste and Bohemia in the period before the First World War.\",\"breadcrumb\":{\"@id\":\"https:\/\/www.upm.cz\/eshop\/il-liberty-e-la-rivoluzione-europea-delle-arti\/#breadcrumb\"},\"inLanguage\":\"en-US\",\"potentialAction\":[{\"@type\":\"ReadAction\",\"target\":[\"https:\/\/www.upm.cz\/eshop\/il-liberty-e-la-rivoluzione-europea-delle-arti\/\"]}]},{\"@type\":\"ImageObject\",\"inLanguage\":\"en-US\",\"@id\":\"https:\/\/www.upm.cz\/eshop\/il-liberty-e-la-rivoluzione-europea-delle-arti\/#primaryimage\",\"url\":\"https:\/\/www.upm.cz\/wp-content\/uploads\/IL_LIBERTY_obalka_P01.jpg\",\"contentUrl\":\"https:\/\/www.upm.cz\/wp-content\/uploads\/IL_LIBERTY_obalka_P01.jpg\",\"width\":1020,\"height\":1200},{\"@type\":\"BreadcrumbList\",\"@id\":\"https:\/\/www.upm.cz\/eshop\/il-liberty-e-la-rivoluzione-europea-delle-arti\/#breadcrumb\",\"itemListElement\":[{\"@type\":\"ListItem\",\"position\":1,\"name\":\"Dom\u016f\",\"item\":\"https:\/\/www.upm.cz\/\"},{\"@type\":\"ListItem\",\"position\":2,\"name\":\"eshop\",\"item\":\"https:\/\/www.upm.cz\/eshop\/\"},{\"@type\":\"ListItem\",\"position\":3,\"name\":\"IL LIBERTY E LA RIVOLUZIONE EUROPEA DELLE ARTI\"}]},{\"@type\":\"WebSite\",\"@id\":\"https:\/\/www.upm.cz\/#website\",\"url\":\"https:\/\/www.upm.cz\/\",\"name\":\"Um\u011bleckopr\u016fmyslov\u00e9 museum v Praze\",\"description\":\"\",\"publisher\":{\"@id\":\"https:\/\/www.upm.cz\/#organization\"},\"potentialAction\":[{\"@type\":\"SearchAction\",\"target\":{\"@type\":\"EntryPoint\",\"urlTemplate\":\"https:\/\/www.upm.cz\/?s={search_term_string}\"},\"query-input\":{\"@type\":\"PropertyValueSpecification\",\"valueRequired\":true,\"valueName\":\"search_term_string\"}}],\"inLanguage\":\"en-US\"},{\"@type\":\"Organization\",\"@id\":\"https:\/\/www.upm.cz\/#organization\",\"name\":\"Um\u011bleckopr\u016fmyslov\u00e9 museum v Praze\",\"url\":\"https:\/\/www.upm.cz\/\",\"logo\":{\"@type\":\"ImageObject\",\"inLanguage\":\"en-US\",\"@id\":\"https:\/\/www.upm.cz\/#\/schema\/logo\/image\/\",\"url\":\"https:\/\/www.upm.cz\/wp-content\/uploads\/2020\/03\/logo_upm_cz.svg\",\"contentUrl\":\"https:\/\/www.upm.cz\/wp-content\/uploads\/2020\/03\/logo_upm_cz.svg\",\"width\":1736,\"height\":295,\"caption\":\"Um\u011bleckopr\u016fmyslov\u00e9 museum v Praze\"},\"image\":{\"@id\":\"https:\/\/www.upm.cz\/#\/schema\/logo\/image\/\"}}]}<\/script>\n<!-- \/ Yoast SEO plugin. -->","yoast_head_json":{"title":"IL LIBERTY E LA RIVOLUZIONE EUROPEA DELLE ARTI - Um\u011bleckopr\u016fmyslov\u00e9 museum v Praze","description":"Fifty Years of Design from the Nordic CountriesThe UPM has prepared an illustrative catalogue in Italian for the 2017 exhibition in Trieste (Scuerie e Museo storico del Castello di Mramare), which introduced Art Nouveau art from its collections to the Italian public. A reprise of the successful exhibition Art Nouveau\/Vital Art 1900, hosted by the Municipal House in Prague in 2013-2015, focused on key Czech artists such as Alfons Mucha, Jan Preisler, Jan Kotera and Josef Go\u010d\u00e1r. Works representing Czech art and craft production included posters, graphics, furniture, jewellery, glass and ceramics. The authors also took into account the historical context of Trieste and Bohemia in the period before the First World War.","robots":{"index":"index","follow":"follow","max-snippet":"max-snippet:-1","max-image-preview":"max-image-preview:large","max-video-preview":"max-video-preview:-1"},"canonical":"https:\/\/www.upm.cz\/an\/eshop\/il-liberty-e-la-rivoluzione-europea-delle-arti\/","og_locale":"en_US","og_type":"article","og_title":"IL LIBERTY E LA RIVOLUZIONE EUROPEA DELLE ARTI - Um\u011bleckopr\u016fmyslov\u00e9 museum v Praze","og_description":"Fifty Years of Design from the Nordic CountriesThe UPM has prepared an illustrative catalogue in Italian for the 2017 exhibition in Trieste (Scuerie e Museo storico del Castello di Mramare), which introduced Art Nouveau art from its collections to the Italian public. A reprise of the successful exhibition Art Nouveau\/Vital Art 1900, hosted by the Municipal House in Prague in 2013-2015, focused on key Czech artists such as Alfons Mucha, Jan Preisler, Jan Kotera and Josef Go\u010d\u00e1r. Works representing Czech art and craft production included posters, graphics, furniture, jewellery, glass and ceramics. The authors also took into account the historical context of Trieste and Bohemia in the period before the First World War.","og_url":"https:\/\/www.upm.cz\/an\/eshop\/il-liberty-e-la-rivoluzione-europea-delle-arti\/","og_site_name":"Um\u011bleckopr\u016fmyslov\u00e9 museum v Praze","article_modified_time":"2024-04-14T06:52:56+00:00","og_image":[{"width":1020,"height":1200,"url":"https:\/\/www.upm.cz\/wp-content\/uploads\/IL_LIBERTY_obalka_P01.jpg","type":"image\/jpeg"}],"twitter_card":"summary_large_image","twitter_misc":{"Est. reading time":"1 minute"},"schema":{"@context":"https:\/\/schema.org","@graph":[{"@type":"WebPage","@id":"https:\/\/www.upm.cz\/eshop\/il-liberty-e-la-rivoluzione-europea-delle-arti\/","url":"https:\/\/www.upm.cz\/eshop\/il-liberty-e-la-rivoluzione-europea-delle-arti\/","name":"IL LIBERTY E LA RIVOLUZIONE EUROPEA DELLE ARTI - Um\u011bleckopr\u016fmyslov\u00e9 museum v Praze","isPartOf":{"@id":"https:\/\/www.upm.cz\/#website"},"primaryImageOfPage":{"@id":"https:\/\/www.upm.cz\/eshop\/il-liberty-e-la-rivoluzione-europea-delle-arti\/#primaryimage"},"image":{"@id":"https:\/\/www.upm.cz\/eshop\/il-liberty-e-la-rivoluzione-europea-delle-arti\/#primaryimage"},"thumbnailUrl":"https:\/\/www.upm.cz\/wp-content\/uploads\/IL_LIBERTY_obalka_P01.jpg","datePublished":"2022-09-05T09:09:58+00:00","dateModified":"2024-04-14T06:52:56+00:00","description":"Fifty Years of Design from the Nordic CountriesThe UPM has prepared an illustrative catalogue in Italian for the 2017 exhibition in Trieste (Scuerie e Museo storico del Castello di Mramare), which introduced Art Nouveau art from its collections to the Italian public. A reprise of the successful exhibition Art Nouveau\/Vital Art 1900, hosted by the Municipal House in Prague in 2013-2015, focused on key Czech artists such as Alfons Mucha, Jan Preisler, Jan Kotera and Josef Go\u010d\u00e1r. Works representing Czech art and craft production included posters, graphics, furniture, jewellery, glass and ceramics. The authors also took into account the historical context of Trieste and Bohemia in the period before the First World War.","breadcrumb":{"@id":"https:\/\/www.upm.cz\/eshop\/il-liberty-e-la-rivoluzione-europea-delle-arti\/#breadcrumb"},"inLanguage":"en-US","potentialAction":[{"@type":"ReadAction","target":["https:\/\/www.upm.cz\/eshop\/il-liberty-e-la-rivoluzione-europea-delle-arti\/"]}]},{"@type":"ImageObject","inLanguage":"en-US","@id":"https:\/\/www.upm.cz\/eshop\/il-liberty-e-la-rivoluzione-europea-delle-arti\/#primaryimage","url":"https:\/\/www.upm.cz\/wp-content\/uploads\/IL_LIBERTY_obalka_P01.jpg","contentUrl":"https:\/\/www.upm.cz\/wp-content\/uploads\/IL_LIBERTY_obalka_P01.jpg","width":1020,"height":1200},{"@type":"BreadcrumbList","@id":"https:\/\/www.upm.cz\/eshop\/il-liberty-e-la-rivoluzione-europea-delle-arti\/#breadcrumb","itemListElement":[{"@type":"ListItem","position":1,"name":"Dom\u016f","item":"https:\/\/www.upm.cz\/"},{"@type":"ListItem","position":2,"name":"eshop","item":"https:\/\/www.upm.cz\/eshop\/"},{"@type":"ListItem","position":3,"name":"IL LIBERTY E LA RIVOLUZIONE EUROPEA DELLE ARTI"}]},{"@type":"WebSite","@id":"https:\/\/www.upm.cz\/#website","url":"https:\/\/www.upm.cz\/","name":"Um\u011bleckopr\u016fmyslov\u00e9 museum v Praze","description":"","publisher":{"@id":"https:\/\/www.upm.cz\/#organization"},"potentialAction":[{"@type":"SearchAction","target":{"@type":"EntryPoint","urlTemplate":"https:\/\/www.upm.cz\/?s={search_term_string}"},"query-input":{"@type":"PropertyValueSpecification","valueRequired":true,"valueName":"search_term_string"}}],"inLanguage":"en-US"},{"@type":"Organization","@id":"https:\/\/www.upm.cz\/#organization","name":"Um\u011bleckopr\u016fmyslov\u00e9 museum v Praze","url":"https:\/\/www.upm.cz\/","logo":{"@type":"ImageObject","inLanguage":"en-US","@id":"https:\/\/www.upm.cz\/#\/schema\/logo\/image\/","url":"https:\/\/www.upm.cz\/wp-content\/uploads\/2020\/03\/logo_upm_cz.svg","contentUrl":"https:\/\/www.upm.cz\/wp-content\/uploads\/2020\/03\/logo_upm_cz.svg","width":1736,"height":295,"caption":"Um\u011bleckopr\u016fmyslov\u00e9 museum v Praze"},"image":{"@id":"https:\/\/www.upm.cz\/#\/schema\/logo\/image\/"}}]}},"_links":{"self":[{"href":"https:\/\/www.upm.cz\/an\/wp-json\/wp\/v2\/product\/12956","targetHints":{"allow":["GET"]}}],"collection":[{"href":"https:\/\/www.upm.cz\/an\/wp-json\/wp\/v2\/product"}],"about":[{"href":"https:\/\/www.upm.cz\/an\/wp-json\/wp\/v2\/types\/product"}],"wp:featuredmedia":[{"embeddable":true,"href":"https:\/\/www.upm.cz\/an\/wp-json\/wp\/v2\/media\/6127"}],"wp:attachment":[{"href":"https:\/\/www.upm.cz\/an\/wp-json\/wp\/v2\/media?parent=12956"}],"wp:term":[{"taxonomy":"product_brand","embeddable":true,"href":"https:\/\/www.upm.cz\/an\/wp-json\/wp\/v2\/product_brand?post=12956"},{"taxonomy":"product_cat","embeddable":true,"href":"https:\/\/www.upm.cz\/an\/wp-json\/wp\/v2\/product_cat?post=12956"},{"taxonomy":"product_tag","embeddable":true,"href":"https:\/\/www.upm.cz\/an\/wp-json\/wp\/v2\/product_tag?post=12956"}],"curies":[{"name":"wp","href":"https:\/\/api.w.org\/{rel}","templated":true}]}}