{"id":13656,"date":"2022-10-24T16:07:37","date_gmt":"2022-10-24T14:07:37","guid":{"rendered":"https:\/\/www.upm.cz\/?post_type=product&#038;p=13656"},"modified":"2024-05-16T13:44:13","modified_gmt":"2024-05-16T11:44:13","slug":"frantisek-peceny","status":"publish","type":"product","link":"https:\/\/www.upm.cz\/an\/eshop\/frantisek-peceny\/","title":{"rendered":"FRANTI\u0160EK PE\u010cEN\u00dd \u2013 DESIGN\u00c9R LISOVAN\u00c9HO SKLA"},"content":{"rendered":"<p>Franti\u0161ek Pe\u010den\u00fd (1920-1977) byl skl\u00e1\u0159sk\u00fd v\u00fdtvarn\u00edk zam\u011b\u0159en\u00fd na design ru\u010dn\u011b a\u00a0poloautomaticky vyr\u00e1b\u011bn\u00e9ho lisovan\u00e9ho dekorativn\u00edho a&nbsp;u\u017eitkov\u00e9ho skla. Pat\u0159il k\u00a0prvn\u00edm n\u00e1vrh\u00e1\u0159\u016fm, kte\u0159\u00ed ve slo\u017eit\u00e9m \u00a0pov\u00e1le\u010dn\u00e9m obdob\u00ed napom\u00e1hali obnov\u011b a&nbsp;rozvoji \u010deskoslovensk\u00e9ho skl\u00e1\u0159sk\u00e9ho pr\u016fmyslu, pod\u00edlel se na \u00fasp\u011bchu \u010deskoslovensk\u00e9ho skl\u00e1\u0159stv\u00ed na EXPO 1958 v\u00a0Bruselu a&nbsp;podstatn\u011b spoluur\u010doval a&nbsp;obohatil produkci lisovan\u00e9ho skla \u0161edes\u00e1t\u00fdch a&nbsp;sedmdes\u00e1t\u00fdch let. Design\u00e9rsk\u00e1 \u010dinnost Franti\u0161ka Pe\u010den\u00e9ho byla po&nbsp;t\u0159i desetilet\u00ed, v\u00a0letech 1947 a\u017e 1977, spojena se skl\u00e1rnou v&nbsp;He\u0159manov\u011b Huti u&nbsp;Plzn\u011b. P\u0159\u00edstupem ke skl\u00e1\u0159sk\u00e9mu designu se sna\u017eil pov\u00fd\u0161it v\u00fdtvarn\u00fd vzhled a&nbsp;estetickou hodnotu b\u011b\u017en\u00fdch s\u00e9riov\u00fdch v\u00fdrobk\u016f. V&nbsp;jeho n\u00e1vrz\u00edch se odr\u00e1\u017eely soudob\u00e9 um\u011bleck\u00e9 tendence, principy organick\u00e9ho a&nbsp;biomorfn\u00edho designu \u010di&nbsp;op-artu. Osobitou a&nbsp;origin\u00e1ln\u00ed, p\u0159esto dosud nedocen\u011bnou tvorbou z\u00e1sadn\u011b p\u0159isp\u011bl k&nbsp;modern\u00ed podob\u011b \u010deskoslovensk\u00e9ho lisovan\u00e9ho skla. Monografie p\u0159ibli\u017euje tak\u00e9 Pe\u010den\u00e9ho soukromou tvorbu, kresbu, krajinomalbu a&nbsp;malbu z\u00e1ti\u0161\u00ed.<\/p>","protected":false},"excerpt":{"rendered":"<p>editor: Jan Mergl<br \/>\ntexty: Jan Mergl, Pavel Hejduk<br \/>\nfotografie: Gabriel Urb\u00e1nek, Ond\u0159ej Kocourek, V\u00e1clav Marian<br \/>\ngrafick\u00fd design: \u0160t\u011bp\u00e1n Malovec<br \/>\nvyd\u00e1n\u00ed: \u010desk\u00e9 s\u00a0anglick\u00fdm resum\u00e9<br \/>\nform\u00e1t: 21 x 14,5 cm, m\u011bkk\u00e1 vazba<br \/>\npo\u010det stran: 352<br \/>\npo\u010det reprodukc\u00ed 475<\/p>\n<p>ISBN 978-80-7101-203-0<\/p>","protected":false},"featured_media":13652,"template":"","meta":{"_acf_changed":false},"product_brand":[],"product_cat":[45],"product_tag":[],"class_list":{"0":"post-13656","1":"product","2":"type-product","3":"status-publish","4":"has-post-thumbnail","6":"product_cat-knihy","8":"first","9":"outofstock","10":"shipping-taxable","11":"purchasable","12":"product-type-simple"},"acf":[],"yoast_head":"<!-- This site is optimized with the Yoast SEO plugin v26.9 - https:\/\/yoast.com\/product\/yoast-seo-wordpress\/ -->\n<title>FRANTI\u0160EK PE\u010cEN\u00dd \u2013 DESIGN\u00c9R LISOVAN\u00c9HO SKLA - Um\u011bleckopr\u016fmyslov\u00e9 museum v Praze<\/title>\n<meta name=\"description\" content=\"Franti\u0161ek Pe\u010den\u00fd (1920-1977) byl skl\u00e1\u0159sk\u00fd v\u00fdtvarn\u00edk zam\u011b\u0159en\u00fd na design ru\u010dn\u011b a poloautomaticky vyr\u00e1b\u011bn\u00e9ho lisovan\u00e9ho dekorativn\u00edho a u\u017eitkov\u00e9ho skla. Pat\u0159il k prvn\u00edm n\u00e1vrh\u00e1\u0159\u016fm, kte\u0159\u00ed ve slo\u017eit\u00e9m pov\u00e1le\u010dn\u00e9m obdob\u00ed napom\u00e1hali obnov\u011b a rozvoji \u010deskoslovensk\u00e9ho skl\u00e1\u0159sk\u00e9ho pr\u016fmyslu, pod\u00edlel se na \u00fasp\u011bchu \u010deskoslovensk\u00e9ho skl\u00e1\u0159stv\u00ed na EXPO 1958 v Bruselu a podstatn\u011b spoluur\u010doval a obohatil produkci lisovan\u00e9ho skla \u0161edes\u00e1t\u00fdch a sedmdes\u00e1t\u00fdch let. Design\u00e9rsk\u00e1 \u010dinnost Franti\u0161ka Pe\u010den\u00e9ho byla po t\u0159i desetilet\u00ed, v letech 1947 a\u017e 1977, spojena se skl\u00e1rnou v He\u0159manov\u011b Huti u Plzn\u011b. P\u0159\u00edstupem ke skl\u00e1\u0159sk\u00e9mu designu se sna\u017eil pov\u00fd\u0161it v\u00fdtvarn\u00fd vzhled a estetickou hodnotu b\u011b\u017en\u00fdch s\u00e9riov\u00fdch v\u00fdrobk\u016f. V jeho n\u00e1vrz\u00edch se odr\u00e1\u017eely soudob\u00e9 um\u011bleck\u00e9 tendence, principy organick\u00e9ho a biomorfn\u00edho designu \u010di op-artu. Osobitou a origin\u00e1ln\u00ed, p\u0159esto dosud nedocen\u011bnou tvorbou z\u00e1sadn\u011b p\u0159isp\u011bl k modern\u00ed podob\u011b \u010deskoslovensk\u00e9ho lisovan\u00e9ho skla. Monografie p\u0159ibli\u017euje tak\u00e9 Pe\u010den\u00e9ho soukromou tvorbu, kresbu, krajinomalbu a malbu z\u00e1ti\u0161\u00ed.\" \/>\n<meta name=\"robots\" content=\"index, follow, max-snippet:-1, max-image-preview:large, max-video-preview:-1\" \/>\n<link rel=\"canonical\" href=\"https:\/\/www.upm.cz\/an\/eshop\/frantisek-peceny\/\" \/>\n<meta property=\"og:locale\" content=\"en_US\" \/>\n<meta property=\"og:type\" content=\"article\" \/>\n<meta property=\"og:title\" content=\"FRANTI\u0160EK PE\u010cEN\u00dd \u2013 DESIGN\u00c9R LISOVAN\u00c9HO SKLA - Um\u011bleckopr\u016fmyslov\u00e9 museum v Praze\" \/>\n<meta property=\"og:description\" content=\"Franti\u0161ek Pe\u010den\u00fd (1920-1977) byl skl\u00e1\u0159sk\u00fd v\u00fdtvarn\u00edk zam\u011b\u0159en\u00fd na design ru\u010dn\u011b a poloautomaticky vyr\u00e1b\u011bn\u00e9ho lisovan\u00e9ho dekorativn\u00edho a u\u017eitkov\u00e9ho skla. Pat\u0159il k prvn\u00edm n\u00e1vrh\u00e1\u0159\u016fm, kte\u0159\u00ed ve slo\u017eit\u00e9m pov\u00e1le\u010dn\u00e9m obdob\u00ed napom\u00e1hali obnov\u011b a rozvoji \u010deskoslovensk\u00e9ho skl\u00e1\u0159sk\u00e9ho pr\u016fmyslu, pod\u00edlel se na \u00fasp\u011bchu \u010deskoslovensk\u00e9ho skl\u00e1\u0159stv\u00ed na EXPO 1958 v Bruselu a podstatn\u011b spoluur\u010doval a obohatil produkci lisovan\u00e9ho skla \u0161edes\u00e1t\u00fdch a sedmdes\u00e1t\u00fdch let. Design\u00e9rsk\u00e1 \u010dinnost Franti\u0161ka Pe\u010den\u00e9ho byla po t\u0159i desetilet\u00ed, v letech 1947 a\u017e 1977, spojena se skl\u00e1rnou v He\u0159manov\u011b Huti u Plzn\u011b. P\u0159\u00edstupem ke skl\u00e1\u0159sk\u00e9mu designu se sna\u017eil pov\u00fd\u0161it v\u00fdtvarn\u00fd vzhled a estetickou hodnotu b\u011b\u017en\u00fdch s\u00e9riov\u00fdch v\u00fdrobk\u016f. V jeho n\u00e1vrz\u00edch se odr\u00e1\u017eely soudob\u00e9 um\u011bleck\u00e9 tendence, principy organick\u00e9ho a biomorfn\u00edho designu \u010di op-artu. Osobitou a origin\u00e1ln\u00ed, p\u0159esto dosud nedocen\u011bnou tvorbou z\u00e1sadn\u011b p\u0159isp\u011bl k modern\u00ed podob\u011b \u010deskoslovensk\u00e9ho lisovan\u00e9ho skla. Monografie p\u0159ibli\u017euje tak\u00e9 Pe\u010den\u00e9ho soukromou tvorbu, kresbu, krajinomalbu a malbu z\u00e1ti\u0161\u00ed.\" \/>\n<meta property=\"og:url\" content=\"https:\/\/www.upm.cz\/an\/eshop\/frantisek-peceny\/\" \/>\n<meta property=\"og:site_name\" content=\"Um\u011bleckopr\u016fmyslov\u00e9 museum v Praze\" \/>\n<meta property=\"article:modified_time\" content=\"2024-05-16T11:44:13+00:00\" \/>\n<meta property=\"og:image\" content=\"https:\/\/www.upm.cz\/wp-content\/uploads\/Peceny.jpg\" \/>\n\t<meta property=\"og:image:width\" content=\"1001\" \/>\n\t<meta property=\"og:image:height\" content=\"1203\" \/>\n\t<meta property=\"og:image:type\" content=\"image\/jpeg\" \/>\n<meta name=\"twitter:card\" content=\"summary_large_image\" \/>\n<meta name=\"twitter:label1\" content=\"Est. reading time\" \/>\n\t<meta name=\"twitter:data1\" content=\"1 minute\" \/>\n<script type=\"application\/ld+json\" class=\"yoast-schema-graph\">{\"@context\":\"https:\/\/schema.org\",\"@graph\":[{\"@type\":\"WebPage\",\"@id\":\"https:\/\/www.upm.cz\/eshop\/frantisek-peceny\/\",\"url\":\"https:\/\/www.upm.cz\/eshop\/frantisek-peceny\/\",\"name\":\"FRANTI\u0160EK PE\u010cEN\u00dd \u2013 DESIGN\u00c9R LISOVAN\u00c9HO SKLA - Um\u011bleckopr\u016fmyslov\u00e9 museum v Praze\",\"isPartOf\":{\"@id\":\"https:\/\/www.upm.cz\/#website\"},\"primaryImageOfPage\":{\"@id\":\"https:\/\/www.upm.cz\/eshop\/frantisek-peceny\/#primaryimage\"},\"image\":{\"@id\":\"https:\/\/www.upm.cz\/eshop\/frantisek-peceny\/#primaryimage\"},\"thumbnailUrl\":\"https:\/\/www.upm.cz\/wp-content\/uploads\/Peceny.jpg\",\"datePublished\":\"2022-10-24T14:07:37+00:00\",\"dateModified\":\"2024-05-16T11:44:13+00:00\",\"description\":\"Franti\u0161ek Pe\u010den\u00fd (1920-1977) byl skl\u00e1\u0159sk\u00fd v\u00fdtvarn\u00edk zam\u011b\u0159en\u00fd na design ru\u010dn\u011b a poloautomaticky vyr\u00e1b\u011bn\u00e9ho lisovan\u00e9ho dekorativn\u00edho a u\u017eitkov\u00e9ho skla. Pat\u0159il k prvn\u00edm n\u00e1vrh\u00e1\u0159\u016fm, kte\u0159\u00ed ve slo\u017eit\u00e9m pov\u00e1le\u010dn\u00e9m obdob\u00ed napom\u00e1hali obnov\u011b a rozvoji \u010deskoslovensk\u00e9ho skl\u00e1\u0159sk\u00e9ho pr\u016fmyslu, pod\u00edlel se na \u00fasp\u011bchu \u010deskoslovensk\u00e9ho skl\u00e1\u0159stv\u00ed na EXPO 1958 v Bruselu a podstatn\u011b spoluur\u010doval a obohatil produkci lisovan\u00e9ho skla \u0161edes\u00e1t\u00fdch a sedmdes\u00e1t\u00fdch let. Design\u00e9rsk\u00e1 \u010dinnost Franti\u0161ka Pe\u010den\u00e9ho byla po t\u0159i desetilet\u00ed, v letech 1947 a\u017e 1977, spojena se skl\u00e1rnou v He\u0159manov\u011b Huti u Plzn\u011b. P\u0159\u00edstupem ke skl\u00e1\u0159sk\u00e9mu designu se sna\u017eil pov\u00fd\u0161it v\u00fdtvarn\u00fd vzhled a estetickou hodnotu b\u011b\u017en\u00fdch s\u00e9riov\u00fdch v\u00fdrobk\u016f. V jeho n\u00e1vrz\u00edch se odr\u00e1\u017eely soudob\u00e9 um\u011bleck\u00e9 tendence, principy organick\u00e9ho a biomorfn\u00edho designu \u010di op-artu. Osobitou a origin\u00e1ln\u00ed, p\u0159esto dosud nedocen\u011bnou tvorbou z\u00e1sadn\u011b p\u0159isp\u011bl k modern\u00ed podob\u011b \u010deskoslovensk\u00e9ho lisovan\u00e9ho skla. Monografie p\u0159ibli\u017euje tak\u00e9 Pe\u010den\u00e9ho soukromou tvorbu, kresbu, krajinomalbu a malbu z\u00e1ti\u0161\u00ed.\",\"breadcrumb\":{\"@id\":\"https:\/\/www.upm.cz\/eshop\/frantisek-peceny\/#breadcrumb\"},\"inLanguage\":\"en-US\",\"potentialAction\":[{\"@type\":\"ReadAction\",\"target\":[\"https:\/\/www.upm.cz\/eshop\/frantisek-peceny\/\"]}]},{\"@type\":\"ImageObject\",\"inLanguage\":\"en-US\",\"@id\":\"https:\/\/www.upm.cz\/eshop\/frantisek-peceny\/#primaryimage\",\"url\":\"https:\/\/www.upm.cz\/wp-content\/uploads\/Peceny.jpg\",\"contentUrl\":\"https:\/\/www.upm.cz\/wp-content\/uploads\/Peceny.jpg\",\"width\":1001,\"height\":1203,\"caption\":\"fRANTI\u0160EK pE\u010cEN\u00dd - OB\u00c1LKA KNIHY\"},{\"@type\":\"BreadcrumbList\",\"@id\":\"https:\/\/www.upm.cz\/eshop\/frantisek-peceny\/#breadcrumb\",\"itemListElement\":[{\"@type\":\"ListItem\",\"position\":1,\"name\":\"Dom\u016f\",\"item\":\"https:\/\/www.upm.cz\/\"},{\"@type\":\"ListItem\",\"position\":2,\"name\":\"eshop\",\"item\":\"https:\/\/www.upm.cz\/eshop\/\"},{\"@type\":\"ListItem\",\"position\":3,\"name\":\"FRANTI\u0160EK PE\u010cEN\u00dd \u2013 DESIGN\u00c9R LISOVAN\u00c9HO SKLA\"}]},{\"@type\":\"WebSite\",\"@id\":\"https:\/\/www.upm.cz\/#website\",\"url\":\"https:\/\/www.upm.cz\/\",\"name\":\"Um\u011bleckopr\u016fmyslov\u00e9 museum v Praze\",\"description\":\"\",\"publisher\":{\"@id\":\"https:\/\/www.upm.cz\/#organization\"},\"potentialAction\":[{\"@type\":\"SearchAction\",\"target\":{\"@type\":\"EntryPoint\",\"urlTemplate\":\"https:\/\/www.upm.cz\/?s={search_term_string}\"},\"query-input\":{\"@type\":\"PropertyValueSpecification\",\"valueRequired\":true,\"valueName\":\"search_term_string\"}}],\"inLanguage\":\"en-US\"},{\"@type\":\"Organization\",\"@id\":\"https:\/\/www.upm.cz\/#organization\",\"name\":\"Um\u011bleckopr\u016fmyslov\u00e9 museum v Praze\",\"url\":\"https:\/\/www.upm.cz\/\",\"logo\":{\"@type\":\"ImageObject\",\"inLanguage\":\"en-US\",\"@id\":\"https:\/\/www.upm.cz\/#\/schema\/logo\/image\/\",\"url\":\"https:\/\/www.upm.cz\/wp-content\/uploads\/2020\/03\/logo_upm_cz.svg\",\"contentUrl\":\"https:\/\/www.upm.cz\/wp-content\/uploads\/2020\/03\/logo_upm_cz.svg\",\"width\":1736,\"height\":295,\"caption\":\"Um\u011bleckopr\u016fmyslov\u00e9 museum v Praze\"},\"image\":{\"@id\":\"https:\/\/www.upm.cz\/#\/schema\/logo\/image\/\"}}]}<\/script>\n<!-- \/ Yoast SEO plugin. -->","yoast_head_json":{"title":"FRANTI\u0160EK PE\u010cEN\u00dd \u2013 DESIGN\u00c9R LISOVAN\u00c9HO SKLA - Um\u011bleckopr\u016fmyslov\u00e9 museum v Praze","description":"Franti\u0161ek Pe\u010den\u00fd (1920-1977) byl skl\u00e1\u0159sk\u00fd v\u00fdtvarn\u00edk zam\u011b\u0159en\u00fd na design ru\u010dn\u011b a poloautomaticky vyr\u00e1b\u011bn\u00e9ho lisovan\u00e9ho dekorativn\u00edho a u\u017eitkov\u00e9ho skla. Pat\u0159il k prvn\u00edm n\u00e1vrh\u00e1\u0159\u016fm, kte\u0159\u00ed ve slo\u017eit\u00e9m pov\u00e1le\u010dn\u00e9m obdob\u00ed napom\u00e1hali obnov\u011b a rozvoji \u010deskoslovensk\u00e9ho skl\u00e1\u0159sk\u00e9ho pr\u016fmyslu, pod\u00edlel se na \u00fasp\u011bchu \u010deskoslovensk\u00e9ho skl\u00e1\u0159stv\u00ed na EXPO 1958 v Bruselu a podstatn\u011b spoluur\u010doval a obohatil produkci lisovan\u00e9ho skla \u0161edes\u00e1t\u00fdch a sedmdes\u00e1t\u00fdch let. Design\u00e9rsk\u00e1 \u010dinnost Franti\u0161ka Pe\u010den\u00e9ho byla po t\u0159i desetilet\u00ed, v letech 1947 a\u017e 1977, spojena se skl\u00e1rnou v He\u0159manov\u011b Huti u Plzn\u011b. P\u0159\u00edstupem ke skl\u00e1\u0159sk\u00e9mu designu se sna\u017eil pov\u00fd\u0161it v\u00fdtvarn\u00fd vzhled a estetickou hodnotu b\u011b\u017en\u00fdch s\u00e9riov\u00fdch v\u00fdrobk\u016f. V jeho n\u00e1vrz\u00edch se odr\u00e1\u017eely soudob\u00e9 um\u011bleck\u00e9 tendence, principy organick\u00e9ho a biomorfn\u00edho designu \u010di op-artu. Osobitou a origin\u00e1ln\u00ed, p\u0159esto dosud nedocen\u011bnou tvorbou z\u00e1sadn\u011b p\u0159isp\u011bl k modern\u00ed podob\u011b \u010deskoslovensk\u00e9ho lisovan\u00e9ho skla. Monografie p\u0159ibli\u017euje tak\u00e9 Pe\u010den\u00e9ho soukromou tvorbu, kresbu, krajinomalbu a malbu z\u00e1ti\u0161\u00ed.","robots":{"index":"index","follow":"follow","max-snippet":"max-snippet:-1","max-image-preview":"max-image-preview:large","max-video-preview":"max-video-preview:-1"},"canonical":"https:\/\/www.upm.cz\/an\/eshop\/frantisek-peceny\/","og_locale":"en_US","og_type":"article","og_title":"FRANTI\u0160EK PE\u010cEN\u00dd \u2013 DESIGN\u00c9R LISOVAN\u00c9HO SKLA - Um\u011bleckopr\u016fmyslov\u00e9 museum v Praze","og_description":"Franti\u0161ek Pe\u010den\u00fd (1920-1977) byl skl\u00e1\u0159sk\u00fd v\u00fdtvarn\u00edk zam\u011b\u0159en\u00fd na design ru\u010dn\u011b a poloautomaticky vyr\u00e1b\u011bn\u00e9ho lisovan\u00e9ho dekorativn\u00edho a u\u017eitkov\u00e9ho skla. Pat\u0159il k prvn\u00edm n\u00e1vrh\u00e1\u0159\u016fm, kte\u0159\u00ed ve slo\u017eit\u00e9m pov\u00e1le\u010dn\u00e9m obdob\u00ed napom\u00e1hali obnov\u011b a rozvoji \u010deskoslovensk\u00e9ho skl\u00e1\u0159sk\u00e9ho pr\u016fmyslu, pod\u00edlel se na \u00fasp\u011bchu \u010deskoslovensk\u00e9ho skl\u00e1\u0159stv\u00ed na EXPO 1958 v Bruselu a podstatn\u011b spoluur\u010doval a obohatil produkci lisovan\u00e9ho skla \u0161edes\u00e1t\u00fdch a sedmdes\u00e1t\u00fdch let. Design\u00e9rsk\u00e1 \u010dinnost Franti\u0161ka Pe\u010den\u00e9ho byla po t\u0159i desetilet\u00ed, v letech 1947 a\u017e 1977, spojena se skl\u00e1rnou v He\u0159manov\u011b Huti u Plzn\u011b. P\u0159\u00edstupem ke skl\u00e1\u0159sk\u00e9mu designu se sna\u017eil pov\u00fd\u0161it v\u00fdtvarn\u00fd vzhled a estetickou hodnotu b\u011b\u017en\u00fdch s\u00e9riov\u00fdch v\u00fdrobk\u016f. V jeho n\u00e1vrz\u00edch se odr\u00e1\u017eely soudob\u00e9 um\u011bleck\u00e9 tendence, principy organick\u00e9ho a biomorfn\u00edho designu \u010di op-artu. Osobitou a origin\u00e1ln\u00ed, p\u0159esto dosud nedocen\u011bnou tvorbou z\u00e1sadn\u011b p\u0159isp\u011bl k modern\u00ed podob\u011b \u010deskoslovensk\u00e9ho lisovan\u00e9ho skla. Monografie p\u0159ibli\u017euje tak\u00e9 Pe\u010den\u00e9ho soukromou tvorbu, kresbu, krajinomalbu a malbu z\u00e1ti\u0161\u00ed.","og_url":"https:\/\/www.upm.cz\/an\/eshop\/frantisek-peceny\/","og_site_name":"Um\u011bleckopr\u016fmyslov\u00e9 museum v Praze","article_modified_time":"2024-05-16T11:44:13+00:00","og_image":[{"width":1001,"height":1203,"url":"https:\/\/www.upm.cz\/wp-content\/uploads\/Peceny.jpg","type":"image\/jpeg"}],"twitter_card":"summary_large_image","twitter_misc":{"Est. reading time":"1 minute"},"schema":{"@context":"https:\/\/schema.org","@graph":[{"@type":"WebPage","@id":"https:\/\/www.upm.cz\/eshop\/frantisek-peceny\/","url":"https:\/\/www.upm.cz\/eshop\/frantisek-peceny\/","name":"FRANTI\u0160EK PE\u010cEN\u00dd \u2013 DESIGN\u00c9R LISOVAN\u00c9HO SKLA - Um\u011bleckopr\u016fmyslov\u00e9 museum v Praze","isPartOf":{"@id":"https:\/\/www.upm.cz\/#website"},"primaryImageOfPage":{"@id":"https:\/\/www.upm.cz\/eshop\/frantisek-peceny\/#primaryimage"},"image":{"@id":"https:\/\/www.upm.cz\/eshop\/frantisek-peceny\/#primaryimage"},"thumbnailUrl":"https:\/\/www.upm.cz\/wp-content\/uploads\/Peceny.jpg","datePublished":"2022-10-24T14:07:37+00:00","dateModified":"2024-05-16T11:44:13+00:00","description":"Franti\u0161ek Pe\u010den\u00fd (1920-1977) byl skl\u00e1\u0159sk\u00fd v\u00fdtvarn\u00edk zam\u011b\u0159en\u00fd na design ru\u010dn\u011b a poloautomaticky vyr\u00e1b\u011bn\u00e9ho lisovan\u00e9ho dekorativn\u00edho a u\u017eitkov\u00e9ho skla. Pat\u0159il k prvn\u00edm n\u00e1vrh\u00e1\u0159\u016fm, kte\u0159\u00ed ve slo\u017eit\u00e9m pov\u00e1le\u010dn\u00e9m obdob\u00ed napom\u00e1hali obnov\u011b a rozvoji \u010deskoslovensk\u00e9ho skl\u00e1\u0159sk\u00e9ho pr\u016fmyslu, pod\u00edlel se na \u00fasp\u011bchu \u010deskoslovensk\u00e9ho skl\u00e1\u0159stv\u00ed na EXPO 1958 v Bruselu a podstatn\u011b spoluur\u010doval a obohatil produkci lisovan\u00e9ho skla \u0161edes\u00e1t\u00fdch a sedmdes\u00e1t\u00fdch let. Design\u00e9rsk\u00e1 \u010dinnost Franti\u0161ka Pe\u010den\u00e9ho byla po t\u0159i desetilet\u00ed, v letech 1947 a\u017e 1977, spojena se skl\u00e1rnou v He\u0159manov\u011b Huti u Plzn\u011b. P\u0159\u00edstupem ke skl\u00e1\u0159sk\u00e9mu designu se sna\u017eil pov\u00fd\u0161it v\u00fdtvarn\u00fd vzhled a estetickou hodnotu b\u011b\u017en\u00fdch s\u00e9riov\u00fdch v\u00fdrobk\u016f. V jeho n\u00e1vrz\u00edch se odr\u00e1\u017eely soudob\u00e9 um\u011bleck\u00e9 tendence, principy organick\u00e9ho a biomorfn\u00edho designu \u010di op-artu. Osobitou a origin\u00e1ln\u00ed, p\u0159esto dosud nedocen\u011bnou tvorbou z\u00e1sadn\u011b p\u0159isp\u011bl k modern\u00ed podob\u011b \u010deskoslovensk\u00e9ho lisovan\u00e9ho skla. Monografie p\u0159ibli\u017euje tak\u00e9 Pe\u010den\u00e9ho soukromou tvorbu, kresbu, krajinomalbu a malbu z\u00e1ti\u0161\u00ed.","breadcrumb":{"@id":"https:\/\/www.upm.cz\/eshop\/frantisek-peceny\/#breadcrumb"},"inLanguage":"en-US","potentialAction":[{"@type":"ReadAction","target":["https:\/\/www.upm.cz\/eshop\/frantisek-peceny\/"]}]},{"@type":"ImageObject","inLanguage":"en-US","@id":"https:\/\/www.upm.cz\/eshop\/frantisek-peceny\/#primaryimage","url":"https:\/\/www.upm.cz\/wp-content\/uploads\/Peceny.jpg","contentUrl":"https:\/\/www.upm.cz\/wp-content\/uploads\/Peceny.jpg","width":1001,"height":1203,"caption":"fRANTI\u0160EK pE\u010cEN\u00dd - OB\u00c1LKA KNIHY"},{"@type":"BreadcrumbList","@id":"https:\/\/www.upm.cz\/eshop\/frantisek-peceny\/#breadcrumb","itemListElement":[{"@type":"ListItem","position":1,"name":"Dom\u016f","item":"https:\/\/www.upm.cz\/"},{"@type":"ListItem","position":2,"name":"eshop","item":"https:\/\/www.upm.cz\/eshop\/"},{"@type":"ListItem","position":3,"name":"FRANTI\u0160EK PE\u010cEN\u00dd \u2013 DESIGN\u00c9R LISOVAN\u00c9HO SKLA"}]},{"@type":"WebSite","@id":"https:\/\/www.upm.cz\/#website","url":"https:\/\/www.upm.cz\/","name":"Um\u011bleckopr\u016fmyslov\u00e9 museum v Praze","description":"","publisher":{"@id":"https:\/\/www.upm.cz\/#organization"},"potentialAction":[{"@type":"SearchAction","target":{"@type":"EntryPoint","urlTemplate":"https:\/\/www.upm.cz\/?s={search_term_string}"},"query-input":{"@type":"PropertyValueSpecification","valueRequired":true,"valueName":"search_term_string"}}],"inLanguage":"en-US"},{"@type":"Organization","@id":"https:\/\/www.upm.cz\/#organization","name":"Um\u011bleckopr\u016fmyslov\u00e9 museum v Praze","url":"https:\/\/www.upm.cz\/","logo":{"@type":"ImageObject","inLanguage":"en-US","@id":"https:\/\/www.upm.cz\/#\/schema\/logo\/image\/","url":"https:\/\/www.upm.cz\/wp-content\/uploads\/2020\/03\/logo_upm_cz.svg","contentUrl":"https:\/\/www.upm.cz\/wp-content\/uploads\/2020\/03\/logo_upm_cz.svg","width":1736,"height":295,"caption":"Um\u011bleckopr\u016fmyslov\u00e9 museum v Praze"},"image":{"@id":"https:\/\/www.upm.cz\/#\/schema\/logo\/image\/"}}]}},"_links":{"self":[{"href":"https:\/\/www.upm.cz\/an\/wp-json\/wp\/v2\/product\/13656","targetHints":{"allow":["GET"]}}],"collection":[{"href":"https:\/\/www.upm.cz\/an\/wp-json\/wp\/v2\/product"}],"about":[{"href":"https:\/\/www.upm.cz\/an\/wp-json\/wp\/v2\/types\/product"}],"wp:featuredmedia":[{"embeddable":true,"href":"https:\/\/www.upm.cz\/an\/wp-json\/wp\/v2\/media\/13652"}],"wp:attachment":[{"href":"https:\/\/www.upm.cz\/an\/wp-json\/wp\/v2\/media?parent=13656"}],"wp:term":[{"taxonomy":"product_brand","embeddable":true,"href":"https:\/\/www.upm.cz\/an\/wp-json\/wp\/v2\/product_brand?post=13656"},{"taxonomy":"product_cat","embeddable":true,"href":"https:\/\/www.upm.cz\/an\/wp-json\/wp\/v2\/product_cat?post=13656"},{"taxonomy":"product_tag","embeddable":true,"href":"https:\/\/www.upm.cz\/an\/wp-json\/wp\/v2\/product_tag?post=13656"}],"curies":[{"name":"wp","href":"https:\/\/api.w.org\/{rel}","templated":true}]}}