{"id":13864,"date":"2022-10-03T15:20:15","date_gmt":"2022-10-03T13:20:15","guid":{"rendered":"https:\/\/www.upm.cz\/?post_type=product&#038;p=13864"},"modified":"2025-09-22T15:59:46","modified_gmt":"2025-09-22T13:59:46","slug":"casa-imaginaria-living-in-a-dream","status":"publish","type":"product","link":"https:\/\/www.upm.cz\/an\/eshop\/casa-imaginaria-living-in-a-dream\/","title":{"rendered":"CASA IMMAGINARIA. LIVING IN A&nbsp;DREAM"},"content":{"rendered":"<p>Kur\u00e1torsk\u00fd projekt Adama \u0160t\u011bcha Casa immaginaria: Living in a&nbsp;Dream zastupuje \u010ceskou republiku na 23. Trien\u00e1le v\u00a0Mil\u00e1n\u011b. Katalog obsahuje \u0160t\u011bchovu sta\u0165 v\u011bnovanou nov\u00e9mu fenom\u00e9nu fiktivn\u00edch interi\u00e9r\u016f, kter\u00e9 design\u00e9\u0159i vytv\u00e1\u0159eli pomoc\u00ed nov\u00fdch technologi\u00ed zejm\u00e9na v\u00a0pr\u016fb\u011bhu pandemie a&nbsp;publikovali na soci\u00e1ln\u00edch s\u00edt\u00edch, p\u0159edev\u0161\u00edm na Instagramu. Adam \u0160t\u011bch vybral dvan\u00e1ct um\u011blc\u016f z\u00a0r\u016fzn\u00fdch \u010d\u00e1st\u00ed sv\u011bta a\u00a0prost\u0159ednictv\u00edm interview prezentuje jejich digit\u00e1ln\u00ed kreace. Katalog nab\u00edz\u00ed tak\u00e9 panorama fiktivn\u00ed architektury a&nbsp;interi\u00e9r\u016f od 16.&nbsp;do 21.\u00a0stolet\u00ed nap\u0159\u00edklad v\u00a0d\u00edlech renesan\u010dn\u00edch a&nbsp;klasicistn\u00edch architekt\u016f \u010di&nbsp;um\u011blc\u016f a&nbsp;design\u00e9r\u016f, mezi n\u011b\u017e se \u0159ad\u00ed Salvador Dal\u00ed, Gio Ponti \u010di&nbsp;Carlo Molino. Katalog upravil pra\u017esk\u00fd kreativn\u00ed t\u00fdm OKOLO, kter\u00fd navrhl v\u00fdstavn\u00ed instalaci v\u00a0Mil\u00e1n\u011b, je\u017e je v\u00a0katalogu zobrazena tak\u00e9.<\/p>","protected":false},"excerpt":{"rendered":"<p>vydavatel: Um\u011bleckopr\u016fmyslov\u00e9 museum v&nbsp;Praze 2022<br \/>\neditor: Adam \u0160t\u011bch texty: Adam \u0160t\u011bch, Helena Koenigsmarkov\u00e1, Alberto Carbonelli, Alexis Christodoulou, Hugo Fournier, Stefano Giacomello, B\u00e9r\u00e9nice Golmann-Pupponi, Hannes Lippert, Paul Milinski, Joe Mortel, Andr\u00e9s Reisinger, Charlotte Taylor, Victor Roussel, Six N. Five<br \/>\ngrafick\u00fd design: OKOLO (Mat\u011bj \u010cin\u010dera, Jan Kloss)<br \/>\nvyd\u00e1n\u00ed: anglick\u00e9<br \/>\nform\u00e1t: 21 x 12 cm, m\u011bkk\u00e1 vazba<br \/>\npo\u010det stran: 156<br \/>\npo\u010det reprodukc\u00ed: cca 105<\/p>\n<p>ISBN: 978-80-7101-205-4<\/p>","protected":false},"featured_media":13861,"template":"","meta":{"_acf_changed":false},"product_brand":[],"product_cat":[45],"product_tag":[],"class_list":{"0":"post-13864","1":"product","2":"type-product","3":"status-publish","4":"has-post-thumbnail","6":"product_cat-knihy","8":"first","9":"instock","10":"shipping-taxable","11":"purchasable","12":"product-type-simple"},"acf":[],"yoast_head":"<!-- This site is optimized with the Yoast SEO plugin v26.9 - https:\/\/yoast.com\/product\/yoast-seo-wordpress\/ -->\n<title>CASA IMMAGINARIA. LIVING IN A DREAM - Um\u011bleckopr\u016fmyslov\u00e9 museum v Praze<\/title>\n<meta name=\"description\" content=\"Kur\u00e1torsk\u00fd projekt Adama \u0160t\u011bcha Casa immaginaria: Living in a Dream zastupuje \u010ceskou republiku na 23. Trien\u00e1le v Mil\u00e1n\u011b. Katalog obsahuje \u0160t\u011bchovu sta\u0165 v\u011bnovanou nov\u00e9mu fenom\u00e9nu fiktivn\u00edch interi\u00e9r\u016f, kter\u00e9 design\u00e9\u0159i vytv\u00e1\u0159eli pomoc\u00ed nov\u00fdch technologi\u00ed zejm\u00e9na v pr\u016fb\u011bhu pandemie a publikovali na soci\u00e1ln\u00edch s\u00edt\u00edch, p\u0159edev\u0161\u00edm na Instagramu. Adam \u0160t\u011bch vybral dvan\u00e1ct um\u011blc\u016f z r\u016fzn\u00fdch \u010d\u00e1st\u00ed sv\u011bta a prost\u0159ednictv\u00edm interview prezentuje jejich digit\u00e1ln\u00ed kreace. Katalog nab\u00edz\u00ed tak\u00e9 panorama fiktivn\u00ed architektury a interi\u00e9r\u016f od 16. do 21. stolet\u00ed nap\u0159\u00edklad v d\u00edlech renesan\u010dn\u00edch a klasicistn\u00edch architekt\u016f \u010di um\u011blc\u016f a design\u00e9r\u016f, mezi n\u011b\u017e se \u0159ad\u00ed Salvador Dal\u00ed, Gio Ponti \u010di Carlo Molino. Katalog upravil pra\u017esk\u00fd kreativn\u00ed t\u00fdm OKOLO, kter\u00fd navrhl v\u00fdstavn\u00ed instalaci v Mil\u00e1n\u011b, je\u017e je v katalogu zobrazena tak\u00e9.\" \/>\n<meta name=\"robots\" content=\"index, follow, max-snippet:-1, max-image-preview:large, max-video-preview:-1\" \/>\n<link rel=\"canonical\" href=\"https:\/\/www.upm.cz\/an\/eshop\/casa-imaginaria-living-in-a-dream\/\" \/>\n<meta property=\"og:locale\" content=\"en_US\" \/>\n<meta property=\"og:type\" content=\"article\" \/>\n<meta property=\"og:title\" content=\"CASA IMMAGINARIA. LIVING IN A DREAM - Um\u011bleckopr\u016fmyslov\u00e9 museum v Praze\" \/>\n<meta property=\"og:description\" content=\"Kur\u00e1torsk\u00fd projekt Adama \u0160t\u011bcha Casa immaginaria: Living in a Dream zastupuje \u010ceskou republiku na 23. Trien\u00e1le v Mil\u00e1n\u011b. Katalog obsahuje \u0160t\u011bchovu sta\u0165 v\u011bnovanou nov\u00e9mu fenom\u00e9nu fiktivn\u00edch interi\u00e9r\u016f, kter\u00e9 design\u00e9\u0159i vytv\u00e1\u0159eli pomoc\u00ed nov\u00fdch technologi\u00ed zejm\u00e9na v pr\u016fb\u011bhu pandemie a publikovali na soci\u00e1ln\u00edch s\u00edt\u00edch, p\u0159edev\u0161\u00edm na Instagramu. Adam \u0160t\u011bch vybral dvan\u00e1ct um\u011blc\u016f z r\u016fzn\u00fdch \u010d\u00e1st\u00ed sv\u011bta a prost\u0159ednictv\u00edm interview prezentuje jejich digit\u00e1ln\u00ed kreace. Katalog nab\u00edz\u00ed tak\u00e9 panorama fiktivn\u00ed architektury a interi\u00e9r\u016f od 16. do 21. stolet\u00ed nap\u0159\u00edklad v d\u00edlech renesan\u010dn\u00edch a klasicistn\u00edch architekt\u016f \u010di um\u011blc\u016f a design\u00e9r\u016f, mezi n\u011b\u017e se \u0159ad\u00ed Salvador Dal\u00ed, Gio Ponti \u010di Carlo Molino. Katalog upravil pra\u017esk\u00fd kreativn\u00ed t\u00fdm OKOLO, kter\u00fd navrhl v\u00fdstavn\u00ed instalaci v Mil\u00e1n\u011b, je\u017e je v katalogu zobrazena tak\u00e9.\" \/>\n<meta property=\"og:url\" content=\"https:\/\/www.upm.cz\/an\/eshop\/casa-imaginaria-living-in-a-dream\/\" \/>\n<meta property=\"og:site_name\" content=\"Um\u011bleckopr\u016fmyslov\u00e9 museum v Praze\" \/>\n<meta property=\"article:modified_time\" content=\"2025-09-22T13:59:46+00:00\" \/>\n<meta property=\"og:image\" content=\"https:\/\/www.upm.cz\/wp-content\/uploads\/Casa_I_3746n.jpg\" \/>\n\t<meta property=\"og:image:width\" content=\"696\" \/>\n\t<meta property=\"og:image:height\" content=\"1200\" \/>\n\t<meta property=\"og:image:type\" content=\"image\/jpeg\" \/>\n<meta name=\"twitter:card\" content=\"summary_large_image\" \/>\n<meta name=\"twitter:label1\" content=\"Est. reading time\" \/>\n\t<meta name=\"twitter:data1\" content=\"1 minute\" \/>\n<script type=\"application\/ld+json\" class=\"yoast-schema-graph\">{\"@context\":\"https:\/\/schema.org\",\"@graph\":[{\"@type\":\"WebPage\",\"@id\":\"https:\/\/www.upm.cz\/eshop\/casa-imaginaria-living-in-a-dream\/\",\"url\":\"https:\/\/www.upm.cz\/eshop\/casa-imaginaria-living-in-a-dream\/\",\"name\":\"CASA IMMAGINARIA. LIVING IN A DREAM - Um\u011bleckopr\u016fmyslov\u00e9 museum v Praze\",\"isPartOf\":{\"@id\":\"https:\/\/www.upm.cz\/#website\"},\"primaryImageOfPage\":{\"@id\":\"https:\/\/www.upm.cz\/eshop\/casa-imaginaria-living-in-a-dream\/#primaryimage\"},\"image\":{\"@id\":\"https:\/\/www.upm.cz\/eshop\/casa-imaginaria-living-in-a-dream\/#primaryimage\"},\"thumbnailUrl\":\"https:\/\/www.upm.cz\/wp-content\/uploads\/Casa_I_3746n.jpg\",\"datePublished\":\"2022-10-03T13:20:15+00:00\",\"dateModified\":\"2025-09-22T13:59:46+00:00\",\"description\":\"Kur\u00e1torsk\u00fd projekt Adama \u0160t\u011bcha Casa immaginaria: Living in a Dream zastupuje \u010ceskou republiku na 23. Trien\u00e1le v Mil\u00e1n\u011b. Katalog obsahuje \u0160t\u011bchovu sta\u0165 v\u011bnovanou nov\u00e9mu fenom\u00e9nu fiktivn\u00edch interi\u00e9r\u016f, kter\u00e9 design\u00e9\u0159i vytv\u00e1\u0159eli pomoc\u00ed nov\u00fdch technologi\u00ed zejm\u00e9na v pr\u016fb\u011bhu pandemie a publikovali na soci\u00e1ln\u00edch s\u00edt\u00edch, p\u0159edev\u0161\u00edm na Instagramu. Adam \u0160t\u011bch vybral dvan\u00e1ct um\u011blc\u016f z r\u016fzn\u00fdch \u010d\u00e1st\u00ed sv\u011bta a prost\u0159ednictv\u00edm interview prezentuje jejich digit\u00e1ln\u00ed kreace. Katalog nab\u00edz\u00ed tak\u00e9 panorama fiktivn\u00ed architektury a interi\u00e9r\u016f od 16. do 21. stolet\u00ed nap\u0159\u00edklad v d\u00edlech renesan\u010dn\u00edch a klasicistn\u00edch architekt\u016f \u010di um\u011blc\u016f a design\u00e9r\u016f, mezi n\u011b\u017e se \u0159ad\u00ed Salvador Dal\u00ed, Gio Ponti \u010di Carlo Molino. Katalog upravil pra\u017esk\u00fd kreativn\u00ed t\u00fdm OKOLO, kter\u00fd navrhl v\u00fdstavn\u00ed instalaci v Mil\u00e1n\u011b, je\u017e je v katalogu zobrazena tak\u00e9.\",\"breadcrumb\":{\"@id\":\"https:\/\/www.upm.cz\/eshop\/casa-imaginaria-living-in-a-dream\/#breadcrumb\"},\"inLanguage\":\"en-US\",\"potentialAction\":[{\"@type\":\"ReadAction\",\"target\":[\"https:\/\/www.upm.cz\/eshop\/casa-imaginaria-living-in-a-dream\/\"]}]},{\"@type\":\"ImageObject\",\"inLanguage\":\"en-US\",\"@id\":\"https:\/\/www.upm.cz\/eshop\/casa-imaginaria-living-in-a-dream\/#primaryimage\",\"url\":\"https:\/\/www.upm.cz\/wp-content\/uploads\/Casa_I_3746n.jpg\",\"contentUrl\":\"https:\/\/www.upm.cz\/wp-content\/uploads\/Casa_I_3746n.jpg\",\"width\":696,\"height\":1200,\"caption\":\"Casa imaginaria - katalog\"},{\"@type\":\"BreadcrumbList\",\"@id\":\"https:\/\/www.upm.cz\/eshop\/casa-imaginaria-living-in-a-dream\/#breadcrumb\",\"itemListElement\":[{\"@type\":\"ListItem\",\"position\":1,\"name\":\"Dom\u016f\",\"item\":\"https:\/\/www.upm.cz\/\"},{\"@type\":\"ListItem\",\"position\":2,\"name\":\"eshop\",\"item\":\"https:\/\/www.upm.cz\/eshop\/\"},{\"@type\":\"ListItem\",\"position\":3,\"name\":\"CASA IMMAGINARIA. LIVING IN A DREAM\"}]},{\"@type\":\"WebSite\",\"@id\":\"https:\/\/www.upm.cz\/#website\",\"url\":\"https:\/\/www.upm.cz\/\",\"name\":\"Um\u011bleckopr\u016fmyslov\u00e9 museum v Praze\",\"description\":\"\",\"publisher\":{\"@id\":\"https:\/\/www.upm.cz\/#organization\"},\"potentialAction\":[{\"@type\":\"SearchAction\",\"target\":{\"@type\":\"EntryPoint\",\"urlTemplate\":\"https:\/\/www.upm.cz\/?s={search_term_string}\"},\"query-input\":{\"@type\":\"PropertyValueSpecification\",\"valueRequired\":true,\"valueName\":\"search_term_string\"}}],\"inLanguage\":\"en-US\"},{\"@type\":\"Organization\",\"@id\":\"https:\/\/www.upm.cz\/#organization\",\"name\":\"Um\u011bleckopr\u016fmyslov\u00e9 museum v Praze\",\"url\":\"https:\/\/www.upm.cz\/\",\"logo\":{\"@type\":\"ImageObject\",\"inLanguage\":\"en-US\",\"@id\":\"https:\/\/www.upm.cz\/#\/schema\/logo\/image\/\",\"url\":\"https:\/\/www.upm.cz\/wp-content\/uploads\/2020\/03\/logo_upm_cz.svg\",\"contentUrl\":\"https:\/\/www.upm.cz\/wp-content\/uploads\/2020\/03\/logo_upm_cz.svg\",\"width\":1736,\"height\":295,\"caption\":\"Um\u011bleckopr\u016fmyslov\u00e9 museum v Praze\"},\"image\":{\"@id\":\"https:\/\/www.upm.cz\/#\/schema\/logo\/image\/\"}}]}<\/script>\n<!-- \/ Yoast SEO plugin. -->","yoast_head_json":{"title":"CASA IMMAGINARIA. LIVING IN A DREAM - Um\u011bleckopr\u016fmyslov\u00e9 museum v Praze","description":"Kur\u00e1torsk\u00fd projekt Adama \u0160t\u011bcha Casa immaginaria: Living in a Dream zastupuje \u010ceskou republiku na 23. Trien\u00e1le v Mil\u00e1n\u011b. Katalog obsahuje \u0160t\u011bchovu sta\u0165 v\u011bnovanou nov\u00e9mu fenom\u00e9nu fiktivn\u00edch interi\u00e9r\u016f, kter\u00e9 design\u00e9\u0159i vytv\u00e1\u0159eli pomoc\u00ed nov\u00fdch technologi\u00ed zejm\u00e9na v pr\u016fb\u011bhu pandemie a publikovali na soci\u00e1ln\u00edch s\u00edt\u00edch, p\u0159edev\u0161\u00edm na Instagramu. Adam \u0160t\u011bch vybral dvan\u00e1ct um\u011blc\u016f z r\u016fzn\u00fdch \u010d\u00e1st\u00ed sv\u011bta a prost\u0159ednictv\u00edm interview prezentuje jejich digit\u00e1ln\u00ed kreace. Katalog nab\u00edz\u00ed tak\u00e9 panorama fiktivn\u00ed architektury a interi\u00e9r\u016f od 16. do 21. stolet\u00ed nap\u0159\u00edklad v d\u00edlech renesan\u010dn\u00edch a klasicistn\u00edch architekt\u016f \u010di um\u011blc\u016f a design\u00e9r\u016f, mezi n\u011b\u017e se \u0159ad\u00ed Salvador Dal\u00ed, Gio Ponti \u010di Carlo Molino. Katalog upravil pra\u017esk\u00fd kreativn\u00ed t\u00fdm OKOLO, kter\u00fd navrhl v\u00fdstavn\u00ed instalaci v Mil\u00e1n\u011b, je\u017e je v katalogu zobrazena tak\u00e9.","robots":{"index":"index","follow":"follow","max-snippet":"max-snippet:-1","max-image-preview":"max-image-preview:large","max-video-preview":"max-video-preview:-1"},"canonical":"https:\/\/www.upm.cz\/an\/eshop\/casa-imaginaria-living-in-a-dream\/","og_locale":"en_US","og_type":"article","og_title":"CASA IMMAGINARIA. LIVING IN A DREAM - Um\u011bleckopr\u016fmyslov\u00e9 museum v Praze","og_description":"Kur\u00e1torsk\u00fd projekt Adama \u0160t\u011bcha Casa immaginaria: Living in a Dream zastupuje \u010ceskou republiku na 23. Trien\u00e1le v Mil\u00e1n\u011b. Katalog obsahuje \u0160t\u011bchovu sta\u0165 v\u011bnovanou nov\u00e9mu fenom\u00e9nu fiktivn\u00edch interi\u00e9r\u016f, kter\u00e9 design\u00e9\u0159i vytv\u00e1\u0159eli pomoc\u00ed nov\u00fdch technologi\u00ed zejm\u00e9na v pr\u016fb\u011bhu pandemie a publikovali na soci\u00e1ln\u00edch s\u00edt\u00edch, p\u0159edev\u0161\u00edm na Instagramu. Adam \u0160t\u011bch vybral dvan\u00e1ct um\u011blc\u016f z r\u016fzn\u00fdch \u010d\u00e1st\u00ed sv\u011bta a prost\u0159ednictv\u00edm interview prezentuje jejich digit\u00e1ln\u00ed kreace. Katalog nab\u00edz\u00ed tak\u00e9 panorama fiktivn\u00ed architektury a interi\u00e9r\u016f od 16. do 21. stolet\u00ed nap\u0159\u00edklad v d\u00edlech renesan\u010dn\u00edch a klasicistn\u00edch architekt\u016f \u010di um\u011blc\u016f a design\u00e9r\u016f, mezi n\u011b\u017e se \u0159ad\u00ed Salvador Dal\u00ed, Gio Ponti \u010di Carlo Molino. Katalog upravil pra\u017esk\u00fd kreativn\u00ed t\u00fdm OKOLO, kter\u00fd navrhl v\u00fdstavn\u00ed instalaci v Mil\u00e1n\u011b, je\u017e je v katalogu zobrazena tak\u00e9.","og_url":"https:\/\/www.upm.cz\/an\/eshop\/casa-imaginaria-living-in-a-dream\/","og_site_name":"Um\u011bleckopr\u016fmyslov\u00e9 museum v Praze","article_modified_time":"2025-09-22T13:59:46+00:00","og_image":[{"width":696,"height":1200,"url":"https:\/\/www.upm.cz\/wp-content\/uploads\/Casa_I_3746n.jpg","type":"image\/jpeg"}],"twitter_card":"summary_large_image","twitter_misc":{"Est. reading time":"1 minute"},"schema":{"@context":"https:\/\/schema.org","@graph":[{"@type":"WebPage","@id":"https:\/\/www.upm.cz\/eshop\/casa-imaginaria-living-in-a-dream\/","url":"https:\/\/www.upm.cz\/eshop\/casa-imaginaria-living-in-a-dream\/","name":"CASA IMMAGINARIA. LIVING IN A DREAM - Um\u011bleckopr\u016fmyslov\u00e9 museum v Praze","isPartOf":{"@id":"https:\/\/www.upm.cz\/#website"},"primaryImageOfPage":{"@id":"https:\/\/www.upm.cz\/eshop\/casa-imaginaria-living-in-a-dream\/#primaryimage"},"image":{"@id":"https:\/\/www.upm.cz\/eshop\/casa-imaginaria-living-in-a-dream\/#primaryimage"},"thumbnailUrl":"https:\/\/www.upm.cz\/wp-content\/uploads\/Casa_I_3746n.jpg","datePublished":"2022-10-03T13:20:15+00:00","dateModified":"2025-09-22T13:59:46+00:00","description":"Kur\u00e1torsk\u00fd projekt Adama \u0160t\u011bcha Casa immaginaria: Living in a Dream zastupuje \u010ceskou republiku na 23. Trien\u00e1le v Mil\u00e1n\u011b. Katalog obsahuje \u0160t\u011bchovu sta\u0165 v\u011bnovanou nov\u00e9mu fenom\u00e9nu fiktivn\u00edch interi\u00e9r\u016f, kter\u00e9 design\u00e9\u0159i vytv\u00e1\u0159eli pomoc\u00ed nov\u00fdch technologi\u00ed zejm\u00e9na v pr\u016fb\u011bhu pandemie a publikovali na soci\u00e1ln\u00edch s\u00edt\u00edch, p\u0159edev\u0161\u00edm na Instagramu. Adam \u0160t\u011bch vybral dvan\u00e1ct um\u011blc\u016f z r\u016fzn\u00fdch \u010d\u00e1st\u00ed sv\u011bta a prost\u0159ednictv\u00edm interview prezentuje jejich digit\u00e1ln\u00ed kreace. Katalog nab\u00edz\u00ed tak\u00e9 panorama fiktivn\u00ed architektury a interi\u00e9r\u016f od 16. do 21. stolet\u00ed nap\u0159\u00edklad v d\u00edlech renesan\u010dn\u00edch a klasicistn\u00edch architekt\u016f \u010di um\u011blc\u016f a design\u00e9r\u016f, mezi n\u011b\u017e se \u0159ad\u00ed Salvador Dal\u00ed, Gio Ponti \u010di Carlo Molino. Katalog upravil pra\u017esk\u00fd kreativn\u00ed t\u00fdm OKOLO, kter\u00fd navrhl v\u00fdstavn\u00ed instalaci v Mil\u00e1n\u011b, je\u017e je v katalogu zobrazena tak\u00e9.","breadcrumb":{"@id":"https:\/\/www.upm.cz\/eshop\/casa-imaginaria-living-in-a-dream\/#breadcrumb"},"inLanguage":"en-US","potentialAction":[{"@type":"ReadAction","target":["https:\/\/www.upm.cz\/eshop\/casa-imaginaria-living-in-a-dream\/"]}]},{"@type":"ImageObject","inLanguage":"en-US","@id":"https:\/\/www.upm.cz\/eshop\/casa-imaginaria-living-in-a-dream\/#primaryimage","url":"https:\/\/www.upm.cz\/wp-content\/uploads\/Casa_I_3746n.jpg","contentUrl":"https:\/\/www.upm.cz\/wp-content\/uploads\/Casa_I_3746n.jpg","width":696,"height":1200,"caption":"Casa imaginaria - katalog"},{"@type":"BreadcrumbList","@id":"https:\/\/www.upm.cz\/eshop\/casa-imaginaria-living-in-a-dream\/#breadcrumb","itemListElement":[{"@type":"ListItem","position":1,"name":"Dom\u016f","item":"https:\/\/www.upm.cz\/"},{"@type":"ListItem","position":2,"name":"eshop","item":"https:\/\/www.upm.cz\/eshop\/"},{"@type":"ListItem","position":3,"name":"CASA IMMAGINARIA. LIVING IN A DREAM"}]},{"@type":"WebSite","@id":"https:\/\/www.upm.cz\/#website","url":"https:\/\/www.upm.cz\/","name":"Um\u011bleckopr\u016fmyslov\u00e9 museum v Praze","description":"","publisher":{"@id":"https:\/\/www.upm.cz\/#organization"},"potentialAction":[{"@type":"SearchAction","target":{"@type":"EntryPoint","urlTemplate":"https:\/\/www.upm.cz\/?s={search_term_string}"},"query-input":{"@type":"PropertyValueSpecification","valueRequired":true,"valueName":"search_term_string"}}],"inLanguage":"en-US"},{"@type":"Organization","@id":"https:\/\/www.upm.cz\/#organization","name":"Um\u011bleckopr\u016fmyslov\u00e9 museum v Praze","url":"https:\/\/www.upm.cz\/","logo":{"@type":"ImageObject","inLanguage":"en-US","@id":"https:\/\/www.upm.cz\/#\/schema\/logo\/image\/","url":"https:\/\/www.upm.cz\/wp-content\/uploads\/2020\/03\/logo_upm_cz.svg","contentUrl":"https:\/\/www.upm.cz\/wp-content\/uploads\/2020\/03\/logo_upm_cz.svg","width":1736,"height":295,"caption":"Um\u011bleckopr\u016fmyslov\u00e9 museum v Praze"},"image":{"@id":"https:\/\/www.upm.cz\/#\/schema\/logo\/image\/"}}]}},"_links":{"self":[{"href":"https:\/\/www.upm.cz\/an\/wp-json\/wp\/v2\/product\/13864","targetHints":{"allow":["GET"]}}],"collection":[{"href":"https:\/\/www.upm.cz\/an\/wp-json\/wp\/v2\/product"}],"about":[{"href":"https:\/\/www.upm.cz\/an\/wp-json\/wp\/v2\/types\/product"}],"wp:featuredmedia":[{"embeddable":true,"href":"https:\/\/www.upm.cz\/an\/wp-json\/wp\/v2\/media\/13861"}],"wp:attachment":[{"href":"https:\/\/www.upm.cz\/an\/wp-json\/wp\/v2\/media?parent=13864"}],"wp:term":[{"taxonomy":"product_brand","embeddable":true,"href":"https:\/\/www.upm.cz\/an\/wp-json\/wp\/v2\/product_brand?post=13864"},{"taxonomy":"product_cat","embeddable":true,"href":"https:\/\/www.upm.cz\/an\/wp-json\/wp\/v2\/product_cat?post=13864"},{"taxonomy":"product_tag","embeddable":true,"href":"https:\/\/www.upm.cz\/an\/wp-json\/wp\/v2\/product_tag?post=13864"}],"curies":[{"name":"wp","href":"https:\/\/api.w.org\/{rel}","templated":true}]}}