{"id":14489,"date":"2022-12-20T15:10:26","date_gmt":"2022-12-20T14:10:26","guid":{"rendered":"https:\/\/www.upm.cz\/?post_type=product&#038;p=14489"},"modified":"2025-12-24T23:43:13","modified_gmt":"2025-12-24T22:43:13","slug":"sudek-rotmayer-navsteva-u-pana-kouzelnika","status":"publish","type":"product","link":"https:\/\/www.upm.cz\/an\/eshop\/sudek-rotmayer-navsteva-u-pana-kouzelnika\/","title":{"rendered":"JOSEF SUDEK \/OTTO ROTHMAYER: N\u00c1V\u0160T\u011aVA U&nbsp;PANA KOUZELN\u00cdKA"},"content":{"rendered":"<p>Kniha Josef Sudek \/ Otto Rothmayer: N\u00e1v\u0161t\u011bva u&nbsp;pana kouzeln\u00edka vych\u00e1z\u00ed ze stejnojmenn\u00e9 v\u00fdstavy konan\u00e9 v\u00a0roce 2021 a&nbsp;2022 ke\u00a0125.&nbsp;v\u00fdro\u010d\u00ed narozen\u00ed Josefa Sudka a&nbsp;55.&nbsp;v\u00fdro\u010d\u00ed \u00famrt\u00ed architekta Otto Rothmayera v\u00a0Um\u011bleckopr\u016fmyslov\u00e9m museu v\u00a0Praze. Publikace \u010dten\u00e1\u0159e zavede jednak na Pra\u017esk\u00fd hrad \u2013 spole\u010dnou l\u00e1sku obou p\u0159\u00e1tel \u2013 a&nbsp;jednak do architektovy vily a&nbsp;jej\u00ed nevelk\u00e9 zahrady v\u00a0b\u0159evnovsk\u00e9 ulici Na Bateri\u00edch, je\u017e se ve \u010dty\u0159ic\u00e1t\u00fdch a\u017e \u0161edes\u00e1t\u00fdch letech 20.&nbsp;stolet\u00ed staly m\u00edstem setk\u00e1v\u00e1n\u00ed skupiny sp\u0159\u00edzn\u011bn\u00fdch um\u011blc\u016f a&nbsp;p\u0159\u00e1tel. \u00dato\u010di\u0161t\u011b v\u00a0neklidn\u00e9 dob\u011b a&nbsp;inspiraci pro svou tvorbu tu nach\u00e1zeli nap\u0159\u00edklad i&nbsp;Josef Kaplick\u00fd, Bed\u0159ich Stefan, Hana Wichterlov\u00e1, Vladim\u00edr Studen\u00fd, Pravoslav Rada \u010di&nbsp;Ren\u00e9 Roub\u00ed\u010dek. Josef Sudek zde po\u0159\u00eddil celou \u0159adu fotografi\u00ed, kter\u00e9 pak \u0159adil do n\u011bkolika cykl\u016f, nap\u0159\u00edklad do s\u00e9ri\u00ed Proch\u00e1zka po&nbsp;kouzeln\u00e9 zahr\u00e1dce, Vzpom\u00ednky, Mal\u00e9 vzpom\u00ednky \u010di&nbsp;Pozn\u00e1mky.<br \/>\nVelk\u00fd soubor Sudkov\u00fdch prac\u00ed \u2013 kontaktn\u00ed kopie a&nbsp;fotografick\u00e9 pigmenty \u2013 dopl\u0148uj\u00ed tzv.&nbsp;pu\u0159idla a&nbsp;vete\u0161e, na\u00a0jejich\u017e origin\u00e1ln\u00ed adjustaci se Sudkem spolupracoval pr\u00e1v\u011b Otto Rothmayer a&nbsp;je\u017e jsou dnes cen\u011bny jako nejprogresivn\u011bj\u0161\u00ed p\u0159\u00edsp\u011bvek sv\u011btov\u00e9 fotografii. V\u00a0uk\u00e1zk\u00e1ch kniha p\u0159ipom\u00edn\u00e1 t\u00e9\u017e pr\u00e1ce samotn\u00e9ho hostitele i&nbsp;spole\u010dn\u00fdch p\u0159\u00e1tel ze sb\u00edrek Um\u011bleckopr\u016fmyslov\u00e9ho musea v&nbsp;Praze, Muzea hlavn\u00edho m\u011bsta Prahy, N\u00e1rodn\u00edho technick\u00e9ho muzea v&nbsp;Praze, Muzea um\u011bn\u00ed Olomouc a&nbsp;soukrom\u00e9ho majetku.<\/p>","protected":false},"excerpt":{"rendered":"<p>autor koncepce a&nbsp;texty: Jan Ml\u010doch<br \/>\nvyd\u00e1n\u00ed: \u010desk\u00e9 s&nbsp;anglick\u00fdm resum\u00e9<br \/>\ngrafick\u00fd design: Martin Balcar<br \/>\nform\u00e1t: 24 x 28 cm, pevn\u00e1 vazba<br \/>\npo\u010det stran: 232<br \/>\npo\u010det reprodukc\u00ed: 294<br \/>\nn\u00e1klad: 800 ks<br \/>\nvydavatel: UPM 2022<br \/>\nISBN 978-80-7101-212-02<\/p>","protected":false},"featured_media":14485,"template":"","meta":{"_acf_changed":false},"product_brand":[],"product_cat":[45],"product_tag":[],"class_list":{"0":"post-14489","1":"product","2":"type-product","3":"status-publish","4":"has-post-thumbnail","6":"product_cat-knihy","8":"first","9":"instock","10":"shipping-taxable","11":"purchasable","12":"product-type-simple"},"acf":[],"yoast_head":"<!-- This site is optimized with the Yoast SEO plugin v26.9 - https:\/\/yoast.com\/product\/yoast-seo-wordpress\/ -->\n<title>JOSEF SUDEK \/OTTO ROTHMAYER: N\u00c1V\u0160T\u011aVA U PANA KOUZELN\u00cdKA - Um\u011bleckopr\u016fmyslov\u00e9 museum v Praze<\/title>\n<meta name=\"description\" content=\"Kniha Josef Sudek \/ Otto Rothmayer: N\u00e1v\u0161t\u011bva u pana kouzeln\u00edka vych\u00e1z\u00ed ze stejnojmenn\u00e9 v\u00fdstavy konan\u00e9 v\u00a0roce 2021 a 2022 ke\u00a0125. v\u00fdro\u010d\u00ed narozen\u00ed Josefa Sudka a 55. v\u00fdro\u010d\u00ed \u00famrt\u00ed architekta Otto Rothmayera v\u00a0Um\u011bleckopr\u016fmyslov\u00e9m museu v\u00a0Praze. Publikace \u010dten\u00e1\u0159e zavede jednak na Pra\u017esk\u00fd hrad \u2013 spole\u010dnou l\u00e1sku obou p\u0159\u00e1tel \u2013 a jednak do architektovy vily a jej\u00ed nevelk\u00e9 zahrady v\u00a0b\u0159evnovsk\u00e9 ulici Na Bateri\u00edch, je\u017e se ve \u010dty\u0159ic\u00e1t\u00fdch a\u017e \u0161edes\u00e1t\u00fdch letech 20. stolet\u00ed staly m\u00edstem setk\u00e1v\u00e1n\u00ed skupiny sp\u0159\u00edzn\u011bn\u00fdch um\u011blc\u016f a p\u0159\u00e1tel. \u00dato\u010di\u0161t\u011b v\u00a0neklidn\u00e9 dob\u011b a inspiraci pro svou tvorbu tu nach\u00e1zeli nap\u0159\u00edklad i Josef Kaplick\u00fd, Bed\u0159ich Stefan, Hana Wichterlov\u00e1, Vladim\u00edr Studen\u00fd, Pravoslav Rada \u010di Ren\u00e9 Roub\u00ed\u010dek. Josef Sudek zde po\u0159\u00eddil celou \u0159adu fotografi\u00ed, kter\u00e9 pak \u0159adil do n\u011bkolika cykl\u016f, nap\u0159\u00edklad do s\u00e9ri\u00ed Proch\u00e1zka po kouzeln\u00e9 zahr\u00e1dce, Vzpom\u00ednky, Mal\u00e9 vzpom\u00ednky \u010di Pozn\u00e1mky.\" \/>\n<meta name=\"robots\" content=\"index, follow, max-snippet:-1, max-image-preview:large, max-video-preview:-1\" \/>\n<link rel=\"canonical\" href=\"https:\/\/www.upm.cz\/an\/eshop\/sudek-rotmayer-navsteva-u-pana-kouzelnika\/\" \/>\n<meta property=\"og:locale\" content=\"en_US\" \/>\n<meta property=\"og:type\" content=\"article\" \/>\n<meta property=\"og:title\" content=\"JOSEF SUDEK \/OTTO ROTHMAYER: N\u00c1V\u0160T\u011aVA U PANA KOUZELN\u00cdKA - Um\u011bleckopr\u016fmyslov\u00e9 museum v Praze\" \/>\n<meta property=\"og:description\" content=\"Kniha Josef Sudek \/ Otto Rothmayer: N\u00e1v\u0161t\u011bva u pana kouzeln\u00edka vych\u00e1z\u00ed ze stejnojmenn\u00e9 v\u00fdstavy konan\u00e9 v\u00a0roce 2021 a 2022 ke\u00a0125. v\u00fdro\u010d\u00ed narozen\u00ed Josefa Sudka a 55. v\u00fdro\u010d\u00ed \u00famrt\u00ed architekta Otto Rothmayera v\u00a0Um\u011bleckopr\u016fmyslov\u00e9m museu v\u00a0Praze. Publikace \u010dten\u00e1\u0159e zavede jednak na Pra\u017esk\u00fd hrad \u2013 spole\u010dnou l\u00e1sku obou p\u0159\u00e1tel \u2013 a jednak do architektovy vily a jej\u00ed nevelk\u00e9 zahrady v\u00a0b\u0159evnovsk\u00e9 ulici Na Bateri\u00edch, je\u017e se ve \u010dty\u0159ic\u00e1t\u00fdch a\u017e \u0161edes\u00e1t\u00fdch letech 20. stolet\u00ed staly m\u00edstem setk\u00e1v\u00e1n\u00ed skupiny sp\u0159\u00edzn\u011bn\u00fdch um\u011blc\u016f a p\u0159\u00e1tel. \u00dato\u010di\u0161t\u011b v\u00a0neklidn\u00e9 dob\u011b a inspiraci pro svou tvorbu tu nach\u00e1zeli nap\u0159\u00edklad i Josef Kaplick\u00fd, Bed\u0159ich Stefan, Hana Wichterlov\u00e1, Vladim\u00edr Studen\u00fd, Pravoslav Rada \u010di Ren\u00e9 Roub\u00ed\u010dek. Josef Sudek zde po\u0159\u00eddil celou \u0159adu fotografi\u00ed, kter\u00e9 pak \u0159adil do n\u011bkolika cykl\u016f, nap\u0159\u00edklad do s\u00e9ri\u00ed Proch\u00e1zka po kouzeln\u00e9 zahr\u00e1dce, Vzpom\u00ednky, Mal\u00e9 vzpom\u00ednky \u010di Pozn\u00e1mky.\" \/>\n<meta property=\"og:url\" content=\"https:\/\/www.upm.cz\/an\/eshop\/sudek-rotmayer-navsteva-u-pana-kouzelnika\/\" \/>\n<meta property=\"og:site_name\" content=\"Um\u011bleckopr\u016fmyslov\u00e9 museum v Praze\" \/>\n<meta property=\"article:modified_time\" content=\"2025-12-24T22:43:13+00:00\" \/>\n<meta property=\"og:image\" content=\"https:\/\/www.upm.cz\/wp-content\/uploads\/Sudek_Rothmayer_obalka.jpg\" \/>\n\t<meta property=\"og:image:width\" content=\"1334\" \/>\n\t<meta property=\"og:image:height\" content=\"1576\" \/>\n\t<meta property=\"og:image:type\" content=\"image\/jpeg\" \/>\n<meta name=\"twitter:card\" content=\"summary_large_image\" \/>\n<meta name=\"twitter:label1\" content=\"Est. reading time\" \/>\n\t<meta name=\"twitter:data1\" content=\"2 minutes\" \/>\n<script type=\"application\/ld+json\" class=\"yoast-schema-graph\">{\"@context\":\"https:\/\/schema.org\",\"@graph\":[{\"@type\":\"WebPage\",\"@id\":\"https:\/\/www.upm.cz\/eshop\/sudek-rotmayer-navsteva-u-pana-kouzelnika\/\",\"url\":\"https:\/\/www.upm.cz\/eshop\/sudek-rotmayer-navsteva-u-pana-kouzelnika\/\",\"name\":\"JOSEF SUDEK \/OTTO ROTHMAYER: N\u00c1V\u0160T\u011aVA U PANA KOUZELN\u00cdKA - Um\u011bleckopr\u016fmyslov\u00e9 museum v Praze\",\"isPartOf\":{\"@id\":\"https:\/\/www.upm.cz\/#website\"},\"primaryImageOfPage\":{\"@id\":\"https:\/\/www.upm.cz\/eshop\/sudek-rotmayer-navsteva-u-pana-kouzelnika\/#primaryimage\"},\"image\":{\"@id\":\"https:\/\/www.upm.cz\/eshop\/sudek-rotmayer-navsteva-u-pana-kouzelnika\/#primaryimage\"},\"thumbnailUrl\":\"https:\/\/www.upm.cz\/wp-content\/uploads\/Sudek_Rothmayer_obalka.jpg\",\"datePublished\":\"2022-12-20T14:10:26+00:00\",\"dateModified\":\"2025-12-24T22:43:13+00:00\",\"description\":\"Kniha Josef Sudek \/ Otto Rothmayer: N\u00e1v\u0161t\u011bva u pana kouzeln\u00edka vych\u00e1z\u00ed ze stejnojmenn\u00e9 v\u00fdstavy konan\u00e9 v\u00a0roce 2021 a 2022 ke\u00a0125. v\u00fdro\u010d\u00ed narozen\u00ed Josefa Sudka a 55. v\u00fdro\u010d\u00ed \u00famrt\u00ed architekta Otto Rothmayera v\u00a0Um\u011bleckopr\u016fmyslov\u00e9m museu v\u00a0Praze. Publikace \u010dten\u00e1\u0159e zavede jednak na Pra\u017esk\u00fd hrad \u2013 spole\u010dnou l\u00e1sku obou p\u0159\u00e1tel \u2013 a jednak do architektovy vily a jej\u00ed nevelk\u00e9 zahrady v\u00a0b\u0159evnovsk\u00e9 ulici Na Bateri\u00edch, je\u017e se ve \u010dty\u0159ic\u00e1t\u00fdch a\u017e \u0161edes\u00e1t\u00fdch letech 20. stolet\u00ed staly m\u00edstem setk\u00e1v\u00e1n\u00ed skupiny sp\u0159\u00edzn\u011bn\u00fdch um\u011blc\u016f a p\u0159\u00e1tel. \u00dato\u010di\u0161t\u011b v\u00a0neklidn\u00e9 dob\u011b a inspiraci pro svou tvorbu tu nach\u00e1zeli nap\u0159\u00edklad i Josef Kaplick\u00fd, Bed\u0159ich Stefan, Hana Wichterlov\u00e1, Vladim\u00edr Studen\u00fd, Pravoslav Rada \u010di Ren\u00e9 Roub\u00ed\u010dek. Josef Sudek zde po\u0159\u00eddil celou \u0159adu fotografi\u00ed, kter\u00e9 pak \u0159adil do n\u011bkolika cykl\u016f, nap\u0159\u00edklad do s\u00e9ri\u00ed Proch\u00e1zka po kouzeln\u00e9 zahr\u00e1dce, Vzpom\u00ednky, Mal\u00e9 vzpom\u00ednky \u010di Pozn\u00e1mky.\",\"breadcrumb\":{\"@id\":\"https:\/\/www.upm.cz\/eshop\/sudek-rotmayer-navsteva-u-pana-kouzelnika\/#breadcrumb\"},\"inLanguage\":\"en-US\",\"potentialAction\":[{\"@type\":\"ReadAction\",\"target\":[\"https:\/\/www.upm.cz\/eshop\/sudek-rotmayer-navsteva-u-pana-kouzelnika\/\"]}]},{\"@type\":\"ImageObject\",\"inLanguage\":\"en-US\",\"@id\":\"https:\/\/www.upm.cz\/eshop\/sudek-rotmayer-navsteva-u-pana-kouzelnika\/#primaryimage\",\"url\":\"https:\/\/www.upm.cz\/wp-content\/uploads\/Sudek_Rothmayer_obalka.jpg\",\"contentUrl\":\"https:\/\/www.upm.cz\/wp-content\/uploads\/Sudek_Rothmayer_obalka.jpg\",\"width\":1334,\"height\":1576,\"caption\":\"Josef Sudek \/ Otto Rothmayer: N\u00e1v\u0161t\u011bva u pana kouzeln\u00edka. Ob\u00e1lka knihy\"},{\"@type\":\"BreadcrumbList\",\"@id\":\"https:\/\/www.upm.cz\/eshop\/sudek-rotmayer-navsteva-u-pana-kouzelnika\/#breadcrumb\",\"itemListElement\":[{\"@type\":\"ListItem\",\"position\":1,\"name\":\"Dom\u016f\",\"item\":\"https:\/\/www.upm.cz\/\"},{\"@type\":\"ListItem\",\"position\":2,\"name\":\"eshop\",\"item\":\"https:\/\/www.upm.cz\/eshop\/\"},{\"@type\":\"ListItem\",\"position\":3,\"name\":\"JOSEF SUDEK \/OTTO ROTHMAYER: N\u00c1V\u0160T\u011aVA U PANA KOUZELN\u00cdKA\"}]},{\"@type\":\"WebSite\",\"@id\":\"https:\/\/www.upm.cz\/#website\",\"url\":\"https:\/\/www.upm.cz\/\",\"name\":\"Um\u011bleckopr\u016fmyslov\u00e9 museum v Praze\",\"description\":\"\",\"publisher\":{\"@id\":\"https:\/\/www.upm.cz\/#organization\"},\"potentialAction\":[{\"@type\":\"SearchAction\",\"target\":{\"@type\":\"EntryPoint\",\"urlTemplate\":\"https:\/\/www.upm.cz\/?s={search_term_string}\"},\"query-input\":{\"@type\":\"PropertyValueSpecification\",\"valueRequired\":true,\"valueName\":\"search_term_string\"}}],\"inLanguage\":\"en-US\"},{\"@type\":\"Organization\",\"@id\":\"https:\/\/www.upm.cz\/#organization\",\"name\":\"Um\u011bleckopr\u016fmyslov\u00e9 museum v Praze\",\"url\":\"https:\/\/www.upm.cz\/\",\"logo\":{\"@type\":\"ImageObject\",\"inLanguage\":\"en-US\",\"@id\":\"https:\/\/www.upm.cz\/#\/schema\/logo\/image\/\",\"url\":\"https:\/\/www.upm.cz\/wp-content\/uploads\/2020\/03\/logo_upm_cz.svg\",\"contentUrl\":\"https:\/\/www.upm.cz\/wp-content\/uploads\/2020\/03\/logo_upm_cz.svg\",\"width\":1736,\"height\":295,\"caption\":\"Um\u011bleckopr\u016fmyslov\u00e9 museum v Praze\"},\"image\":{\"@id\":\"https:\/\/www.upm.cz\/#\/schema\/logo\/image\/\"}}]}<\/script>\n<!-- \/ Yoast SEO plugin. -->","yoast_head_json":{"title":"JOSEF SUDEK \/OTTO ROTHMAYER: N\u00c1V\u0160T\u011aVA U PANA KOUZELN\u00cdKA - Um\u011bleckopr\u016fmyslov\u00e9 museum v Praze","description":"Kniha Josef Sudek \/ Otto Rothmayer: N\u00e1v\u0161t\u011bva u pana kouzeln\u00edka vych\u00e1z\u00ed ze stejnojmenn\u00e9 v\u00fdstavy konan\u00e9 v\u00a0roce 2021 a 2022 ke\u00a0125. v\u00fdro\u010d\u00ed narozen\u00ed Josefa Sudka a 55. v\u00fdro\u010d\u00ed \u00famrt\u00ed architekta Otto Rothmayera v\u00a0Um\u011bleckopr\u016fmyslov\u00e9m museu v\u00a0Praze. Publikace \u010dten\u00e1\u0159e zavede jednak na Pra\u017esk\u00fd hrad \u2013 spole\u010dnou l\u00e1sku obou p\u0159\u00e1tel \u2013 a jednak do architektovy vily a jej\u00ed nevelk\u00e9 zahrady v\u00a0b\u0159evnovsk\u00e9 ulici Na Bateri\u00edch, je\u017e se ve \u010dty\u0159ic\u00e1t\u00fdch a\u017e \u0161edes\u00e1t\u00fdch letech 20. stolet\u00ed staly m\u00edstem setk\u00e1v\u00e1n\u00ed skupiny sp\u0159\u00edzn\u011bn\u00fdch um\u011blc\u016f a p\u0159\u00e1tel. \u00dato\u010di\u0161t\u011b v\u00a0neklidn\u00e9 dob\u011b a inspiraci pro svou tvorbu tu nach\u00e1zeli nap\u0159\u00edklad i Josef Kaplick\u00fd, Bed\u0159ich Stefan, Hana Wichterlov\u00e1, Vladim\u00edr Studen\u00fd, Pravoslav Rada \u010di Ren\u00e9 Roub\u00ed\u010dek. Josef Sudek zde po\u0159\u00eddil celou \u0159adu fotografi\u00ed, kter\u00e9 pak \u0159adil do n\u011bkolika cykl\u016f, nap\u0159\u00edklad do s\u00e9ri\u00ed Proch\u00e1zka po kouzeln\u00e9 zahr\u00e1dce, Vzpom\u00ednky, Mal\u00e9 vzpom\u00ednky \u010di Pozn\u00e1mky.","robots":{"index":"index","follow":"follow","max-snippet":"max-snippet:-1","max-image-preview":"max-image-preview:large","max-video-preview":"max-video-preview:-1"},"canonical":"https:\/\/www.upm.cz\/an\/eshop\/sudek-rotmayer-navsteva-u-pana-kouzelnika\/","og_locale":"en_US","og_type":"article","og_title":"JOSEF SUDEK \/OTTO ROTHMAYER: N\u00c1V\u0160T\u011aVA U PANA KOUZELN\u00cdKA - Um\u011bleckopr\u016fmyslov\u00e9 museum v Praze","og_description":"Kniha Josef Sudek \/ Otto Rothmayer: N\u00e1v\u0161t\u011bva u pana kouzeln\u00edka vych\u00e1z\u00ed ze stejnojmenn\u00e9 v\u00fdstavy konan\u00e9 v\u00a0roce 2021 a 2022 ke\u00a0125. v\u00fdro\u010d\u00ed narozen\u00ed Josefa Sudka a 55. v\u00fdro\u010d\u00ed \u00famrt\u00ed architekta Otto Rothmayera v\u00a0Um\u011bleckopr\u016fmyslov\u00e9m museu v\u00a0Praze. Publikace \u010dten\u00e1\u0159e zavede jednak na Pra\u017esk\u00fd hrad \u2013 spole\u010dnou l\u00e1sku obou p\u0159\u00e1tel \u2013 a jednak do architektovy vily a jej\u00ed nevelk\u00e9 zahrady v\u00a0b\u0159evnovsk\u00e9 ulici Na Bateri\u00edch, je\u017e se ve \u010dty\u0159ic\u00e1t\u00fdch a\u017e \u0161edes\u00e1t\u00fdch letech 20. stolet\u00ed staly m\u00edstem setk\u00e1v\u00e1n\u00ed skupiny sp\u0159\u00edzn\u011bn\u00fdch um\u011blc\u016f a p\u0159\u00e1tel. \u00dato\u010di\u0161t\u011b v\u00a0neklidn\u00e9 dob\u011b a inspiraci pro svou tvorbu tu nach\u00e1zeli nap\u0159\u00edklad i Josef Kaplick\u00fd, Bed\u0159ich Stefan, Hana Wichterlov\u00e1, Vladim\u00edr Studen\u00fd, Pravoslav Rada \u010di Ren\u00e9 Roub\u00ed\u010dek. Josef Sudek zde po\u0159\u00eddil celou \u0159adu fotografi\u00ed, kter\u00e9 pak \u0159adil do n\u011bkolika cykl\u016f, nap\u0159\u00edklad do s\u00e9ri\u00ed Proch\u00e1zka po kouzeln\u00e9 zahr\u00e1dce, Vzpom\u00ednky, Mal\u00e9 vzpom\u00ednky \u010di Pozn\u00e1mky.","og_url":"https:\/\/www.upm.cz\/an\/eshop\/sudek-rotmayer-navsteva-u-pana-kouzelnika\/","og_site_name":"Um\u011bleckopr\u016fmyslov\u00e9 museum v Praze","article_modified_time":"2025-12-24T22:43:13+00:00","og_image":[{"width":1334,"height":1576,"url":"https:\/\/www.upm.cz\/wp-content\/uploads\/Sudek_Rothmayer_obalka.jpg","type":"image\/jpeg"}],"twitter_card":"summary_large_image","twitter_misc":{"Est. reading time":"2 minutes"},"schema":{"@context":"https:\/\/schema.org","@graph":[{"@type":"WebPage","@id":"https:\/\/www.upm.cz\/eshop\/sudek-rotmayer-navsteva-u-pana-kouzelnika\/","url":"https:\/\/www.upm.cz\/eshop\/sudek-rotmayer-navsteva-u-pana-kouzelnika\/","name":"JOSEF SUDEK \/OTTO ROTHMAYER: N\u00c1V\u0160T\u011aVA U PANA KOUZELN\u00cdKA - Um\u011bleckopr\u016fmyslov\u00e9 museum v Praze","isPartOf":{"@id":"https:\/\/www.upm.cz\/#website"},"primaryImageOfPage":{"@id":"https:\/\/www.upm.cz\/eshop\/sudek-rotmayer-navsteva-u-pana-kouzelnika\/#primaryimage"},"image":{"@id":"https:\/\/www.upm.cz\/eshop\/sudek-rotmayer-navsteva-u-pana-kouzelnika\/#primaryimage"},"thumbnailUrl":"https:\/\/www.upm.cz\/wp-content\/uploads\/Sudek_Rothmayer_obalka.jpg","datePublished":"2022-12-20T14:10:26+00:00","dateModified":"2025-12-24T22:43:13+00:00","description":"Kniha Josef Sudek \/ Otto Rothmayer: N\u00e1v\u0161t\u011bva u pana kouzeln\u00edka vych\u00e1z\u00ed ze stejnojmenn\u00e9 v\u00fdstavy konan\u00e9 v\u00a0roce 2021 a 2022 ke\u00a0125. v\u00fdro\u010d\u00ed narozen\u00ed Josefa Sudka a 55. v\u00fdro\u010d\u00ed \u00famrt\u00ed architekta Otto Rothmayera v\u00a0Um\u011bleckopr\u016fmyslov\u00e9m museu v\u00a0Praze. Publikace \u010dten\u00e1\u0159e zavede jednak na Pra\u017esk\u00fd hrad \u2013 spole\u010dnou l\u00e1sku obou p\u0159\u00e1tel \u2013 a jednak do architektovy vily a jej\u00ed nevelk\u00e9 zahrady v\u00a0b\u0159evnovsk\u00e9 ulici Na Bateri\u00edch, je\u017e se ve \u010dty\u0159ic\u00e1t\u00fdch a\u017e \u0161edes\u00e1t\u00fdch letech 20. stolet\u00ed staly m\u00edstem setk\u00e1v\u00e1n\u00ed skupiny sp\u0159\u00edzn\u011bn\u00fdch um\u011blc\u016f a p\u0159\u00e1tel. \u00dato\u010di\u0161t\u011b v\u00a0neklidn\u00e9 dob\u011b a inspiraci pro svou tvorbu tu nach\u00e1zeli nap\u0159\u00edklad i Josef Kaplick\u00fd, Bed\u0159ich Stefan, Hana Wichterlov\u00e1, Vladim\u00edr Studen\u00fd, Pravoslav Rada \u010di Ren\u00e9 Roub\u00ed\u010dek. Josef Sudek zde po\u0159\u00eddil celou \u0159adu fotografi\u00ed, kter\u00e9 pak \u0159adil do n\u011bkolika cykl\u016f, nap\u0159\u00edklad do s\u00e9ri\u00ed Proch\u00e1zka po kouzeln\u00e9 zahr\u00e1dce, Vzpom\u00ednky, Mal\u00e9 vzpom\u00ednky \u010di Pozn\u00e1mky.","breadcrumb":{"@id":"https:\/\/www.upm.cz\/eshop\/sudek-rotmayer-navsteva-u-pana-kouzelnika\/#breadcrumb"},"inLanguage":"en-US","potentialAction":[{"@type":"ReadAction","target":["https:\/\/www.upm.cz\/eshop\/sudek-rotmayer-navsteva-u-pana-kouzelnika\/"]}]},{"@type":"ImageObject","inLanguage":"en-US","@id":"https:\/\/www.upm.cz\/eshop\/sudek-rotmayer-navsteva-u-pana-kouzelnika\/#primaryimage","url":"https:\/\/www.upm.cz\/wp-content\/uploads\/Sudek_Rothmayer_obalka.jpg","contentUrl":"https:\/\/www.upm.cz\/wp-content\/uploads\/Sudek_Rothmayer_obalka.jpg","width":1334,"height":1576,"caption":"Josef Sudek \/ Otto Rothmayer: N\u00e1v\u0161t\u011bva u pana kouzeln\u00edka. Ob\u00e1lka knihy"},{"@type":"BreadcrumbList","@id":"https:\/\/www.upm.cz\/eshop\/sudek-rotmayer-navsteva-u-pana-kouzelnika\/#breadcrumb","itemListElement":[{"@type":"ListItem","position":1,"name":"Dom\u016f","item":"https:\/\/www.upm.cz\/"},{"@type":"ListItem","position":2,"name":"eshop","item":"https:\/\/www.upm.cz\/eshop\/"},{"@type":"ListItem","position":3,"name":"JOSEF SUDEK \/OTTO ROTHMAYER: N\u00c1V\u0160T\u011aVA U PANA KOUZELN\u00cdKA"}]},{"@type":"WebSite","@id":"https:\/\/www.upm.cz\/#website","url":"https:\/\/www.upm.cz\/","name":"Um\u011bleckopr\u016fmyslov\u00e9 museum v Praze","description":"","publisher":{"@id":"https:\/\/www.upm.cz\/#organization"},"potentialAction":[{"@type":"SearchAction","target":{"@type":"EntryPoint","urlTemplate":"https:\/\/www.upm.cz\/?s={search_term_string}"},"query-input":{"@type":"PropertyValueSpecification","valueRequired":true,"valueName":"search_term_string"}}],"inLanguage":"en-US"},{"@type":"Organization","@id":"https:\/\/www.upm.cz\/#organization","name":"Um\u011bleckopr\u016fmyslov\u00e9 museum v Praze","url":"https:\/\/www.upm.cz\/","logo":{"@type":"ImageObject","inLanguage":"en-US","@id":"https:\/\/www.upm.cz\/#\/schema\/logo\/image\/","url":"https:\/\/www.upm.cz\/wp-content\/uploads\/2020\/03\/logo_upm_cz.svg","contentUrl":"https:\/\/www.upm.cz\/wp-content\/uploads\/2020\/03\/logo_upm_cz.svg","width":1736,"height":295,"caption":"Um\u011bleckopr\u016fmyslov\u00e9 museum v Praze"},"image":{"@id":"https:\/\/www.upm.cz\/#\/schema\/logo\/image\/"}}]}},"_links":{"self":[{"href":"https:\/\/www.upm.cz\/an\/wp-json\/wp\/v2\/product\/14489","targetHints":{"allow":["GET"]}}],"collection":[{"href":"https:\/\/www.upm.cz\/an\/wp-json\/wp\/v2\/product"}],"about":[{"href":"https:\/\/www.upm.cz\/an\/wp-json\/wp\/v2\/types\/product"}],"wp:featuredmedia":[{"embeddable":true,"href":"https:\/\/www.upm.cz\/an\/wp-json\/wp\/v2\/media\/14485"}],"wp:attachment":[{"href":"https:\/\/www.upm.cz\/an\/wp-json\/wp\/v2\/media?parent=14489"}],"wp:term":[{"taxonomy":"product_brand","embeddable":true,"href":"https:\/\/www.upm.cz\/an\/wp-json\/wp\/v2\/product_brand?post=14489"},{"taxonomy":"product_cat","embeddable":true,"href":"https:\/\/www.upm.cz\/an\/wp-json\/wp\/v2\/product_cat?post=14489"},{"taxonomy":"product_tag","embeddable":true,"href":"https:\/\/www.upm.cz\/an\/wp-json\/wp\/v2\/product_tag?post=14489"}],"curies":[{"name":"wp","href":"https:\/\/api.w.org\/{rel}","templated":true}]}}