{"id":16017,"date":"2023-03-27T16:05:33","date_gmt":"2023-03-27T14:05:33","guid":{"rendered":"https:\/\/www.upm.cz\/?post_type=product&#038;p=16017"},"modified":"2025-12-24T23:43:13","modified_gmt":"2025-12-24T22:43:13","slug":"rec-plakatu-1890-1938","status":"publish","type":"product","link":"https:\/\/www.upm.cz\/an\/eshop\/rec-plakatu-1890-1938\/","title":{"rendered":"\u0158E\u010c PLAK\u00c1TU 1890\u20131938"},"content":{"rendered":"<p>Publikace p\u0159edstavuje plak\u00e1t jako vizu\u00e1ln\u00ed komunika\u010dn\u00ed m\u00e9dium, kter\u00e9 pou\u017e\u00edv\u00e1 specifickou \u0159e\u010d propojuj\u00edc\u00ed obraz a&nbsp;text. Plak\u00e1t slou\u017e\u00ed ke sd\u011blen\u00ed informace kr\u00e1tkodob\u00e9ho v\u00fdznamu, proto vych\u00e1z\u00ed z&nbsp;bezprost\u0159edn\u00edho, dobov\u011b aktu\u00e1ln\u00edho jazyka, srozumiteln\u00e9ho nap\u0159\u00ed\u010d \u0161irok\u00fdm soci\u00e1ln\u00edm spektrem. S\u00e9mantiku plak\u00e1tov\u00e9ho sd\u011blen\u00ed umoc\u0148uje tak\u00e9 strukturov\u00e1n\u00ed informace, obrazov\u00e9 reference a&nbsp;sch\u00e9mata zac\u00edlen\u00e1 na konkr\u00e9tn\u00ed publikum (profesn\u00ed, n\u00e1rodnostn\u00ed \u010di&nbsp;genderov\u00e9 skupiny). Pro r\u016fzn\u00e9 \u00fa\u010dely plak\u00e1t pou\u017e\u00edv\u00e1 jin\u00e9 typy \u0159e\u010di, av\u0161ak n\u011bkter\u00e1 jeho kli\u0161\u00e9 funguj\u00ed univerz\u00e1ln\u011b. Kniha p\u0159ibli\u017euje jazyk plak\u00e1tu v&nbsp;nejrozmanit\u011bj\u0161\u00edch zp\u016fsobech komunikace a&nbsp;rol\u00edch, kter\u00e9 plnil a\u0165 u\u017e ve prosp\u011bch um\u011bn\u00ed, obchodu \u010di&nbsp;ideologie. Jednotliv\u00e9 typy obrazov\u00fdch sd\u011blen\u00ed jsou zastoupeny jak nejv\u00fdznamn\u011bj\u0161\u00edmi expon\u00e1ty z&nbsp;v\u00edce ne\u017e t\u0159icetitis\u00edcov\u00e9 kolekce plak\u00e1tu Um\u011bleckopr\u016fmyslov\u00e9ho musea v&nbsp;Praze, je\u017e pat\u0159\u00ed mezi nejstar\u0161\u00ed a&nbsp;nejv\u00fdznamn\u011bj\u0161\u00ed evropsk\u00e9 sb\u00edrky plak\u00e1tu, tak i&nbsp;artefakty b\u011b\u017en\u00e9 produkce z&nbsp;obdob\u00ed 1890\u20131938 s&nbsp;d\u016frazem na d\u00edla \u010desk\u00e9 a&nbsp;st\u0159edoevropsk\u00e9 provenience. Stat\u011b zohled\u0148uj\u00ed obecn\u011bj\u0161\u00ed problematiku \u2013 kritickou reflexi plak\u00e1tu v&nbsp;\u010cech\u00e1ch, zp\u016fsoby uplatn\u011bn\u00ed plak\u00e1tu v&nbsp;m\u011bstsk\u00e9m prost\u0159ed\u00ed, prom\u011bnu jazyka plak\u00e1tu \u2013 i&nbsp;\u00fazce zam\u011b\u0159en\u00e1 t\u00e9mata jako meziv\u00e1le\u010dnou reklamn\u00ed sc\u00e9nu, osv\u011btov\u00fd plak\u00e1t \u010di&nbsp;plak\u00e1ty propaguj\u00edc\u00ed um\u011bn\u00ed.<\/p>","protected":false},"excerpt":{"rendered":"<p>editor: Lucie Vl\u010dkov\u00e1<br \/>\ntexty: Magdalena Nerudov\u00e1, Petr \u0160\u00e1mal, Petr \u0160tembera, Lucie Vl\u010dkov\u00e1, Filip Wittlich<br \/>\nvyd\u00e1n\u00ed: \u010desk\u00e9 s&nbsp;anglick\u00fdm resum\u00e9<br \/>\ngrafick\u00fd design: Vladim\u00edr Vimr<br \/>\nform\u00e1t: 28 x 24 cm, \u0161v\u00fdcarsk\u00e1 vazba<br \/>\npo\u010det stran: 256, reprodukc\u00ed: 310<br \/>\nvydavatel: UPM<br \/>\nISBN 978-80-7101-211-05<\/p>","protected":false},"featured_media":16018,"template":"","meta":{"_acf_changed":false},"product_brand":[],"product_cat":[45],"product_tag":[],"class_list":{"0":"post-16017","1":"product","2":"type-product","3":"status-publish","4":"has-post-thumbnail","6":"product_cat-knihy","8":"first","9":"instock","10":"shipping-taxable","11":"purchasable","12":"product-type-simple"},"acf":[],"yoast_head":"<!-- This site is optimized with the Yoast SEO plugin v26.9 - https:\/\/yoast.com\/product\/yoast-seo-wordpress\/ -->\n<title>\u0158E\u010c PLAK\u00c1TU 1890\u20131938 - Um\u011bleckopr\u016fmyslov\u00e9 museum v Praze<\/title>\n<meta name=\"description\" content=\"Publikace p\u0159edstavuje plak\u00e1t jako vizu\u00e1ln\u00ed komunika\u010dn\u00ed m\u00e9dium, kter\u00e9 pou\u017e\u00edv\u00e1 specifickou \u0159e\u010d propojuj\u00edc\u00ed obraz a text. Plak\u00e1t slou\u017e\u00ed ke sd\u011blen\u00ed informace kr\u00e1tkodob\u00e9ho v\u00fdznamu, proto vych\u00e1z\u00ed z bezprost\u0159edn\u00edho, dobov\u011b aktu\u00e1ln\u00edho jazyka, srozumiteln\u00e9ho nap\u0159\u00ed\u010d \u0161irok\u00fdm soci\u00e1ln\u00edm spektrem.\" \/>\n<meta name=\"robots\" content=\"index, follow, max-snippet:-1, max-image-preview:large, max-video-preview:-1\" \/>\n<link rel=\"canonical\" href=\"https:\/\/www.upm.cz\/an\/eshop\/rec-plakatu-1890-1938\/\" \/>\n<meta property=\"og:locale\" content=\"en_US\" \/>\n<meta property=\"og:type\" content=\"article\" \/>\n<meta property=\"og:title\" content=\"\u0158E\u010c PLAK\u00c1TU 1890\u20131938 - Um\u011bleckopr\u016fmyslov\u00e9 museum v Praze\" \/>\n<meta property=\"og:description\" content=\"Publikace p\u0159edstavuje plak\u00e1t jako vizu\u00e1ln\u00ed komunika\u010dn\u00ed m\u00e9dium, kter\u00e9 pou\u017e\u00edv\u00e1 specifickou \u0159e\u010d propojuj\u00edc\u00ed obraz a text. Plak\u00e1t slou\u017e\u00ed ke sd\u011blen\u00ed informace kr\u00e1tkodob\u00e9ho v\u00fdznamu, proto vych\u00e1z\u00ed z bezprost\u0159edn\u00edho, dobov\u011b aktu\u00e1ln\u00edho jazyka, srozumiteln\u00e9ho nap\u0159\u00ed\u010d \u0161irok\u00fdm soci\u00e1ln\u00edm spektrem.\" \/>\n<meta property=\"og:url\" content=\"https:\/\/www.upm.cz\/an\/eshop\/rec-plakatu-1890-1938\/\" \/>\n<meta property=\"og:site_name\" content=\"Um\u011bleckopr\u016fmyslov\u00e9 museum v Praze\" \/>\n<meta property=\"article:modified_time\" content=\"2025-12-24T22:43:13+00:00\" \/>\n<meta property=\"og:image\" content=\"https:\/\/www.upm.cz\/wp-content\/uploads\/REC-PLAKATU-obal_20.2-2.jpg\" \/>\n\t<meta property=\"og:image:width\" content=\"1306\" \/>\n\t<meta property=\"og:image:height\" content=\"1543\" \/>\n\t<meta property=\"og:image:type\" content=\"image\/jpeg\" \/>\n<meta name=\"twitter:card\" content=\"summary_large_image\" \/>\n<meta name=\"twitter:label1\" content=\"Est. reading time\" \/>\n\t<meta name=\"twitter:data1\" content=\"2 minutes\" \/>\n<script type=\"application\/ld+json\" class=\"yoast-schema-graph\">{\"@context\":\"https:\/\/schema.org\",\"@graph\":[{\"@type\":\"WebPage\",\"@id\":\"https:\/\/www.upm.cz\/eshop\/rec-plakatu-1890-1938\/\",\"url\":\"https:\/\/www.upm.cz\/eshop\/rec-plakatu-1890-1938\/\",\"name\":\"\u0158E\u010c PLAK\u00c1TU 1890\u20131938 - Um\u011bleckopr\u016fmyslov\u00e9 museum v Praze\",\"isPartOf\":{\"@id\":\"https:\/\/www.upm.cz\/#website\"},\"primaryImageOfPage\":{\"@id\":\"https:\/\/www.upm.cz\/eshop\/rec-plakatu-1890-1938\/#primaryimage\"},\"image\":{\"@id\":\"https:\/\/www.upm.cz\/eshop\/rec-plakatu-1890-1938\/#primaryimage\"},\"thumbnailUrl\":\"https:\/\/www.upm.cz\/wp-content\/uploads\/REC-PLAKATU-obal_20.2-2.jpg\",\"datePublished\":\"2023-03-27T14:05:33+00:00\",\"dateModified\":\"2025-12-24T22:43:13+00:00\",\"description\":\"Publikace p\u0159edstavuje plak\u00e1t jako vizu\u00e1ln\u00ed komunika\u010dn\u00ed m\u00e9dium, kter\u00e9 pou\u017e\u00edv\u00e1 specifickou \u0159e\u010d propojuj\u00edc\u00ed obraz a text. Plak\u00e1t slou\u017e\u00ed ke sd\u011blen\u00ed informace kr\u00e1tkodob\u00e9ho v\u00fdznamu, proto vych\u00e1z\u00ed z bezprost\u0159edn\u00edho, dobov\u011b aktu\u00e1ln\u00edho jazyka, srozumiteln\u00e9ho nap\u0159\u00ed\u010d \u0161irok\u00fdm soci\u00e1ln\u00edm spektrem.\",\"breadcrumb\":{\"@id\":\"https:\/\/www.upm.cz\/eshop\/rec-plakatu-1890-1938\/#breadcrumb\"},\"inLanguage\":\"en-US\",\"potentialAction\":[{\"@type\":\"ReadAction\",\"target\":[\"https:\/\/www.upm.cz\/eshop\/rec-plakatu-1890-1938\/\"]}]},{\"@type\":\"ImageObject\",\"inLanguage\":\"en-US\",\"@id\":\"https:\/\/www.upm.cz\/eshop\/rec-plakatu-1890-1938\/#primaryimage\",\"url\":\"https:\/\/www.upm.cz\/wp-content\/uploads\/REC-PLAKATU-obal_20.2-2.jpg\",\"contentUrl\":\"https:\/\/www.upm.cz\/wp-content\/uploads\/REC-PLAKATU-obal_20.2-2.jpg\",\"width\":1306,\"height\":1543,\"caption\":\"Ob\u00e1lka knihy \u0158e\u010d plak\u00e1tu 1890-1938\"},{\"@type\":\"BreadcrumbList\",\"@id\":\"https:\/\/www.upm.cz\/eshop\/rec-plakatu-1890-1938\/#breadcrumb\",\"itemListElement\":[{\"@type\":\"ListItem\",\"position\":1,\"name\":\"Dom\u016f\",\"item\":\"https:\/\/www.upm.cz\/\"},{\"@type\":\"ListItem\",\"position\":2,\"name\":\"eshop\",\"item\":\"https:\/\/www.upm.cz\/eshop\/\"},{\"@type\":\"ListItem\",\"position\":3,\"name\":\"\u0158E\u010c PLAK\u00c1TU 1890\u20131938\"}]},{\"@type\":\"WebSite\",\"@id\":\"https:\/\/www.upm.cz\/#website\",\"url\":\"https:\/\/www.upm.cz\/\",\"name\":\"Um\u011bleckopr\u016fmyslov\u00e9 museum v Praze\",\"description\":\"\",\"publisher\":{\"@id\":\"https:\/\/www.upm.cz\/#organization\"},\"potentialAction\":[{\"@type\":\"SearchAction\",\"target\":{\"@type\":\"EntryPoint\",\"urlTemplate\":\"https:\/\/www.upm.cz\/?s={search_term_string}\"},\"query-input\":{\"@type\":\"PropertyValueSpecification\",\"valueRequired\":true,\"valueName\":\"search_term_string\"}}],\"inLanguage\":\"en-US\"},{\"@type\":\"Organization\",\"@id\":\"https:\/\/www.upm.cz\/#organization\",\"name\":\"Um\u011bleckopr\u016fmyslov\u00e9 museum v Praze\",\"url\":\"https:\/\/www.upm.cz\/\",\"logo\":{\"@type\":\"ImageObject\",\"inLanguage\":\"en-US\",\"@id\":\"https:\/\/www.upm.cz\/#\/schema\/logo\/image\/\",\"url\":\"https:\/\/www.upm.cz\/wp-content\/uploads\/2020\/03\/logo_upm_cz.svg\",\"contentUrl\":\"https:\/\/www.upm.cz\/wp-content\/uploads\/2020\/03\/logo_upm_cz.svg\",\"width\":1736,\"height\":295,\"caption\":\"Um\u011bleckopr\u016fmyslov\u00e9 museum v Praze\"},\"image\":{\"@id\":\"https:\/\/www.upm.cz\/#\/schema\/logo\/image\/\"}}]}<\/script>\n<!-- \/ Yoast SEO plugin. -->","yoast_head_json":{"title":"\u0158E\u010c PLAK\u00c1TU 1890\u20131938 - Um\u011bleckopr\u016fmyslov\u00e9 museum v Praze","description":"Publikace p\u0159edstavuje plak\u00e1t jako vizu\u00e1ln\u00ed komunika\u010dn\u00ed m\u00e9dium, kter\u00e9 pou\u017e\u00edv\u00e1 specifickou \u0159e\u010d propojuj\u00edc\u00ed obraz a text. Plak\u00e1t slou\u017e\u00ed ke sd\u011blen\u00ed informace kr\u00e1tkodob\u00e9ho v\u00fdznamu, proto vych\u00e1z\u00ed z bezprost\u0159edn\u00edho, dobov\u011b aktu\u00e1ln\u00edho jazyka, srozumiteln\u00e9ho nap\u0159\u00ed\u010d \u0161irok\u00fdm soci\u00e1ln\u00edm spektrem.","robots":{"index":"index","follow":"follow","max-snippet":"max-snippet:-1","max-image-preview":"max-image-preview:large","max-video-preview":"max-video-preview:-1"},"canonical":"https:\/\/www.upm.cz\/an\/eshop\/rec-plakatu-1890-1938\/","og_locale":"en_US","og_type":"article","og_title":"\u0158E\u010c PLAK\u00c1TU 1890\u20131938 - Um\u011bleckopr\u016fmyslov\u00e9 museum v Praze","og_description":"Publikace p\u0159edstavuje plak\u00e1t jako vizu\u00e1ln\u00ed komunika\u010dn\u00ed m\u00e9dium, kter\u00e9 pou\u017e\u00edv\u00e1 specifickou \u0159e\u010d propojuj\u00edc\u00ed obraz a text. Plak\u00e1t slou\u017e\u00ed ke sd\u011blen\u00ed informace kr\u00e1tkodob\u00e9ho v\u00fdznamu, proto vych\u00e1z\u00ed z bezprost\u0159edn\u00edho, dobov\u011b aktu\u00e1ln\u00edho jazyka, srozumiteln\u00e9ho nap\u0159\u00ed\u010d \u0161irok\u00fdm soci\u00e1ln\u00edm spektrem.","og_url":"https:\/\/www.upm.cz\/an\/eshop\/rec-plakatu-1890-1938\/","og_site_name":"Um\u011bleckopr\u016fmyslov\u00e9 museum v Praze","article_modified_time":"2025-12-24T22:43:13+00:00","og_image":[{"width":1306,"height":1543,"url":"https:\/\/www.upm.cz\/wp-content\/uploads\/REC-PLAKATU-obal_20.2-2.jpg","type":"image\/jpeg"}],"twitter_card":"summary_large_image","twitter_misc":{"Est. reading time":"2 minutes"},"schema":{"@context":"https:\/\/schema.org","@graph":[{"@type":"WebPage","@id":"https:\/\/www.upm.cz\/eshop\/rec-plakatu-1890-1938\/","url":"https:\/\/www.upm.cz\/eshop\/rec-plakatu-1890-1938\/","name":"\u0158E\u010c PLAK\u00c1TU 1890\u20131938 - Um\u011bleckopr\u016fmyslov\u00e9 museum v Praze","isPartOf":{"@id":"https:\/\/www.upm.cz\/#website"},"primaryImageOfPage":{"@id":"https:\/\/www.upm.cz\/eshop\/rec-plakatu-1890-1938\/#primaryimage"},"image":{"@id":"https:\/\/www.upm.cz\/eshop\/rec-plakatu-1890-1938\/#primaryimage"},"thumbnailUrl":"https:\/\/www.upm.cz\/wp-content\/uploads\/REC-PLAKATU-obal_20.2-2.jpg","datePublished":"2023-03-27T14:05:33+00:00","dateModified":"2025-12-24T22:43:13+00:00","description":"Publikace p\u0159edstavuje plak\u00e1t jako vizu\u00e1ln\u00ed komunika\u010dn\u00ed m\u00e9dium, kter\u00e9 pou\u017e\u00edv\u00e1 specifickou \u0159e\u010d propojuj\u00edc\u00ed obraz a text. Plak\u00e1t slou\u017e\u00ed ke sd\u011blen\u00ed informace kr\u00e1tkodob\u00e9ho v\u00fdznamu, proto vych\u00e1z\u00ed z bezprost\u0159edn\u00edho, dobov\u011b aktu\u00e1ln\u00edho jazyka, srozumiteln\u00e9ho nap\u0159\u00ed\u010d \u0161irok\u00fdm soci\u00e1ln\u00edm spektrem.","breadcrumb":{"@id":"https:\/\/www.upm.cz\/eshop\/rec-plakatu-1890-1938\/#breadcrumb"},"inLanguage":"en-US","potentialAction":[{"@type":"ReadAction","target":["https:\/\/www.upm.cz\/eshop\/rec-plakatu-1890-1938\/"]}]},{"@type":"ImageObject","inLanguage":"en-US","@id":"https:\/\/www.upm.cz\/eshop\/rec-plakatu-1890-1938\/#primaryimage","url":"https:\/\/www.upm.cz\/wp-content\/uploads\/REC-PLAKATU-obal_20.2-2.jpg","contentUrl":"https:\/\/www.upm.cz\/wp-content\/uploads\/REC-PLAKATU-obal_20.2-2.jpg","width":1306,"height":1543,"caption":"Ob\u00e1lka knihy \u0158e\u010d plak\u00e1tu 1890-1938"},{"@type":"BreadcrumbList","@id":"https:\/\/www.upm.cz\/eshop\/rec-plakatu-1890-1938\/#breadcrumb","itemListElement":[{"@type":"ListItem","position":1,"name":"Dom\u016f","item":"https:\/\/www.upm.cz\/"},{"@type":"ListItem","position":2,"name":"eshop","item":"https:\/\/www.upm.cz\/eshop\/"},{"@type":"ListItem","position":3,"name":"\u0158E\u010c PLAK\u00c1TU 1890\u20131938"}]},{"@type":"WebSite","@id":"https:\/\/www.upm.cz\/#website","url":"https:\/\/www.upm.cz\/","name":"Um\u011bleckopr\u016fmyslov\u00e9 museum v Praze","description":"","publisher":{"@id":"https:\/\/www.upm.cz\/#organization"},"potentialAction":[{"@type":"SearchAction","target":{"@type":"EntryPoint","urlTemplate":"https:\/\/www.upm.cz\/?s={search_term_string}"},"query-input":{"@type":"PropertyValueSpecification","valueRequired":true,"valueName":"search_term_string"}}],"inLanguage":"en-US"},{"@type":"Organization","@id":"https:\/\/www.upm.cz\/#organization","name":"Um\u011bleckopr\u016fmyslov\u00e9 museum v Praze","url":"https:\/\/www.upm.cz\/","logo":{"@type":"ImageObject","inLanguage":"en-US","@id":"https:\/\/www.upm.cz\/#\/schema\/logo\/image\/","url":"https:\/\/www.upm.cz\/wp-content\/uploads\/2020\/03\/logo_upm_cz.svg","contentUrl":"https:\/\/www.upm.cz\/wp-content\/uploads\/2020\/03\/logo_upm_cz.svg","width":1736,"height":295,"caption":"Um\u011bleckopr\u016fmyslov\u00e9 museum v Praze"},"image":{"@id":"https:\/\/www.upm.cz\/#\/schema\/logo\/image\/"}}]}},"_links":{"self":[{"href":"https:\/\/www.upm.cz\/an\/wp-json\/wp\/v2\/product\/16017","targetHints":{"allow":["GET"]}}],"collection":[{"href":"https:\/\/www.upm.cz\/an\/wp-json\/wp\/v2\/product"}],"about":[{"href":"https:\/\/www.upm.cz\/an\/wp-json\/wp\/v2\/types\/product"}],"wp:featuredmedia":[{"embeddable":true,"href":"https:\/\/www.upm.cz\/an\/wp-json\/wp\/v2\/media\/16018"}],"wp:attachment":[{"href":"https:\/\/www.upm.cz\/an\/wp-json\/wp\/v2\/media?parent=16017"}],"wp:term":[{"taxonomy":"product_brand","embeddable":true,"href":"https:\/\/www.upm.cz\/an\/wp-json\/wp\/v2\/product_brand?post=16017"},{"taxonomy":"product_cat","embeddable":true,"href":"https:\/\/www.upm.cz\/an\/wp-json\/wp\/v2\/product_cat?post=16017"},{"taxonomy":"product_tag","embeddable":true,"href":"https:\/\/www.upm.cz\/an\/wp-json\/wp\/v2\/product_tag?post=16017"}],"curies":[{"name":"wp","href":"https:\/\/api.w.org\/{rel}","templated":true}]}}