{"id":16618,"date":"2023-06-06T11:18:19","date_gmt":"2023-06-06T09:18:19","guid":{"rendered":"https:\/\/www.upm.cz\/?post_type=product&#038;p=16618"},"modified":"2025-11-21T11:46:04","modified_gmt":"2025-11-21T10:46:04","slug":"art-life-umeni-pro-zivot-pruvodce-stalou-expozici-upm","status":"publish","type":"product","link":"https:\/\/www.upm.cz\/an\/eshop\/art-life-umeni-pro-zivot-pruvodce-stalou-expozici-upm\/","title":{"rendered":"ART, LIFE. UM\u011aN\u00cd PRO \u017dIVOT. PR\u016eVODCE ST\u00c1LOU EXPOZIC\u00cd UPM"},"content":{"rendered":"<p>Pr\u016fvodce st\u00e1lou expozic\u00ed Art, Life p\u0159edstavuje hlavn\u00ed t\u00e9mata a&nbsp;kl\u00ed\u010dov\u00e9 expon\u00e1ty. Umo\u017e\u0148uje n\u00e1v\u0161t\u011bvn\u00edk\u016fm p\u0159ipomenout si bohatstv\u00ed muzejn\u00edch sb\u00edrek i&nbsp;jedine\u010dnou atmosf\u00e9ru v\u00fdstavn\u00edch prostor. Z&nbsp;celkov\u00e9ho po\u010dtu 1300 vystaven\u00fdch p\u0159edm\u011bt\u016f p\u0159in\u00e1\u0161\u00ed v\u00fdb\u011br osmi des\u00edtek nejzaj\u00edmav\u011bj\u0161\u00edch uk\u00e1zek u\u017eit\u00e9ho um\u011bn\u00ed a&nbsp;designu doprov\u00e1zen\u00fdch koment\u00e1\u0159i. Jsou mezi nimi vz\u00e1cn\u00e9 liturgick\u00e9 p\u0159edm\u011bty a&nbsp;od\u011bvy, luxusn\u00ed stoln\u00ed n\u00e1\u010din\u00ed pro slavnostn\u00ed hostiny, unik\u00e1ty renesan\u010dn\u00edch kunstkomor odhaluj\u00edc\u00edch tajemstv\u00ed mikrokosmu, m\u00f3dn\u00ed od\u011bvy \u010di&nbsp;\u0161perky zdob\u00edc\u00ed a&nbsp;formuj\u00edc\u00ed lidsk\u00e9 t\u011blo i&nbsp;d\u00edla modern\u00edho a&nbsp;sou\u010dasn\u00e9ho designu. V\u0161echny tyto p\u0159edm\u011bty  m\u011bnily a&nbsp;m\u011bn\u00ed lidsk\u00fd \u017eivot po&nbsp;str\u00e1nce praktick\u00e9 i&nbsp;symbolick\u00e9. Pr\u00e1v\u011b tento existenci\u00e1ln\u00ed v\u00fdznam u\u017eit\u00e9ho um\u011bn\u00ed stoj\u00ed v&nbsp;pop\u0159ed\u00ed koncepce st\u00e1l\u00e9 expozice UPM<\/p>","protected":false},"excerpt":{"rendered":"<p>vydavatel: Um\u011bleckopr\u016fmyslov\u00e9 museum v&nbsp;Praze 2023<br \/>\neditor: Radim Vondr\u00e1\u010dek<br \/>\ntexty: Ji\u0159\u00ed Fronek, Konstantina Hlav\u00e1\u010dkov\u00e1, Mark\u00e9ta Grill Janatov\u00e1, Iva Knobloch, Helena Koenigsmarkov\u00e1, Petja Mat\u011bjovi\u010d, Jan Mergl, Marie M\u00ed\u010dov\u00e1, Michal St\u0159\u00edbrn\u00fd, Eva Uchalov\u00e1, Lucie Vl\u010dkov\u00e1, Radim Vondr\u00e1\u010dek<br \/>\ngrafick\u00fd design: Petr Bos\u00e1k, Robert Jansa, Adam Mach\u00e1\u010dek (20YY Designers)<br \/>\nvyd\u00e1n\u00ed: \u010desk\u00e9<br \/>\nform\u00e1t: 31,4 x 23 cm, m\u011bkk\u00e1 vazba<br \/>\npo\u010det stran: 66<br \/>\npo\u010det reprodukc\u00ed: 91<br \/>\nISBN 978-80-7101-217-7<\/p>","protected":false},"featured_media":16619,"template":"","meta":{"_acf_changed":false},"product_brand":[],"product_cat":[45],"product_tag":[],"class_list":{"0":"post-16618","1":"product","2":"type-product","3":"status-publish","4":"has-post-thumbnail","6":"product_cat-knihy","8":"first","9":"instock","10":"shipping-taxable","11":"purchasable","12":"product-type-simple"},"acf":[],"yoast_head":"<!-- This site is optimized with the Yoast SEO plugin v26.9 - https:\/\/yoast.com\/product\/yoast-seo-wordpress\/ -->\n<title>ART, LIFE. UM\u011aN\u00cd PRO \u017dIVOT. PR\u016eVODCE ST\u00c1LOU EXPOZIC\u00cd UPM - Um\u011bleckopr\u016fmyslov\u00e9 museum v Praze<\/title>\n<meta name=\"description\" content=\"Pr\u016fvodce st\u00e1lou expozic\u00ed Art, Life otev\u0159en\u00e9 7. \u00fanora 2023, v den 138. v\u00fdro\u010d\u00ed zalo\u017een\u00ed UPM p\u0159edstavuje hlavn\u00ed t\u00e9mata expozice a kl\u00ed\u010dov\u00e9 expon\u00e1ty. Umo\u017e\u0148uje n\u00e1v\u0161t\u011bvn\u00edk\u016fm p\u0159ipomenout si bohatstv\u00ed muzejn\u00edch sb\u00edrek i jedine\u010dnou atmosf\u00e9ru v\u00fdstavn\u00edch prostor. Z celkov\u00e9ho po\u010dtu 1300 vystaven\u00fdch p\u0159edm\u011bt\u016f p\u0159in\u00e1\u0161\u00ed v\u00fdb\u011br osmi des\u00edtek nejzaj\u00edmav\u011bj\u0161\u00edch uk\u00e1zek u\u017eit\u00e9ho um\u011bn\u00ed a designu doprov\u00e1zen\u00fdch koment\u00e1\u0159i. Jsou mezi nimi vz\u00e1cn\u00e9 liturgick\u00e9 p\u0159edm\u011bty a od\u011bvy, luxusn\u00ed stoln\u00ed n\u00e1\u010din\u00ed pro slavnostn\u00ed hostiny, unik\u00e1ty renesan\u010dn\u00edch kunstkomor odhaluj\u00edc\u00edch tajemstv\u00ed mikrokosmu, m\u00f3dn\u00ed od\u011bvy \u010di \u0161perky zdob\u00edc\u00ed a formuj\u00edc\u00ed lidsk\u00e9 t\u011blo i d\u00edla modern\u00edho a sou\u010dasn\u00e9ho designu. V\u0161echny tyto p\u0159edm\u011bty m\u011bnily a m\u011bn\u00ed lidsk\u00fd \u017eivot po str\u00e1nce praktick\u00e9 i symbolick\u00e9. Pr\u00e1v\u011b tento existenci\u00e1ln\u00ed v\u00fdznam u\u017eit\u00e9ho um\u011bn\u00ed stoj\u00ed v pop\u0159ed\u00ed koncepce st\u00e1l\u00e9 expozice UPM\" \/>\n<meta name=\"robots\" content=\"index, follow, max-snippet:-1, max-image-preview:large, max-video-preview:-1\" \/>\n<link rel=\"canonical\" href=\"https:\/\/www.upm.cz\/an\/eshop\/art-life-umeni-pro-zivot-pruvodce-stalou-expozici-upm\/\" \/>\n<meta property=\"og:locale\" content=\"en_US\" \/>\n<meta property=\"og:type\" content=\"article\" \/>\n<meta property=\"og:title\" content=\"ART, LIFE. UM\u011aN\u00cd PRO \u017dIVOT. PR\u016eVODCE ST\u00c1LOU EXPOZIC\u00cd UPM - Um\u011bleckopr\u016fmyslov\u00e9 museum v Praze\" \/>\n<meta property=\"og:description\" content=\"Pr\u016fvodce st\u00e1lou expozic\u00ed Art, Life otev\u0159en\u00e9 7. \u00fanora 2023, v den 138. v\u00fdro\u010d\u00ed zalo\u017een\u00ed UPM p\u0159edstavuje hlavn\u00ed t\u00e9mata expozice a kl\u00ed\u010dov\u00e9 expon\u00e1ty. Umo\u017e\u0148uje n\u00e1v\u0161t\u011bvn\u00edk\u016fm p\u0159ipomenout si bohatstv\u00ed muzejn\u00edch sb\u00edrek i jedine\u010dnou atmosf\u00e9ru v\u00fdstavn\u00edch prostor. Z celkov\u00e9ho po\u010dtu 1300 vystaven\u00fdch p\u0159edm\u011bt\u016f p\u0159in\u00e1\u0161\u00ed v\u00fdb\u011br osmi des\u00edtek nejzaj\u00edmav\u011bj\u0161\u00edch uk\u00e1zek u\u017eit\u00e9ho um\u011bn\u00ed a designu doprov\u00e1zen\u00fdch koment\u00e1\u0159i. Jsou mezi nimi vz\u00e1cn\u00e9 liturgick\u00e9 p\u0159edm\u011bty a od\u011bvy, luxusn\u00ed stoln\u00ed n\u00e1\u010din\u00ed pro slavnostn\u00ed hostiny, unik\u00e1ty renesan\u010dn\u00edch kunstkomor odhaluj\u00edc\u00edch tajemstv\u00ed mikrokosmu, m\u00f3dn\u00ed od\u011bvy \u010di \u0161perky zdob\u00edc\u00ed a formuj\u00edc\u00ed lidsk\u00e9 t\u011blo i d\u00edla modern\u00edho a sou\u010dasn\u00e9ho designu. V\u0161echny tyto p\u0159edm\u011bty m\u011bnily a m\u011bn\u00ed lidsk\u00fd \u017eivot po str\u00e1nce praktick\u00e9 i symbolick\u00e9. Pr\u00e1v\u011b tento existenci\u00e1ln\u00ed v\u00fdznam u\u017eit\u00e9ho um\u011bn\u00ed stoj\u00ed v pop\u0159ed\u00ed koncepce st\u00e1l\u00e9 expozice UPM\" \/>\n<meta property=\"og:url\" content=\"https:\/\/www.upm.cz\/an\/eshop\/art-life-umeni-pro-zivot-pruvodce-stalou-expozici-upm\/\" \/>\n<meta property=\"og:site_name\" content=\"Um\u011bleckopr\u016fmyslov\u00e9 museum v Praze\" \/>\n<meta property=\"article:modified_time\" content=\"2025-11-21T10:46:04+00:00\" \/>\n<meta property=\"og:image\" content=\"https:\/\/www.upm.cz\/wp-content\/uploads\/ART_LIFE_01_A4-scaled.jpg\" \/>\n\t<meta property=\"og:image:width\" content=\"1893\" \/>\n\t<meta property=\"og:image:height\" content=\"2560\" \/>\n\t<meta property=\"og:image:type\" content=\"image\/jpeg\" \/>\n<meta name=\"twitter:card\" content=\"summary_large_image\" \/>\n<meta name=\"twitter:label1\" content=\"Est. reading time\" \/>\n\t<meta name=\"twitter:data1\" content=\"1 minute\" \/>\n<script type=\"application\/ld+json\" class=\"yoast-schema-graph\">{\"@context\":\"https:\/\/schema.org\",\"@graph\":[{\"@type\":\"WebPage\",\"@id\":\"https:\/\/www.upm.cz\/eshop\/art-life-umeni-pro-zivot-pruvodce-stalou-expozici-upm\/\",\"url\":\"https:\/\/www.upm.cz\/eshop\/art-life-umeni-pro-zivot-pruvodce-stalou-expozici-upm\/\",\"name\":\"ART, LIFE. UM\u011aN\u00cd PRO \u017dIVOT. PR\u016eVODCE ST\u00c1LOU EXPOZIC\u00cd UPM - Um\u011bleckopr\u016fmyslov\u00e9 museum v Praze\",\"isPartOf\":{\"@id\":\"https:\/\/www.upm.cz\/#website\"},\"primaryImageOfPage\":{\"@id\":\"https:\/\/www.upm.cz\/eshop\/art-life-umeni-pro-zivot-pruvodce-stalou-expozici-upm\/#primaryimage\"},\"image\":{\"@id\":\"https:\/\/www.upm.cz\/eshop\/art-life-umeni-pro-zivot-pruvodce-stalou-expozici-upm\/#primaryimage\"},\"thumbnailUrl\":\"https:\/\/www.upm.cz\/wp-content\/uploads\/ART_LIFE_01_A4-scaled.jpg\",\"datePublished\":\"2023-06-06T09:18:19+00:00\",\"dateModified\":\"2025-11-21T10:46:04+00:00\",\"description\":\"Pr\u016fvodce st\u00e1lou expozic\u00ed Art, Life otev\u0159en\u00e9 7. \u00fanora 2023, v den 138. v\u00fdro\u010d\u00ed zalo\u017een\u00ed UPM p\u0159edstavuje hlavn\u00ed t\u00e9mata expozice a kl\u00ed\u010dov\u00e9 expon\u00e1ty. Umo\u017e\u0148uje n\u00e1v\u0161t\u011bvn\u00edk\u016fm p\u0159ipomenout si bohatstv\u00ed muzejn\u00edch sb\u00edrek i jedine\u010dnou atmosf\u00e9ru v\u00fdstavn\u00edch prostor. Z celkov\u00e9ho po\u010dtu 1300 vystaven\u00fdch p\u0159edm\u011bt\u016f p\u0159in\u00e1\u0161\u00ed v\u00fdb\u011br osmi des\u00edtek nejzaj\u00edmav\u011bj\u0161\u00edch uk\u00e1zek u\u017eit\u00e9ho um\u011bn\u00ed a designu doprov\u00e1zen\u00fdch koment\u00e1\u0159i. Jsou mezi nimi vz\u00e1cn\u00e9 liturgick\u00e9 p\u0159edm\u011bty a od\u011bvy, luxusn\u00ed stoln\u00ed n\u00e1\u010din\u00ed pro slavnostn\u00ed hostiny, unik\u00e1ty renesan\u010dn\u00edch kunstkomor odhaluj\u00edc\u00edch tajemstv\u00ed mikrokosmu, m\u00f3dn\u00ed od\u011bvy \u010di \u0161perky zdob\u00edc\u00ed a formuj\u00edc\u00ed lidsk\u00e9 t\u011blo i d\u00edla modern\u00edho a sou\u010dasn\u00e9ho designu. V\u0161echny tyto p\u0159edm\u011bty m\u011bnily a m\u011bn\u00ed lidsk\u00fd \u017eivot po str\u00e1nce praktick\u00e9 i symbolick\u00e9. Pr\u00e1v\u011b tento existenci\u00e1ln\u00ed v\u00fdznam u\u017eit\u00e9ho um\u011bn\u00ed stoj\u00ed v pop\u0159ed\u00ed koncepce st\u00e1l\u00e9 expozice UPM\",\"breadcrumb\":{\"@id\":\"https:\/\/www.upm.cz\/eshop\/art-life-umeni-pro-zivot-pruvodce-stalou-expozici-upm\/#breadcrumb\"},\"inLanguage\":\"en-US\",\"potentialAction\":[{\"@type\":\"ReadAction\",\"target\":[\"https:\/\/www.upm.cz\/eshop\/art-life-umeni-pro-zivot-pruvodce-stalou-expozici-upm\/\"]}]},{\"@type\":\"ImageObject\",\"inLanguage\":\"en-US\",\"@id\":\"https:\/\/www.upm.cz\/eshop\/art-life-umeni-pro-zivot-pruvodce-stalou-expozici-upm\/#primaryimage\",\"url\":\"https:\/\/www.upm.cz\/wp-content\/uploads\/ART_LIFE_01_A4-scaled.jpg\",\"contentUrl\":\"https:\/\/www.upm.cz\/wp-content\/uploads\/ART_LIFE_01_A4-scaled.jpg\",\"width\":1893,\"height\":2560,\"caption\":\"Art, life. Um\u011bn\u00ed pro \u017eivot. Kniha\"},{\"@type\":\"BreadcrumbList\",\"@id\":\"https:\/\/www.upm.cz\/eshop\/art-life-umeni-pro-zivot-pruvodce-stalou-expozici-upm\/#breadcrumb\",\"itemListElement\":[{\"@type\":\"ListItem\",\"position\":1,\"name\":\"Dom\u016f\",\"item\":\"https:\/\/www.upm.cz\/\"},{\"@type\":\"ListItem\",\"position\":2,\"name\":\"eshop\",\"item\":\"https:\/\/www.upm.cz\/eshop\/\"},{\"@type\":\"ListItem\",\"position\":3,\"name\":\"ART, LIFE. UM\u011aN\u00cd PRO \u017dIVOT. PR\u016eVODCE ST\u00c1LOU EXPOZIC\u00cd UPM\"}]},{\"@type\":\"WebSite\",\"@id\":\"https:\/\/www.upm.cz\/#website\",\"url\":\"https:\/\/www.upm.cz\/\",\"name\":\"Um\u011bleckopr\u016fmyslov\u00e9 museum v Praze\",\"description\":\"\",\"publisher\":{\"@id\":\"https:\/\/www.upm.cz\/#organization\"},\"potentialAction\":[{\"@type\":\"SearchAction\",\"target\":{\"@type\":\"EntryPoint\",\"urlTemplate\":\"https:\/\/www.upm.cz\/?s={search_term_string}\"},\"query-input\":{\"@type\":\"PropertyValueSpecification\",\"valueRequired\":true,\"valueName\":\"search_term_string\"}}],\"inLanguage\":\"en-US\"},{\"@type\":\"Organization\",\"@id\":\"https:\/\/www.upm.cz\/#organization\",\"name\":\"Um\u011bleckopr\u016fmyslov\u00e9 museum v Praze\",\"url\":\"https:\/\/www.upm.cz\/\",\"logo\":{\"@type\":\"ImageObject\",\"inLanguage\":\"en-US\",\"@id\":\"https:\/\/www.upm.cz\/#\/schema\/logo\/image\/\",\"url\":\"https:\/\/www.upm.cz\/wp-content\/uploads\/2020\/03\/logo_upm_cz.svg\",\"contentUrl\":\"https:\/\/www.upm.cz\/wp-content\/uploads\/2020\/03\/logo_upm_cz.svg\",\"width\":1736,\"height\":295,\"caption\":\"Um\u011bleckopr\u016fmyslov\u00e9 museum v Praze\"},\"image\":{\"@id\":\"https:\/\/www.upm.cz\/#\/schema\/logo\/image\/\"}}]}<\/script>\n<!-- \/ Yoast SEO plugin. -->","yoast_head_json":{"title":"ART, LIFE. UM\u011aN\u00cd PRO \u017dIVOT. PR\u016eVODCE ST\u00c1LOU EXPOZIC\u00cd UPM - Um\u011bleckopr\u016fmyslov\u00e9 museum v Praze","description":"Pr\u016fvodce st\u00e1lou expozic\u00ed Art, Life otev\u0159en\u00e9 7. \u00fanora 2023, v den 138. v\u00fdro\u010d\u00ed zalo\u017een\u00ed UPM p\u0159edstavuje hlavn\u00ed t\u00e9mata expozice a kl\u00ed\u010dov\u00e9 expon\u00e1ty. Umo\u017e\u0148uje n\u00e1v\u0161t\u011bvn\u00edk\u016fm p\u0159ipomenout si bohatstv\u00ed muzejn\u00edch sb\u00edrek i jedine\u010dnou atmosf\u00e9ru v\u00fdstavn\u00edch prostor. Z celkov\u00e9ho po\u010dtu 1300 vystaven\u00fdch p\u0159edm\u011bt\u016f p\u0159in\u00e1\u0161\u00ed v\u00fdb\u011br osmi des\u00edtek nejzaj\u00edmav\u011bj\u0161\u00edch uk\u00e1zek u\u017eit\u00e9ho um\u011bn\u00ed a designu doprov\u00e1zen\u00fdch koment\u00e1\u0159i. Jsou mezi nimi vz\u00e1cn\u00e9 liturgick\u00e9 p\u0159edm\u011bty a od\u011bvy, luxusn\u00ed stoln\u00ed n\u00e1\u010din\u00ed pro slavnostn\u00ed hostiny, unik\u00e1ty renesan\u010dn\u00edch kunstkomor odhaluj\u00edc\u00edch tajemstv\u00ed mikrokosmu, m\u00f3dn\u00ed od\u011bvy \u010di \u0161perky zdob\u00edc\u00ed a formuj\u00edc\u00ed lidsk\u00e9 t\u011blo i d\u00edla modern\u00edho a sou\u010dasn\u00e9ho designu. V\u0161echny tyto p\u0159edm\u011bty m\u011bnily a m\u011bn\u00ed lidsk\u00fd \u017eivot po str\u00e1nce praktick\u00e9 i symbolick\u00e9. Pr\u00e1v\u011b tento existenci\u00e1ln\u00ed v\u00fdznam u\u017eit\u00e9ho um\u011bn\u00ed stoj\u00ed v pop\u0159ed\u00ed koncepce st\u00e1l\u00e9 expozice UPM","robots":{"index":"index","follow":"follow","max-snippet":"max-snippet:-1","max-image-preview":"max-image-preview:large","max-video-preview":"max-video-preview:-1"},"canonical":"https:\/\/www.upm.cz\/an\/eshop\/art-life-umeni-pro-zivot-pruvodce-stalou-expozici-upm\/","og_locale":"en_US","og_type":"article","og_title":"ART, LIFE. UM\u011aN\u00cd PRO \u017dIVOT. PR\u016eVODCE ST\u00c1LOU EXPOZIC\u00cd UPM - Um\u011bleckopr\u016fmyslov\u00e9 museum v Praze","og_description":"Pr\u016fvodce st\u00e1lou expozic\u00ed Art, Life otev\u0159en\u00e9 7. \u00fanora 2023, v den 138. v\u00fdro\u010d\u00ed zalo\u017een\u00ed UPM p\u0159edstavuje hlavn\u00ed t\u00e9mata expozice a kl\u00ed\u010dov\u00e9 expon\u00e1ty. Umo\u017e\u0148uje n\u00e1v\u0161t\u011bvn\u00edk\u016fm p\u0159ipomenout si bohatstv\u00ed muzejn\u00edch sb\u00edrek i jedine\u010dnou atmosf\u00e9ru v\u00fdstavn\u00edch prostor. Z celkov\u00e9ho po\u010dtu 1300 vystaven\u00fdch p\u0159edm\u011bt\u016f p\u0159in\u00e1\u0161\u00ed v\u00fdb\u011br osmi des\u00edtek nejzaj\u00edmav\u011bj\u0161\u00edch uk\u00e1zek u\u017eit\u00e9ho um\u011bn\u00ed a designu doprov\u00e1zen\u00fdch koment\u00e1\u0159i. Jsou mezi nimi vz\u00e1cn\u00e9 liturgick\u00e9 p\u0159edm\u011bty a od\u011bvy, luxusn\u00ed stoln\u00ed n\u00e1\u010din\u00ed pro slavnostn\u00ed hostiny, unik\u00e1ty renesan\u010dn\u00edch kunstkomor odhaluj\u00edc\u00edch tajemstv\u00ed mikrokosmu, m\u00f3dn\u00ed od\u011bvy \u010di \u0161perky zdob\u00edc\u00ed a formuj\u00edc\u00ed lidsk\u00e9 t\u011blo i d\u00edla modern\u00edho a sou\u010dasn\u00e9ho designu. V\u0161echny tyto p\u0159edm\u011bty m\u011bnily a m\u011bn\u00ed lidsk\u00fd \u017eivot po str\u00e1nce praktick\u00e9 i symbolick\u00e9. Pr\u00e1v\u011b tento existenci\u00e1ln\u00ed v\u00fdznam u\u017eit\u00e9ho um\u011bn\u00ed stoj\u00ed v pop\u0159ed\u00ed koncepce st\u00e1l\u00e9 expozice UPM","og_url":"https:\/\/www.upm.cz\/an\/eshop\/art-life-umeni-pro-zivot-pruvodce-stalou-expozici-upm\/","og_site_name":"Um\u011bleckopr\u016fmyslov\u00e9 museum v Praze","article_modified_time":"2025-11-21T10:46:04+00:00","og_image":[{"width":1893,"height":2560,"url":"https:\/\/www.upm.cz\/wp-content\/uploads\/ART_LIFE_01_A4-scaled.jpg","type":"image\/jpeg"}],"twitter_card":"summary_large_image","twitter_misc":{"Est. reading time":"1 minute"},"schema":{"@context":"https:\/\/schema.org","@graph":[{"@type":"WebPage","@id":"https:\/\/www.upm.cz\/eshop\/art-life-umeni-pro-zivot-pruvodce-stalou-expozici-upm\/","url":"https:\/\/www.upm.cz\/eshop\/art-life-umeni-pro-zivot-pruvodce-stalou-expozici-upm\/","name":"ART, LIFE. UM\u011aN\u00cd PRO \u017dIVOT. PR\u016eVODCE ST\u00c1LOU EXPOZIC\u00cd UPM - Um\u011bleckopr\u016fmyslov\u00e9 museum v Praze","isPartOf":{"@id":"https:\/\/www.upm.cz\/#website"},"primaryImageOfPage":{"@id":"https:\/\/www.upm.cz\/eshop\/art-life-umeni-pro-zivot-pruvodce-stalou-expozici-upm\/#primaryimage"},"image":{"@id":"https:\/\/www.upm.cz\/eshop\/art-life-umeni-pro-zivot-pruvodce-stalou-expozici-upm\/#primaryimage"},"thumbnailUrl":"https:\/\/www.upm.cz\/wp-content\/uploads\/ART_LIFE_01_A4-scaled.jpg","datePublished":"2023-06-06T09:18:19+00:00","dateModified":"2025-11-21T10:46:04+00:00","description":"Pr\u016fvodce st\u00e1lou expozic\u00ed Art, Life otev\u0159en\u00e9 7. \u00fanora 2023, v den 138. v\u00fdro\u010d\u00ed zalo\u017een\u00ed UPM p\u0159edstavuje hlavn\u00ed t\u00e9mata expozice a kl\u00ed\u010dov\u00e9 expon\u00e1ty. Umo\u017e\u0148uje n\u00e1v\u0161t\u011bvn\u00edk\u016fm p\u0159ipomenout si bohatstv\u00ed muzejn\u00edch sb\u00edrek i jedine\u010dnou atmosf\u00e9ru v\u00fdstavn\u00edch prostor. Z celkov\u00e9ho po\u010dtu 1300 vystaven\u00fdch p\u0159edm\u011bt\u016f p\u0159in\u00e1\u0161\u00ed v\u00fdb\u011br osmi des\u00edtek nejzaj\u00edmav\u011bj\u0161\u00edch uk\u00e1zek u\u017eit\u00e9ho um\u011bn\u00ed a designu doprov\u00e1zen\u00fdch koment\u00e1\u0159i. Jsou mezi nimi vz\u00e1cn\u00e9 liturgick\u00e9 p\u0159edm\u011bty a od\u011bvy, luxusn\u00ed stoln\u00ed n\u00e1\u010din\u00ed pro slavnostn\u00ed hostiny, unik\u00e1ty renesan\u010dn\u00edch kunstkomor odhaluj\u00edc\u00edch tajemstv\u00ed mikrokosmu, m\u00f3dn\u00ed od\u011bvy \u010di \u0161perky zdob\u00edc\u00ed a formuj\u00edc\u00ed lidsk\u00e9 t\u011blo i d\u00edla modern\u00edho a sou\u010dasn\u00e9ho designu. V\u0161echny tyto p\u0159edm\u011bty m\u011bnily a m\u011bn\u00ed lidsk\u00fd \u017eivot po str\u00e1nce praktick\u00e9 i symbolick\u00e9. Pr\u00e1v\u011b tento existenci\u00e1ln\u00ed v\u00fdznam u\u017eit\u00e9ho um\u011bn\u00ed stoj\u00ed v pop\u0159ed\u00ed koncepce st\u00e1l\u00e9 expozice UPM","breadcrumb":{"@id":"https:\/\/www.upm.cz\/eshop\/art-life-umeni-pro-zivot-pruvodce-stalou-expozici-upm\/#breadcrumb"},"inLanguage":"en-US","potentialAction":[{"@type":"ReadAction","target":["https:\/\/www.upm.cz\/eshop\/art-life-umeni-pro-zivot-pruvodce-stalou-expozici-upm\/"]}]},{"@type":"ImageObject","inLanguage":"en-US","@id":"https:\/\/www.upm.cz\/eshop\/art-life-umeni-pro-zivot-pruvodce-stalou-expozici-upm\/#primaryimage","url":"https:\/\/www.upm.cz\/wp-content\/uploads\/ART_LIFE_01_A4-scaled.jpg","contentUrl":"https:\/\/www.upm.cz\/wp-content\/uploads\/ART_LIFE_01_A4-scaled.jpg","width":1893,"height":2560,"caption":"Art, life. Um\u011bn\u00ed pro \u017eivot. Kniha"},{"@type":"BreadcrumbList","@id":"https:\/\/www.upm.cz\/eshop\/art-life-umeni-pro-zivot-pruvodce-stalou-expozici-upm\/#breadcrumb","itemListElement":[{"@type":"ListItem","position":1,"name":"Dom\u016f","item":"https:\/\/www.upm.cz\/"},{"@type":"ListItem","position":2,"name":"eshop","item":"https:\/\/www.upm.cz\/eshop\/"},{"@type":"ListItem","position":3,"name":"ART, LIFE. UM\u011aN\u00cd PRO \u017dIVOT. PR\u016eVODCE ST\u00c1LOU EXPOZIC\u00cd UPM"}]},{"@type":"WebSite","@id":"https:\/\/www.upm.cz\/#website","url":"https:\/\/www.upm.cz\/","name":"Um\u011bleckopr\u016fmyslov\u00e9 museum v Praze","description":"","publisher":{"@id":"https:\/\/www.upm.cz\/#organization"},"potentialAction":[{"@type":"SearchAction","target":{"@type":"EntryPoint","urlTemplate":"https:\/\/www.upm.cz\/?s={search_term_string}"},"query-input":{"@type":"PropertyValueSpecification","valueRequired":true,"valueName":"search_term_string"}}],"inLanguage":"en-US"},{"@type":"Organization","@id":"https:\/\/www.upm.cz\/#organization","name":"Um\u011bleckopr\u016fmyslov\u00e9 museum v Praze","url":"https:\/\/www.upm.cz\/","logo":{"@type":"ImageObject","inLanguage":"en-US","@id":"https:\/\/www.upm.cz\/#\/schema\/logo\/image\/","url":"https:\/\/www.upm.cz\/wp-content\/uploads\/2020\/03\/logo_upm_cz.svg","contentUrl":"https:\/\/www.upm.cz\/wp-content\/uploads\/2020\/03\/logo_upm_cz.svg","width":1736,"height":295,"caption":"Um\u011bleckopr\u016fmyslov\u00e9 museum v Praze"},"image":{"@id":"https:\/\/www.upm.cz\/#\/schema\/logo\/image\/"}}]}},"_links":{"self":[{"href":"https:\/\/www.upm.cz\/an\/wp-json\/wp\/v2\/product\/16618","targetHints":{"allow":["GET"]}}],"collection":[{"href":"https:\/\/www.upm.cz\/an\/wp-json\/wp\/v2\/product"}],"about":[{"href":"https:\/\/www.upm.cz\/an\/wp-json\/wp\/v2\/types\/product"}],"wp:featuredmedia":[{"embeddable":true,"href":"https:\/\/www.upm.cz\/an\/wp-json\/wp\/v2\/media\/16619"}],"wp:attachment":[{"href":"https:\/\/www.upm.cz\/an\/wp-json\/wp\/v2\/media?parent=16618"}],"wp:term":[{"taxonomy":"product_brand","embeddable":true,"href":"https:\/\/www.upm.cz\/an\/wp-json\/wp\/v2\/product_brand?post=16618"},{"taxonomy":"product_cat","embeddable":true,"href":"https:\/\/www.upm.cz\/an\/wp-json\/wp\/v2\/product_cat?post=16618"},{"taxonomy":"product_tag","embeddable":true,"href":"https:\/\/www.upm.cz\/an\/wp-json\/wp\/v2\/product_tag?post=16618"}],"curies":[{"name":"wp","href":"https:\/\/api.w.org\/{rel}","templated":true}]}}