{"id":17540,"date":"2023-09-13T14:35:25","date_gmt":"2023-09-13T12:35:25","guid":{"rendered":"https:\/\/www.upm.cz\/?post_type=product&#038;p=17540"},"modified":"2025-12-03T12:44:18","modified_gmt":"2025-12-03T11:44:18","slug":"s-pastelkami-po-umeleckoprumyslovem-museu-v-praze","status":"publish","type":"product","link":"https:\/\/www.upm.cz\/an\/eshop\/s-pastelkami-po-umeleckoprumyslovem-museu-v-praze\/","title":{"rendered":"S PASTELKAMI PO&nbsp;UM\u011aLECKOPR\u016eMYSLOV\u00c9M MUSEU V&nbsp;PRAZE"},"content":{"rendered":"<p>Ilustrovan\u00fd pr\u016fvodce nejen pro d\u011bti, rodiny a&nbsp;\u0161koly vych\u00e1z\u00ed v&nbsp;\u0159ad\u011b Prvn\u00ed pr\u016fvodce pam\u00e1tkami pro d\u011bti. Muzeem n\u00e1v\u0161t\u011bvn\u00edky provede jeho spoluzakladatel a&nbsp;mecen\u00e1\u0161 Vojt\u011bch Lanna, \u010dten\u00e1\u0159i se hravou formou dozv\u00ed kdy a&nbsp;pro\u010d muzeum vzniklo, co sb\u00edr\u00e1, kde v\u0161ude se s&nbsp;jeho sb\u00edrkami m\u016f\u017eete setkat, kdo vytvo\u0159il jeho budovu a&nbsp;jak je vyzdobena. Najdetou v&nbsp;n\u011bm i&nbsp;soubor samolepek vybran\u00fdch expon\u00e1t\u016f st\u00e1l\u00e9 expozice Art, Life.<br \/>\nUm\u011bn\u00ed pro \u017eivot, kter\u00e9 si p\u0159i&nbsp;prohl\u00ed\u017een\u00ed expozice m\u016f\u017eou nalepit na m\u00edsta, kam pat\u0159\u00ed.<\/p>","protected":false},"excerpt":{"rendered":"<p>vydavatel: Um\u011bleckopr\u016fmyslov\u00e9 museum v&nbsp;Praze a&nbsp;Nakladatelstv\u00ed Hranostaj Olomouc, 2023<br \/>\ntexty a&nbsp;ilustrace: Eva Chup\u00edkov\u00e1<br \/>\nvyd\u00e1n\u00ed: \u010desk\u00e9<br \/>\nform\u00e1t: 23 x 15,5 cm, m\u011bkk\u00e1 vazba<br \/>\npo\u010det stran: 14<br \/>\nISBN 978-80-87627-80-8<\/p>","protected":false},"featured_media":17549,"template":"","meta":{"_acf_changed":false},"product_brand":[],"product_cat":[45],"product_tag":[],"class_list":{"0":"post-17540","1":"product","2":"type-product","3":"status-publish","4":"has-post-thumbnail","6":"product_cat-knihy","8":"first","9":"instock","10":"shipping-taxable","11":"purchasable","12":"product-type-simple"},"acf":[],"yoast_head":"<!-- This site is optimized with the Yoast SEO plugin v26.9 - https:\/\/yoast.com\/product\/yoast-seo-wordpress\/ -->\n<title>S PASTELKAMI PO UM\u011aLECKOPR\u016eMYSLOV\u00c9M MUSEU V PRAZE - Um\u011bleckopr\u016fmyslov\u00e9 museum v Praze<\/title>\n<meta name=\"description\" content=\"Ilustrovan\u00fd pr\u016fvodce nejen pro d\u011bti, rodiny a \u0161koly vych\u00e1z\u00ed v \u0159ad\u011b Prvn\u00ed pr\u016fvodce pam\u00e1tkami pro d\u011bti. Muzeem n\u00e1v\u0161t\u011bvn\u00edky provede jeho spoluzakladatel a mecen\u00e1\u0161 Vojt\u011bch Lanna, \u010dten\u00e1\u0159i se hravou formou dozv\u00ed kdy a pro\u010d muzeum vzniklo, co sb\u00edr\u00e1, kde v\u0161ude se s jeho sb\u00edrkami m\u016f\u017eete setkat, kdo vytvo\u0159il jeho budovu a jak je vyzdobena. Najdetou v n\u011bm i soubor samolepek vybran\u00fdch expon\u00e1t\u016f st\u00e1l\u00e9 expozice Art, Life. Um\u011bn\u00ed pro \u017eivot, kter\u00e9 si p\u0159i prohl\u00ed\u017een\u00ed expozice m\u016f\u017eou nalepit na m\u00edsta, kam pat\u0159\u00ed.\" \/>\n<meta name=\"robots\" content=\"index, follow, max-snippet:-1, max-image-preview:large, max-video-preview:-1\" \/>\n<link rel=\"canonical\" href=\"https:\/\/www.upm.cz\/an\/eshop\/s-pastelkami-po-umeleckoprumyslovem-museu-v-praze\/\" \/>\n<meta property=\"og:locale\" content=\"en_US\" \/>\n<meta property=\"og:type\" content=\"article\" \/>\n<meta property=\"og:title\" content=\"S PASTELKAMI PO UM\u011aLECKOPR\u016eMYSLOV\u00c9M MUSEU V PRAZE - Um\u011bleckopr\u016fmyslov\u00e9 museum v Praze\" \/>\n<meta property=\"og:description\" content=\"Ilustrovan\u00fd pr\u016fvodce nejen pro d\u011bti, rodiny a \u0161koly vych\u00e1z\u00ed v \u0159ad\u011b Prvn\u00ed pr\u016fvodce pam\u00e1tkami pro d\u011bti. Muzeem n\u00e1v\u0161t\u011bvn\u00edky provede jeho spoluzakladatel a mecen\u00e1\u0161 Vojt\u011bch Lanna, \u010dten\u00e1\u0159i se hravou formou dozv\u00ed kdy a pro\u010d muzeum vzniklo, co sb\u00edr\u00e1, kde v\u0161ude se s jeho sb\u00edrkami m\u016f\u017eete setkat, kdo vytvo\u0159il jeho budovu a jak je vyzdobena. Najdetou v n\u011bm i soubor samolepek vybran\u00fdch expon\u00e1t\u016f st\u00e1l\u00e9 expozice Art, Life. Um\u011bn\u00ed pro \u017eivot, kter\u00e9 si p\u0159i prohl\u00ed\u017een\u00ed expozice m\u016f\u017eou nalepit na m\u00edsta, kam pat\u0159\u00ed.\" \/>\n<meta property=\"og:url\" content=\"https:\/\/www.upm.cz\/an\/eshop\/s-pastelkami-po-umeleckoprumyslovem-museu-v-praze\/\" \/>\n<meta property=\"og:site_name\" content=\"Um\u011bleckopr\u016fmyslov\u00e9 museum v Praze\" \/>\n<meta property=\"article:modified_time\" content=\"2025-12-03T11:44:18+00:00\" \/>\n<meta property=\"og:image\" content=\"https:\/\/www.upm.cz\/wp-content\/uploads\/SPpoUPM_9094-e1694609519820.jpg\" \/>\n\t<meta property=\"og:image:width\" content=\"250\" \/>\n\t<meta property=\"og:image:height\" content=\"371\" \/>\n\t<meta property=\"og:image:type\" content=\"image\/jpeg\" \/>\n<meta name=\"twitter:card\" content=\"summary_large_image\" \/>\n<meta name=\"twitter:label1\" content=\"Est. reading time\" \/>\n\t<meta name=\"twitter:data1\" content=\"1 minute\" \/>\n<script type=\"application\/ld+json\" class=\"yoast-schema-graph\">{\"@context\":\"https:\/\/schema.org\",\"@graph\":[{\"@type\":\"WebPage\",\"@id\":\"https:\/\/www.upm.cz\/eshop\/s-pastelkami-po-umeleckoprumyslovem-museu-v-praze\/\",\"url\":\"https:\/\/www.upm.cz\/eshop\/s-pastelkami-po-umeleckoprumyslovem-museu-v-praze\/\",\"name\":\"S PASTELKAMI PO UM\u011aLECKOPR\u016eMYSLOV\u00c9M MUSEU V PRAZE - Um\u011bleckopr\u016fmyslov\u00e9 museum v Praze\",\"isPartOf\":{\"@id\":\"https:\/\/www.upm.cz\/#website\"},\"primaryImageOfPage\":{\"@id\":\"https:\/\/www.upm.cz\/eshop\/s-pastelkami-po-umeleckoprumyslovem-museu-v-praze\/#primaryimage\"},\"image\":{\"@id\":\"https:\/\/www.upm.cz\/eshop\/s-pastelkami-po-umeleckoprumyslovem-museu-v-praze\/#primaryimage\"},\"thumbnailUrl\":\"https:\/\/www.upm.cz\/wp-content\/uploads\/SPpoUPM_9094-e1694609519820.jpg\",\"datePublished\":\"2023-09-13T12:35:25+00:00\",\"dateModified\":\"2025-12-03T11:44:18+00:00\",\"description\":\"Ilustrovan\u00fd pr\u016fvodce nejen pro d\u011bti, rodiny a \u0161koly vych\u00e1z\u00ed v \u0159ad\u011b Prvn\u00ed pr\u016fvodce pam\u00e1tkami pro d\u011bti. Muzeem n\u00e1v\u0161t\u011bvn\u00edky provede jeho spoluzakladatel a mecen\u00e1\u0161 Vojt\u011bch Lanna, \u010dten\u00e1\u0159i se hravou formou dozv\u00ed kdy a pro\u010d muzeum vzniklo, co sb\u00edr\u00e1, kde v\u0161ude se s jeho sb\u00edrkami m\u016f\u017eete setkat, kdo vytvo\u0159il jeho budovu a jak je vyzdobena. Najdetou v n\u011bm i soubor samolepek vybran\u00fdch expon\u00e1t\u016f st\u00e1l\u00e9 expozice Art, Life. Um\u011bn\u00ed pro \u017eivot, kter\u00e9 si p\u0159i prohl\u00ed\u017een\u00ed expozice m\u016f\u017eou nalepit na m\u00edsta, kam pat\u0159\u00ed.\",\"breadcrumb\":{\"@id\":\"https:\/\/www.upm.cz\/eshop\/s-pastelkami-po-umeleckoprumyslovem-museu-v-praze\/#breadcrumb\"},\"inLanguage\":\"en-US\",\"potentialAction\":[{\"@type\":\"ReadAction\",\"target\":[\"https:\/\/www.upm.cz\/eshop\/s-pastelkami-po-umeleckoprumyslovem-museu-v-praze\/\"]}]},{\"@type\":\"ImageObject\",\"inLanguage\":\"en-US\",\"@id\":\"https:\/\/www.upm.cz\/eshop\/s-pastelkami-po-umeleckoprumyslovem-museu-v-praze\/#primaryimage\",\"url\":\"https:\/\/www.upm.cz\/wp-content\/uploads\/SPpoUPM_9094-e1694609519820.jpg\",\"contentUrl\":\"https:\/\/www.upm.cz\/wp-content\/uploads\/SPpoUPM_9094-e1694609519820.jpg\",\"width\":250,\"height\":371,\"caption\":\"S pastelkami po UPM, pr\u016fvodce pro d\u011bti\"},{\"@type\":\"BreadcrumbList\",\"@id\":\"https:\/\/www.upm.cz\/eshop\/s-pastelkami-po-umeleckoprumyslovem-museu-v-praze\/#breadcrumb\",\"itemListElement\":[{\"@type\":\"ListItem\",\"position\":1,\"name\":\"Dom\u016f\",\"item\":\"https:\/\/www.upm.cz\/\"},{\"@type\":\"ListItem\",\"position\":2,\"name\":\"eshop\",\"item\":\"https:\/\/www.upm.cz\/eshop\/\"},{\"@type\":\"ListItem\",\"position\":3,\"name\":\"S PASTELKAMI PO UM\u011aLECKOPR\u016eMYSLOV\u00c9M MUSEU V PRAZE\"}]},{\"@type\":\"WebSite\",\"@id\":\"https:\/\/www.upm.cz\/#website\",\"url\":\"https:\/\/www.upm.cz\/\",\"name\":\"Um\u011bleckopr\u016fmyslov\u00e9 museum v Praze\",\"description\":\"\",\"publisher\":{\"@id\":\"https:\/\/www.upm.cz\/#organization\"},\"potentialAction\":[{\"@type\":\"SearchAction\",\"target\":{\"@type\":\"EntryPoint\",\"urlTemplate\":\"https:\/\/www.upm.cz\/?s={search_term_string}\"},\"query-input\":{\"@type\":\"PropertyValueSpecification\",\"valueRequired\":true,\"valueName\":\"search_term_string\"}}],\"inLanguage\":\"en-US\"},{\"@type\":\"Organization\",\"@id\":\"https:\/\/www.upm.cz\/#organization\",\"name\":\"Um\u011bleckopr\u016fmyslov\u00e9 museum v Praze\",\"url\":\"https:\/\/www.upm.cz\/\",\"logo\":{\"@type\":\"ImageObject\",\"inLanguage\":\"en-US\",\"@id\":\"https:\/\/www.upm.cz\/#\/schema\/logo\/image\/\",\"url\":\"https:\/\/www.upm.cz\/wp-content\/uploads\/2020\/03\/logo_upm_cz.svg\",\"contentUrl\":\"https:\/\/www.upm.cz\/wp-content\/uploads\/2020\/03\/logo_upm_cz.svg\",\"width\":1736,\"height\":295,\"caption\":\"Um\u011bleckopr\u016fmyslov\u00e9 museum v Praze\"},\"image\":{\"@id\":\"https:\/\/www.upm.cz\/#\/schema\/logo\/image\/\"}}]}<\/script>\n<!-- \/ Yoast SEO plugin. -->","yoast_head_json":{"title":"S PASTELKAMI PO UM\u011aLECKOPR\u016eMYSLOV\u00c9M MUSEU V PRAZE - Um\u011bleckopr\u016fmyslov\u00e9 museum v Praze","description":"Ilustrovan\u00fd pr\u016fvodce nejen pro d\u011bti, rodiny a \u0161koly vych\u00e1z\u00ed v \u0159ad\u011b Prvn\u00ed pr\u016fvodce pam\u00e1tkami pro d\u011bti. Muzeem n\u00e1v\u0161t\u011bvn\u00edky provede jeho spoluzakladatel a mecen\u00e1\u0161 Vojt\u011bch Lanna, \u010dten\u00e1\u0159i se hravou formou dozv\u00ed kdy a pro\u010d muzeum vzniklo, co sb\u00edr\u00e1, kde v\u0161ude se s jeho sb\u00edrkami m\u016f\u017eete setkat, kdo vytvo\u0159il jeho budovu a jak je vyzdobena. Najdetou v n\u011bm i soubor samolepek vybran\u00fdch expon\u00e1t\u016f st\u00e1l\u00e9 expozice Art, Life. Um\u011bn\u00ed pro \u017eivot, kter\u00e9 si p\u0159i prohl\u00ed\u017een\u00ed expozice m\u016f\u017eou nalepit na m\u00edsta, kam pat\u0159\u00ed.","robots":{"index":"index","follow":"follow","max-snippet":"max-snippet:-1","max-image-preview":"max-image-preview:large","max-video-preview":"max-video-preview:-1"},"canonical":"https:\/\/www.upm.cz\/an\/eshop\/s-pastelkami-po-umeleckoprumyslovem-museu-v-praze\/","og_locale":"en_US","og_type":"article","og_title":"S PASTELKAMI PO UM\u011aLECKOPR\u016eMYSLOV\u00c9M MUSEU V PRAZE - Um\u011bleckopr\u016fmyslov\u00e9 museum v Praze","og_description":"Ilustrovan\u00fd pr\u016fvodce nejen pro d\u011bti, rodiny a \u0161koly vych\u00e1z\u00ed v \u0159ad\u011b Prvn\u00ed pr\u016fvodce pam\u00e1tkami pro d\u011bti. Muzeem n\u00e1v\u0161t\u011bvn\u00edky provede jeho spoluzakladatel a mecen\u00e1\u0161 Vojt\u011bch Lanna, \u010dten\u00e1\u0159i se hravou formou dozv\u00ed kdy a pro\u010d muzeum vzniklo, co sb\u00edr\u00e1, kde v\u0161ude se s jeho sb\u00edrkami m\u016f\u017eete setkat, kdo vytvo\u0159il jeho budovu a jak je vyzdobena. Najdetou v n\u011bm i soubor samolepek vybran\u00fdch expon\u00e1t\u016f st\u00e1l\u00e9 expozice Art, Life. Um\u011bn\u00ed pro \u017eivot, kter\u00e9 si p\u0159i prohl\u00ed\u017een\u00ed expozice m\u016f\u017eou nalepit na m\u00edsta, kam pat\u0159\u00ed.","og_url":"https:\/\/www.upm.cz\/an\/eshop\/s-pastelkami-po-umeleckoprumyslovem-museu-v-praze\/","og_site_name":"Um\u011bleckopr\u016fmyslov\u00e9 museum v Praze","article_modified_time":"2025-12-03T11:44:18+00:00","og_image":[{"width":250,"height":371,"url":"https:\/\/www.upm.cz\/wp-content\/uploads\/SPpoUPM_9094-e1694609519820.jpg","type":"image\/jpeg"}],"twitter_card":"summary_large_image","twitter_misc":{"Est. reading time":"1 minute"},"schema":{"@context":"https:\/\/schema.org","@graph":[{"@type":"WebPage","@id":"https:\/\/www.upm.cz\/eshop\/s-pastelkami-po-umeleckoprumyslovem-museu-v-praze\/","url":"https:\/\/www.upm.cz\/eshop\/s-pastelkami-po-umeleckoprumyslovem-museu-v-praze\/","name":"S PASTELKAMI PO UM\u011aLECKOPR\u016eMYSLOV\u00c9M MUSEU V PRAZE - Um\u011bleckopr\u016fmyslov\u00e9 museum v Praze","isPartOf":{"@id":"https:\/\/www.upm.cz\/#website"},"primaryImageOfPage":{"@id":"https:\/\/www.upm.cz\/eshop\/s-pastelkami-po-umeleckoprumyslovem-museu-v-praze\/#primaryimage"},"image":{"@id":"https:\/\/www.upm.cz\/eshop\/s-pastelkami-po-umeleckoprumyslovem-museu-v-praze\/#primaryimage"},"thumbnailUrl":"https:\/\/www.upm.cz\/wp-content\/uploads\/SPpoUPM_9094-e1694609519820.jpg","datePublished":"2023-09-13T12:35:25+00:00","dateModified":"2025-12-03T11:44:18+00:00","description":"Ilustrovan\u00fd pr\u016fvodce nejen pro d\u011bti, rodiny a \u0161koly vych\u00e1z\u00ed v \u0159ad\u011b Prvn\u00ed pr\u016fvodce pam\u00e1tkami pro d\u011bti. Muzeem n\u00e1v\u0161t\u011bvn\u00edky provede jeho spoluzakladatel a mecen\u00e1\u0161 Vojt\u011bch Lanna, \u010dten\u00e1\u0159i se hravou formou dozv\u00ed kdy a pro\u010d muzeum vzniklo, co sb\u00edr\u00e1, kde v\u0161ude se s jeho sb\u00edrkami m\u016f\u017eete setkat, kdo vytvo\u0159il jeho budovu a jak je vyzdobena. Najdetou v n\u011bm i soubor samolepek vybran\u00fdch expon\u00e1t\u016f st\u00e1l\u00e9 expozice Art, Life. Um\u011bn\u00ed pro \u017eivot, kter\u00e9 si p\u0159i prohl\u00ed\u017een\u00ed expozice m\u016f\u017eou nalepit na m\u00edsta, kam pat\u0159\u00ed.","breadcrumb":{"@id":"https:\/\/www.upm.cz\/eshop\/s-pastelkami-po-umeleckoprumyslovem-museu-v-praze\/#breadcrumb"},"inLanguage":"en-US","potentialAction":[{"@type":"ReadAction","target":["https:\/\/www.upm.cz\/eshop\/s-pastelkami-po-umeleckoprumyslovem-museu-v-praze\/"]}]},{"@type":"ImageObject","inLanguage":"en-US","@id":"https:\/\/www.upm.cz\/eshop\/s-pastelkami-po-umeleckoprumyslovem-museu-v-praze\/#primaryimage","url":"https:\/\/www.upm.cz\/wp-content\/uploads\/SPpoUPM_9094-e1694609519820.jpg","contentUrl":"https:\/\/www.upm.cz\/wp-content\/uploads\/SPpoUPM_9094-e1694609519820.jpg","width":250,"height":371,"caption":"S pastelkami po UPM, pr\u016fvodce pro d\u011bti"},{"@type":"BreadcrumbList","@id":"https:\/\/www.upm.cz\/eshop\/s-pastelkami-po-umeleckoprumyslovem-museu-v-praze\/#breadcrumb","itemListElement":[{"@type":"ListItem","position":1,"name":"Dom\u016f","item":"https:\/\/www.upm.cz\/"},{"@type":"ListItem","position":2,"name":"eshop","item":"https:\/\/www.upm.cz\/eshop\/"},{"@type":"ListItem","position":3,"name":"S PASTELKAMI PO UM\u011aLECKOPR\u016eMYSLOV\u00c9M MUSEU V PRAZE"}]},{"@type":"WebSite","@id":"https:\/\/www.upm.cz\/#website","url":"https:\/\/www.upm.cz\/","name":"Um\u011bleckopr\u016fmyslov\u00e9 museum v Praze","description":"","publisher":{"@id":"https:\/\/www.upm.cz\/#organization"},"potentialAction":[{"@type":"SearchAction","target":{"@type":"EntryPoint","urlTemplate":"https:\/\/www.upm.cz\/?s={search_term_string}"},"query-input":{"@type":"PropertyValueSpecification","valueRequired":true,"valueName":"search_term_string"}}],"inLanguage":"en-US"},{"@type":"Organization","@id":"https:\/\/www.upm.cz\/#organization","name":"Um\u011bleckopr\u016fmyslov\u00e9 museum v Praze","url":"https:\/\/www.upm.cz\/","logo":{"@type":"ImageObject","inLanguage":"en-US","@id":"https:\/\/www.upm.cz\/#\/schema\/logo\/image\/","url":"https:\/\/www.upm.cz\/wp-content\/uploads\/2020\/03\/logo_upm_cz.svg","contentUrl":"https:\/\/www.upm.cz\/wp-content\/uploads\/2020\/03\/logo_upm_cz.svg","width":1736,"height":295,"caption":"Um\u011bleckopr\u016fmyslov\u00e9 museum v Praze"},"image":{"@id":"https:\/\/www.upm.cz\/#\/schema\/logo\/image\/"}}]}},"_links":{"self":[{"href":"https:\/\/www.upm.cz\/an\/wp-json\/wp\/v2\/product\/17540","targetHints":{"allow":["GET"]}}],"collection":[{"href":"https:\/\/www.upm.cz\/an\/wp-json\/wp\/v2\/product"}],"about":[{"href":"https:\/\/www.upm.cz\/an\/wp-json\/wp\/v2\/types\/product"}],"wp:featuredmedia":[{"embeddable":true,"href":"https:\/\/www.upm.cz\/an\/wp-json\/wp\/v2\/media\/17549"}],"wp:attachment":[{"href":"https:\/\/www.upm.cz\/an\/wp-json\/wp\/v2\/media?parent=17540"}],"wp:term":[{"taxonomy":"product_brand","embeddable":true,"href":"https:\/\/www.upm.cz\/an\/wp-json\/wp\/v2\/product_brand?post=17540"},{"taxonomy":"product_cat","embeddable":true,"href":"https:\/\/www.upm.cz\/an\/wp-json\/wp\/v2\/product_cat?post=17540"},{"taxonomy":"product_tag","embeddable":true,"href":"https:\/\/www.upm.cz\/an\/wp-json\/wp\/v2\/product_tag?post=17540"}],"curies":[{"name":"wp","href":"https:\/\/api.w.org\/{rel}","templated":true}]}}