{"id":20094,"date":"2024-06-26T13:45:31","date_gmt":"2024-06-26T11:45:31","guid":{"rendered":"https:\/\/www.upm.cz\/?post_type=product&#038;p=20094"},"modified":"2026-03-01T09:41:00","modified_gmt":"2026-03-01T08:41:00","slug":"zijeme-lidsky-reforma-bydleni-1914-1948-svaz-ceskoslovenskeho-dila","status":"publish","type":"product","link":"https:\/\/www.upm.cz\/an\/eshop\/zijeme-lidsky-reforma-bydleni-1914-1948-svaz-ceskoslovenskeho-dila\/","title":{"rendered":"\u017dIJEME LIDSKY? REFORMA BYDLEN\u00cd 1914 \u2013 1948. SVAZ \u010cESKOSLOVENSK\u00c9HO D\u00cdLA"},"content":{"rendered":"<p>Souhrnn\u00e1 publikace v\u016fbec poprv\u00e9 p\u0159edstavuje Svaz \u010deskoslovensk\u00e9ho d\u00edla v&nbsp;pr\u016fb\u011bhu t\u0159iceti let jeho existence, kdy v\u00fdrazn\u011b modernizoval nejen oblast bydlen\u00ed a&nbsp;architektury, ale tak\u00e9 u\u017eitkov\u00fdch p\u0159edm\u011bt\u016f, hra\u010dek, grafick\u00e9ho a&nbsp;v\u00fdstavn\u00edho designu. Jeho \u010dleny byli pokrokov\u00ed p\u0159edstavitel\u00e9 architektury a&nbsp;designu meziv\u00e1le\u010dn\u00e9ho \u010ceskoslovenska jako Pavel Jan\u00e1k, Ladislav Sutnar, Hana Ku\u010derov\u00e1-Z\u00e1vesk\u00e1 a&nbsp;dal\u0161\u00ed. Mezi nejv\u00fdznamn\u011bj\u0161\u00ed aktivity pat\u0159\u00ed v\u00fdstavba prvn\u00edch \u010deskoslovensk\u00fdch funkcionalistick\u00fdch osad v&nbsp;Brn\u011b (Nov\u00fd d\u016fm, 1928) a&nbsp;v&nbsp;Praze (Baba, 1932), zejm\u00e9na pak D\u016fm um\u011bleck\u00e9ho pr\u016fmyslu v&nbsp;centru Prahy. Publikace seznamuje s&nbsp;projekty prost\u0159ednictv\u00edm renomovan\u00fdch \u010desk\u00fdch a&nbsp;slovensk\u00fdch autor\u016f a&nbsp;n\u00e1zorn\u011b ilustruje vynikaj\u00edc\u00edmi dobov\u00fdmi fotografiemi od Josefa Sudka, Jarom\u00edra Funkeho, Franti\u0161ka Illka, Alexandra Paula a&nbsp;dal\u0161\u00edch.<\/p>","protected":false},"excerpt":{"rendered":"<p>texty: Iva Knobloch (ed.), Vendula Hn\u00eddkov\u00e1, Lada Hubatov\u00e1-Vackov\u00e1, Alena Janatkov\u00e1, Zdeno Koles\u00e1r, Kl\u00e1ra Pre\u0161najderov\u00e1, Zuzana \u0160idl\u00edkov\u00e1, Vladim\u00edr \u0160lapeta, Radim Vondr\u00e1\u010dek<br \/>\nodborn\u00e1 recenze: Juliet Kinchin<br \/>\ngrafick\u00fd design: \u0160t\u011bp\u00e1n Malovec, Kristina Ambrozov\u00e1<br \/>\nvyd\u00e1n\u00ed: \u010desko-anglick\u00e9<br \/>\nform\u00e1t: 220 x 280 mm<br \/>\npo\u010det stran: 652<br \/>\nvydavatel: UPM, Slovart 2023<\/p>\n<p>ISBN 978-80-7101-214-6 (UPM)<br \/>\nISBN 978-80-276-0966-6 (Slovart)<\/p>","protected":false},"featured_media":19790,"template":"","meta":{"_acf_changed":false},"product_brand":[],"product_cat":[45],"product_tag":[],"class_list":{"0":"post-20094","1":"product","2":"type-product","3":"status-publish","4":"has-post-thumbnail","6":"product_cat-knihy","8":"first","9":"instock","10":"shipping-taxable","11":"purchasable","12":"product-type-simple"},"acf":[],"yoast_head":"<!-- This site is optimized with the Yoast SEO plugin v26.9 - https:\/\/yoast.com\/product\/yoast-seo-wordpress\/ -->\n<title>\u017dIJEME LIDSKY? REFORMA BYDLEN\u00cd 1914 \u2013 1948. SVAZ \u010cESKOSLOVENSK\u00c9HO D\u00cdLA - Um\u011bleckopr\u016fmyslov\u00e9 museum v Praze<\/title>\n<meta name=\"description\" content=\"Souhrnn\u00e1 publikace v\u016fbec poprv\u00e9 p\u0159edstavuje Svaz \u010deskoslovensk\u00e9ho d\u00edla v pr\u016fb\u011bhu t\u0159iceti let jeho existence, kdy v\u00fdrazn\u011b modernizoval nejen oblast bydlen\u00ed a architektury, ale tak\u00e9 u\u017eitkov\u00fdch p\u0159edm\u011bt\u016f, hra\u010dek, grafick\u00e9ho a v\u00fdstavn\u00edho designu.Kniha propojuje \u0161perkov\u00e1 d\u00edla minulosti i sou\u010dasnosti. Nesleduje \u010dasovou osu, ale cesty, kter\u00fdmi \u0161perk nese sd\u011blen\u00ed. Sp\u00ed\u0161e ne\u017e teoretick\u00fdm v\u00fdkladem, na tyto cesty upozor\u0148uje skupinami \u0161perk\u016f z\u202fmnoha hledisek odli\u0161n\u00fdch. P\u0159itom zahrnuje kategorii \u0161perku v\u202fpln\u00e9m rozsahu, nejen objekty fyzicky st\u00e1l\u00e9 i nest\u00e1l\u00e9, ale tak\u00e9 d\u00edla s\u202fcharakterem konceptu nebo ud\u00e1losti.Souhrnn\u00e1 publikace v\u016fbec poprv\u00e9 p\u0159edstavuje Svaz \u010deskoslovensk\u00e9ho d\u00edla v pr\u016fb\u011bhu t\u0159iceti let jeho existence, kdy v\u00fdrazn\u011b modernizoval nejen oblast bydlen\u00ed a architektury, ale tak\u00e9 u\u017eitkov\u00fdch p\u0159edm\u011bt\u016f, hra\u010dek, grafick\u00e9ho a v\u00fdstavn\u00edho designu.\" \/>\n<meta name=\"robots\" content=\"index, follow, max-snippet:-1, max-image-preview:large, max-video-preview:-1\" \/>\n<link rel=\"canonical\" href=\"https:\/\/www.upm.cz\/an\/eshop\/zijeme-lidsky-reforma-bydleni-1914-1948-svaz-ceskoslovenskeho-dila\/\" \/>\n<meta property=\"og:locale\" content=\"en_US\" \/>\n<meta property=\"og:type\" content=\"article\" \/>\n<meta property=\"og:title\" content=\"\u017dIJEME LIDSKY? REFORMA BYDLEN\u00cd 1914 \u2013 1948. SVAZ \u010cESKOSLOVENSK\u00c9HO D\u00cdLA - Um\u011bleckopr\u016fmyslov\u00e9 museum v Praze\" \/>\n<meta property=\"og:description\" content=\"Souhrnn\u00e1 publikace v\u016fbec poprv\u00e9 p\u0159edstavuje Svaz \u010deskoslovensk\u00e9ho d\u00edla v pr\u016fb\u011bhu t\u0159iceti let jeho existence, kdy v\u00fdrazn\u011b modernizoval nejen oblast bydlen\u00ed a architektury, ale tak\u00e9 u\u017eitkov\u00fdch p\u0159edm\u011bt\u016f, hra\u010dek, grafick\u00e9ho a v\u00fdstavn\u00edho designu.Kniha propojuje \u0161perkov\u00e1 d\u00edla minulosti i sou\u010dasnosti. Nesleduje \u010dasovou osu, ale cesty, kter\u00fdmi \u0161perk nese sd\u011blen\u00ed. Sp\u00ed\u0161e ne\u017e teoretick\u00fdm v\u00fdkladem, na tyto cesty upozor\u0148uje skupinami \u0161perk\u016f z\u202fmnoha hledisek odli\u0161n\u00fdch. P\u0159itom zahrnuje kategorii \u0161perku v\u202fpln\u00e9m rozsahu, nejen objekty fyzicky st\u00e1l\u00e9 i nest\u00e1l\u00e9, ale tak\u00e9 d\u00edla s\u202fcharakterem konceptu nebo ud\u00e1losti.Souhrnn\u00e1 publikace v\u016fbec poprv\u00e9 p\u0159edstavuje Svaz \u010deskoslovensk\u00e9ho d\u00edla v pr\u016fb\u011bhu t\u0159iceti let jeho existence, kdy v\u00fdrazn\u011b modernizoval nejen oblast bydlen\u00ed a architektury, ale tak\u00e9 u\u017eitkov\u00fdch p\u0159edm\u011bt\u016f, hra\u010dek, grafick\u00e9ho a v\u00fdstavn\u00edho designu.\" \/>\n<meta property=\"og:url\" content=\"https:\/\/www.upm.cz\/an\/eshop\/zijeme-lidsky-reforma-bydleni-1914-1948-svaz-ceskoslovenskeho-dila\/\" \/>\n<meta property=\"og:site_name\" content=\"Um\u011bleckopr\u016fmyslov\u00e9 museum v Praze\" \/>\n<meta property=\"article:modified_time\" content=\"2026-03-01T08:41:00+00:00\" \/>\n<meta property=\"og:image\" content=\"https:\/\/www.upm.cz\/wp-content\/uploads\/obalka-nahled-2.jpg\" \/>\n\t<meta property=\"og:image:width\" content=\"1189\" \/>\n\t<meta property=\"og:image:height\" content=\"1543\" \/>\n\t<meta property=\"og:image:type\" content=\"image\/jpeg\" \/>\n<meta name=\"twitter:card\" content=\"summary_large_image\" \/>\n<meta name=\"twitter:label1\" content=\"Est. reading time\" \/>\n\t<meta name=\"twitter:data1\" content=\"1 minute\" \/>\n<script type=\"application\/ld+json\" class=\"yoast-schema-graph\">{\"@context\":\"https:\/\/schema.org\",\"@graph\":[{\"@type\":\"WebPage\",\"@id\":\"https:\/\/www.upm.cz\/eshop\/zijeme-lidsky-reforma-bydleni-1914-1948-svaz-ceskoslovenskeho-dila\/\",\"url\":\"https:\/\/www.upm.cz\/eshop\/zijeme-lidsky-reforma-bydleni-1914-1948-svaz-ceskoslovenskeho-dila\/\",\"name\":\"\u017dIJEME LIDSKY? REFORMA BYDLEN\u00cd 1914 \u2013 1948. SVAZ \u010cESKOSLOVENSK\u00c9HO D\u00cdLA - Um\u011bleckopr\u016fmyslov\u00e9 museum v Praze\",\"isPartOf\":{\"@id\":\"https:\/\/www.upm.cz\/#website\"},\"primaryImageOfPage\":{\"@id\":\"https:\/\/www.upm.cz\/eshop\/zijeme-lidsky-reforma-bydleni-1914-1948-svaz-ceskoslovenskeho-dila\/#primaryimage\"},\"image\":{\"@id\":\"https:\/\/www.upm.cz\/eshop\/zijeme-lidsky-reforma-bydleni-1914-1948-svaz-ceskoslovenskeho-dila\/#primaryimage\"},\"thumbnailUrl\":\"https:\/\/www.upm.cz\/wp-content\/uploads\/obalka-nahled-2.jpg\",\"datePublished\":\"2024-06-26T11:45:31+00:00\",\"dateModified\":\"2026-03-01T08:41:00+00:00\",\"description\":\"Souhrnn\u00e1 publikace v\u016fbec poprv\u00e9 p\u0159edstavuje Svaz \u010deskoslovensk\u00e9ho d\u00edla v pr\u016fb\u011bhu t\u0159iceti let jeho existence, kdy v\u00fdrazn\u011b modernizoval nejen oblast bydlen\u00ed a architektury, ale tak\u00e9 u\u017eitkov\u00fdch p\u0159edm\u011bt\u016f, hra\u010dek, grafick\u00e9ho a v\u00fdstavn\u00edho designu.Kniha propojuje \u0161perkov\u00e1 d\u00edla minulosti i sou\u010dasnosti. Nesleduje \u010dasovou osu, ale cesty, kter\u00fdmi \u0161perk nese sd\u011blen\u00ed. Sp\u00ed\u0161e ne\u017e teoretick\u00fdm v\u00fdkladem, na tyto cesty upozor\u0148uje skupinami \u0161perk\u016f z\u202fmnoha hledisek odli\u0161n\u00fdch. P\u0159itom zahrnuje kategorii \u0161perku v\u202fpln\u00e9m rozsahu, nejen objekty fyzicky st\u00e1l\u00e9 i nest\u00e1l\u00e9, ale tak\u00e9 d\u00edla s\u202fcharakterem konceptu nebo ud\u00e1losti.Souhrnn\u00e1 publikace v\u016fbec poprv\u00e9 p\u0159edstavuje Svaz \u010deskoslovensk\u00e9ho d\u00edla v pr\u016fb\u011bhu t\u0159iceti let jeho existence, kdy v\u00fdrazn\u011b modernizoval nejen oblast bydlen\u00ed a architektury, ale tak\u00e9 u\u017eitkov\u00fdch p\u0159edm\u011bt\u016f, hra\u010dek, grafick\u00e9ho a v\u00fdstavn\u00edho designu.\",\"breadcrumb\":{\"@id\":\"https:\/\/www.upm.cz\/eshop\/zijeme-lidsky-reforma-bydleni-1914-1948-svaz-ceskoslovenskeho-dila\/#breadcrumb\"},\"inLanguage\":\"en-US\",\"potentialAction\":[{\"@type\":\"ReadAction\",\"target\":[\"https:\/\/www.upm.cz\/eshop\/zijeme-lidsky-reforma-bydleni-1914-1948-svaz-ceskoslovenskeho-dila\/\"]}]},{\"@type\":\"ImageObject\",\"inLanguage\":\"en-US\",\"@id\":\"https:\/\/www.upm.cz\/eshop\/zijeme-lidsky-reforma-bydleni-1914-1948-svaz-ceskoslovenskeho-dila\/#primaryimage\",\"url\":\"https:\/\/www.upm.cz\/wp-content\/uploads\/obalka-nahled-2.jpg\",\"contentUrl\":\"https:\/\/www.upm.cz\/wp-content\/uploads\/obalka-nahled-2.jpg\",\"width\":1189,\"height\":1543,\"caption\":\"\u017dijeme lidsky? ob\u00e1lka knihy\"},{\"@type\":\"BreadcrumbList\",\"@id\":\"https:\/\/www.upm.cz\/eshop\/zijeme-lidsky-reforma-bydleni-1914-1948-svaz-ceskoslovenskeho-dila\/#breadcrumb\",\"itemListElement\":[{\"@type\":\"ListItem\",\"position\":1,\"name\":\"Dom\u016f\",\"item\":\"https:\/\/www.upm.cz\/\"},{\"@type\":\"ListItem\",\"position\":2,\"name\":\"eshop\",\"item\":\"https:\/\/www.upm.cz\/eshop\/\"},{\"@type\":\"ListItem\",\"position\":3,\"name\":\"\u017dIJEME LIDSKY? REFORMA BYDLEN\u00cd 1914 \u2013 1948. SVAZ \u010cESKOSLOVENSK\u00c9HO D\u00cdLA\"}]},{\"@type\":\"WebSite\",\"@id\":\"https:\/\/www.upm.cz\/#website\",\"url\":\"https:\/\/www.upm.cz\/\",\"name\":\"Um\u011bleckopr\u016fmyslov\u00e9 museum v Praze\",\"description\":\"\",\"publisher\":{\"@id\":\"https:\/\/www.upm.cz\/#organization\"},\"potentialAction\":[{\"@type\":\"SearchAction\",\"target\":{\"@type\":\"EntryPoint\",\"urlTemplate\":\"https:\/\/www.upm.cz\/?s={search_term_string}\"},\"query-input\":{\"@type\":\"PropertyValueSpecification\",\"valueRequired\":true,\"valueName\":\"search_term_string\"}}],\"inLanguage\":\"en-US\"},{\"@type\":\"Organization\",\"@id\":\"https:\/\/www.upm.cz\/#organization\",\"name\":\"Um\u011bleckopr\u016fmyslov\u00e9 museum v Praze\",\"url\":\"https:\/\/www.upm.cz\/\",\"logo\":{\"@type\":\"ImageObject\",\"inLanguage\":\"en-US\",\"@id\":\"https:\/\/www.upm.cz\/#\/schema\/logo\/image\/\",\"url\":\"https:\/\/www.upm.cz\/wp-content\/uploads\/2020\/03\/logo_upm_cz.svg\",\"contentUrl\":\"https:\/\/www.upm.cz\/wp-content\/uploads\/2020\/03\/logo_upm_cz.svg\",\"width\":1736,\"height\":295,\"caption\":\"Um\u011bleckopr\u016fmyslov\u00e9 museum v Praze\"},\"image\":{\"@id\":\"https:\/\/www.upm.cz\/#\/schema\/logo\/image\/\"}}]}<\/script>\n<!-- \/ Yoast SEO plugin. -->","yoast_head_json":{"title":"\u017dIJEME LIDSKY? REFORMA BYDLEN\u00cd 1914 \u2013 1948. SVAZ \u010cESKOSLOVENSK\u00c9HO D\u00cdLA - Um\u011bleckopr\u016fmyslov\u00e9 museum v Praze","description":"Souhrnn\u00e1 publikace v\u016fbec poprv\u00e9 p\u0159edstavuje Svaz \u010deskoslovensk\u00e9ho d\u00edla v pr\u016fb\u011bhu t\u0159iceti let jeho existence, kdy v\u00fdrazn\u011b modernizoval nejen oblast bydlen\u00ed a architektury, ale tak\u00e9 u\u017eitkov\u00fdch p\u0159edm\u011bt\u016f, hra\u010dek, grafick\u00e9ho a v\u00fdstavn\u00edho designu.Kniha propojuje \u0161perkov\u00e1 d\u00edla minulosti i sou\u010dasnosti. Nesleduje \u010dasovou osu, ale cesty, kter\u00fdmi \u0161perk nese sd\u011blen\u00ed. Sp\u00ed\u0161e ne\u017e teoretick\u00fdm v\u00fdkladem, na tyto cesty upozor\u0148uje skupinami \u0161perk\u016f z\u202fmnoha hledisek odli\u0161n\u00fdch. P\u0159itom zahrnuje kategorii \u0161perku v\u202fpln\u00e9m rozsahu, nejen objekty fyzicky st\u00e1l\u00e9 i nest\u00e1l\u00e9, ale tak\u00e9 d\u00edla s\u202fcharakterem konceptu nebo ud\u00e1losti.Souhrnn\u00e1 publikace v\u016fbec poprv\u00e9 p\u0159edstavuje Svaz \u010deskoslovensk\u00e9ho d\u00edla v pr\u016fb\u011bhu t\u0159iceti let jeho existence, kdy v\u00fdrazn\u011b modernizoval nejen oblast bydlen\u00ed a architektury, ale tak\u00e9 u\u017eitkov\u00fdch p\u0159edm\u011bt\u016f, hra\u010dek, grafick\u00e9ho a v\u00fdstavn\u00edho designu.","robots":{"index":"index","follow":"follow","max-snippet":"max-snippet:-1","max-image-preview":"max-image-preview:large","max-video-preview":"max-video-preview:-1"},"canonical":"https:\/\/www.upm.cz\/an\/eshop\/zijeme-lidsky-reforma-bydleni-1914-1948-svaz-ceskoslovenskeho-dila\/","og_locale":"en_US","og_type":"article","og_title":"\u017dIJEME LIDSKY? REFORMA BYDLEN\u00cd 1914 \u2013 1948. SVAZ \u010cESKOSLOVENSK\u00c9HO D\u00cdLA - Um\u011bleckopr\u016fmyslov\u00e9 museum v Praze","og_description":"Souhrnn\u00e1 publikace v\u016fbec poprv\u00e9 p\u0159edstavuje Svaz \u010deskoslovensk\u00e9ho d\u00edla v pr\u016fb\u011bhu t\u0159iceti let jeho existence, kdy v\u00fdrazn\u011b modernizoval nejen oblast bydlen\u00ed a architektury, ale tak\u00e9 u\u017eitkov\u00fdch p\u0159edm\u011bt\u016f, hra\u010dek, grafick\u00e9ho a v\u00fdstavn\u00edho designu.Kniha propojuje \u0161perkov\u00e1 d\u00edla minulosti i sou\u010dasnosti. Nesleduje \u010dasovou osu, ale cesty, kter\u00fdmi \u0161perk nese sd\u011blen\u00ed. Sp\u00ed\u0161e ne\u017e teoretick\u00fdm v\u00fdkladem, na tyto cesty upozor\u0148uje skupinami \u0161perk\u016f z\u202fmnoha hledisek odli\u0161n\u00fdch. P\u0159itom zahrnuje kategorii \u0161perku v\u202fpln\u00e9m rozsahu, nejen objekty fyzicky st\u00e1l\u00e9 i nest\u00e1l\u00e9, ale tak\u00e9 d\u00edla s\u202fcharakterem konceptu nebo ud\u00e1losti.Souhrnn\u00e1 publikace v\u016fbec poprv\u00e9 p\u0159edstavuje Svaz \u010deskoslovensk\u00e9ho d\u00edla v pr\u016fb\u011bhu t\u0159iceti let jeho existence, kdy v\u00fdrazn\u011b modernizoval nejen oblast bydlen\u00ed a architektury, ale tak\u00e9 u\u017eitkov\u00fdch p\u0159edm\u011bt\u016f, hra\u010dek, grafick\u00e9ho a v\u00fdstavn\u00edho designu.","og_url":"https:\/\/www.upm.cz\/an\/eshop\/zijeme-lidsky-reforma-bydleni-1914-1948-svaz-ceskoslovenskeho-dila\/","og_site_name":"Um\u011bleckopr\u016fmyslov\u00e9 museum v Praze","article_modified_time":"2026-03-01T08:41:00+00:00","og_image":[{"width":1189,"height":1543,"url":"https:\/\/www.upm.cz\/wp-content\/uploads\/obalka-nahled-2.jpg","type":"image\/jpeg"}],"twitter_card":"summary_large_image","twitter_misc":{"Est. reading time":"1 minute"},"schema":{"@context":"https:\/\/schema.org","@graph":[{"@type":"WebPage","@id":"https:\/\/www.upm.cz\/eshop\/zijeme-lidsky-reforma-bydleni-1914-1948-svaz-ceskoslovenskeho-dila\/","url":"https:\/\/www.upm.cz\/eshop\/zijeme-lidsky-reforma-bydleni-1914-1948-svaz-ceskoslovenskeho-dila\/","name":"\u017dIJEME LIDSKY? REFORMA BYDLEN\u00cd 1914 \u2013 1948. SVAZ \u010cESKOSLOVENSK\u00c9HO D\u00cdLA - Um\u011bleckopr\u016fmyslov\u00e9 museum v Praze","isPartOf":{"@id":"https:\/\/www.upm.cz\/#website"},"primaryImageOfPage":{"@id":"https:\/\/www.upm.cz\/eshop\/zijeme-lidsky-reforma-bydleni-1914-1948-svaz-ceskoslovenskeho-dila\/#primaryimage"},"image":{"@id":"https:\/\/www.upm.cz\/eshop\/zijeme-lidsky-reforma-bydleni-1914-1948-svaz-ceskoslovenskeho-dila\/#primaryimage"},"thumbnailUrl":"https:\/\/www.upm.cz\/wp-content\/uploads\/obalka-nahled-2.jpg","datePublished":"2024-06-26T11:45:31+00:00","dateModified":"2026-03-01T08:41:00+00:00","description":"Souhrnn\u00e1 publikace v\u016fbec poprv\u00e9 p\u0159edstavuje Svaz \u010deskoslovensk\u00e9ho d\u00edla v pr\u016fb\u011bhu t\u0159iceti let jeho existence, kdy v\u00fdrazn\u011b modernizoval nejen oblast bydlen\u00ed a architektury, ale tak\u00e9 u\u017eitkov\u00fdch p\u0159edm\u011bt\u016f, hra\u010dek, grafick\u00e9ho a v\u00fdstavn\u00edho designu.Kniha propojuje \u0161perkov\u00e1 d\u00edla minulosti i sou\u010dasnosti. Nesleduje \u010dasovou osu, ale cesty, kter\u00fdmi \u0161perk nese sd\u011blen\u00ed. Sp\u00ed\u0161e ne\u017e teoretick\u00fdm v\u00fdkladem, na tyto cesty upozor\u0148uje skupinami \u0161perk\u016f z\u202fmnoha hledisek odli\u0161n\u00fdch. P\u0159itom zahrnuje kategorii \u0161perku v\u202fpln\u00e9m rozsahu, nejen objekty fyzicky st\u00e1l\u00e9 i nest\u00e1l\u00e9, ale tak\u00e9 d\u00edla s\u202fcharakterem konceptu nebo ud\u00e1losti.Souhrnn\u00e1 publikace v\u016fbec poprv\u00e9 p\u0159edstavuje Svaz \u010deskoslovensk\u00e9ho d\u00edla v pr\u016fb\u011bhu t\u0159iceti let jeho existence, kdy v\u00fdrazn\u011b modernizoval nejen oblast bydlen\u00ed a architektury, ale tak\u00e9 u\u017eitkov\u00fdch p\u0159edm\u011bt\u016f, hra\u010dek, grafick\u00e9ho a v\u00fdstavn\u00edho designu.","breadcrumb":{"@id":"https:\/\/www.upm.cz\/eshop\/zijeme-lidsky-reforma-bydleni-1914-1948-svaz-ceskoslovenskeho-dila\/#breadcrumb"},"inLanguage":"en-US","potentialAction":[{"@type":"ReadAction","target":["https:\/\/www.upm.cz\/eshop\/zijeme-lidsky-reforma-bydleni-1914-1948-svaz-ceskoslovenskeho-dila\/"]}]},{"@type":"ImageObject","inLanguage":"en-US","@id":"https:\/\/www.upm.cz\/eshop\/zijeme-lidsky-reforma-bydleni-1914-1948-svaz-ceskoslovenskeho-dila\/#primaryimage","url":"https:\/\/www.upm.cz\/wp-content\/uploads\/obalka-nahled-2.jpg","contentUrl":"https:\/\/www.upm.cz\/wp-content\/uploads\/obalka-nahled-2.jpg","width":1189,"height":1543,"caption":"\u017dijeme lidsky? ob\u00e1lka knihy"},{"@type":"BreadcrumbList","@id":"https:\/\/www.upm.cz\/eshop\/zijeme-lidsky-reforma-bydleni-1914-1948-svaz-ceskoslovenskeho-dila\/#breadcrumb","itemListElement":[{"@type":"ListItem","position":1,"name":"Dom\u016f","item":"https:\/\/www.upm.cz\/"},{"@type":"ListItem","position":2,"name":"eshop","item":"https:\/\/www.upm.cz\/eshop\/"},{"@type":"ListItem","position":3,"name":"\u017dIJEME LIDSKY? REFORMA BYDLEN\u00cd 1914 \u2013 1948. SVAZ \u010cESKOSLOVENSK\u00c9HO D\u00cdLA"}]},{"@type":"WebSite","@id":"https:\/\/www.upm.cz\/#website","url":"https:\/\/www.upm.cz\/","name":"Um\u011bleckopr\u016fmyslov\u00e9 museum v Praze","description":"","publisher":{"@id":"https:\/\/www.upm.cz\/#organization"},"potentialAction":[{"@type":"SearchAction","target":{"@type":"EntryPoint","urlTemplate":"https:\/\/www.upm.cz\/?s={search_term_string}"},"query-input":{"@type":"PropertyValueSpecification","valueRequired":true,"valueName":"search_term_string"}}],"inLanguage":"en-US"},{"@type":"Organization","@id":"https:\/\/www.upm.cz\/#organization","name":"Um\u011bleckopr\u016fmyslov\u00e9 museum v Praze","url":"https:\/\/www.upm.cz\/","logo":{"@type":"ImageObject","inLanguage":"en-US","@id":"https:\/\/www.upm.cz\/#\/schema\/logo\/image\/","url":"https:\/\/www.upm.cz\/wp-content\/uploads\/2020\/03\/logo_upm_cz.svg","contentUrl":"https:\/\/www.upm.cz\/wp-content\/uploads\/2020\/03\/logo_upm_cz.svg","width":1736,"height":295,"caption":"Um\u011bleckopr\u016fmyslov\u00e9 museum v Praze"},"image":{"@id":"https:\/\/www.upm.cz\/#\/schema\/logo\/image\/"}}]}},"_links":{"self":[{"href":"https:\/\/www.upm.cz\/an\/wp-json\/wp\/v2\/product\/20094","targetHints":{"allow":["GET"]}}],"collection":[{"href":"https:\/\/www.upm.cz\/an\/wp-json\/wp\/v2\/product"}],"about":[{"href":"https:\/\/www.upm.cz\/an\/wp-json\/wp\/v2\/types\/product"}],"wp:featuredmedia":[{"embeddable":true,"href":"https:\/\/www.upm.cz\/an\/wp-json\/wp\/v2\/media\/19790"}],"wp:attachment":[{"href":"https:\/\/www.upm.cz\/an\/wp-json\/wp\/v2\/media?parent=20094"}],"wp:term":[{"taxonomy":"product_brand","embeddable":true,"href":"https:\/\/www.upm.cz\/an\/wp-json\/wp\/v2\/product_brand?post=20094"},{"taxonomy":"product_cat","embeddable":true,"href":"https:\/\/www.upm.cz\/an\/wp-json\/wp\/v2\/product_cat?post=20094"},{"taxonomy":"product_tag","embeddable":true,"href":"https:\/\/www.upm.cz\/an\/wp-json\/wp\/v2\/product_tag?post=20094"}],"curies":[{"name":"wp","href":"https:\/\/api.w.org\/{rel}","templated":true}]}}