{"id":22977,"date":"2025-06-04T14:24:35","date_gmt":"2025-06-04T12:24:35","guid":{"rendered":"https:\/\/www.upm.cz\/?post_type=product&#038;p=22977"},"modified":"2026-01-24T15:58:29","modified_gmt":"2026-01-24T14:58:29","slug":"kde-ty-vsechny-kytky-jsou-textilni-tisk-odevy-a-satky-1920-1990","status":"publish","type":"product","link":"https:\/\/www.upm.cz\/an\/eshop\/kde-ty-vsechny-kytky-jsou-textilni-tisk-odevy-a-satky-1920-1990\/","title":{"rendered":"KDE TY V\u0160ECHNY KYTKY JSOU. TEXTILN\u00cd TISK: OD\u011aVY A&nbsp;\u0160\u00c1TKY 1920 \u2013 1990"},"content":{"rendered":"<p>T\u00e9matem knihy je tisk na textilu, jedna z&nbsp;nejstar\u0161\u00edch discipl\u00edn textiln\u00ed v\u00fdroby, nahl\u00ed\u017een\u00fd z&nbsp;mnoha \u00fahl\u016f: jako nositel v\u00fdtvarn\u00fdch tendenc\u00ed a&nbsp;jako materi\u00e1l na v\u00fdrobu od\u011bv\u016f a&nbsp;\u0161\u00e1tk\u016f, kter\u00e9 se mohou st\u00e1t tak\u00e9 n\u00e1strojem r\u016fznorod\u00fdch sd\u011blen\u00ed. Ka\u017ed\u00e1 l\u00e1tka m\u00e1 sv\u016fj p\u0159\u00edb\u011bh v\u00fdrobn\u00ed, estetick\u00fd i&nbsp;lidsk\u00fd, p\u0159\u00edb\u011bh v&nbsp;ur\u010dit\u00e9m smyslu jedine\u010dn\u00fd. Publikace se sna\u017e\u00ed dolo\u017eit komplex vztah\u016f mezi ti\u0161t\u011bn\u00fdm textilem, m\u00f3dou, histori\u00ed a&nbsp;tak\u00e9 lidskou individualitou. Sleduje v\u00fdvoj jednotliv\u00fdch typ\u016f vzor\u016f, a\u0165 u\u017e jde o&nbsp;te\u010dky, pruhy, nebo kv\u011btiny, do nich\u017e se prom\u00edtaj\u00ed v\u00fdtvarn\u00e9, technick\u00e9 i&nbsp;ideov\u00e9 vlivy. Velk\u00e1 pozornost je v\u011bnov\u00e1na \u0161\u00e1tku jako autentick\u00e9mu historick\u00e9mu dokumentu, jen\u017e slou\u017e\u00ed t\u00e9\u017e k&nbsp;propagaci a&nbsp;propagand\u011b \u010di&nbsp;jako upom\u00ednka, a&nbsp;z\u00e1rove\u0148 dokl\u00e1d\u00e1 v\u00fdvoj v\u00fdtvarn\u00e9ho um\u011bn\u00ed.<\/p>","protected":false},"excerpt":{"rendered":"<p>autorka koncepce a&nbsp;text\u016f: Konstantina Hlav\u00e1\u010dkov\u00e1<br \/>\nfotografie: Ond\u0159ej Kocourek<br \/>\ngrafick\u00fd design: \u0160t\u011bp\u00e1n Malovec, Martin Odehnal<br \/>\nvyd\u00e1n\u00ed: \u010desk\u00e9 s&nbsp;anglick\u00fdm resum\u00e9<br \/>\npo\u010det stran: 413<br \/>\nvydavatel: UPM, Slovart<br \/>\nISBN (UPM) 978-80-7101-243-6<\/p>","protected":false},"featured_media":22740,"template":"","meta":{"_acf_changed":false},"product_brand":[],"product_cat":[80,45],"product_tag":[],"class_list":{"0":"post-22977","1":"product","2":"type-product","3":"status-publish","4":"has-post-thumbnail","6":"product_cat-books","7":"product_cat-knihy","9":"first","10":"instock","11":"shipping-taxable","12":"purchasable","13":"product-type-simple"},"acf":[],"yoast_head":"<!-- This site is optimized with the Yoast SEO plugin v26.9 - https:\/\/yoast.com\/product\/yoast-seo-wordpress\/ -->\n<title>KDE TY V\u0160ECHNY KYTKY JSOU. TEXTILN\u00cd TISK: OD\u011aVY A \u0160\u00c1TKY 1920 \u2013 1990 - Um\u011bleckopr\u016fmyslov\u00e9 museum v Praze<\/title>\n<meta name=\"description\" content=\"T\u00e9matem knihy je tisk na textilu, jedna z nejstar\u0161\u00edch discipl\u00edn textiln\u00ed v\u00fdroby, nahl\u00ed\u017een\u00fd z mnoha \u00fahl\u016f: jako nositel v\u00fdtvarn\u00fdch tendenc\u00ed a jako materi\u00e1l na v\u00fdrobu od\u011bv\u016f a \u0161\u00e1tk\u016f, kter\u00e9 se mohou st\u00e1t tak\u00e9 n\u00e1strojem r\u016fznorod\u00fdch sd\u011blen\u00ed. Ka\u017ed\u00e1 l\u00e1tka m\u00e1 sv\u016fj p\u0159\u00edb\u011bh v\u00fdrobn\u00ed, estetick\u00fd i lidsk\u00fd, p\u0159\u00edb\u011bh v ur\u010dit\u00e9m smyslu jedine\u010dn\u00fd. Publikace se sna\u017e\u00ed dolo\u017eit komplex vztah\u016f mezi ti\u0161t\u011bn\u00fdm textilem, m\u00f3dou, histori\u00ed a tak\u00e9 lidskou individualitou. Sleduje v\u00fdvoj jednotliv\u00fdch typ\u016f vzor\u016f, a\u0165 u\u017e jde o te\u010dky, pruhy, nebo kv\u011btiny, do nich\u017e se prom\u00edtaj\u00ed v\u00fdtvarn\u00e9, technick\u00e9 i ideov\u00e9 vlivy. Velk\u00e1 pozornost je v\u011bnov\u00e1na \u0161\u00e1tku jako autentick\u00e9mu historick\u00e9mu dokumentu, jen\u017e slou\u017e\u00ed t\u00e9\u017e k propagaci a propagand\u011b \u010di jako upom\u00ednka, a z\u00e1rove\u0148 dokl\u00e1d\u00e1 v\u00fdvoj v\u00fdtvarn\u00e9ho um\u011bn\u00ed.\" \/>\n<meta name=\"robots\" content=\"index, follow, max-snippet:-1, max-image-preview:large, max-video-preview:-1\" \/>\n<link rel=\"canonical\" href=\"https:\/\/www.upm.cz\/an\/eshop\/kde-ty-vsechny-kytky-jsou-textilni-tisk-odevy-a-satky-1920-1990\/\" \/>\n<meta property=\"og:locale\" content=\"en_US\" \/>\n<meta property=\"og:type\" content=\"article\" \/>\n<meta property=\"og:title\" content=\"KDE TY V\u0160ECHNY KYTKY JSOU. TEXTILN\u00cd TISK: OD\u011aVY A \u0160\u00c1TKY 1920 \u2013 1990 - Um\u011bleckopr\u016fmyslov\u00e9 museum v Praze\" \/>\n<meta property=\"og:description\" content=\"T\u00e9matem knihy je tisk na textilu, jedna z nejstar\u0161\u00edch discipl\u00edn textiln\u00ed v\u00fdroby, nahl\u00ed\u017een\u00fd z mnoha \u00fahl\u016f: jako nositel v\u00fdtvarn\u00fdch tendenc\u00ed a jako materi\u00e1l na v\u00fdrobu od\u011bv\u016f a \u0161\u00e1tk\u016f, kter\u00e9 se mohou st\u00e1t tak\u00e9 n\u00e1strojem r\u016fznorod\u00fdch sd\u011blen\u00ed. Ka\u017ed\u00e1 l\u00e1tka m\u00e1 sv\u016fj p\u0159\u00edb\u011bh v\u00fdrobn\u00ed, estetick\u00fd i lidsk\u00fd, p\u0159\u00edb\u011bh v ur\u010dit\u00e9m smyslu jedine\u010dn\u00fd. Publikace se sna\u017e\u00ed dolo\u017eit komplex vztah\u016f mezi ti\u0161t\u011bn\u00fdm textilem, m\u00f3dou, histori\u00ed a tak\u00e9 lidskou individualitou. Sleduje v\u00fdvoj jednotliv\u00fdch typ\u016f vzor\u016f, a\u0165 u\u017e jde o te\u010dky, pruhy, nebo kv\u011btiny, do nich\u017e se prom\u00edtaj\u00ed v\u00fdtvarn\u00e9, technick\u00e9 i ideov\u00e9 vlivy. Velk\u00e1 pozornost je v\u011bnov\u00e1na \u0161\u00e1tku jako autentick\u00e9mu historick\u00e9mu dokumentu, jen\u017e slou\u017e\u00ed t\u00e9\u017e k propagaci a propagand\u011b \u010di jako upom\u00ednka, a z\u00e1rove\u0148 dokl\u00e1d\u00e1 v\u00fdvoj v\u00fdtvarn\u00e9ho um\u011bn\u00ed.\" \/>\n<meta property=\"og:url\" content=\"https:\/\/www.upm.cz\/an\/eshop\/kde-ty-vsechny-kytky-jsou-textilni-tisk-odevy-a-satky-1920-1990\/\" \/>\n<meta property=\"og:site_name\" content=\"Um\u011bleckopr\u016fmyslov\u00e9 museum v Praze\" \/>\n<meta property=\"article:modified_time\" content=\"2026-01-24T14:58:29+00:00\" \/>\n<meta property=\"og:image\" content=\"https:\/\/www.upm.cz\/wp-content\/uploads\/Textilni-tisk_obalka_fin-1353x1700.jpg\" \/>\n\t<meta property=\"og:image:width\" content=\"1353\" \/>\n\t<meta property=\"og:image:height\" content=\"1700\" \/>\n\t<meta property=\"og:image:type\" content=\"image\/jpeg\" \/>\n<meta name=\"twitter:card\" content=\"summary_large_image\" \/>\n<meta name=\"twitter:label1\" content=\"Est. reading time\" \/>\n\t<meta name=\"twitter:data1\" content=\"1 minute\" \/>\n<script type=\"application\/ld+json\" class=\"yoast-schema-graph\">{\"@context\":\"https:\/\/schema.org\",\"@graph\":[{\"@type\":\"WebPage\",\"@id\":\"https:\/\/www.upm.cz\/eshop\/kde-ty-vsechny-kytky-jsou-textilni-tisk-odevy-a-satky-1920-1990\/\",\"url\":\"https:\/\/www.upm.cz\/eshop\/kde-ty-vsechny-kytky-jsou-textilni-tisk-odevy-a-satky-1920-1990\/\",\"name\":\"KDE TY V\u0160ECHNY KYTKY JSOU. TEXTILN\u00cd TISK: OD\u011aVY A \u0160\u00c1TKY 1920 \u2013 1990 - Um\u011bleckopr\u016fmyslov\u00e9 museum v Praze\",\"isPartOf\":{\"@id\":\"https:\/\/www.upm.cz\/#website\"},\"primaryImageOfPage\":{\"@id\":\"https:\/\/www.upm.cz\/eshop\/kde-ty-vsechny-kytky-jsou-textilni-tisk-odevy-a-satky-1920-1990\/#primaryimage\"},\"image\":{\"@id\":\"https:\/\/www.upm.cz\/eshop\/kde-ty-vsechny-kytky-jsou-textilni-tisk-odevy-a-satky-1920-1990\/#primaryimage\"},\"thumbnailUrl\":\"https:\/\/www.upm.cz\/wp-content\/uploads\/Textilni-tisk_obalka_fin.jpg\",\"datePublished\":\"2025-06-04T12:24:35+00:00\",\"dateModified\":\"2026-01-24T14:58:29+00:00\",\"description\":\"T\u00e9matem knihy je tisk na textilu, jedna z nejstar\u0161\u00edch discipl\u00edn textiln\u00ed v\u00fdroby, nahl\u00ed\u017een\u00fd z mnoha \u00fahl\u016f: jako nositel v\u00fdtvarn\u00fdch tendenc\u00ed a jako materi\u00e1l na v\u00fdrobu od\u011bv\u016f a \u0161\u00e1tk\u016f, kter\u00e9 se mohou st\u00e1t tak\u00e9 n\u00e1strojem r\u016fznorod\u00fdch sd\u011blen\u00ed. Ka\u017ed\u00e1 l\u00e1tka m\u00e1 sv\u016fj p\u0159\u00edb\u011bh v\u00fdrobn\u00ed, estetick\u00fd i lidsk\u00fd, p\u0159\u00edb\u011bh v ur\u010dit\u00e9m smyslu jedine\u010dn\u00fd. Publikace se sna\u017e\u00ed dolo\u017eit komplex vztah\u016f mezi ti\u0161t\u011bn\u00fdm textilem, m\u00f3dou, histori\u00ed a tak\u00e9 lidskou individualitou. Sleduje v\u00fdvoj jednotliv\u00fdch typ\u016f vzor\u016f, a\u0165 u\u017e jde o te\u010dky, pruhy, nebo kv\u011btiny, do nich\u017e se prom\u00edtaj\u00ed v\u00fdtvarn\u00e9, technick\u00e9 i ideov\u00e9 vlivy. Velk\u00e1 pozornost je v\u011bnov\u00e1na \u0161\u00e1tku jako autentick\u00e9mu historick\u00e9mu dokumentu, jen\u017e slou\u017e\u00ed t\u00e9\u017e k propagaci a propagand\u011b \u010di jako upom\u00ednka, a z\u00e1rove\u0148 dokl\u00e1d\u00e1 v\u00fdvoj v\u00fdtvarn\u00e9ho um\u011bn\u00ed.\",\"breadcrumb\":{\"@id\":\"https:\/\/www.upm.cz\/eshop\/kde-ty-vsechny-kytky-jsou-textilni-tisk-odevy-a-satky-1920-1990\/#breadcrumb\"},\"inLanguage\":\"en-US\",\"potentialAction\":[{\"@type\":\"ReadAction\",\"target\":[\"https:\/\/www.upm.cz\/eshop\/kde-ty-vsechny-kytky-jsou-textilni-tisk-odevy-a-satky-1920-1990\/\"]}]},{\"@type\":\"ImageObject\",\"inLanguage\":\"en-US\",\"@id\":\"https:\/\/www.upm.cz\/eshop\/kde-ty-vsechny-kytky-jsou-textilni-tisk-odevy-a-satky-1920-1990\/#primaryimage\",\"url\":\"https:\/\/www.upm.cz\/wp-content\/uploads\/Textilni-tisk_obalka_fin.jpg\",\"contentUrl\":\"https:\/\/www.upm.cz\/wp-content\/uploads\/Textilni-tisk_obalka_fin.jpg\",\"width\":2000,\"height\":2513,\"caption\":\"KDE TY V\u0160ECHNY KYTKY JSOU. TEXTILN\u00cd TISK: OD\u011aVY A \u0160\u00c1TKY 1920 \u2013 1990\"},{\"@type\":\"BreadcrumbList\",\"@id\":\"https:\/\/www.upm.cz\/eshop\/kde-ty-vsechny-kytky-jsou-textilni-tisk-odevy-a-satky-1920-1990\/#breadcrumb\",\"itemListElement\":[{\"@type\":\"ListItem\",\"position\":1,\"name\":\"Dom\u016f\",\"item\":\"https:\/\/www.upm.cz\/\"},{\"@type\":\"ListItem\",\"position\":2,\"name\":\"eshop\",\"item\":\"https:\/\/www.upm.cz\/eshop\/\"},{\"@type\":\"ListItem\",\"position\":3,\"name\":\"KDE TY V\u0160ECHNY KYTKY JSOU. TEXTILN\u00cd TISK: OD\u011aVY A \u0160\u00c1TKY 1920 \u2013 1990\"}]},{\"@type\":\"WebSite\",\"@id\":\"https:\/\/www.upm.cz\/#website\",\"url\":\"https:\/\/www.upm.cz\/\",\"name\":\"Um\u011bleckopr\u016fmyslov\u00e9 museum v Praze\",\"description\":\"\",\"publisher\":{\"@id\":\"https:\/\/www.upm.cz\/#organization\"},\"potentialAction\":[{\"@type\":\"SearchAction\",\"target\":{\"@type\":\"EntryPoint\",\"urlTemplate\":\"https:\/\/www.upm.cz\/?s={search_term_string}\"},\"query-input\":{\"@type\":\"PropertyValueSpecification\",\"valueRequired\":true,\"valueName\":\"search_term_string\"}}],\"inLanguage\":\"en-US\"},{\"@type\":\"Organization\",\"@id\":\"https:\/\/www.upm.cz\/#organization\",\"name\":\"Um\u011bleckopr\u016fmyslov\u00e9 museum v Praze\",\"url\":\"https:\/\/www.upm.cz\/\",\"logo\":{\"@type\":\"ImageObject\",\"inLanguage\":\"en-US\",\"@id\":\"https:\/\/www.upm.cz\/#\/schema\/logo\/image\/\",\"url\":\"https:\/\/www.upm.cz\/wp-content\/uploads\/2020\/03\/logo_upm_cz.svg\",\"contentUrl\":\"https:\/\/www.upm.cz\/wp-content\/uploads\/2020\/03\/logo_upm_cz.svg\",\"width\":1736,\"height\":295,\"caption\":\"Um\u011bleckopr\u016fmyslov\u00e9 museum v Praze\"},\"image\":{\"@id\":\"https:\/\/www.upm.cz\/#\/schema\/logo\/image\/\"}}]}<\/script>\n<!-- \/ Yoast SEO plugin. -->","yoast_head_json":{"title":"KDE TY V\u0160ECHNY KYTKY JSOU. TEXTILN\u00cd TISK: OD\u011aVY A \u0160\u00c1TKY 1920 \u2013 1990 - Um\u011bleckopr\u016fmyslov\u00e9 museum v Praze","description":"T\u00e9matem knihy je tisk na textilu, jedna z nejstar\u0161\u00edch discipl\u00edn textiln\u00ed v\u00fdroby, nahl\u00ed\u017een\u00fd z mnoha \u00fahl\u016f: jako nositel v\u00fdtvarn\u00fdch tendenc\u00ed a jako materi\u00e1l na v\u00fdrobu od\u011bv\u016f a \u0161\u00e1tk\u016f, kter\u00e9 se mohou st\u00e1t tak\u00e9 n\u00e1strojem r\u016fznorod\u00fdch sd\u011blen\u00ed. Ka\u017ed\u00e1 l\u00e1tka m\u00e1 sv\u016fj p\u0159\u00edb\u011bh v\u00fdrobn\u00ed, estetick\u00fd i lidsk\u00fd, p\u0159\u00edb\u011bh v ur\u010dit\u00e9m smyslu jedine\u010dn\u00fd. Publikace se sna\u017e\u00ed dolo\u017eit komplex vztah\u016f mezi ti\u0161t\u011bn\u00fdm textilem, m\u00f3dou, histori\u00ed a tak\u00e9 lidskou individualitou. Sleduje v\u00fdvoj jednotliv\u00fdch typ\u016f vzor\u016f, a\u0165 u\u017e jde o te\u010dky, pruhy, nebo kv\u011btiny, do nich\u017e se prom\u00edtaj\u00ed v\u00fdtvarn\u00e9, technick\u00e9 i ideov\u00e9 vlivy. Velk\u00e1 pozornost je v\u011bnov\u00e1na \u0161\u00e1tku jako autentick\u00e9mu historick\u00e9mu dokumentu, jen\u017e slou\u017e\u00ed t\u00e9\u017e k propagaci a propagand\u011b \u010di jako upom\u00ednka, a z\u00e1rove\u0148 dokl\u00e1d\u00e1 v\u00fdvoj v\u00fdtvarn\u00e9ho um\u011bn\u00ed.","robots":{"index":"index","follow":"follow","max-snippet":"max-snippet:-1","max-image-preview":"max-image-preview:large","max-video-preview":"max-video-preview:-1"},"canonical":"https:\/\/www.upm.cz\/an\/eshop\/kde-ty-vsechny-kytky-jsou-textilni-tisk-odevy-a-satky-1920-1990\/","og_locale":"en_US","og_type":"article","og_title":"KDE TY V\u0160ECHNY KYTKY JSOU. TEXTILN\u00cd TISK: OD\u011aVY A \u0160\u00c1TKY 1920 \u2013 1990 - Um\u011bleckopr\u016fmyslov\u00e9 museum v Praze","og_description":"T\u00e9matem knihy je tisk na textilu, jedna z nejstar\u0161\u00edch discipl\u00edn textiln\u00ed v\u00fdroby, nahl\u00ed\u017een\u00fd z mnoha \u00fahl\u016f: jako nositel v\u00fdtvarn\u00fdch tendenc\u00ed a jako materi\u00e1l na v\u00fdrobu od\u011bv\u016f a \u0161\u00e1tk\u016f, kter\u00e9 se mohou st\u00e1t tak\u00e9 n\u00e1strojem r\u016fznorod\u00fdch sd\u011blen\u00ed. Ka\u017ed\u00e1 l\u00e1tka m\u00e1 sv\u016fj p\u0159\u00edb\u011bh v\u00fdrobn\u00ed, estetick\u00fd i lidsk\u00fd, p\u0159\u00edb\u011bh v ur\u010dit\u00e9m smyslu jedine\u010dn\u00fd. Publikace se sna\u017e\u00ed dolo\u017eit komplex vztah\u016f mezi ti\u0161t\u011bn\u00fdm textilem, m\u00f3dou, histori\u00ed a tak\u00e9 lidskou individualitou. Sleduje v\u00fdvoj jednotliv\u00fdch typ\u016f vzor\u016f, a\u0165 u\u017e jde o te\u010dky, pruhy, nebo kv\u011btiny, do nich\u017e se prom\u00edtaj\u00ed v\u00fdtvarn\u00e9, technick\u00e9 i ideov\u00e9 vlivy. Velk\u00e1 pozornost je v\u011bnov\u00e1na \u0161\u00e1tku jako autentick\u00e9mu historick\u00e9mu dokumentu, jen\u017e slou\u017e\u00ed t\u00e9\u017e k propagaci a propagand\u011b \u010di jako upom\u00ednka, a z\u00e1rove\u0148 dokl\u00e1d\u00e1 v\u00fdvoj v\u00fdtvarn\u00e9ho um\u011bn\u00ed.","og_url":"https:\/\/www.upm.cz\/an\/eshop\/kde-ty-vsechny-kytky-jsou-textilni-tisk-odevy-a-satky-1920-1990\/","og_site_name":"Um\u011bleckopr\u016fmyslov\u00e9 museum v Praze","article_modified_time":"2026-01-24T14:58:29+00:00","og_image":[{"width":1353,"height":1700,"url":"https:\/\/www.upm.cz\/wp-content\/uploads\/Textilni-tisk_obalka_fin-1353x1700.jpg","type":"image\/jpeg"}],"twitter_card":"summary_large_image","twitter_misc":{"Est. reading time":"1 minute"},"schema":{"@context":"https:\/\/schema.org","@graph":[{"@type":"WebPage","@id":"https:\/\/www.upm.cz\/eshop\/kde-ty-vsechny-kytky-jsou-textilni-tisk-odevy-a-satky-1920-1990\/","url":"https:\/\/www.upm.cz\/eshop\/kde-ty-vsechny-kytky-jsou-textilni-tisk-odevy-a-satky-1920-1990\/","name":"KDE TY V\u0160ECHNY KYTKY JSOU. TEXTILN\u00cd TISK: OD\u011aVY A \u0160\u00c1TKY 1920 \u2013 1990 - Um\u011bleckopr\u016fmyslov\u00e9 museum v Praze","isPartOf":{"@id":"https:\/\/www.upm.cz\/#website"},"primaryImageOfPage":{"@id":"https:\/\/www.upm.cz\/eshop\/kde-ty-vsechny-kytky-jsou-textilni-tisk-odevy-a-satky-1920-1990\/#primaryimage"},"image":{"@id":"https:\/\/www.upm.cz\/eshop\/kde-ty-vsechny-kytky-jsou-textilni-tisk-odevy-a-satky-1920-1990\/#primaryimage"},"thumbnailUrl":"https:\/\/www.upm.cz\/wp-content\/uploads\/Textilni-tisk_obalka_fin.jpg","datePublished":"2025-06-04T12:24:35+00:00","dateModified":"2026-01-24T14:58:29+00:00","description":"T\u00e9matem knihy je tisk na textilu, jedna z nejstar\u0161\u00edch discipl\u00edn textiln\u00ed v\u00fdroby, nahl\u00ed\u017een\u00fd z mnoha \u00fahl\u016f: jako nositel v\u00fdtvarn\u00fdch tendenc\u00ed a jako materi\u00e1l na v\u00fdrobu od\u011bv\u016f a \u0161\u00e1tk\u016f, kter\u00e9 se mohou st\u00e1t tak\u00e9 n\u00e1strojem r\u016fznorod\u00fdch sd\u011blen\u00ed. Ka\u017ed\u00e1 l\u00e1tka m\u00e1 sv\u016fj p\u0159\u00edb\u011bh v\u00fdrobn\u00ed, estetick\u00fd i lidsk\u00fd, p\u0159\u00edb\u011bh v ur\u010dit\u00e9m smyslu jedine\u010dn\u00fd. Publikace se sna\u017e\u00ed dolo\u017eit komplex vztah\u016f mezi ti\u0161t\u011bn\u00fdm textilem, m\u00f3dou, histori\u00ed a tak\u00e9 lidskou individualitou. Sleduje v\u00fdvoj jednotliv\u00fdch typ\u016f vzor\u016f, a\u0165 u\u017e jde o te\u010dky, pruhy, nebo kv\u011btiny, do nich\u017e se prom\u00edtaj\u00ed v\u00fdtvarn\u00e9, technick\u00e9 i ideov\u00e9 vlivy. Velk\u00e1 pozornost je v\u011bnov\u00e1na \u0161\u00e1tku jako autentick\u00e9mu historick\u00e9mu dokumentu, jen\u017e slou\u017e\u00ed t\u00e9\u017e k propagaci a propagand\u011b \u010di jako upom\u00ednka, a z\u00e1rove\u0148 dokl\u00e1d\u00e1 v\u00fdvoj v\u00fdtvarn\u00e9ho um\u011bn\u00ed.","breadcrumb":{"@id":"https:\/\/www.upm.cz\/eshop\/kde-ty-vsechny-kytky-jsou-textilni-tisk-odevy-a-satky-1920-1990\/#breadcrumb"},"inLanguage":"en-US","potentialAction":[{"@type":"ReadAction","target":["https:\/\/www.upm.cz\/eshop\/kde-ty-vsechny-kytky-jsou-textilni-tisk-odevy-a-satky-1920-1990\/"]}]},{"@type":"ImageObject","inLanguage":"en-US","@id":"https:\/\/www.upm.cz\/eshop\/kde-ty-vsechny-kytky-jsou-textilni-tisk-odevy-a-satky-1920-1990\/#primaryimage","url":"https:\/\/www.upm.cz\/wp-content\/uploads\/Textilni-tisk_obalka_fin.jpg","contentUrl":"https:\/\/www.upm.cz\/wp-content\/uploads\/Textilni-tisk_obalka_fin.jpg","width":2000,"height":2513,"caption":"KDE TY V\u0160ECHNY KYTKY JSOU. TEXTILN\u00cd TISK: OD\u011aVY A \u0160\u00c1TKY 1920 \u2013 1990"},{"@type":"BreadcrumbList","@id":"https:\/\/www.upm.cz\/eshop\/kde-ty-vsechny-kytky-jsou-textilni-tisk-odevy-a-satky-1920-1990\/#breadcrumb","itemListElement":[{"@type":"ListItem","position":1,"name":"Dom\u016f","item":"https:\/\/www.upm.cz\/"},{"@type":"ListItem","position":2,"name":"eshop","item":"https:\/\/www.upm.cz\/eshop\/"},{"@type":"ListItem","position":3,"name":"KDE TY V\u0160ECHNY KYTKY JSOU. TEXTILN\u00cd TISK: OD\u011aVY A \u0160\u00c1TKY 1920 \u2013 1990"}]},{"@type":"WebSite","@id":"https:\/\/www.upm.cz\/#website","url":"https:\/\/www.upm.cz\/","name":"Um\u011bleckopr\u016fmyslov\u00e9 museum v Praze","description":"","publisher":{"@id":"https:\/\/www.upm.cz\/#organization"},"potentialAction":[{"@type":"SearchAction","target":{"@type":"EntryPoint","urlTemplate":"https:\/\/www.upm.cz\/?s={search_term_string}"},"query-input":{"@type":"PropertyValueSpecification","valueRequired":true,"valueName":"search_term_string"}}],"inLanguage":"en-US"},{"@type":"Organization","@id":"https:\/\/www.upm.cz\/#organization","name":"Um\u011bleckopr\u016fmyslov\u00e9 museum v Praze","url":"https:\/\/www.upm.cz\/","logo":{"@type":"ImageObject","inLanguage":"en-US","@id":"https:\/\/www.upm.cz\/#\/schema\/logo\/image\/","url":"https:\/\/www.upm.cz\/wp-content\/uploads\/2020\/03\/logo_upm_cz.svg","contentUrl":"https:\/\/www.upm.cz\/wp-content\/uploads\/2020\/03\/logo_upm_cz.svg","width":1736,"height":295,"caption":"Um\u011bleckopr\u016fmyslov\u00e9 museum v Praze"},"image":{"@id":"https:\/\/www.upm.cz\/#\/schema\/logo\/image\/"}}]}},"_links":{"self":[{"href":"https:\/\/www.upm.cz\/an\/wp-json\/wp\/v2\/product\/22977","targetHints":{"allow":["GET"]}}],"collection":[{"href":"https:\/\/www.upm.cz\/an\/wp-json\/wp\/v2\/product"}],"about":[{"href":"https:\/\/www.upm.cz\/an\/wp-json\/wp\/v2\/types\/product"}],"wp:featuredmedia":[{"embeddable":true,"href":"https:\/\/www.upm.cz\/an\/wp-json\/wp\/v2\/media\/22740"}],"wp:attachment":[{"href":"https:\/\/www.upm.cz\/an\/wp-json\/wp\/v2\/media?parent=22977"}],"wp:term":[{"taxonomy":"product_brand","embeddable":true,"href":"https:\/\/www.upm.cz\/an\/wp-json\/wp\/v2\/product_brand?post=22977"},{"taxonomy":"product_cat","embeddable":true,"href":"https:\/\/www.upm.cz\/an\/wp-json\/wp\/v2\/product_cat?post=22977"},{"taxonomy":"product_tag","embeddable":true,"href":"https:\/\/www.upm.cz\/an\/wp-json\/wp\/v2\/product_tag?post=22977"}],"curies":[{"name":"wp","href":"https:\/\/api.w.org\/{rel}","templated":true}]}}