{"id":24255,"date":"2023-12-02T13:17:40","date_gmt":"2023-12-02T12:17:40","guid":{"rendered":"https:\/\/www.upm.cz\/?post_type=product&#038;p=24255"},"modified":"2025-12-24T23:43:13","modified_gmt":"2025-12-24T22:43:13","slug":"100-let-graficke-skoly-v-praze-1920-2020","status":"publish","type":"product","link":"https:\/\/www.upm.cz\/an\/eshop\/100-let-graficke-skoly-v-praze-1920-2020\/","title":{"rendered":"100 LET GRAFICK\u00c9 \u0160KOLY V&nbsp;PRAZE (1920 \u2013 2020)"},"content":{"rendered":"<p>Publikace p\u0159ipom\u00ednaj\u00edc\u00ed stolet\u00e9 v\u00fdro\u010d\u00ed zalo\u017een\u00ed grafick\u00e9 \u0161koly v&nbsp;Praze vych\u00e1z\u00ed ze stejnojmenn\u00e9 v\u00fdstavy, je\u017e vznikla v&nbsp;t\u011bsn\u00e9 spolupr\u00e1ci \u0161koly a&nbsp;Um\u011bleckopr\u016fmysloh\u00e9 musea v&nbsp;Praze. Kniha p\u0159edstavuje v\u00fdb\u011br z&nbsp;velmi rozmanit\u00e9 kolekce expon\u00e1t\u016f a&nbsp;dokumentuje historii v\u00fdznamn\u00e9 vzd\u011bl\u00e1vac\u00ed instituce od jej\u00edho zalo\u017een\u00ed a\u017e po&nbsp;sou\u010dasnost. P\u0159ipom\u00edn\u00e1 tak \u0161irokou plej\u00e1du v\u00fdrazn\u00fdch osobnost\u00ed v&nbsp;oboru fotografie, typografie, grafick\u00e9ho designu, tisku a&nbsp;konzerv\u00e1torstv\u00ed a&nbsp;restaur\u00e1torstv\u00ed z&nbsp;\u0159ad pedagog\u016f \u0161koly i&nbsp;jejich \u017e\u00e1k\u016f. jejich d\u00edla dopl\u0148uj\u00ed uk\u00e1zky \u0161koln\u00edch tiskovin, plesov\u00fdch plak\u00e1t\u016f a&nbsp;pr\u00e1ce sou\u010dasn\u00fdch student\u016f a&nbsp;absolvent\u016f dne\u0161n\u00ed Vy\u0161\u0161\u00ed odborn\u00e9 \u0161koly grafick\u00e9 a&nbsp;St\u0159edn\u00ed pr\u016fmyslov\u00e9 \u0161koly grafick\u00e9 v&nbsp;Praze, ozna\u010dovan\u00fdch souhrnn\u011b jako Hellichovka.<\/p>","protected":false},"excerpt":{"rendered":"<p>Editorka: Libu\u0161e Sta\u0148kov\u00e1<br \/>\nTexty: Libu\u0161e Sta\u0148kov\u00e1, Radim Vondr\u00e1\u010dek, Jan Ml\u010doch, Iva Knobloch, Lucie Vl\u010dkov\u00e1, Radek Blah\u00e1k, Helena Koenigsmarkov\u00e1<br \/>\nCit\u00e1ty sebrali a&nbsp;zpracovali: Jan Sehnal a&nbsp;Josef\u00edna Karl\u00edkov\u00e1<br \/>\nGrafick\u00fd design: Jan Kloss, Mat\u011bj \u010cin\u010dera a&nbsp;Adam Bla\u017eek<br \/>\nVydala Vy\u0161\u0161\u00ed odborn\u00e1 \u0161kola grafick\u00e1 a&nbsp;St\u0159edn\u00ed pr\u016fmyslov\u00e1 \u0161kola grafick\u00e1 ve spolupr\u00e1ci s&nbsp;UPM v&nbsp;roce 2021 ke stejnojmenn\u00e9 v\u00fdstav\u011b konan\u00e9 1.&nbsp;10.&nbsp;2020 \u2013 12.&nbsp;9.&nbsp;2021<\/p>\n<p>ISBN 978-80-86824-23-9 (Nakladatelstv\u00ed grafick\u00e9 \u0161koly)<br \/>\nISBN 978-80-7101-199-9 (UPM)<\/p>","protected":false},"featured_media":24254,"template":"","meta":{"_acf_changed":false},"product_brand":[],"product_cat":[45],"product_tag":[],"class_list":{"0":"post-24255","1":"product","2":"type-product","3":"status-publish","4":"has-post-thumbnail","6":"product_cat-knihy","8":"first","9":"instock","10":"shipping-taxable","11":"purchasable","12":"product-type-simple"},"acf":[],"yoast_head":"<!-- This site is optimized with the Yoast SEO plugin v26.9 - https:\/\/yoast.com\/product\/yoast-seo-wordpress\/ -->\n<title>100 LET GRAFICK\u00c9 \u0160KOLY V PRAZE (1920 \u2013 2020) - Um\u011bleckopr\u016fmyslov\u00e9 museum v Praze<\/title>\n<meta name=\"description\" content=\"Publikace p\u0159ipom\u00ednaj\u00edc\u00ed stolet\u00e9 v\u00fdro\u010d\u00ed zalo\u017een\u00ed grafick\u00e9 \u0161koly v Praze vych\u00e1z\u00ed ze stejnojmenn\u00e9 v\u00fdstavy, je\u017e vznikla v t\u011bsn\u00e9 spolupr\u00e1ci \u0161koly a Um\u011bleckopr\u016fmysloh\u00e9 musea v Praze. Kniha p\u0159edstavuje v\u00fdb\u011br z velmi rozmanit\u00e9 kolekce expon\u00e1t\u016f a dokumentuje historii v\u00fdznamn\u00e9 vzd\u011bl\u00e1vac\u00ed instituce od jej\u00edho zalo\u017een\u00ed a\u017e po sou\u010dasnost. P\u0159ipom\u00edn\u00e1 tak \u0161irokou plej\u00e1du v\u00fdrazn\u00fdch osobnost\u00ed v oboru fotografie, typografie, grafick\u00e9ho designu, tisku a konzerv\u00e1torstv\u00ed a restaur\u00e1torstv\u00ed z \u0159ad pedagog\u016f \u0161koly i jejich \u017e\u00e1k\u016f. jejich d\u00edla dopl\u0148uj\u00ed uk\u00e1zky \u0161koln\u00edch tiskovin, plesov\u00fdch plak\u00e1t\u016f a pr\u00e1ce sou\u010dasn\u00fdch student\u016f a absolvent\u016f dne\u0161n\u00ed Vy\u0161\u0161\u00ed odborn\u00e9 \u0161koly grafick\u00e9 a St\u0159edn\u00ed pr\u016fmyslov\u00e9 \u0161koly grafick\u00e9 v Praze, ozna\u010dovan\u00fdch souhrnn\u011b jako Hellichovka.\" \/>\n<meta name=\"robots\" content=\"index, follow, max-snippet:-1, max-image-preview:large, max-video-preview:-1\" \/>\n<link rel=\"canonical\" href=\"https:\/\/www.upm.cz\/an\/eshop\/100-let-graficke-skoly-v-praze-1920-2020\/\" \/>\n<meta property=\"og:locale\" content=\"en_US\" \/>\n<meta property=\"og:type\" content=\"article\" \/>\n<meta property=\"og:title\" content=\"100 LET GRAFICK\u00c9 \u0160KOLY V PRAZE (1920 \u2013 2020) - Um\u011bleckopr\u016fmyslov\u00e9 museum v Praze\" \/>\n<meta property=\"og:description\" content=\"Publikace p\u0159ipom\u00ednaj\u00edc\u00ed stolet\u00e9 v\u00fdro\u010d\u00ed zalo\u017een\u00ed grafick\u00e9 \u0161koly v Praze vych\u00e1z\u00ed ze stejnojmenn\u00e9 v\u00fdstavy, je\u017e vznikla v t\u011bsn\u00e9 spolupr\u00e1ci \u0161koly a Um\u011bleckopr\u016fmysloh\u00e9 musea v Praze. Kniha p\u0159edstavuje v\u00fdb\u011br z velmi rozmanit\u00e9 kolekce expon\u00e1t\u016f a dokumentuje historii v\u00fdznamn\u00e9 vzd\u011bl\u00e1vac\u00ed instituce od jej\u00edho zalo\u017een\u00ed a\u017e po sou\u010dasnost. P\u0159ipom\u00edn\u00e1 tak \u0161irokou plej\u00e1du v\u00fdrazn\u00fdch osobnost\u00ed v oboru fotografie, typografie, grafick\u00e9ho designu, tisku a konzerv\u00e1torstv\u00ed a restaur\u00e1torstv\u00ed z \u0159ad pedagog\u016f \u0161koly i jejich \u017e\u00e1k\u016f. jejich d\u00edla dopl\u0148uj\u00ed uk\u00e1zky \u0161koln\u00edch tiskovin, plesov\u00fdch plak\u00e1t\u016f a pr\u00e1ce sou\u010dasn\u00fdch student\u016f a absolvent\u016f dne\u0161n\u00ed Vy\u0161\u0161\u00ed odborn\u00e9 \u0161koly grafick\u00e9 a St\u0159edn\u00ed pr\u016fmyslov\u00e9 \u0161koly grafick\u00e9 v Praze, ozna\u010dovan\u00fdch souhrnn\u011b jako Hellichovka.\" \/>\n<meta property=\"og:url\" content=\"https:\/\/www.upm.cz\/an\/eshop\/100-let-graficke-skoly-v-praze-1920-2020\/\" \/>\n<meta property=\"og:site_name\" content=\"Um\u011bleckopr\u016fmyslov\u00e9 museum v Praze\" \/>\n<meta property=\"article:modified_time\" content=\"2025-12-24T22:43:13+00:00\" \/>\n<meta property=\"og:image\" content=\"https:\/\/www.upm.cz\/wp-content\/uploads\/thumb_65464.jpg\" \/>\n\t<meta property=\"og:image:width\" content=\"185\" \/>\n\t<meta property=\"og:image:height\" content=\"240\" \/>\n\t<meta property=\"og:image:type\" content=\"image\/jpeg\" \/>\n<meta name=\"twitter:card\" content=\"summary_large_image\" \/>\n<meta name=\"twitter:label1\" content=\"Est. reading time\" \/>\n\t<meta name=\"twitter:data1\" content=\"1 minute\" \/>\n<script type=\"application\/ld+json\" class=\"yoast-schema-graph\">{\"@context\":\"https:\/\/schema.org\",\"@graph\":[{\"@type\":\"WebPage\",\"@id\":\"https:\/\/www.upm.cz\/eshop\/100-let-graficke-skoly-v-praze-1920-2020\/\",\"url\":\"https:\/\/www.upm.cz\/eshop\/100-let-graficke-skoly-v-praze-1920-2020\/\",\"name\":\"100 LET GRAFICK\u00c9 \u0160KOLY V PRAZE (1920 \u2013 2020) - Um\u011bleckopr\u016fmyslov\u00e9 museum v Praze\",\"isPartOf\":{\"@id\":\"https:\/\/www.upm.cz\/#website\"},\"primaryImageOfPage\":{\"@id\":\"https:\/\/www.upm.cz\/eshop\/100-let-graficke-skoly-v-praze-1920-2020\/#primaryimage\"},\"image\":{\"@id\":\"https:\/\/www.upm.cz\/eshop\/100-let-graficke-skoly-v-praze-1920-2020\/#primaryimage\"},\"thumbnailUrl\":\"https:\/\/www.upm.cz\/wp-content\/uploads\/thumb_65464.jpg\",\"datePublished\":\"2023-12-02T12:17:40+00:00\",\"dateModified\":\"2025-12-24T22:43:13+00:00\",\"description\":\"Publikace p\u0159ipom\u00ednaj\u00edc\u00ed stolet\u00e9 v\u00fdro\u010d\u00ed zalo\u017een\u00ed grafick\u00e9 \u0161koly v Praze vych\u00e1z\u00ed ze stejnojmenn\u00e9 v\u00fdstavy, je\u017e vznikla v t\u011bsn\u00e9 spolupr\u00e1ci \u0161koly a Um\u011bleckopr\u016fmysloh\u00e9 musea v Praze. Kniha p\u0159edstavuje v\u00fdb\u011br z velmi rozmanit\u00e9 kolekce expon\u00e1t\u016f a dokumentuje historii v\u00fdznamn\u00e9 vzd\u011bl\u00e1vac\u00ed instituce od jej\u00edho zalo\u017een\u00ed a\u017e po sou\u010dasnost. P\u0159ipom\u00edn\u00e1 tak \u0161irokou plej\u00e1du v\u00fdrazn\u00fdch osobnost\u00ed v oboru fotografie, typografie, grafick\u00e9ho designu, tisku a konzerv\u00e1torstv\u00ed a restaur\u00e1torstv\u00ed z \u0159ad pedagog\u016f \u0161koly i jejich \u017e\u00e1k\u016f. jejich d\u00edla dopl\u0148uj\u00ed uk\u00e1zky \u0161koln\u00edch tiskovin, plesov\u00fdch plak\u00e1t\u016f a pr\u00e1ce sou\u010dasn\u00fdch student\u016f a absolvent\u016f dne\u0161n\u00ed Vy\u0161\u0161\u00ed odborn\u00e9 \u0161koly grafick\u00e9 a St\u0159edn\u00ed pr\u016fmyslov\u00e9 \u0161koly grafick\u00e9 v Praze, ozna\u010dovan\u00fdch souhrnn\u011b jako Hellichovka.\",\"breadcrumb\":{\"@id\":\"https:\/\/www.upm.cz\/eshop\/100-let-graficke-skoly-v-praze-1920-2020\/#breadcrumb\"},\"inLanguage\":\"en-US\",\"potentialAction\":[{\"@type\":\"ReadAction\",\"target\":[\"https:\/\/www.upm.cz\/eshop\/100-let-graficke-skoly-v-praze-1920-2020\/\"]}]},{\"@type\":\"ImageObject\",\"inLanguage\":\"en-US\",\"@id\":\"https:\/\/www.upm.cz\/eshop\/100-let-graficke-skoly-v-praze-1920-2020\/#primaryimage\",\"url\":\"https:\/\/www.upm.cz\/wp-content\/uploads\/thumb_65464.jpg\",\"contentUrl\":\"https:\/\/www.upm.cz\/wp-content\/uploads\/thumb_65464.jpg\",\"width\":185,\"height\":240},{\"@type\":\"BreadcrumbList\",\"@id\":\"https:\/\/www.upm.cz\/eshop\/100-let-graficke-skoly-v-praze-1920-2020\/#breadcrumb\",\"itemListElement\":[{\"@type\":\"ListItem\",\"position\":1,\"name\":\"Dom\u016f\",\"item\":\"https:\/\/www.upm.cz\/\"},{\"@type\":\"ListItem\",\"position\":2,\"name\":\"eshop\",\"item\":\"https:\/\/www.upm.cz\/eshop\/\"},{\"@type\":\"ListItem\",\"position\":3,\"name\":\"100 LET GRAFICK\u00c9 \u0160KOLY V PRAZE (1920 \u2013 2020)\"}]},{\"@type\":\"WebSite\",\"@id\":\"https:\/\/www.upm.cz\/#website\",\"url\":\"https:\/\/www.upm.cz\/\",\"name\":\"Um\u011bleckopr\u016fmyslov\u00e9 museum v Praze\",\"description\":\"\",\"publisher\":{\"@id\":\"https:\/\/www.upm.cz\/#organization\"},\"potentialAction\":[{\"@type\":\"SearchAction\",\"target\":{\"@type\":\"EntryPoint\",\"urlTemplate\":\"https:\/\/www.upm.cz\/?s={search_term_string}\"},\"query-input\":{\"@type\":\"PropertyValueSpecification\",\"valueRequired\":true,\"valueName\":\"search_term_string\"}}],\"inLanguage\":\"en-US\"},{\"@type\":\"Organization\",\"@id\":\"https:\/\/www.upm.cz\/#organization\",\"name\":\"Um\u011bleckopr\u016fmyslov\u00e9 museum v Praze\",\"url\":\"https:\/\/www.upm.cz\/\",\"logo\":{\"@type\":\"ImageObject\",\"inLanguage\":\"en-US\",\"@id\":\"https:\/\/www.upm.cz\/#\/schema\/logo\/image\/\",\"url\":\"https:\/\/www.upm.cz\/wp-content\/uploads\/2020\/03\/logo_upm_cz.svg\",\"contentUrl\":\"https:\/\/www.upm.cz\/wp-content\/uploads\/2020\/03\/logo_upm_cz.svg\",\"width\":1736,\"height\":295,\"caption\":\"Um\u011bleckopr\u016fmyslov\u00e9 museum v Praze\"},\"image\":{\"@id\":\"https:\/\/www.upm.cz\/#\/schema\/logo\/image\/\"}}]}<\/script>\n<!-- \/ Yoast SEO plugin. -->","yoast_head_json":{"title":"100 LET GRAFICK\u00c9 \u0160KOLY V PRAZE (1920 \u2013 2020) - Um\u011bleckopr\u016fmyslov\u00e9 museum v Praze","description":"Publikace p\u0159ipom\u00ednaj\u00edc\u00ed stolet\u00e9 v\u00fdro\u010d\u00ed zalo\u017een\u00ed grafick\u00e9 \u0161koly v Praze vych\u00e1z\u00ed ze stejnojmenn\u00e9 v\u00fdstavy, je\u017e vznikla v t\u011bsn\u00e9 spolupr\u00e1ci \u0161koly a Um\u011bleckopr\u016fmysloh\u00e9 musea v Praze. Kniha p\u0159edstavuje v\u00fdb\u011br z velmi rozmanit\u00e9 kolekce expon\u00e1t\u016f a dokumentuje historii v\u00fdznamn\u00e9 vzd\u011bl\u00e1vac\u00ed instituce od jej\u00edho zalo\u017een\u00ed a\u017e po sou\u010dasnost. P\u0159ipom\u00edn\u00e1 tak \u0161irokou plej\u00e1du v\u00fdrazn\u00fdch osobnost\u00ed v oboru fotografie, typografie, grafick\u00e9ho designu, tisku a konzerv\u00e1torstv\u00ed a restaur\u00e1torstv\u00ed z \u0159ad pedagog\u016f \u0161koly i jejich \u017e\u00e1k\u016f. jejich d\u00edla dopl\u0148uj\u00ed uk\u00e1zky \u0161koln\u00edch tiskovin, plesov\u00fdch plak\u00e1t\u016f a pr\u00e1ce sou\u010dasn\u00fdch student\u016f a absolvent\u016f dne\u0161n\u00ed Vy\u0161\u0161\u00ed odborn\u00e9 \u0161koly grafick\u00e9 a St\u0159edn\u00ed pr\u016fmyslov\u00e9 \u0161koly grafick\u00e9 v Praze, ozna\u010dovan\u00fdch souhrnn\u011b jako Hellichovka.","robots":{"index":"index","follow":"follow","max-snippet":"max-snippet:-1","max-image-preview":"max-image-preview:large","max-video-preview":"max-video-preview:-1"},"canonical":"https:\/\/www.upm.cz\/an\/eshop\/100-let-graficke-skoly-v-praze-1920-2020\/","og_locale":"en_US","og_type":"article","og_title":"100 LET GRAFICK\u00c9 \u0160KOLY V PRAZE (1920 \u2013 2020) - Um\u011bleckopr\u016fmyslov\u00e9 museum v Praze","og_description":"Publikace p\u0159ipom\u00ednaj\u00edc\u00ed stolet\u00e9 v\u00fdro\u010d\u00ed zalo\u017een\u00ed grafick\u00e9 \u0161koly v Praze vych\u00e1z\u00ed ze stejnojmenn\u00e9 v\u00fdstavy, je\u017e vznikla v t\u011bsn\u00e9 spolupr\u00e1ci \u0161koly a Um\u011bleckopr\u016fmysloh\u00e9 musea v Praze. Kniha p\u0159edstavuje v\u00fdb\u011br z velmi rozmanit\u00e9 kolekce expon\u00e1t\u016f a dokumentuje historii v\u00fdznamn\u00e9 vzd\u011bl\u00e1vac\u00ed instituce od jej\u00edho zalo\u017een\u00ed a\u017e po sou\u010dasnost. P\u0159ipom\u00edn\u00e1 tak \u0161irokou plej\u00e1du v\u00fdrazn\u00fdch osobnost\u00ed v oboru fotografie, typografie, grafick\u00e9ho designu, tisku a konzerv\u00e1torstv\u00ed a restaur\u00e1torstv\u00ed z \u0159ad pedagog\u016f \u0161koly i jejich \u017e\u00e1k\u016f. jejich d\u00edla dopl\u0148uj\u00ed uk\u00e1zky \u0161koln\u00edch tiskovin, plesov\u00fdch plak\u00e1t\u016f a pr\u00e1ce sou\u010dasn\u00fdch student\u016f a absolvent\u016f dne\u0161n\u00ed Vy\u0161\u0161\u00ed odborn\u00e9 \u0161koly grafick\u00e9 a St\u0159edn\u00ed pr\u016fmyslov\u00e9 \u0161koly grafick\u00e9 v Praze, ozna\u010dovan\u00fdch souhrnn\u011b jako Hellichovka.","og_url":"https:\/\/www.upm.cz\/an\/eshop\/100-let-graficke-skoly-v-praze-1920-2020\/","og_site_name":"Um\u011bleckopr\u016fmyslov\u00e9 museum v Praze","article_modified_time":"2025-12-24T22:43:13+00:00","og_image":[{"width":185,"height":240,"url":"https:\/\/www.upm.cz\/wp-content\/uploads\/thumb_65464.jpg","type":"image\/jpeg"}],"twitter_card":"summary_large_image","twitter_misc":{"Est. reading time":"1 minute"},"schema":{"@context":"https:\/\/schema.org","@graph":[{"@type":"WebPage","@id":"https:\/\/www.upm.cz\/eshop\/100-let-graficke-skoly-v-praze-1920-2020\/","url":"https:\/\/www.upm.cz\/eshop\/100-let-graficke-skoly-v-praze-1920-2020\/","name":"100 LET GRAFICK\u00c9 \u0160KOLY V PRAZE (1920 \u2013 2020) - Um\u011bleckopr\u016fmyslov\u00e9 museum v Praze","isPartOf":{"@id":"https:\/\/www.upm.cz\/#website"},"primaryImageOfPage":{"@id":"https:\/\/www.upm.cz\/eshop\/100-let-graficke-skoly-v-praze-1920-2020\/#primaryimage"},"image":{"@id":"https:\/\/www.upm.cz\/eshop\/100-let-graficke-skoly-v-praze-1920-2020\/#primaryimage"},"thumbnailUrl":"https:\/\/www.upm.cz\/wp-content\/uploads\/thumb_65464.jpg","datePublished":"2023-12-02T12:17:40+00:00","dateModified":"2025-12-24T22:43:13+00:00","description":"Publikace p\u0159ipom\u00ednaj\u00edc\u00ed stolet\u00e9 v\u00fdro\u010d\u00ed zalo\u017een\u00ed grafick\u00e9 \u0161koly v Praze vych\u00e1z\u00ed ze stejnojmenn\u00e9 v\u00fdstavy, je\u017e vznikla v t\u011bsn\u00e9 spolupr\u00e1ci \u0161koly a Um\u011bleckopr\u016fmysloh\u00e9 musea v Praze. Kniha p\u0159edstavuje v\u00fdb\u011br z velmi rozmanit\u00e9 kolekce expon\u00e1t\u016f a dokumentuje historii v\u00fdznamn\u00e9 vzd\u011bl\u00e1vac\u00ed instituce od jej\u00edho zalo\u017een\u00ed a\u017e po sou\u010dasnost. P\u0159ipom\u00edn\u00e1 tak \u0161irokou plej\u00e1du v\u00fdrazn\u00fdch osobnost\u00ed v oboru fotografie, typografie, grafick\u00e9ho designu, tisku a konzerv\u00e1torstv\u00ed a restaur\u00e1torstv\u00ed z \u0159ad pedagog\u016f \u0161koly i jejich \u017e\u00e1k\u016f. jejich d\u00edla dopl\u0148uj\u00ed uk\u00e1zky \u0161koln\u00edch tiskovin, plesov\u00fdch plak\u00e1t\u016f a pr\u00e1ce sou\u010dasn\u00fdch student\u016f a absolvent\u016f dne\u0161n\u00ed Vy\u0161\u0161\u00ed odborn\u00e9 \u0161koly grafick\u00e9 a St\u0159edn\u00ed pr\u016fmyslov\u00e9 \u0161koly grafick\u00e9 v Praze, ozna\u010dovan\u00fdch souhrnn\u011b jako Hellichovka.","breadcrumb":{"@id":"https:\/\/www.upm.cz\/eshop\/100-let-graficke-skoly-v-praze-1920-2020\/#breadcrumb"},"inLanguage":"en-US","potentialAction":[{"@type":"ReadAction","target":["https:\/\/www.upm.cz\/eshop\/100-let-graficke-skoly-v-praze-1920-2020\/"]}]},{"@type":"ImageObject","inLanguage":"en-US","@id":"https:\/\/www.upm.cz\/eshop\/100-let-graficke-skoly-v-praze-1920-2020\/#primaryimage","url":"https:\/\/www.upm.cz\/wp-content\/uploads\/thumb_65464.jpg","contentUrl":"https:\/\/www.upm.cz\/wp-content\/uploads\/thumb_65464.jpg","width":185,"height":240},{"@type":"BreadcrumbList","@id":"https:\/\/www.upm.cz\/eshop\/100-let-graficke-skoly-v-praze-1920-2020\/#breadcrumb","itemListElement":[{"@type":"ListItem","position":1,"name":"Dom\u016f","item":"https:\/\/www.upm.cz\/"},{"@type":"ListItem","position":2,"name":"eshop","item":"https:\/\/www.upm.cz\/eshop\/"},{"@type":"ListItem","position":3,"name":"100 LET GRAFICK\u00c9 \u0160KOLY V PRAZE (1920 \u2013 2020)"}]},{"@type":"WebSite","@id":"https:\/\/www.upm.cz\/#website","url":"https:\/\/www.upm.cz\/","name":"Um\u011bleckopr\u016fmyslov\u00e9 museum v Praze","description":"","publisher":{"@id":"https:\/\/www.upm.cz\/#organization"},"potentialAction":[{"@type":"SearchAction","target":{"@type":"EntryPoint","urlTemplate":"https:\/\/www.upm.cz\/?s={search_term_string}"},"query-input":{"@type":"PropertyValueSpecification","valueRequired":true,"valueName":"search_term_string"}}],"inLanguage":"en-US"},{"@type":"Organization","@id":"https:\/\/www.upm.cz\/#organization","name":"Um\u011bleckopr\u016fmyslov\u00e9 museum v Praze","url":"https:\/\/www.upm.cz\/","logo":{"@type":"ImageObject","inLanguage":"en-US","@id":"https:\/\/www.upm.cz\/#\/schema\/logo\/image\/","url":"https:\/\/www.upm.cz\/wp-content\/uploads\/2020\/03\/logo_upm_cz.svg","contentUrl":"https:\/\/www.upm.cz\/wp-content\/uploads\/2020\/03\/logo_upm_cz.svg","width":1736,"height":295,"caption":"Um\u011bleckopr\u016fmyslov\u00e9 museum v Praze"},"image":{"@id":"https:\/\/www.upm.cz\/#\/schema\/logo\/image\/"}}]}},"_links":{"self":[{"href":"https:\/\/www.upm.cz\/an\/wp-json\/wp\/v2\/product\/24255","targetHints":{"allow":["GET"]}}],"collection":[{"href":"https:\/\/www.upm.cz\/an\/wp-json\/wp\/v2\/product"}],"about":[{"href":"https:\/\/www.upm.cz\/an\/wp-json\/wp\/v2\/types\/product"}],"wp:featuredmedia":[{"embeddable":true,"href":"https:\/\/www.upm.cz\/an\/wp-json\/wp\/v2\/media\/24254"}],"wp:attachment":[{"href":"https:\/\/www.upm.cz\/an\/wp-json\/wp\/v2\/media?parent=24255"}],"wp:term":[{"taxonomy":"product_brand","embeddable":true,"href":"https:\/\/www.upm.cz\/an\/wp-json\/wp\/v2\/product_brand?post=24255"},{"taxonomy":"product_cat","embeddable":true,"href":"https:\/\/www.upm.cz\/an\/wp-json\/wp\/v2\/product_cat?post=24255"},{"taxonomy":"product_tag","embeddable":true,"href":"https:\/\/www.upm.cz\/an\/wp-json\/wp\/v2\/product_tag?post=24255"}],"curies":[{"name":"wp","href":"https:\/\/api.w.org\/{rel}","templated":true}]}}