{"id":24985,"date":"2026-03-13T12:42:48","date_gmt":"2026-03-13T11:42:48","guid":{"rendered":"https:\/\/www.upm.cz\/?post_type=product&#038;p=24985"},"modified":"2026-03-13T12:45:43","modified_gmt":"2026-03-13T11:45:43","slug":"lobmeyr-viden-200-let-s-ceskym-sklem","status":"publish","type":"product","link":"https:\/\/www.upm.cz\/an\/eshop\/lobmeyr-viden-200-let-s-ceskym-sklem\/","title":{"rendered":"LOBMEYR V\u00cdDE\u0147, 200 LET S&nbsp;\u010cESK\u00ddM SKLEM"},"content":{"rendered":"<p>Monografie k&nbsp;v\u00fdro\u010d\u00ed sv\u011btov\u011b v\u00fdznamn\u00e9 obchodn\u00ed skl\u00e1\u0159sk\u00e9 firmy J. &#038; L. Lobmeyr, V\u00edde\u0148, jej\u00ed\u017e produkce se po&nbsp;celou dobu podnik\u00e1n\u00ed op\u00edr\u00e1 o&nbsp;t\u011bsn\u00e9 kontakty s&nbsp;v\u00fdrobci skla na \u00fazem\u00ed \u010cech.<\/p>\n<p>Monografie je zam\u011b\u0159ena na sledov\u00e1n\u00ed, rozbor a&nbsp;hodnocen\u00ed um\u011blecko\u0159emesln\u00e9ho v\u00fdvoje lobmeyrovsk\u00e9 produkce, jej\u00ed stylov\u00e9 podoby v\u00fdrazn\u011b ovliv\u0148ovan\u00e9 spoluprac\u00ed s&nbsp;p\u0159edn\u00edmi soudob\u00fdmi n\u00e1vrh\u00e1\u0159i a&nbsp;design\u00e9ry. Soub\u011b\u017en\u011b si v\u0161\u00edm\u00e1 nezastupiteln\u00fdch, ale i&nbsp;oboustrann\u011b v\u00fdhodn\u00fdch a&nbsp;p\u0159\u00ednosn\u00fdch v\u00fdrobn\u00edch vazeb na \u010desk\u00e9 skl\u00e1rny a&nbsp;rafin\u00e9rsk\u00e9 podniky. Kniha \u010dlen\u011bna do sedmi chronologicky \u0159azen\u00fdch kapitol, p\u0159\u00edpadn\u011b, pro zd\u016frazn\u011bn\u00ed ur\u010dit\u00fdch \u00fasek\u016f v\u00fdvoje (v\u00fdstavy, firemn\u00ed historie), d\u011blen\u00fdch do podkapitol, jednotliv\u00e9 kapitoly jsou uvedeny heslovit\u00fdm p\u0159ehledem d\u016fle\u017eit\u00fdch dat z&nbsp;historie firmy, ka\u017ed\u00e1 z&nbsp;kapitol, p\u0159\u00edpadn\u011b podkapitol, je slo\u017eena ze souvisl\u00e9ho bloku textov\u00e9 \u010d\u00e1sti a&nbsp;navazuj\u00edc\u00ed samostatn\u00e9 komentovan\u00e9 katalogov\u00e9 \u010d\u00e1sti. P\u0159edm\u011bty \u010di&nbsp;arch\u00edvn\u00ed dokumentaci k&nbsp;nim doprov\u00e1z\u00ed z\u00e1kladn\u00ed faktick\u00fd a&nbsp;technick\u00fd popis a&nbsp;zpravidla i&nbsp;koment\u00e1\u0159 poukazuj\u00edc\u00ed na zvl\u00e1\u0161tn\u00ed a&nbsp;d\u016fle\u017eit\u00e9 detaily a&nbsp;v\u00fdznam p\u0159edm\u011btu. Kniha vych\u00e1z\u00ed rovn\u011b\u017e v&nbsp;anglick\u00e9 verzi.<\/p>","protected":false},"excerpt":{"rendered":"<p>Editor: Jan Mergl<br \/>\nGrafick\u00fd design: Martin Bu\u0161ek<br \/>\nPo\u010det stran: 328<br \/>\nForm\u00e1t 205 x 265 mm<br \/>\nVydavatel: UPM<\/p>","protected":false},"featured_media":24712,"template":"","meta":{"_acf_changed":false},"product_brand":[],"product_cat":[45],"product_tag":[],"class_list":{"0":"post-24985","1":"product","2":"type-product","3":"status-publish","4":"has-post-thumbnail","6":"product_cat-knihy","8":"first","9":"instock","10":"shipping-taxable","11":"purchasable","12":"product-type-simple"},"acf":[],"yoast_head":"<!-- This site is optimized with the Yoast SEO plugin v26.9 - https:\/\/yoast.com\/product\/yoast-seo-wordpress\/ -->\n<title>LOBMEYR V\u00cdDE\u0147, 200 LET S \u010cESK\u00ddM SKLEM - Um\u011bleckopr\u016fmyslov\u00e9 museum v Praze<\/title>\n<meta name=\"description\" content=\"Monografie k v\u00fdro\u010d\u00ed sv\u011btov\u011b v\u00fdznamn\u00e9 obchodn\u00ed skl\u00e1\u0159sk\u00e9 firmy J. &amp; L. Lobmeyr, V\u00edde\u0148, jej\u00ed\u017e produkce se po celou dobu podnik\u00e1n\u00ed op\u00edr\u00e1 o t\u011bsn\u00e9 kontakty s v\u00fdrobci skla na \u00fazem\u00ed \u010cech.Monografie je zam\u011b\u0159ena na sledov\u00e1n\u00ed, rozbor a hodnocen\u00ed um\u011blecko\u0159emesln\u00e9ho v\u00fdvoje lobmeyrovsk\u00e9 produkce, jej\u00ed stylov\u00e9 podoby v\u00fdrazn\u011b ovliv\u0148ovan\u00e9 spoluprac\u00ed s p\u0159edn\u00edmi soudob\u00fdmi n\u00e1vrh\u00e1\u0159i a design\u00e9ry. Soub\u011b\u017en\u011b si v\u0161\u00edm\u00e1 nezastupiteln\u00fdch, ale i oboustrann\u011b v\u00fdhodn\u00fdch a p\u0159\u00ednosn\u00fdch v\u00fdrobn\u00edch vazeb na \u010desk\u00e9 skl\u00e1rny a rafin\u00e9rsk\u00e9 podniky. Kniha \u010dlen\u011bna do sedmi chronologicky \u0159azen\u00fdch kapitol, p\u0159\u00edpadn\u011b, pro zd\u016frazn\u011bn\u00ed ur\u010dit\u00fdch \u00fasek\u016f v\u00fdvoje (v\u00fdstavy, firemn\u00ed historie), d\u011blen\u00fdch do podkapitol, jednotliv\u00e9 kapitoly jsou uvedeny heslovit\u00fdm p\u0159ehledem d\u016fle\u017eit\u00fdch dat z historie firmy, ka\u017ed\u00e1 z kapitol, p\u0159\u00edpadn\u011b podkapitol, je slo\u017eena ze souvisl\u00e9ho bloku textov\u00e9 \u010d\u00e1sti a navazuj\u00edc\u00ed samostatn\u00e9 komentovan\u00e9 katalogov\u00e9 \u010d\u00e1sti. P\u0159edm\u011bty \u010di arch\u00edvn\u00ed dokumentaci k nim doprov\u00e1z\u00ed z\u00e1kladn\u00ed faktick\u00fd a technick\u00fd popis a zpravidla i koment\u00e1\u0159 poukazuj\u00edc\u00ed na zvl\u00e1\u0161tn\u00ed a d\u016fle\u017eit\u00e9 detaily a v\u00fdznam p\u0159edm\u011btu. Kniha vych\u00e1z\u00ed rovn\u011b\u017e v anglick\u00e9 verzi.\" \/>\n<meta name=\"robots\" content=\"index, follow, max-snippet:-1, max-image-preview:large, max-video-preview:-1\" \/>\n<link rel=\"canonical\" href=\"https:\/\/www.upm.cz\/an\/eshop\/lobmeyr-viden-200-let-s-ceskym-sklem\/\" \/>\n<meta property=\"og:locale\" content=\"en_US\" \/>\n<meta property=\"og:type\" content=\"article\" \/>\n<meta property=\"og:title\" content=\"LOBMEYR V\u00cdDE\u0147, 200 LET S \u010cESK\u00ddM SKLEM - Um\u011bleckopr\u016fmyslov\u00e9 museum v Praze\" \/>\n<meta property=\"og:description\" content=\"Monografie k v\u00fdro\u010d\u00ed sv\u011btov\u011b v\u00fdznamn\u00e9 obchodn\u00ed skl\u00e1\u0159sk\u00e9 firmy J. &amp; L. Lobmeyr, V\u00edde\u0148, jej\u00ed\u017e produkce se po celou dobu podnik\u00e1n\u00ed op\u00edr\u00e1 o t\u011bsn\u00e9 kontakty s v\u00fdrobci skla na \u00fazem\u00ed \u010cech.Monografie je zam\u011b\u0159ena na sledov\u00e1n\u00ed, rozbor a hodnocen\u00ed um\u011blecko\u0159emesln\u00e9ho v\u00fdvoje lobmeyrovsk\u00e9 produkce, jej\u00ed stylov\u00e9 podoby v\u00fdrazn\u011b ovliv\u0148ovan\u00e9 spoluprac\u00ed s p\u0159edn\u00edmi soudob\u00fdmi n\u00e1vrh\u00e1\u0159i a design\u00e9ry. Soub\u011b\u017en\u011b si v\u0161\u00edm\u00e1 nezastupiteln\u00fdch, ale i oboustrann\u011b v\u00fdhodn\u00fdch a p\u0159\u00ednosn\u00fdch v\u00fdrobn\u00edch vazeb na \u010desk\u00e9 skl\u00e1rny a rafin\u00e9rsk\u00e9 podniky. Kniha \u010dlen\u011bna do sedmi chronologicky \u0159azen\u00fdch kapitol, p\u0159\u00edpadn\u011b, pro zd\u016frazn\u011bn\u00ed ur\u010dit\u00fdch \u00fasek\u016f v\u00fdvoje (v\u00fdstavy, firemn\u00ed historie), d\u011blen\u00fdch do podkapitol, jednotliv\u00e9 kapitoly jsou uvedeny heslovit\u00fdm p\u0159ehledem d\u016fle\u017eit\u00fdch dat z historie firmy, ka\u017ed\u00e1 z kapitol, p\u0159\u00edpadn\u011b podkapitol, je slo\u017eena ze souvisl\u00e9ho bloku textov\u00e9 \u010d\u00e1sti a navazuj\u00edc\u00ed samostatn\u00e9 komentovan\u00e9 katalogov\u00e9 \u010d\u00e1sti. P\u0159edm\u011bty \u010di arch\u00edvn\u00ed dokumentaci k nim doprov\u00e1z\u00ed z\u00e1kladn\u00ed faktick\u00fd a technick\u00fd popis a zpravidla i koment\u00e1\u0159 poukazuj\u00edc\u00ed na zvl\u00e1\u0161tn\u00ed a d\u016fle\u017eit\u00e9 detaily a v\u00fdznam p\u0159edm\u011btu. Kniha vych\u00e1z\u00ed rovn\u011b\u017e v anglick\u00e9 verzi.\" \/>\n<meta property=\"og:url\" content=\"https:\/\/www.upm.cz\/an\/eshop\/lobmeyr-viden-200-let-s-ceskym-sklem\/\" \/>\n<meta property=\"og:site_name\" content=\"Um\u011bleckopr\u016fmyslov\u00e9 museum v Praze\" \/>\n<meta property=\"article:modified_time\" content=\"2026-03-13T11:45:43+00:00\" \/>\n<meta property=\"og:image\" content=\"https:\/\/www.upm.cz\/wp-content\/uploads\/Lobmeyr_obalka_CZ.jpg\" \/>\n\t<meta property=\"og:image:width\" content=\"1222\" \/>\n\t<meta property=\"og:image:height\" content=\"1565\" \/>\n\t<meta property=\"og:image:type\" content=\"image\/jpeg\" \/>\n<meta name=\"twitter:card\" content=\"summary_large_image\" \/>\n<meta name=\"twitter:label1\" content=\"Est. reading time\" \/>\n\t<meta name=\"twitter:data1\" content=\"2 minutes\" \/>\n<script type=\"application\/ld+json\" class=\"yoast-schema-graph\">{\"@context\":\"https:\/\/schema.org\",\"@graph\":[{\"@type\":\"WebPage\",\"@id\":\"https:\/\/www.upm.cz\/eshop\/lobmeyr-viden-200-let-s-ceskym-sklem\/\",\"url\":\"https:\/\/www.upm.cz\/eshop\/lobmeyr-viden-200-let-s-ceskym-sklem\/\",\"name\":\"LOBMEYR V\u00cdDE\u0147, 200 LET S \u010cESK\u00ddM SKLEM - Um\u011bleckopr\u016fmyslov\u00e9 museum v Praze\",\"isPartOf\":{\"@id\":\"https:\/\/www.upm.cz\/#website\"},\"primaryImageOfPage\":{\"@id\":\"https:\/\/www.upm.cz\/eshop\/lobmeyr-viden-200-let-s-ceskym-sklem\/#primaryimage\"},\"image\":{\"@id\":\"https:\/\/www.upm.cz\/eshop\/lobmeyr-viden-200-let-s-ceskym-sklem\/#primaryimage\"},\"thumbnailUrl\":\"https:\/\/www.upm.cz\/wp-content\/uploads\/Lobmeyr_obalka_CZ.jpg\",\"datePublished\":\"2026-03-13T11:42:48+00:00\",\"dateModified\":\"2026-03-13T11:45:43+00:00\",\"description\":\"Monografie k v\u00fdro\u010d\u00ed sv\u011btov\u011b v\u00fdznamn\u00e9 obchodn\u00ed skl\u00e1\u0159sk\u00e9 firmy J. & L. Lobmeyr, V\u00edde\u0148, jej\u00ed\u017e produkce se po celou dobu podnik\u00e1n\u00ed op\u00edr\u00e1 o t\u011bsn\u00e9 kontakty s v\u00fdrobci skla na \u00fazem\u00ed \u010cech.Monografie je zam\u011b\u0159ena na sledov\u00e1n\u00ed, rozbor a hodnocen\u00ed um\u011blecko\u0159emesln\u00e9ho v\u00fdvoje lobmeyrovsk\u00e9 produkce, jej\u00ed stylov\u00e9 podoby v\u00fdrazn\u011b ovliv\u0148ovan\u00e9 spoluprac\u00ed s p\u0159edn\u00edmi soudob\u00fdmi n\u00e1vrh\u00e1\u0159i a design\u00e9ry. Soub\u011b\u017en\u011b si v\u0161\u00edm\u00e1 nezastupiteln\u00fdch, ale i oboustrann\u011b v\u00fdhodn\u00fdch a p\u0159\u00ednosn\u00fdch v\u00fdrobn\u00edch vazeb na \u010desk\u00e9 skl\u00e1rny a rafin\u00e9rsk\u00e9 podniky. Kniha \u010dlen\u011bna do sedmi chronologicky \u0159azen\u00fdch kapitol, p\u0159\u00edpadn\u011b, pro zd\u016frazn\u011bn\u00ed ur\u010dit\u00fdch \u00fasek\u016f v\u00fdvoje (v\u00fdstavy, firemn\u00ed historie), d\u011blen\u00fdch do podkapitol, jednotliv\u00e9 kapitoly jsou uvedeny heslovit\u00fdm p\u0159ehledem d\u016fle\u017eit\u00fdch dat z historie firmy, ka\u017ed\u00e1 z kapitol, p\u0159\u00edpadn\u011b podkapitol, je slo\u017eena ze souvisl\u00e9ho bloku textov\u00e9 \u010d\u00e1sti a navazuj\u00edc\u00ed samostatn\u00e9 komentovan\u00e9 katalogov\u00e9 \u010d\u00e1sti. P\u0159edm\u011bty \u010di arch\u00edvn\u00ed dokumentaci k nim doprov\u00e1z\u00ed z\u00e1kladn\u00ed faktick\u00fd a technick\u00fd popis a zpravidla i koment\u00e1\u0159 poukazuj\u00edc\u00ed na zvl\u00e1\u0161tn\u00ed a d\u016fle\u017eit\u00e9 detaily a v\u00fdznam p\u0159edm\u011btu. Kniha vych\u00e1z\u00ed rovn\u011b\u017e v anglick\u00e9 verzi.\",\"breadcrumb\":{\"@id\":\"https:\/\/www.upm.cz\/eshop\/lobmeyr-viden-200-let-s-ceskym-sklem\/#breadcrumb\"},\"inLanguage\":\"en-US\",\"potentialAction\":[{\"@type\":\"ReadAction\",\"target\":[\"https:\/\/www.upm.cz\/eshop\/lobmeyr-viden-200-let-s-ceskym-sklem\/\"]}]},{\"@type\":\"ImageObject\",\"inLanguage\":\"en-US\",\"@id\":\"https:\/\/www.upm.cz\/eshop\/lobmeyr-viden-200-let-s-ceskym-sklem\/#primaryimage\",\"url\":\"https:\/\/www.upm.cz\/wp-content\/uploads\/Lobmeyr_obalka_CZ.jpg\",\"contentUrl\":\"https:\/\/www.upm.cz\/wp-content\/uploads\/Lobmeyr_obalka_CZ.jpg\",\"width\":1222,\"height\":1565,\"caption\":\"LOBMEYR 200 let, ob\u00e1lka knihy\"},{\"@type\":\"BreadcrumbList\",\"@id\":\"https:\/\/www.upm.cz\/eshop\/lobmeyr-viden-200-let-s-ceskym-sklem\/#breadcrumb\",\"itemListElement\":[{\"@type\":\"ListItem\",\"position\":1,\"name\":\"Dom\u016f\",\"item\":\"https:\/\/www.upm.cz\/\"},{\"@type\":\"ListItem\",\"position\":2,\"name\":\"eshop\",\"item\":\"https:\/\/www.upm.cz\/eshop\/\"},{\"@type\":\"ListItem\",\"position\":3,\"name\":\"LOBMEYR V\u00cdDE\u0147, 200 LET S \u010cESK\u00ddM SKLEM\"}]},{\"@type\":\"WebSite\",\"@id\":\"https:\/\/www.upm.cz\/#website\",\"url\":\"https:\/\/www.upm.cz\/\",\"name\":\"Um\u011bleckopr\u016fmyslov\u00e9 museum v Praze\",\"description\":\"\",\"publisher\":{\"@id\":\"https:\/\/www.upm.cz\/#organization\"},\"potentialAction\":[{\"@type\":\"SearchAction\",\"target\":{\"@type\":\"EntryPoint\",\"urlTemplate\":\"https:\/\/www.upm.cz\/?s={search_term_string}\"},\"query-input\":{\"@type\":\"PropertyValueSpecification\",\"valueRequired\":true,\"valueName\":\"search_term_string\"}}],\"inLanguage\":\"en-US\"},{\"@type\":\"Organization\",\"@id\":\"https:\/\/www.upm.cz\/#organization\",\"name\":\"Um\u011bleckopr\u016fmyslov\u00e9 museum v Praze\",\"url\":\"https:\/\/www.upm.cz\/\",\"logo\":{\"@type\":\"ImageObject\",\"inLanguage\":\"en-US\",\"@id\":\"https:\/\/www.upm.cz\/#\/schema\/logo\/image\/\",\"url\":\"https:\/\/www.upm.cz\/wp-content\/uploads\/2020\/03\/logo_upm_cz.svg\",\"contentUrl\":\"https:\/\/www.upm.cz\/wp-content\/uploads\/2020\/03\/logo_upm_cz.svg\",\"width\":1736,\"height\":295,\"caption\":\"Um\u011bleckopr\u016fmyslov\u00e9 museum v Praze\"},\"image\":{\"@id\":\"https:\/\/www.upm.cz\/#\/schema\/logo\/image\/\"}}]}<\/script>\n<!-- \/ Yoast SEO plugin. -->","yoast_head_json":{"title":"LOBMEYR V\u00cdDE\u0147, 200 LET S \u010cESK\u00ddM SKLEM - Um\u011bleckopr\u016fmyslov\u00e9 museum v Praze","description":"Monografie k v\u00fdro\u010d\u00ed sv\u011btov\u011b v\u00fdznamn\u00e9 obchodn\u00ed skl\u00e1\u0159sk\u00e9 firmy J. & L. Lobmeyr, V\u00edde\u0148, jej\u00ed\u017e produkce se po celou dobu podnik\u00e1n\u00ed op\u00edr\u00e1 o t\u011bsn\u00e9 kontakty s v\u00fdrobci skla na \u00fazem\u00ed \u010cech.Monografie je zam\u011b\u0159ena na sledov\u00e1n\u00ed, rozbor a hodnocen\u00ed um\u011blecko\u0159emesln\u00e9ho v\u00fdvoje lobmeyrovsk\u00e9 produkce, jej\u00ed stylov\u00e9 podoby v\u00fdrazn\u011b ovliv\u0148ovan\u00e9 spoluprac\u00ed s p\u0159edn\u00edmi soudob\u00fdmi n\u00e1vrh\u00e1\u0159i a design\u00e9ry. Soub\u011b\u017en\u011b si v\u0161\u00edm\u00e1 nezastupiteln\u00fdch, ale i oboustrann\u011b v\u00fdhodn\u00fdch a p\u0159\u00ednosn\u00fdch v\u00fdrobn\u00edch vazeb na \u010desk\u00e9 skl\u00e1rny a rafin\u00e9rsk\u00e9 podniky. Kniha \u010dlen\u011bna do sedmi chronologicky \u0159azen\u00fdch kapitol, p\u0159\u00edpadn\u011b, pro zd\u016frazn\u011bn\u00ed ur\u010dit\u00fdch \u00fasek\u016f v\u00fdvoje (v\u00fdstavy, firemn\u00ed historie), d\u011blen\u00fdch do podkapitol, jednotliv\u00e9 kapitoly jsou uvedeny heslovit\u00fdm p\u0159ehledem d\u016fle\u017eit\u00fdch dat z historie firmy, ka\u017ed\u00e1 z kapitol, p\u0159\u00edpadn\u011b podkapitol, je slo\u017eena ze souvisl\u00e9ho bloku textov\u00e9 \u010d\u00e1sti a navazuj\u00edc\u00ed samostatn\u00e9 komentovan\u00e9 katalogov\u00e9 \u010d\u00e1sti. P\u0159edm\u011bty \u010di arch\u00edvn\u00ed dokumentaci k nim doprov\u00e1z\u00ed z\u00e1kladn\u00ed faktick\u00fd a technick\u00fd popis a zpravidla i koment\u00e1\u0159 poukazuj\u00edc\u00ed na zvl\u00e1\u0161tn\u00ed a d\u016fle\u017eit\u00e9 detaily a v\u00fdznam p\u0159edm\u011btu. Kniha vych\u00e1z\u00ed rovn\u011b\u017e v anglick\u00e9 verzi.","robots":{"index":"index","follow":"follow","max-snippet":"max-snippet:-1","max-image-preview":"max-image-preview:large","max-video-preview":"max-video-preview:-1"},"canonical":"https:\/\/www.upm.cz\/an\/eshop\/lobmeyr-viden-200-let-s-ceskym-sklem\/","og_locale":"en_US","og_type":"article","og_title":"LOBMEYR V\u00cdDE\u0147, 200 LET S \u010cESK\u00ddM SKLEM - Um\u011bleckopr\u016fmyslov\u00e9 museum v Praze","og_description":"Monografie k v\u00fdro\u010d\u00ed sv\u011btov\u011b v\u00fdznamn\u00e9 obchodn\u00ed skl\u00e1\u0159sk\u00e9 firmy J. & L. Lobmeyr, V\u00edde\u0148, jej\u00ed\u017e produkce se po celou dobu podnik\u00e1n\u00ed op\u00edr\u00e1 o t\u011bsn\u00e9 kontakty s v\u00fdrobci skla na \u00fazem\u00ed \u010cech.Monografie je zam\u011b\u0159ena na sledov\u00e1n\u00ed, rozbor a hodnocen\u00ed um\u011blecko\u0159emesln\u00e9ho v\u00fdvoje lobmeyrovsk\u00e9 produkce, jej\u00ed stylov\u00e9 podoby v\u00fdrazn\u011b ovliv\u0148ovan\u00e9 spoluprac\u00ed s p\u0159edn\u00edmi soudob\u00fdmi n\u00e1vrh\u00e1\u0159i a design\u00e9ry. Soub\u011b\u017en\u011b si v\u0161\u00edm\u00e1 nezastupiteln\u00fdch, ale i oboustrann\u011b v\u00fdhodn\u00fdch a p\u0159\u00ednosn\u00fdch v\u00fdrobn\u00edch vazeb na \u010desk\u00e9 skl\u00e1rny a rafin\u00e9rsk\u00e9 podniky. Kniha \u010dlen\u011bna do sedmi chronologicky \u0159azen\u00fdch kapitol, p\u0159\u00edpadn\u011b, pro zd\u016frazn\u011bn\u00ed ur\u010dit\u00fdch \u00fasek\u016f v\u00fdvoje (v\u00fdstavy, firemn\u00ed historie), d\u011blen\u00fdch do podkapitol, jednotliv\u00e9 kapitoly jsou uvedeny heslovit\u00fdm p\u0159ehledem d\u016fle\u017eit\u00fdch dat z historie firmy, ka\u017ed\u00e1 z kapitol, p\u0159\u00edpadn\u011b podkapitol, je slo\u017eena ze souvisl\u00e9ho bloku textov\u00e9 \u010d\u00e1sti a navazuj\u00edc\u00ed samostatn\u00e9 komentovan\u00e9 katalogov\u00e9 \u010d\u00e1sti. P\u0159edm\u011bty \u010di arch\u00edvn\u00ed dokumentaci k nim doprov\u00e1z\u00ed z\u00e1kladn\u00ed faktick\u00fd a technick\u00fd popis a zpravidla i koment\u00e1\u0159 poukazuj\u00edc\u00ed na zvl\u00e1\u0161tn\u00ed a d\u016fle\u017eit\u00e9 detaily a v\u00fdznam p\u0159edm\u011btu. Kniha vych\u00e1z\u00ed rovn\u011b\u017e v anglick\u00e9 verzi.","og_url":"https:\/\/www.upm.cz\/an\/eshop\/lobmeyr-viden-200-let-s-ceskym-sklem\/","og_site_name":"Um\u011bleckopr\u016fmyslov\u00e9 museum v Praze","article_modified_time":"2026-03-13T11:45:43+00:00","og_image":[{"width":1222,"height":1565,"url":"https:\/\/www.upm.cz\/wp-content\/uploads\/Lobmeyr_obalka_CZ.jpg","type":"image\/jpeg"}],"twitter_card":"summary_large_image","twitter_misc":{"Est. reading time":"2 minutes"},"schema":{"@context":"https:\/\/schema.org","@graph":[{"@type":"WebPage","@id":"https:\/\/www.upm.cz\/eshop\/lobmeyr-viden-200-let-s-ceskym-sklem\/","url":"https:\/\/www.upm.cz\/eshop\/lobmeyr-viden-200-let-s-ceskym-sklem\/","name":"LOBMEYR V\u00cdDE\u0147, 200 LET S \u010cESK\u00ddM SKLEM - Um\u011bleckopr\u016fmyslov\u00e9 museum v Praze","isPartOf":{"@id":"https:\/\/www.upm.cz\/#website"},"primaryImageOfPage":{"@id":"https:\/\/www.upm.cz\/eshop\/lobmeyr-viden-200-let-s-ceskym-sklem\/#primaryimage"},"image":{"@id":"https:\/\/www.upm.cz\/eshop\/lobmeyr-viden-200-let-s-ceskym-sklem\/#primaryimage"},"thumbnailUrl":"https:\/\/www.upm.cz\/wp-content\/uploads\/Lobmeyr_obalka_CZ.jpg","datePublished":"2026-03-13T11:42:48+00:00","dateModified":"2026-03-13T11:45:43+00:00","description":"Monografie k v\u00fdro\u010d\u00ed sv\u011btov\u011b v\u00fdznamn\u00e9 obchodn\u00ed skl\u00e1\u0159sk\u00e9 firmy J. & L. Lobmeyr, V\u00edde\u0148, jej\u00ed\u017e produkce se po celou dobu podnik\u00e1n\u00ed op\u00edr\u00e1 o t\u011bsn\u00e9 kontakty s v\u00fdrobci skla na \u00fazem\u00ed \u010cech.Monografie je zam\u011b\u0159ena na sledov\u00e1n\u00ed, rozbor a hodnocen\u00ed um\u011blecko\u0159emesln\u00e9ho v\u00fdvoje lobmeyrovsk\u00e9 produkce, jej\u00ed stylov\u00e9 podoby v\u00fdrazn\u011b ovliv\u0148ovan\u00e9 spoluprac\u00ed s p\u0159edn\u00edmi soudob\u00fdmi n\u00e1vrh\u00e1\u0159i a design\u00e9ry. Soub\u011b\u017en\u011b si v\u0161\u00edm\u00e1 nezastupiteln\u00fdch, ale i oboustrann\u011b v\u00fdhodn\u00fdch a p\u0159\u00ednosn\u00fdch v\u00fdrobn\u00edch vazeb na \u010desk\u00e9 skl\u00e1rny a rafin\u00e9rsk\u00e9 podniky. Kniha \u010dlen\u011bna do sedmi chronologicky \u0159azen\u00fdch kapitol, p\u0159\u00edpadn\u011b, pro zd\u016frazn\u011bn\u00ed ur\u010dit\u00fdch \u00fasek\u016f v\u00fdvoje (v\u00fdstavy, firemn\u00ed historie), d\u011blen\u00fdch do podkapitol, jednotliv\u00e9 kapitoly jsou uvedeny heslovit\u00fdm p\u0159ehledem d\u016fle\u017eit\u00fdch dat z historie firmy, ka\u017ed\u00e1 z kapitol, p\u0159\u00edpadn\u011b podkapitol, je slo\u017eena ze souvisl\u00e9ho bloku textov\u00e9 \u010d\u00e1sti a navazuj\u00edc\u00ed samostatn\u00e9 komentovan\u00e9 katalogov\u00e9 \u010d\u00e1sti. P\u0159edm\u011bty \u010di arch\u00edvn\u00ed dokumentaci k nim doprov\u00e1z\u00ed z\u00e1kladn\u00ed faktick\u00fd a technick\u00fd popis a zpravidla i koment\u00e1\u0159 poukazuj\u00edc\u00ed na zvl\u00e1\u0161tn\u00ed a d\u016fle\u017eit\u00e9 detaily a v\u00fdznam p\u0159edm\u011btu. Kniha vych\u00e1z\u00ed rovn\u011b\u017e v anglick\u00e9 verzi.","breadcrumb":{"@id":"https:\/\/www.upm.cz\/eshop\/lobmeyr-viden-200-let-s-ceskym-sklem\/#breadcrumb"},"inLanguage":"en-US","potentialAction":[{"@type":"ReadAction","target":["https:\/\/www.upm.cz\/eshop\/lobmeyr-viden-200-let-s-ceskym-sklem\/"]}]},{"@type":"ImageObject","inLanguage":"en-US","@id":"https:\/\/www.upm.cz\/eshop\/lobmeyr-viden-200-let-s-ceskym-sklem\/#primaryimage","url":"https:\/\/www.upm.cz\/wp-content\/uploads\/Lobmeyr_obalka_CZ.jpg","contentUrl":"https:\/\/www.upm.cz\/wp-content\/uploads\/Lobmeyr_obalka_CZ.jpg","width":1222,"height":1565,"caption":"LOBMEYR 200 let, ob\u00e1lka knihy"},{"@type":"BreadcrumbList","@id":"https:\/\/www.upm.cz\/eshop\/lobmeyr-viden-200-let-s-ceskym-sklem\/#breadcrumb","itemListElement":[{"@type":"ListItem","position":1,"name":"Dom\u016f","item":"https:\/\/www.upm.cz\/"},{"@type":"ListItem","position":2,"name":"eshop","item":"https:\/\/www.upm.cz\/eshop\/"},{"@type":"ListItem","position":3,"name":"LOBMEYR V\u00cdDE\u0147, 200 LET S \u010cESK\u00ddM SKLEM"}]},{"@type":"WebSite","@id":"https:\/\/www.upm.cz\/#website","url":"https:\/\/www.upm.cz\/","name":"Um\u011bleckopr\u016fmyslov\u00e9 museum v Praze","description":"","publisher":{"@id":"https:\/\/www.upm.cz\/#organization"},"potentialAction":[{"@type":"SearchAction","target":{"@type":"EntryPoint","urlTemplate":"https:\/\/www.upm.cz\/?s={search_term_string}"},"query-input":{"@type":"PropertyValueSpecification","valueRequired":true,"valueName":"search_term_string"}}],"inLanguage":"en-US"},{"@type":"Organization","@id":"https:\/\/www.upm.cz\/#organization","name":"Um\u011bleckopr\u016fmyslov\u00e9 museum v Praze","url":"https:\/\/www.upm.cz\/","logo":{"@type":"ImageObject","inLanguage":"en-US","@id":"https:\/\/www.upm.cz\/#\/schema\/logo\/image\/","url":"https:\/\/www.upm.cz\/wp-content\/uploads\/2020\/03\/logo_upm_cz.svg","contentUrl":"https:\/\/www.upm.cz\/wp-content\/uploads\/2020\/03\/logo_upm_cz.svg","width":1736,"height":295,"caption":"Um\u011bleckopr\u016fmyslov\u00e9 museum v Praze"},"image":{"@id":"https:\/\/www.upm.cz\/#\/schema\/logo\/image\/"}}]}},"_links":{"self":[{"href":"https:\/\/www.upm.cz\/an\/wp-json\/wp\/v2\/product\/24985","targetHints":{"allow":["GET"]}}],"collection":[{"href":"https:\/\/www.upm.cz\/an\/wp-json\/wp\/v2\/product"}],"about":[{"href":"https:\/\/www.upm.cz\/an\/wp-json\/wp\/v2\/types\/product"}],"wp:featuredmedia":[{"embeddable":true,"href":"https:\/\/www.upm.cz\/an\/wp-json\/wp\/v2\/media\/24712"}],"wp:attachment":[{"href":"https:\/\/www.upm.cz\/an\/wp-json\/wp\/v2\/media?parent=24985"}],"wp:term":[{"taxonomy":"product_brand","embeddable":true,"href":"https:\/\/www.upm.cz\/an\/wp-json\/wp\/v2\/product_brand?post=24985"},{"taxonomy":"product_cat","embeddable":true,"href":"https:\/\/www.upm.cz\/an\/wp-json\/wp\/v2\/product_cat?post=24985"},{"taxonomy":"product_tag","embeddable":true,"href":"https:\/\/www.upm.cz\/an\/wp-json\/wp\/v2\/product_tag?post=24985"}],"curies":[{"name":"wp","href":"https:\/\/api.w.org\/{rel}","templated":true}]}}