{"id":25668,"date":"2026-06-01T12:49:44","date_gmt":"2026-06-01T10:49:44","guid":{"rendered":"https:\/\/www.upm.cz\/?post_type=product&#038;p=25668"},"modified":"2026-06-01T12:49:44","modified_gmt":"2026-06-01T10:49:44","slug":"drobne-cirkevni-umeni-a-velka-jmena-krestanske-akademie-v-praze-1875-1952","status":"publish","type":"product","link":"https:\/\/www.upm.cz\/an\/eshop\/drobne-cirkevni-umeni-a-velka-jmena-krestanske-akademie-v-praze-1875-1952\/","title":{"rendered":"DROBN\u00c9 C\u00cdRKEVN\u00cd UM\u011aN\u00cd A&nbsp;VELK\u00c1 JM\u00c9NA K\u0158ES\u0164ANSK\u00c9 AKADEMIE V&nbsp;PRAZE (1875 &#8211; 1952)"},"content":{"rendered":"<p>K\u0159es\u0165ansk\u00e1 akademie v\u00a0Praze, zalo\u017een\u00e1 v\u00a0roce 1875 za \u00fa\u010delem podpory a&nbsp;rozvoje um\u011bn\u00ed a&nbsp;v\u011bdy v\u00a0k\u0159es\u0165ansk\u00e9m duchu, naplnila sv\u00e9 c\u00edle vrchovatou m\u011brou. Na poli drobn\u00e9ho c\u00edrkevn\u00edho um\u011bn\u00ed, tedy um\u011blecko\u0159emesln\u00fdch prac\u00ed pro liturgii, se stala ji\u017e kr\u00e1tce po sv\u00e9m zalo\u017een\u00ed v\u00fdznamn\u00fdm hr\u00e1\u010dem na dom\u00e1c\u00edm trhu s\u00a0liturgick\u00fdmi n\u00e1dobami, od\u011bvy a&nbsp;p\u0159edm\u011bty. Akademie p\u0159i\u0161la s\u00a0konceptem v\u00fdroby, kter\u00fd reagoval na neuspokojivou tov\u00e1rn\u00ed produkci 19.&nbsp;stolet\u00ed za n\u00edzk\u00e9 ceny, ov\u0161em bez n\u00e1rok\u016f na vy\u0161\u0161\u00ed kvalitu. K\u0159es\u0165ansk\u00e1 akademie sv\u00e9 v\u00fdrobky naopak postavila na hodnotn\u00fdch um\u011bleck\u00fdch n\u00e1vrz\u00edch \u010dlen\u016f spolku, ale t\u00e9\u017e cel\u00e9 \u0159ady dal\u0161\u00edch v\u00fdznamn\u00fdch osobnost\u00ed: architekt\u016f Anton\u00edna V. Barvitia, Josefa Mockera, pozd\u011bji Kamila Hilberta a&nbsp;Josefa Fanty nebo mal\u00ed\u0159\u016f Franti\u0161ka Sequense a&nbsp;Karla Ludv\u00edka Klus\u00e1\u010dka. Nemen\u0161\u00ed d\u016fraz kladla tak\u00e9 na kvalitn\u00ed \u0159emesln\u00e9 zpracov\u00e1n\u00ed, kter\u00e9 zaru\u010dovala vlastn\u00ed d\u00edlna na \u0161it\u00ed a&nbsp;vy\u0161\u00edv\u00e1n\u00ed a&nbsp;tak\u00e9 spolupr\u00e1ce s\u00a0pra\u017esk\u00fdmi zlatnick\u00fdmi d\u00edlnami. Akademie se \u00fasp\u011b\u0161n\u011b transformovala v\u00a0nov\u011b nastal\u00fdch podm\u00ednk\u00e1ch po zalo\u017een\u00ed \u010ceskoslovenska a&nbsp;p\u0159e\u017eila oba sv\u011btov\u00e9 v\u00e1le\u010dn\u00e9 konflikty i&nbsp;ekonomick\u00e9 krize, osudn\u00fdm se j\u00ed stal a\u017e n\u00e1stup komunistick\u00e9 vl\u00e1dy: v\u00a0roce 1949 na ni byla uvalena nucen\u00e1 spr\u00e1va a&nbsp;v\u00a0roce 1952 musela svou \u010dinnost ukon\u010dit.<\/p>","protected":false},"excerpt":{"rendered":"<p>Editorka: Mark\u00e9ta Grill Janatov\u00e1<br \/>\nGrafick\u00fd design: Ad\u00e9la Svobodov\u00e1<br \/>\nFotografie: Ond\u0159ej Kocourek (UPM), auto\u0159i, d\u011bdicov\u00e9 a\u00a0majitel\u00e9 reproduk\u010dn\u00edch pr\u00e1v<br \/>\nISBN 978-80-7101-24<\/p>","protected":false},"featured_media":25663,"template":"","meta":{"_acf_changed":false},"product_brand":[],"product_cat":[45],"product_tag":[],"class_list":{"0":"post-25668","1":"product","2":"type-product","3":"status-publish","4":"has-post-thumbnail","6":"product_cat-knihy","8":"first","9":"instock","10":"shipping-taxable","11":"purchasable","12":"product-type-simple"},"acf":[],"yoast_head":"<!-- This site is optimized with the Yoast SEO plugin v28.4 - https:\/\/yoast.com\/product\/yoast-seo-wordpress\/ -->\n<title>DROBN\u00c9 C\u00cdRKEVN\u00cd UM\u011aN\u00cd A VELK\u00c1 JM\u00c9NA K\u0158ES\u0164ANSK\u00c9 AKADEMIE V PRAZE (1875 - 1952) - Um\u011bleckopr\u016fmyslov\u00e9 museum v Praze<\/title>\n<meta name=\"robots\" content=\"index, follow, max-snippet:-1, max-image-preview:large, max-video-preview:-1\" \/>\n<link rel=\"canonical\" href=\"https:\/\/www.upm.cz\/an\/eshop\/drobne-cirkevni-umeni-a-velka-jmena-krestanske-akademie-v-praze-1875-1952\/\" \/>\n<meta property=\"og:locale\" content=\"en_US\" \/>\n<meta property=\"og:type\" content=\"article\" \/>\n<meta property=\"og:title\" content=\"DROBN\u00c9 C\u00cdRKEVN\u00cd UM\u011aN\u00cd A VELK\u00c1 JM\u00c9NA K\u0158ES\u0164ANSK\u00c9 AKADEMIE V PRAZE (1875 - 1952) - Um\u011bleckopr\u016fmyslov\u00e9 museum v Praze\" \/>\n<meta property=\"og:description\" content=\"Editorka: Mark\u00e9ta Grill Janatov\u00e1 Grafick\u00fd design: Ad\u00e9la Svobodov\u00e1 Fotografie: Ond\u0159ej Kocourek (UPM), auto\u0159i, d\u011bdicov\u00e9 a\u00a0majitel\u00e9 reproduk\u010dn\u00edch pr\u00e1v ISBN 978-80-7101-24\" \/>\n<meta property=\"og:url\" content=\"https:\/\/www.upm.cz\/an\/eshop\/drobne-cirkevni-umeni-a-velka-jmena-krestanske-akademie-v-praze-1875-1952\/\" \/>\n<meta property=\"og:site_name\" content=\"Um\u011bleckopr\u016fmyslov\u00e9 museum v Praze\" \/>\n<meta property=\"og:image\" content=\"https:\/\/www.upm.cz\/wp-content\/uploads\/AKAD-obalka.jpg\" \/>\n\t<meta property=\"og:image:width\" content=\"606\" \/>\n\t<meta property=\"og:image:height\" content=\"839\" \/>\n\t<meta property=\"og:image:type\" content=\"image\/jpeg\" \/>\n<meta name=\"twitter:card\" content=\"summary_large_image\" \/>\n<meta name=\"twitter:label1\" content=\"Est. reading time\" \/>\n\t<meta name=\"twitter:data1\" content=\"2 minutes\" \/>\n<script type=\"application\/ld+json\" class=\"yoast-schema-graph\">{\"@context\":\"https:\\\/\\\/schema.org\",\"@graph\":[{\"@type\":\"WebPage\",\"@id\":\"https:\\\/\\\/www.upm.cz\\\/eshop\\\/drobne-cirkevni-umeni-a-velka-jmena-krestanske-akademie-v-praze-1875-1952\\\/\",\"url\":\"https:\\\/\\\/www.upm.cz\\\/eshop\\\/drobne-cirkevni-umeni-a-velka-jmena-krestanske-akademie-v-praze-1875-1952\\\/\",\"name\":\"DROBN\u00c9 C\u00cdRKEVN\u00cd UM\u011aN\u00cd A VELK\u00c1 JM\u00c9NA K\u0158ES\u0164ANSK\u00c9 AKADEMIE V PRAZE (1875 - 1952) - Um\u011bleckopr\u016fmyslov\u00e9 museum v Praze\",\"isPartOf\":{\"@id\":\"https:\\\/\\\/www.upm.cz\\\/#website\"},\"primaryImageOfPage\":{\"@id\":\"https:\\\/\\\/www.upm.cz\\\/eshop\\\/drobne-cirkevni-umeni-a-velka-jmena-krestanske-akademie-v-praze-1875-1952\\\/#primaryimage\"},\"image\":{\"@id\":\"https:\\\/\\\/www.upm.cz\\\/eshop\\\/drobne-cirkevni-umeni-a-velka-jmena-krestanske-akademie-v-praze-1875-1952\\\/#primaryimage\"},\"thumbnailUrl\":\"https:\\\/\\\/www.upm.cz\\\/wp-content\\\/uploads\\\/AKAD-obalka.jpg\",\"datePublished\":\"2026-06-01T10:49:44+00:00\",\"breadcrumb\":{\"@id\":\"https:\\\/\\\/www.upm.cz\\\/eshop\\\/drobne-cirkevni-umeni-a-velka-jmena-krestanske-akademie-v-praze-1875-1952\\\/#breadcrumb\"},\"inLanguage\":\"en-US\",\"potentialAction\":[{\"@type\":\"ReadAction\",\"target\":[\"https:\\\/\\\/www.upm.cz\\\/eshop\\\/drobne-cirkevni-umeni-a-velka-jmena-krestanske-akademie-v-praze-1875-1952\\\/\"]}]},{\"@type\":\"ImageObject\",\"inLanguage\":\"en-US\",\"@id\":\"https:\\\/\\\/www.upm.cz\\\/eshop\\\/drobne-cirkevni-umeni-a-velka-jmena-krestanske-akademie-v-praze-1875-1952\\\/#primaryimage\",\"url\":\"https:\\\/\\\/www.upm.cz\\\/wp-content\\\/uploads\\\/AKAD-obalka.jpg\",\"contentUrl\":\"https:\\\/\\\/www.upm.cz\\\/wp-content\\\/uploads\\\/AKAD-obalka.jpg\",\"width\":606,\"height\":839},{\"@type\":\"BreadcrumbList\",\"@id\":\"https:\\\/\\\/www.upm.cz\\\/eshop\\\/drobne-cirkevni-umeni-a-velka-jmena-krestanske-akademie-v-praze-1875-1952\\\/#breadcrumb\",\"itemListElement\":[{\"@type\":\"ListItem\",\"position\":1,\"name\":\"Dom\u016f\",\"item\":\"https:\\\/\\\/www.upm.cz\\\/\"},{\"@type\":\"ListItem\",\"position\":2,\"name\":\"eshop\",\"item\":\"https:\\\/\\\/www.upm.cz\\\/eshop\\\/\"},{\"@type\":\"ListItem\",\"position\":3,\"name\":\"DROBN\u00c9 C\u00cdRKEVN\u00cd UM\u011aN\u00cd A VELK\u00c1 JM\u00c9NA K\u0158ES\u0164ANSK\u00c9 AKADEMIE V PRAZE (1875 &#8211; 1952)\"}]},{\"@type\":\"WebSite\",\"@id\":\"https:\\\/\\\/www.upm.cz\\\/#website\",\"url\":\"https:\\\/\\\/www.upm.cz\\\/\",\"name\":\"Um\u011bleckopr\u016fmyslov\u00e9 museum v Praze\",\"description\":\"\",\"publisher\":{\"@id\":\"https:\\\/\\\/www.upm.cz\\\/#organization\"},\"potentialAction\":[{\"@type\":\"SearchAction\",\"target\":{\"@type\":\"EntryPoint\",\"urlTemplate\":\"https:\\\/\\\/www.upm.cz\\\/?s={search_term_string}\"},\"query-input\":{\"@type\":\"PropertyValueSpecification\",\"valueRequired\":true,\"valueName\":\"search_term_string\"}}],\"inLanguage\":\"en-US\"},{\"@type\":\"Organization\",\"@id\":\"https:\\\/\\\/www.upm.cz\\\/#organization\",\"name\":\"Um\u011bleckopr\u016fmyslov\u00e9 museum v Praze\",\"url\":\"https:\\\/\\\/www.upm.cz\\\/\",\"logo\":{\"@type\":\"ImageObject\",\"inLanguage\":\"en-US\",\"@id\":\"https:\\\/\\\/www.upm.cz\\\/#\\\/schema\\\/logo\\\/image\\\/\",\"url\":\"https:\\\/\\\/www.upm.cz\\\/wp-content\\\/uploads\\\/2020\\\/03\\\/logo_upm_cz.svg\",\"contentUrl\":\"https:\\\/\\\/www.upm.cz\\\/wp-content\\\/uploads\\\/2020\\\/03\\\/logo_upm_cz.svg\",\"width\":1736,\"height\":295,\"caption\":\"Um\u011bleckopr\u016fmyslov\u00e9 museum v Praze\"},\"image\":{\"@id\":\"https:\\\/\\\/www.upm.cz\\\/#\\\/schema\\\/logo\\\/image\\\/\"}}]}<\/script>\n<!-- \/ Yoast SEO plugin. -->","yoast_head_json":{"title":"DROBN\u00c9 C\u00cdRKEVN\u00cd UM\u011aN\u00cd A VELK\u00c1 JM\u00c9NA K\u0158ES\u0164ANSK\u00c9 AKADEMIE V PRAZE (1875 - 1952) - Um\u011bleckopr\u016fmyslov\u00e9 museum v Praze","robots":{"index":"index","follow":"follow","max-snippet":"max-snippet:-1","max-image-preview":"max-image-preview:large","max-video-preview":"max-video-preview:-1"},"canonical":"https:\/\/www.upm.cz\/an\/eshop\/drobne-cirkevni-umeni-a-velka-jmena-krestanske-akademie-v-praze-1875-1952\/","og_locale":"en_US","og_type":"article","og_title":"DROBN\u00c9 C\u00cdRKEVN\u00cd UM\u011aN\u00cd A VELK\u00c1 JM\u00c9NA K\u0158ES\u0164ANSK\u00c9 AKADEMIE V PRAZE (1875 - 1952) - Um\u011bleckopr\u016fmyslov\u00e9 museum v Praze","og_description":"Editorka: Mark\u00e9ta Grill Janatov\u00e1 Grafick\u00fd design: Ad\u00e9la Svobodov\u00e1 Fotografie: Ond\u0159ej Kocourek (UPM), auto\u0159i, d\u011bdicov\u00e9 a\u00a0majitel\u00e9 reproduk\u010dn\u00edch pr\u00e1v ISBN 978-80-7101-24","og_url":"https:\/\/www.upm.cz\/an\/eshop\/drobne-cirkevni-umeni-a-velka-jmena-krestanske-akademie-v-praze-1875-1952\/","og_site_name":"Um\u011bleckopr\u016fmyslov\u00e9 museum v Praze","og_image":[{"width":606,"height":839,"url":"https:\/\/www.upm.cz\/wp-content\/uploads\/AKAD-obalka.jpg","type":"image\/jpeg"}],"twitter_card":"summary_large_image","twitter_misc":{"Est. reading time":"2 minutes"},"schema":{"@context":"https:\/\/schema.org","@graph":[{"@type":"WebPage","@id":"https:\/\/www.upm.cz\/eshop\/drobne-cirkevni-umeni-a-velka-jmena-krestanske-akademie-v-praze-1875-1952\/","url":"https:\/\/www.upm.cz\/eshop\/drobne-cirkevni-umeni-a-velka-jmena-krestanske-akademie-v-praze-1875-1952\/","name":"DROBN\u00c9 C\u00cdRKEVN\u00cd UM\u011aN\u00cd A VELK\u00c1 JM\u00c9NA K\u0158ES\u0164ANSK\u00c9 AKADEMIE V PRAZE (1875 - 1952) - Um\u011bleckopr\u016fmyslov\u00e9 museum v Praze","isPartOf":{"@id":"https:\/\/www.upm.cz\/#website"},"primaryImageOfPage":{"@id":"https:\/\/www.upm.cz\/eshop\/drobne-cirkevni-umeni-a-velka-jmena-krestanske-akademie-v-praze-1875-1952\/#primaryimage"},"image":{"@id":"https:\/\/www.upm.cz\/eshop\/drobne-cirkevni-umeni-a-velka-jmena-krestanske-akademie-v-praze-1875-1952\/#primaryimage"},"thumbnailUrl":"https:\/\/www.upm.cz\/wp-content\/uploads\/AKAD-obalka.jpg","datePublished":"2026-06-01T10:49:44+00:00","breadcrumb":{"@id":"https:\/\/www.upm.cz\/eshop\/drobne-cirkevni-umeni-a-velka-jmena-krestanske-akademie-v-praze-1875-1952\/#breadcrumb"},"inLanguage":"en-US","potentialAction":[{"@type":"ReadAction","target":["https:\/\/www.upm.cz\/eshop\/drobne-cirkevni-umeni-a-velka-jmena-krestanske-akademie-v-praze-1875-1952\/"]}]},{"@type":"ImageObject","inLanguage":"en-US","@id":"https:\/\/www.upm.cz\/eshop\/drobne-cirkevni-umeni-a-velka-jmena-krestanske-akademie-v-praze-1875-1952\/#primaryimage","url":"https:\/\/www.upm.cz\/wp-content\/uploads\/AKAD-obalka.jpg","contentUrl":"https:\/\/www.upm.cz\/wp-content\/uploads\/AKAD-obalka.jpg","width":606,"height":839},{"@type":"BreadcrumbList","@id":"https:\/\/www.upm.cz\/eshop\/drobne-cirkevni-umeni-a-velka-jmena-krestanske-akademie-v-praze-1875-1952\/#breadcrumb","itemListElement":[{"@type":"ListItem","position":1,"name":"Dom\u016f","item":"https:\/\/www.upm.cz\/"},{"@type":"ListItem","position":2,"name":"eshop","item":"https:\/\/www.upm.cz\/eshop\/"},{"@type":"ListItem","position":3,"name":"DROBN\u00c9 C\u00cdRKEVN\u00cd UM\u011aN\u00cd A VELK\u00c1 JM\u00c9NA K\u0158ES\u0164ANSK\u00c9 AKADEMIE V PRAZE (1875 &#8211; 1952)"}]},{"@type":"WebSite","@id":"https:\/\/www.upm.cz\/#website","url":"https:\/\/www.upm.cz\/","name":"Um\u011bleckopr\u016fmyslov\u00e9 museum v Praze","description":"","publisher":{"@id":"https:\/\/www.upm.cz\/#organization"},"potentialAction":[{"@type":"SearchAction","target":{"@type":"EntryPoint","urlTemplate":"https:\/\/www.upm.cz\/?s={search_term_string}"},"query-input":{"@type":"PropertyValueSpecification","valueRequired":true,"valueName":"search_term_string"}}],"inLanguage":"en-US"},{"@type":"Organization","@id":"https:\/\/www.upm.cz\/#organization","name":"Um\u011bleckopr\u016fmyslov\u00e9 museum v Praze","url":"https:\/\/www.upm.cz\/","logo":{"@type":"ImageObject","inLanguage":"en-US","@id":"https:\/\/www.upm.cz\/#\/schema\/logo\/image\/","url":"https:\/\/www.upm.cz\/wp-content\/uploads\/2020\/03\/logo_upm_cz.svg","contentUrl":"https:\/\/www.upm.cz\/wp-content\/uploads\/2020\/03\/logo_upm_cz.svg","width":1736,"height":295,"caption":"Um\u011bleckopr\u016fmyslov\u00e9 museum v Praze"},"image":{"@id":"https:\/\/www.upm.cz\/#\/schema\/logo\/image\/"}}]}},"_links":{"self":[{"href":"https:\/\/www.upm.cz\/an\/wp-json\/wp\/v2\/product\/25668","targetHints":{"allow":["GET"]}}],"collection":[{"href":"https:\/\/www.upm.cz\/an\/wp-json\/wp\/v2\/product"}],"about":[{"href":"https:\/\/www.upm.cz\/an\/wp-json\/wp\/v2\/types\/product"}],"wp:featuredmedia":[{"embeddable":true,"href":"https:\/\/www.upm.cz\/an\/wp-json\/wp\/v2\/media\/25663"}],"wp:attachment":[{"href":"https:\/\/www.upm.cz\/an\/wp-json\/wp\/v2\/media?parent=25668"}],"wp:term":[{"taxonomy":"product_brand","embeddable":true,"href":"https:\/\/www.upm.cz\/an\/wp-json\/wp\/v2\/product_brand?post=25668"},{"taxonomy":"product_cat","embeddable":true,"href":"https:\/\/www.upm.cz\/an\/wp-json\/wp\/v2\/product_cat?post=25668"},{"taxonomy":"product_tag","embeddable":true,"href":"https:\/\/www.upm.cz\/an\/wp-json\/wp\/v2\/product_tag?post=25668"}],"curies":[{"name":"wp","href":"https:\/\/api.w.org\/{rel}","templated":true}]}}