{"id":6327,"date":"2020-11-27T16:54:06","date_gmt":"2020-11-27T15:54:06","guid":{"rendered":"https:\/\/www.upm.cz\/?post_type=product&#038;p=6327"},"modified":"2023-12-03T12:34:28","modified_gmt":"2023-12-03T11:34:28","slug":"biedermaier_pruvodce","status":"publish","type":"product","link":"https:\/\/www.upm.cz\/an\/eshop\/biedermaier_pruvodce\/","title":{"rendered":"BIEDERMEIER. PR\u016eVODCE V\u00ddSTAVOU"},"content":{"rendered":"<p>Um\u011bleck\u00e1 d\u00edla \u010cech a\u00a0Moravy prvn\u00ed poloviny 19.\u00a0stolet\u00ed odr\u00e1\u017eej\u00ed osobit\u00fd um\u011bleck\u00fd a\u00a0my\u0161lenkov\u00fd proud \u2013 biedermeier. Pr\u016fvodce v\u00fdstavou ukazuje skute\u010dnou tv\u00e1\u0159nost biedermeieru jako \u017eivotn\u00edho a\u00a0um\u011bleck\u00e9ho stylu, kter\u00fd si\u00a0vytv\u00e1\u0159\u00ed aristokracie a\u00a0bohat\u00e9 m\u011b\u0161\u0165anstvo a\u00a0kter\u00fd postupn\u011b zasahuje v\u0161echny vrstvy spole\u010dnosti. V\u00a0duchu rod\u00edc\u00ed se\u00a0ob\u010dansk\u00e9 spole\u010dnosti vyzn\u00e1val ide\u00e1ly prakti\u010dnosti a\u00a0jednoduchosti, objevoval p\u016fvab v\u0161edn\u00edch v\u011bc\u00ed a\u00a0radost\u00ed i\u00a0kr\u00e1su p\u0159\u00edrody a\u00a0p\u0159\u00edrodn\u00edch materi\u00e1l\u016f. St\u0159\u00edzliv\u00e1 elegance a\u00a0v\u011bcnost \u2013 charakteristick\u00e9 rysy estetick\u00e9ho c\u00edt\u011bn\u00ed biedermeieru \u2013 odr\u00e1\u017eely celkovou modernizaci spole\u010dnosti a\u00a0staly se\u00a0p\u0159edzv\u011bst\u00ed modern\u00edho designu.<\/p>","protected":false},"excerpt":{"rendered":"<p>Pr\u016fvodce vydalo UPM ke\u00a0stejnojmenn\u00e9 v\u00fdstav\u011b konan\u00e9 v\u00a0J\u00edzd\u00e1rn\u011b Pra\u017esk\u00e9ho hradu 28.\u00a05.\u201328.\u00a09.\u00a02008.<\/p>\n<p>koncepce publikace: Radim Vondr\u00e1\u010dek<br \/>\ntext: Radim Vondr\u00e1\u010dek, Helena Koenigsmarkov\u00e1<br \/>\nhesla: Helena Bro\u017ekov\u00e1, Ji\u0159\u00ed Fronek, Daniela Karasov\u00e1, \u0160\u00e1rka Leubnerov\u00e1, Zuzana Novotn\u00e1, Dana Stehl\u00edkov\u00e1, Eva Uchalov\u00e1, V\u00edt Vlnas, Radim Vondr\u00e1\u010dek, Jana Wittlichov\u00e1 a\u00a0dal\u0161\u00ed<br \/>\nvyd\u00e1n\u00ed: samostatn\u011b \u010desk\u00e9 a\u00a0anglick\u00e9<br \/>\ngrafick\u00e1 \u00faprava: Filip Heyduk, HMS design, s.r.o.<br \/>\npo\u010det stran: 120<br \/>\nvazba: bro\u017eovan\u00e1, 23\u00a0x\u00a019\u00a0cm<br \/>\npo\u010det reprodukc\u00ed: 120<br \/>\nISBN: 978\u201480-7101\u2014075-3<\/p>","protected":false},"featured_media":6972,"template":"","meta":{"_acf_changed":false},"product_brand":[],"product_cat":[45],"product_tag":[],"class_list":{"0":"post-6327","1":"product","2":"type-product","3":"status-publish","4":"has-post-thumbnail","6":"product_cat-knihy","8":"first","9":"instock","10":"shipping-taxable","11":"purchasable","12":"product-type-variable","13":"has-default-attributes"},"acf":[],"yoast_head":"<!-- This site is optimized with the Yoast SEO plugin v26.9 - https:\/\/yoast.com\/product\/yoast-seo-wordpress\/ -->\n<title>BIEDERMEIER. PR\u016eVODCE V\u00ddSTAVOU - Um\u011bleckopr\u016fmyslov\u00e9 museum v Praze<\/title>\n<meta name=\"description\" content=\"Um\u011bleck\u00e1 d\u00edla \u010cech a\u00a0Moravy prvn\u00ed poloviny 19.\u00a0stolet\u00ed odr\u00e1\u017eej\u00ed osobit\u00fd um\u011bleck\u00fd a\u00a0my\u0161lenkov\u00fd proud \u2013 biedermeier. Pr\u016fvodce v\u00fdstavou ukazuje skute\u010dnou tv\u00e1\u0159nost biedermeieru jako \u017eivotn\u00edho a\u00a0um\u011bleck\u00e9ho stylu, kter\u00fd si\u00a0vytv\u00e1\u0159\u00ed aristokracie a\u00a0bohat\u00e9 m\u011b\u0161\u0165anstvo a\u00a0kter\u00fd postupn\u011b zasahuje v\u0161echny vrstvy spole\u010dnosti.\" \/>\n<meta name=\"robots\" content=\"index, follow, max-snippet:-1, max-image-preview:large, max-video-preview:-1\" \/>\n<link rel=\"canonical\" href=\"https:\/\/www.upm.cz\/an\/eshop\/biedermaier_pruvodce\/\" \/>\n<meta property=\"og:locale\" content=\"en_US\" \/>\n<meta property=\"og:type\" content=\"article\" \/>\n<meta property=\"og:title\" content=\"BIEDERMEIER. PR\u016eVODCE V\u00ddSTAVOU - Um\u011bleckopr\u016fmyslov\u00e9 museum v Praze\" \/>\n<meta property=\"og:description\" content=\"Um\u011bleck\u00e1 d\u00edla \u010cech a\u00a0Moravy prvn\u00ed poloviny 19.\u00a0stolet\u00ed odr\u00e1\u017eej\u00ed osobit\u00fd um\u011bleck\u00fd a\u00a0my\u0161lenkov\u00fd proud \u2013 biedermeier. Pr\u016fvodce v\u00fdstavou ukazuje skute\u010dnou tv\u00e1\u0159nost biedermeieru jako \u017eivotn\u00edho a\u00a0um\u011bleck\u00e9ho stylu, kter\u00fd si\u00a0vytv\u00e1\u0159\u00ed aristokracie a\u00a0bohat\u00e9 m\u011b\u0161\u0165anstvo a\u00a0kter\u00fd postupn\u011b zasahuje v\u0161echny vrstvy spole\u010dnosti.\" \/>\n<meta property=\"og:url\" content=\"https:\/\/www.upm.cz\/an\/eshop\/biedermaier_pruvodce\/\" \/>\n<meta property=\"og:site_name\" content=\"Um\u011bleckopr\u016fmyslov\u00e9 museum v Praze\" \/>\n<meta property=\"article:modified_time\" content=\"2023-12-03T11:34:28+00:00\" \/>\n<meta property=\"og:image\" content=\"https:\/\/www.upm.cz\/wp-content\/uploads\/Bieder_pruvodce_aj_035-1.jpg\" \/>\n\t<meta property=\"og:image:width\" content=\"1172\" \/>\n\t<meta property=\"og:image:height\" content=\"1400\" \/>\n\t<meta property=\"og:image:type\" content=\"image\/jpeg\" \/>\n<meta name=\"twitter:card\" content=\"summary_large_image\" \/>\n<meta name=\"twitter:label1\" content=\"Est. reading time\" \/>\n\t<meta name=\"twitter:data1\" content=\"1 minute\" \/>\n<script type=\"application\/ld+json\" class=\"yoast-schema-graph\">{\"@context\":\"https:\/\/schema.org\",\"@graph\":[{\"@type\":\"WebPage\",\"@id\":\"https:\/\/www.upm.cz\/eshop\/biedermaier_pruvodce\/\",\"url\":\"https:\/\/www.upm.cz\/eshop\/biedermaier_pruvodce\/\",\"name\":\"BIEDERMEIER. PR\u016eVODCE V\u00ddSTAVOU - Um\u011bleckopr\u016fmyslov\u00e9 museum v Praze\",\"isPartOf\":{\"@id\":\"https:\/\/www.upm.cz\/#website\"},\"primaryImageOfPage\":{\"@id\":\"https:\/\/www.upm.cz\/eshop\/biedermaier_pruvodce\/#primaryimage\"},\"image\":{\"@id\":\"https:\/\/www.upm.cz\/eshop\/biedermaier_pruvodce\/#primaryimage\"},\"thumbnailUrl\":\"https:\/\/www.upm.cz\/wp-content\/uploads\/Bieder_pruvodce_aj_035-1.jpg\",\"datePublished\":\"2020-11-27T15:54:06+00:00\",\"dateModified\":\"2023-12-03T11:34:28+00:00\",\"description\":\"Um\u011bleck\u00e1 d\u00edla \u010cech a\u00a0Moravy prvn\u00ed poloviny 19.\u00a0stolet\u00ed odr\u00e1\u017eej\u00ed osobit\u00fd um\u011bleck\u00fd a\u00a0my\u0161lenkov\u00fd proud \u2013 biedermeier. Pr\u016fvodce v\u00fdstavou ukazuje skute\u010dnou tv\u00e1\u0159nost biedermeieru jako \u017eivotn\u00edho a\u00a0um\u011bleck\u00e9ho stylu, kter\u00fd si\u00a0vytv\u00e1\u0159\u00ed aristokracie a\u00a0bohat\u00e9 m\u011b\u0161\u0165anstvo a\u00a0kter\u00fd postupn\u011b zasahuje v\u0161echny vrstvy spole\u010dnosti.\",\"breadcrumb\":{\"@id\":\"https:\/\/www.upm.cz\/eshop\/biedermaier_pruvodce\/#breadcrumb\"},\"inLanguage\":\"en-US\",\"potentialAction\":[{\"@type\":\"ReadAction\",\"target\":[\"https:\/\/www.upm.cz\/eshop\/biedermaier_pruvodce\/\"]}]},{\"@type\":\"ImageObject\",\"inLanguage\":\"en-US\",\"@id\":\"https:\/\/www.upm.cz\/eshop\/biedermaier_pruvodce\/#primaryimage\",\"url\":\"https:\/\/www.upm.cz\/wp-content\/uploads\/Bieder_pruvodce_aj_035-1.jpg\",\"contentUrl\":\"https:\/\/www.upm.cz\/wp-content\/uploads\/Bieder_pruvodce_aj_035-1.jpg\",\"width\":1172,\"height\":1400},{\"@type\":\"BreadcrumbList\",\"@id\":\"https:\/\/www.upm.cz\/eshop\/biedermaier_pruvodce\/#breadcrumb\",\"itemListElement\":[{\"@type\":\"ListItem\",\"position\":1,\"name\":\"Dom\u016f\",\"item\":\"https:\/\/www.upm.cz\/\"},{\"@type\":\"ListItem\",\"position\":2,\"name\":\"eshop\",\"item\":\"https:\/\/www.upm.cz\/eshop\/\"},{\"@type\":\"ListItem\",\"position\":3,\"name\":\"BIEDERMEIER. PR\u016eVODCE V\u00ddSTAVOU\"}]},{\"@type\":\"WebSite\",\"@id\":\"https:\/\/www.upm.cz\/#website\",\"url\":\"https:\/\/www.upm.cz\/\",\"name\":\"Um\u011bleckopr\u016fmyslov\u00e9 museum v Praze\",\"description\":\"\",\"publisher\":{\"@id\":\"https:\/\/www.upm.cz\/#organization\"},\"potentialAction\":[{\"@type\":\"SearchAction\",\"target\":{\"@type\":\"EntryPoint\",\"urlTemplate\":\"https:\/\/www.upm.cz\/?s={search_term_string}\"},\"query-input\":{\"@type\":\"PropertyValueSpecification\",\"valueRequired\":true,\"valueName\":\"search_term_string\"}}],\"inLanguage\":\"en-US\"},{\"@type\":\"Organization\",\"@id\":\"https:\/\/www.upm.cz\/#organization\",\"name\":\"Um\u011bleckopr\u016fmyslov\u00e9 museum v Praze\",\"url\":\"https:\/\/www.upm.cz\/\",\"logo\":{\"@type\":\"ImageObject\",\"inLanguage\":\"en-US\",\"@id\":\"https:\/\/www.upm.cz\/#\/schema\/logo\/image\/\",\"url\":\"https:\/\/www.upm.cz\/wp-content\/uploads\/2020\/03\/logo_upm_cz.svg\",\"contentUrl\":\"https:\/\/www.upm.cz\/wp-content\/uploads\/2020\/03\/logo_upm_cz.svg\",\"width\":1736,\"height\":295,\"caption\":\"Um\u011bleckopr\u016fmyslov\u00e9 museum v Praze\"},\"image\":{\"@id\":\"https:\/\/www.upm.cz\/#\/schema\/logo\/image\/\"}}]}<\/script>\n<!-- \/ Yoast SEO plugin. -->","yoast_head_json":{"title":"BIEDERMEIER. PR\u016eVODCE V\u00ddSTAVOU - Um\u011bleckopr\u016fmyslov\u00e9 museum v Praze","description":"Um\u011bleck\u00e1 d\u00edla \u010cech a\u00a0Moravy prvn\u00ed poloviny 19.\u00a0stolet\u00ed odr\u00e1\u017eej\u00ed osobit\u00fd um\u011bleck\u00fd a\u00a0my\u0161lenkov\u00fd proud \u2013 biedermeier. Pr\u016fvodce v\u00fdstavou ukazuje skute\u010dnou tv\u00e1\u0159nost biedermeieru jako \u017eivotn\u00edho a\u00a0um\u011bleck\u00e9ho stylu, kter\u00fd si\u00a0vytv\u00e1\u0159\u00ed aristokracie a\u00a0bohat\u00e9 m\u011b\u0161\u0165anstvo a\u00a0kter\u00fd postupn\u011b zasahuje v\u0161echny vrstvy spole\u010dnosti.","robots":{"index":"index","follow":"follow","max-snippet":"max-snippet:-1","max-image-preview":"max-image-preview:large","max-video-preview":"max-video-preview:-1"},"canonical":"https:\/\/www.upm.cz\/an\/eshop\/biedermaier_pruvodce\/","og_locale":"en_US","og_type":"article","og_title":"BIEDERMEIER. PR\u016eVODCE V\u00ddSTAVOU - Um\u011bleckopr\u016fmyslov\u00e9 museum v Praze","og_description":"Um\u011bleck\u00e1 d\u00edla \u010cech a\u00a0Moravy prvn\u00ed poloviny 19.\u00a0stolet\u00ed odr\u00e1\u017eej\u00ed osobit\u00fd um\u011bleck\u00fd a\u00a0my\u0161lenkov\u00fd proud \u2013 biedermeier. Pr\u016fvodce v\u00fdstavou ukazuje skute\u010dnou tv\u00e1\u0159nost biedermeieru jako \u017eivotn\u00edho a\u00a0um\u011bleck\u00e9ho stylu, kter\u00fd si\u00a0vytv\u00e1\u0159\u00ed aristokracie a\u00a0bohat\u00e9 m\u011b\u0161\u0165anstvo a\u00a0kter\u00fd postupn\u011b zasahuje v\u0161echny vrstvy spole\u010dnosti.","og_url":"https:\/\/www.upm.cz\/an\/eshop\/biedermaier_pruvodce\/","og_site_name":"Um\u011bleckopr\u016fmyslov\u00e9 museum v Praze","article_modified_time":"2023-12-03T11:34:28+00:00","og_image":[{"width":1172,"height":1400,"url":"https:\/\/www.upm.cz\/wp-content\/uploads\/Bieder_pruvodce_aj_035-1.jpg","type":"image\/jpeg"}],"twitter_card":"summary_large_image","twitter_misc":{"Est. reading time":"1 minute"},"schema":{"@context":"https:\/\/schema.org","@graph":[{"@type":"WebPage","@id":"https:\/\/www.upm.cz\/eshop\/biedermaier_pruvodce\/","url":"https:\/\/www.upm.cz\/eshop\/biedermaier_pruvodce\/","name":"BIEDERMEIER. PR\u016eVODCE V\u00ddSTAVOU - Um\u011bleckopr\u016fmyslov\u00e9 museum v Praze","isPartOf":{"@id":"https:\/\/www.upm.cz\/#website"},"primaryImageOfPage":{"@id":"https:\/\/www.upm.cz\/eshop\/biedermaier_pruvodce\/#primaryimage"},"image":{"@id":"https:\/\/www.upm.cz\/eshop\/biedermaier_pruvodce\/#primaryimage"},"thumbnailUrl":"https:\/\/www.upm.cz\/wp-content\/uploads\/Bieder_pruvodce_aj_035-1.jpg","datePublished":"2020-11-27T15:54:06+00:00","dateModified":"2023-12-03T11:34:28+00:00","description":"Um\u011bleck\u00e1 d\u00edla \u010cech a\u00a0Moravy prvn\u00ed poloviny 19.\u00a0stolet\u00ed odr\u00e1\u017eej\u00ed osobit\u00fd um\u011bleck\u00fd a\u00a0my\u0161lenkov\u00fd proud \u2013 biedermeier. Pr\u016fvodce v\u00fdstavou ukazuje skute\u010dnou tv\u00e1\u0159nost biedermeieru jako \u017eivotn\u00edho a\u00a0um\u011bleck\u00e9ho stylu, kter\u00fd si\u00a0vytv\u00e1\u0159\u00ed aristokracie a\u00a0bohat\u00e9 m\u011b\u0161\u0165anstvo a\u00a0kter\u00fd postupn\u011b zasahuje v\u0161echny vrstvy spole\u010dnosti.","breadcrumb":{"@id":"https:\/\/www.upm.cz\/eshop\/biedermaier_pruvodce\/#breadcrumb"},"inLanguage":"en-US","potentialAction":[{"@type":"ReadAction","target":["https:\/\/www.upm.cz\/eshop\/biedermaier_pruvodce\/"]}]},{"@type":"ImageObject","inLanguage":"en-US","@id":"https:\/\/www.upm.cz\/eshop\/biedermaier_pruvodce\/#primaryimage","url":"https:\/\/www.upm.cz\/wp-content\/uploads\/Bieder_pruvodce_aj_035-1.jpg","contentUrl":"https:\/\/www.upm.cz\/wp-content\/uploads\/Bieder_pruvodce_aj_035-1.jpg","width":1172,"height":1400},{"@type":"BreadcrumbList","@id":"https:\/\/www.upm.cz\/eshop\/biedermaier_pruvodce\/#breadcrumb","itemListElement":[{"@type":"ListItem","position":1,"name":"Dom\u016f","item":"https:\/\/www.upm.cz\/"},{"@type":"ListItem","position":2,"name":"eshop","item":"https:\/\/www.upm.cz\/eshop\/"},{"@type":"ListItem","position":3,"name":"BIEDERMEIER. PR\u016eVODCE V\u00ddSTAVOU"}]},{"@type":"WebSite","@id":"https:\/\/www.upm.cz\/#website","url":"https:\/\/www.upm.cz\/","name":"Um\u011bleckopr\u016fmyslov\u00e9 museum v Praze","description":"","publisher":{"@id":"https:\/\/www.upm.cz\/#organization"},"potentialAction":[{"@type":"SearchAction","target":{"@type":"EntryPoint","urlTemplate":"https:\/\/www.upm.cz\/?s={search_term_string}"},"query-input":{"@type":"PropertyValueSpecification","valueRequired":true,"valueName":"search_term_string"}}],"inLanguage":"en-US"},{"@type":"Organization","@id":"https:\/\/www.upm.cz\/#organization","name":"Um\u011bleckopr\u016fmyslov\u00e9 museum v Praze","url":"https:\/\/www.upm.cz\/","logo":{"@type":"ImageObject","inLanguage":"en-US","@id":"https:\/\/www.upm.cz\/#\/schema\/logo\/image\/","url":"https:\/\/www.upm.cz\/wp-content\/uploads\/2020\/03\/logo_upm_cz.svg","contentUrl":"https:\/\/www.upm.cz\/wp-content\/uploads\/2020\/03\/logo_upm_cz.svg","width":1736,"height":295,"caption":"Um\u011bleckopr\u016fmyslov\u00e9 museum v Praze"},"image":{"@id":"https:\/\/www.upm.cz\/#\/schema\/logo\/image\/"}}]}},"_links":{"self":[{"href":"https:\/\/www.upm.cz\/an\/wp-json\/wp\/v2\/product\/6327","targetHints":{"allow":["GET"]}}],"collection":[{"href":"https:\/\/www.upm.cz\/an\/wp-json\/wp\/v2\/product"}],"about":[{"href":"https:\/\/www.upm.cz\/an\/wp-json\/wp\/v2\/types\/product"}],"wp:featuredmedia":[{"embeddable":true,"href":"https:\/\/www.upm.cz\/an\/wp-json\/wp\/v2\/media\/6972"}],"wp:attachment":[{"href":"https:\/\/www.upm.cz\/an\/wp-json\/wp\/v2\/media?parent=6327"}],"wp:term":[{"taxonomy":"product_brand","embeddable":true,"href":"https:\/\/www.upm.cz\/an\/wp-json\/wp\/v2\/product_brand?post=6327"},{"taxonomy":"product_cat","embeddable":true,"href":"https:\/\/www.upm.cz\/an\/wp-json\/wp\/v2\/product_cat?post=6327"},{"taxonomy":"product_tag","embeddable":true,"href":"https:\/\/www.upm.cz\/an\/wp-json\/wp\/v2\/product_tag?post=6327"}],"curies":[{"name":"wp","href":"https:\/\/api.w.org\/{rel}","templated":true}]}}