{"id":6409,"date":"2021-02-16T16:30:00","date_gmt":"2021-02-16T15:30:00","guid":{"rendered":"https:\/\/www.upm.cz\/?post_type=product&#038;p=6409"},"modified":"2026-01-03T11:05:04","modified_gmt":"2026-01-03T10:05:04","slug":"preissig","status":"publish","type":"product","link":"https:\/\/www.upm.cz\/an\/eshop\/preissig\/","title":{"rendered":"VOJT\u011aCH PREISSIG"},"content":{"rendered":"<p>Edice Design \u2013 profily \u2013 osobnosti<\/p>\n<p>Tvorba Vojt\u011bcha Preissiga, jednoho z\u00a0nejv\u00fdrazn\u011bj\u0161\u00edch \u010desk\u00fdch um\u011blc\u016f prvn\u00ed poloviny 20.\u00a0stolet\u00ed v\u00a0oblasti grafick\u00e9ho designu, zahrnuje \u0161irok\u00e9 spektrum obor\u016f a\u00a0typ\u016f grafick\u00e9 a\u00a0dekorat\u00e9rsk\u00e9 \u010dinnosti, po\u010d\u00ednaje akciden\u010dn\u00ed grafikou (plak\u00e1ty, pozv\u00e1nky, ozn\u00e1men\u00ed, novoro\u010denky a\u00a0ex\u00a0libris) p\u0159es kni\u017en\u00ed a\u00a0\u010dasopiseckou tvorbu, ornament\u00e1ln\u00ed p\u0159edlohy a\u00a0vzory a\u017e po\u00a0typografii. Na\u00a0pozad\u00ed Preissigova nev\u0161edn\u00edho \u017eivotn\u00edho osudu, vyty\u010den\u00e9ho v\u00fdznamn\u00fdmi historick\u00fdmi ud\u00e1lostmi, sledujeme um\u011blcovy z\u00e1sadn\u00ed tv\u016fr\u010d\u00ed etapy, kter\u00e9 mu\u00a0p\u0159in\u00e1\u0161ely specifick\u00e9 \u00fakoly, nab\u00edzely r\u016fzn\u00e9 p\u0159\u00edle\u017eitosti a\u00a0ur\u010dovaly jeho orientaci \u2013 zejm\u00e9na studium v\u00a0Pa\u0159\u00ed\u017ei, \u010dinnost vlastn\u00edho ateli\u00e9ru, p\u0159es\u00eddlen\u00ed do\u00a0Spojen\u00fdch st\u00e1t\u016f americk\u00fdch, p\u016fsoben\u00ed v\u00a0prvn\u00edm odboji, pedagogick\u00e1 \u010dinnost na\u00a0Wentworthov\u011b institutu v\u00a0Bostonu, pr\u00e1ce pro americk\u00e9 tisk\u00e1rny a\u00a0nakladatelstv\u00ed, spolupr\u00e1ce se\u00a0St\u00e1tn\u00ed tisk\u00e1rnou v\u00a0Praze, n\u00e1vrat do\u00a0\u010ceskoslovenska a\u00a0p\u016fsoben\u00ed v\u00a0druh\u00e9m odboji.<\/p>\n<p>&nbsp;<\/p>","protected":false},"excerpt":{"rendered":"<p>Publikaci vydalo UPM v&nbsp;Praze ve spolupr\u00e1ci s&nbsp;nakladatelstv\u00edm Arbor vitae, 2012<\/p>\n<p>autor: Lucie Vl\u010dkov\u00e1<br \/>\nvyd\u00e1n\u00ed: \u010desk\u00e9 a&nbsp;anglick\u00e9<br \/>\ngrafick\u00fd design: \u0160t\u011bp\u00e1n Malovec<br \/>\nform\u00e1t: 22\u00a0x\u00a019\u00a0cm, m\u011bkk\u00e1 vazba<br \/>\npo\u010det stran: 224<br \/>\nreprodukce: 216<br \/>\nISBN 978\u201480-7101\u2014122-4 (\u010dj)<\/p>\n<p>&nbsp;<\/p>","protected":false},"featured_media":6080,"template":"","meta":{"_acf_changed":false},"product_brand":[],"product_cat":[45],"product_tag":[],"class_list":{"0":"post-6409","1":"product","2":"type-product","3":"status-publish","4":"has-post-thumbnail","6":"product_cat-knihy","8":"first","9":"instock","10":"shipping-taxable","11":"purchasable","12":"product-type-variable","13":"has-default-attributes"},"acf":[],"yoast_head":"<!-- This site is optimized with the Yoast SEO plugin v26.9 - https:\/\/yoast.com\/product\/yoast-seo-wordpress\/ -->\n<title>VOJT\u011aCH PREISSIG - Um\u011bleckopr\u016fmyslov\u00e9 museum v Praze<\/title>\n<meta name=\"description\" content=\"Tvorba Vojt\u011bcha Preissiga, jednoho z\u00a0nejv\u00fdrazn\u011bj\u0161\u00edch \u010desk\u00fdch um\u011blc\u016f prvn\u00ed poloviny 20.\u00a0stolet\u00ed v\u00a0oblasti grafick\u00e9ho designu, zahrnuje \u0161irok\u00e9 spektrum obor\u016f a\u00a0typ\u016f grafick\u00e9 a\u00a0dekorat\u00e9rsk\u00e9 \u010dinnosti, po\u010d\u00ednaje akciden\u010dn\u00ed grafikou (plak\u00e1ty, pozv\u00e1nky, ozn\u00e1men\u00ed, novoro\u010denky a\u00a0ex\u00a0libris) p\u0159es kni\u017en\u00ed a\u00a0\u010dasopiseckou tvorbu, ornament\u00e1ln\u00ed p\u0159edlohy a\u00a0vzory a\u017e po\u00a0typografii. Na\u00a0pozad\u00ed Preissigova nev\u0161edn\u00edho \u017eivotn\u00edho osudu, vyty\u010den\u00e9ho v\u00fdznamn\u00fdmi historick\u00fdmi ud\u00e1lostmi, sledujeme um\u011blcovy z\u00e1sadn\u00ed tv\u016fr\u010d\u00ed etapy.\" \/>\n<meta name=\"robots\" content=\"noindex, nofollow\" \/>\n<meta property=\"og:locale\" content=\"en_US\" \/>\n<meta property=\"og:type\" content=\"article\" \/>\n<meta property=\"og:title\" content=\"VOJT\u011aCH PREISSIG - Um\u011bleckopr\u016fmyslov\u00e9 museum v Praze\" \/>\n<meta property=\"og:description\" content=\"Tvorba Vojt\u011bcha Preissiga, jednoho z\u00a0nejv\u00fdrazn\u011bj\u0161\u00edch \u010desk\u00fdch um\u011blc\u016f prvn\u00ed poloviny 20.\u00a0stolet\u00ed v\u00a0oblasti grafick\u00e9ho designu, zahrnuje \u0161irok\u00e9 spektrum obor\u016f a\u00a0typ\u016f grafick\u00e9 a\u00a0dekorat\u00e9rsk\u00e9 \u010dinnosti, po\u010d\u00ednaje akciden\u010dn\u00ed grafikou (plak\u00e1ty, pozv\u00e1nky, ozn\u00e1men\u00ed, novoro\u010denky a\u00a0ex\u00a0libris) p\u0159es kni\u017en\u00ed a\u00a0\u010dasopiseckou tvorbu, ornament\u00e1ln\u00ed p\u0159edlohy a\u00a0vzory a\u017e po\u00a0typografii. Na\u00a0pozad\u00ed Preissigova nev\u0161edn\u00edho \u017eivotn\u00edho osudu, vyty\u010den\u00e9ho v\u00fdznamn\u00fdmi historick\u00fdmi ud\u00e1lostmi, sledujeme um\u011blcovy z\u00e1sadn\u00ed tv\u016fr\u010d\u00ed etapy.\" \/>\n<meta property=\"og:url\" content=\"https:\/\/www.upm.cz\/an\/eshop\/preissig\/\" \/>\n<meta property=\"og:site_name\" content=\"Um\u011bleckopr\u016fmyslov\u00e9 museum v Praze\" \/>\n<meta property=\"article:modified_time\" content=\"2026-01-03T10:05:04+00:00\" \/>\n<meta property=\"og:image\" content=\"https:\/\/www.upm.cz\/wp-content\/uploads\/V_Preissig_DPO_01_P03.jpg\" \/>\n\t<meta property=\"og:image:width\" content=\"879\" \/>\n\t<meta property=\"og:image:height\" content=\"1000\" \/>\n\t<meta property=\"og:image:type\" content=\"image\/jpeg\" \/>\n<meta name=\"twitter:card\" content=\"summary_large_image\" \/>\n<meta name=\"twitter:label1\" content=\"Est. reading time\" \/>\n\t<meta name=\"twitter:data1\" content=\"1 minute\" \/>\n<script type=\"application\/ld+json\" class=\"yoast-schema-graph\">{\"@context\":\"https:\/\/schema.org\",\"@graph\":[{\"@type\":\"WebPage\",\"@id\":\"https:\/\/www.upm.cz\/eshop\/preissig\/\",\"url\":\"https:\/\/www.upm.cz\/eshop\/preissig\/\",\"name\":\"VOJT\u011aCH PREISSIG - Um\u011bleckopr\u016fmyslov\u00e9 museum v Praze\",\"isPartOf\":{\"@id\":\"https:\/\/www.upm.cz\/#website\"},\"primaryImageOfPage\":{\"@id\":\"https:\/\/www.upm.cz\/eshop\/preissig\/#primaryimage\"},\"image\":{\"@id\":\"https:\/\/www.upm.cz\/eshop\/preissig\/#primaryimage\"},\"thumbnailUrl\":\"https:\/\/www.upm.cz\/wp-content\/uploads\/V_Preissig_DPO_01_P03.jpg\",\"datePublished\":\"2021-02-16T15:30:00+00:00\",\"dateModified\":\"2026-01-03T10:05:04+00:00\",\"description\":\"Tvorba Vojt\u011bcha Preissiga, jednoho z\u00a0nejv\u00fdrazn\u011bj\u0161\u00edch \u010desk\u00fdch um\u011blc\u016f prvn\u00ed poloviny 20.\u00a0stolet\u00ed v\u00a0oblasti grafick\u00e9ho designu, zahrnuje \u0161irok\u00e9 spektrum obor\u016f a\u00a0typ\u016f grafick\u00e9 a\u00a0dekorat\u00e9rsk\u00e9 \u010dinnosti, po\u010d\u00ednaje akciden\u010dn\u00ed grafikou (plak\u00e1ty, pozv\u00e1nky, ozn\u00e1men\u00ed, novoro\u010denky a\u00a0ex\u00a0libris) p\u0159es kni\u017en\u00ed a\u00a0\u010dasopiseckou tvorbu, ornament\u00e1ln\u00ed p\u0159edlohy a\u00a0vzory a\u017e po\u00a0typografii. Na\u00a0pozad\u00ed Preissigova nev\u0161edn\u00edho \u017eivotn\u00edho osudu, vyty\u010den\u00e9ho v\u00fdznamn\u00fdmi historick\u00fdmi ud\u00e1lostmi, sledujeme um\u011blcovy z\u00e1sadn\u00ed tv\u016fr\u010d\u00ed etapy.\",\"breadcrumb\":{\"@id\":\"https:\/\/www.upm.cz\/eshop\/preissig\/#breadcrumb\"},\"inLanguage\":\"en-US\",\"potentialAction\":[{\"@type\":\"ReadAction\",\"target\":[\"https:\/\/www.upm.cz\/eshop\/preissig\/\"]}]},{\"@type\":\"ImageObject\",\"inLanguage\":\"en-US\",\"@id\":\"https:\/\/www.upm.cz\/eshop\/preissig\/#primaryimage\",\"url\":\"https:\/\/www.upm.cz\/wp-content\/uploads\/V_Preissig_DPO_01_P03.jpg\",\"contentUrl\":\"https:\/\/www.upm.cz\/wp-content\/uploads\/V_Preissig_DPO_01_P03.jpg\",\"width\":879,\"height\":1000},{\"@type\":\"BreadcrumbList\",\"@id\":\"https:\/\/www.upm.cz\/eshop\/preissig\/#breadcrumb\",\"itemListElement\":[{\"@type\":\"ListItem\",\"position\":1,\"name\":\"Dom\u016f\",\"item\":\"https:\/\/www.upm.cz\/\"},{\"@type\":\"ListItem\",\"position\":2,\"name\":\"eshop\",\"item\":\"https:\/\/www.upm.cz\/eshop\/\"},{\"@type\":\"ListItem\",\"position\":3,\"name\":\"VOJT\u011aCH PREISSIG\"}]},{\"@type\":\"WebSite\",\"@id\":\"https:\/\/www.upm.cz\/#website\",\"url\":\"https:\/\/www.upm.cz\/\",\"name\":\"Um\u011bleckopr\u016fmyslov\u00e9 museum v Praze\",\"description\":\"\",\"publisher\":{\"@id\":\"https:\/\/www.upm.cz\/#organization\"},\"potentialAction\":[{\"@type\":\"SearchAction\",\"target\":{\"@type\":\"EntryPoint\",\"urlTemplate\":\"https:\/\/www.upm.cz\/?s={search_term_string}\"},\"query-input\":{\"@type\":\"PropertyValueSpecification\",\"valueRequired\":true,\"valueName\":\"search_term_string\"}}],\"inLanguage\":\"en-US\"},{\"@type\":\"Organization\",\"@id\":\"https:\/\/www.upm.cz\/#organization\",\"name\":\"Um\u011bleckopr\u016fmyslov\u00e9 museum v Praze\",\"url\":\"https:\/\/www.upm.cz\/\",\"logo\":{\"@type\":\"ImageObject\",\"inLanguage\":\"en-US\",\"@id\":\"https:\/\/www.upm.cz\/#\/schema\/logo\/image\/\",\"url\":\"https:\/\/www.upm.cz\/wp-content\/uploads\/2020\/03\/logo_upm_cz.svg\",\"contentUrl\":\"https:\/\/www.upm.cz\/wp-content\/uploads\/2020\/03\/logo_upm_cz.svg\",\"width\":1736,\"height\":295,\"caption\":\"Um\u011bleckopr\u016fmyslov\u00e9 museum v Praze\"},\"image\":{\"@id\":\"https:\/\/www.upm.cz\/#\/schema\/logo\/image\/\"}}]}<\/script>\n<!-- \/ Yoast SEO plugin. -->","yoast_head_json":{"title":"VOJT\u011aCH PREISSIG - Um\u011bleckopr\u016fmyslov\u00e9 museum v Praze","description":"Tvorba Vojt\u011bcha Preissiga, jednoho z\u00a0nejv\u00fdrazn\u011bj\u0161\u00edch \u010desk\u00fdch um\u011blc\u016f prvn\u00ed poloviny 20.\u00a0stolet\u00ed v\u00a0oblasti grafick\u00e9ho designu, zahrnuje \u0161irok\u00e9 spektrum obor\u016f a\u00a0typ\u016f grafick\u00e9 a\u00a0dekorat\u00e9rsk\u00e9 \u010dinnosti, po\u010d\u00ednaje akciden\u010dn\u00ed grafikou (plak\u00e1ty, pozv\u00e1nky, ozn\u00e1men\u00ed, novoro\u010denky a\u00a0ex\u00a0libris) p\u0159es kni\u017en\u00ed a\u00a0\u010dasopiseckou tvorbu, ornament\u00e1ln\u00ed p\u0159edlohy a\u00a0vzory a\u017e po\u00a0typografii. Na\u00a0pozad\u00ed Preissigova nev\u0161edn\u00edho \u017eivotn\u00edho osudu, vyty\u010den\u00e9ho v\u00fdznamn\u00fdmi historick\u00fdmi ud\u00e1lostmi, sledujeme um\u011blcovy z\u00e1sadn\u00ed tv\u016fr\u010d\u00ed etapy.","robots":{"index":"noindex","follow":"nofollow"},"og_locale":"en_US","og_type":"article","og_title":"VOJT\u011aCH PREISSIG - Um\u011bleckopr\u016fmyslov\u00e9 museum v Praze","og_description":"Tvorba Vojt\u011bcha Preissiga, jednoho z\u00a0nejv\u00fdrazn\u011bj\u0161\u00edch \u010desk\u00fdch um\u011blc\u016f prvn\u00ed poloviny 20.\u00a0stolet\u00ed v\u00a0oblasti grafick\u00e9ho designu, zahrnuje \u0161irok\u00e9 spektrum obor\u016f a\u00a0typ\u016f grafick\u00e9 a\u00a0dekorat\u00e9rsk\u00e9 \u010dinnosti, po\u010d\u00ednaje akciden\u010dn\u00ed grafikou (plak\u00e1ty, pozv\u00e1nky, ozn\u00e1men\u00ed, novoro\u010denky a\u00a0ex\u00a0libris) p\u0159es kni\u017en\u00ed a\u00a0\u010dasopiseckou tvorbu, ornament\u00e1ln\u00ed p\u0159edlohy a\u00a0vzory a\u017e po\u00a0typografii. Na\u00a0pozad\u00ed Preissigova nev\u0161edn\u00edho \u017eivotn\u00edho osudu, vyty\u010den\u00e9ho v\u00fdznamn\u00fdmi historick\u00fdmi ud\u00e1lostmi, sledujeme um\u011blcovy z\u00e1sadn\u00ed tv\u016fr\u010d\u00ed etapy.","og_url":"https:\/\/www.upm.cz\/an\/eshop\/preissig\/","og_site_name":"Um\u011bleckopr\u016fmyslov\u00e9 museum v Praze","article_modified_time":"2026-01-03T10:05:04+00:00","og_image":[{"width":879,"height":1000,"url":"https:\/\/www.upm.cz\/wp-content\/uploads\/V_Preissig_DPO_01_P03.jpg","type":"image\/jpeg"}],"twitter_card":"summary_large_image","twitter_misc":{"Est. reading time":"1 minute"},"schema":{"@context":"https:\/\/schema.org","@graph":[{"@type":"WebPage","@id":"https:\/\/www.upm.cz\/eshop\/preissig\/","url":"https:\/\/www.upm.cz\/eshop\/preissig\/","name":"VOJT\u011aCH PREISSIG - Um\u011bleckopr\u016fmyslov\u00e9 museum v Praze","isPartOf":{"@id":"https:\/\/www.upm.cz\/#website"},"primaryImageOfPage":{"@id":"https:\/\/www.upm.cz\/eshop\/preissig\/#primaryimage"},"image":{"@id":"https:\/\/www.upm.cz\/eshop\/preissig\/#primaryimage"},"thumbnailUrl":"https:\/\/www.upm.cz\/wp-content\/uploads\/V_Preissig_DPO_01_P03.jpg","datePublished":"2021-02-16T15:30:00+00:00","dateModified":"2026-01-03T10:05:04+00:00","description":"Tvorba Vojt\u011bcha Preissiga, jednoho z\u00a0nejv\u00fdrazn\u011bj\u0161\u00edch \u010desk\u00fdch um\u011blc\u016f prvn\u00ed poloviny 20.\u00a0stolet\u00ed v\u00a0oblasti grafick\u00e9ho designu, zahrnuje \u0161irok\u00e9 spektrum obor\u016f a\u00a0typ\u016f grafick\u00e9 a\u00a0dekorat\u00e9rsk\u00e9 \u010dinnosti, po\u010d\u00ednaje akciden\u010dn\u00ed grafikou (plak\u00e1ty, pozv\u00e1nky, ozn\u00e1men\u00ed, novoro\u010denky a\u00a0ex\u00a0libris) p\u0159es kni\u017en\u00ed a\u00a0\u010dasopiseckou tvorbu, ornament\u00e1ln\u00ed p\u0159edlohy a\u00a0vzory a\u017e po\u00a0typografii. Na\u00a0pozad\u00ed Preissigova nev\u0161edn\u00edho \u017eivotn\u00edho osudu, vyty\u010den\u00e9ho v\u00fdznamn\u00fdmi historick\u00fdmi ud\u00e1lostmi, sledujeme um\u011blcovy z\u00e1sadn\u00ed tv\u016fr\u010d\u00ed etapy.","breadcrumb":{"@id":"https:\/\/www.upm.cz\/eshop\/preissig\/#breadcrumb"},"inLanguage":"en-US","potentialAction":[{"@type":"ReadAction","target":["https:\/\/www.upm.cz\/eshop\/preissig\/"]}]},{"@type":"ImageObject","inLanguage":"en-US","@id":"https:\/\/www.upm.cz\/eshop\/preissig\/#primaryimage","url":"https:\/\/www.upm.cz\/wp-content\/uploads\/V_Preissig_DPO_01_P03.jpg","contentUrl":"https:\/\/www.upm.cz\/wp-content\/uploads\/V_Preissig_DPO_01_P03.jpg","width":879,"height":1000},{"@type":"BreadcrumbList","@id":"https:\/\/www.upm.cz\/eshop\/preissig\/#breadcrumb","itemListElement":[{"@type":"ListItem","position":1,"name":"Dom\u016f","item":"https:\/\/www.upm.cz\/"},{"@type":"ListItem","position":2,"name":"eshop","item":"https:\/\/www.upm.cz\/eshop\/"},{"@type":"ListItem","position":3,"name":"VOJT\u011aCH PREISSIG"}]},{"@type":"WebSite","@id":"https:\/\/www.upm.cz\/#website","url":"https:\/\/www.upm.cz\/","name":"Um\u011bleckopr\u016fmyslov\u00e9 museum v Praze","description":"","publisher":{"@id":"https:\/\/www.upm.cz\/#organization"},"potentialAction":[{"@type":"SearchAction","target":{"@type":"EntryPoint","urlTemplate":"https:\/\/www.upm.cz\/?s={search_term_string}"},"query-input":{"@type":"PropertyValueSpecification","valueRequired":true,"valueName":"search_term_string"}}],"inLanguage":"en-US"},{"@type":"Organization","@id":"https:\/\/www.upm.cz\/#organization","name":"Um\u011bleckopr\u016fmyslov\u00e9 museum v Praze","url":"https:\/\/www.upm.cz\/","logo":{"@type":"ImageObject","inLanguage":"en-US","@id":"https:\/\/www.upm.cz\/#\/schema\/logo\/image\/","url":"https:\/\/www.upm.cz\/wp-content\/uploads\/2020\/03\/logo_upm_cz.svg","contentUrl":"https:\/\/www.upm.cz\/wp-content\/uploads\/2020\/03\/logo_upm_cz.svg","width":1736,"height":295,"caption":"Um\u011bleckopr\u016fmyslov\u00e9 museum v Praze"},"image":{"@id":"https:\/\/www.upm.cz\/#\/schema\/logo\/image\/"}}]}},"_links":{"self":[{"href":"https:\/\/www.upm.cz\/an\/wp-json\/wp\/v2\/product\/6409","targetHints":{"allow":["GET"]}}],"collection":[{"href":"https:\/\/www.upm.cz\/an\/wp-json\/wp\/v2\/product"}],"about":[{"href":"https:\/\/www.upm.cz\/an\/wp-json\/wp\/v2\/types\/product"}],"wp:featuredmedia":[{"embeddable":true,"href":"https:\/\/www.upm.cz\/an\/wp-json\/wp\/v2\/media\/6080"}],"wp:attachment":[{"href":"https:\/\/www.upm.cz\/an\/wp-json\/wp\/v2\/media?parent=6409"}],"wp:term":[{"taxonomy":"product_brand","embeddable":true,"href":"https:\/\/www.upm.cz\/an\/wp-json\/wp\/v2\/product_brand?post=6409"},{"taxonomy":"product_cat","embeddable":true,"href":"https:\/\/www.upm.cz\/an\/wp-json\/wp\/v2\/product_cat?post=6409"},{"taxonomy":"product_tag","embeddable":true,"href":"https:\/\/www.upm.cz\/an\/wp-json\/wp\/v2\/product_tag?post=6409"}],"curies":[{"name":"wp","href":"https:\/\/api.w.org\/{rel}","templated":true}]}}