{"id":7013,"date":"2021-02-15T14:44:05","date_gmt":"2021-02-15T13:44:05","guid":{"rendered":"https:\/\/www.upm.cz\/?post_type=product&#038;p=7013"},"modified":"2025-11-07T19:51:09","modified_gmt":"2025-11-07T18:51:09","slug":"alfons-mucha-the-pavillon-of-bosnia-and-herzegovina-at-the-exposition-universelle","status":"publish","type":"product","link":"https:\/\/www.upm.cz\/an\/eshop\/alfons-mucha-the-pavillon-of-bosnia-and-herzegovina-at-the-exposition-universelle\/","title":{"rendered":"ALFONS MUCHA. THE PAVILLON OF BOSNIA AND HERZEGOVINA AT THE EXPOSITION UNIVERSELLE"},"content":{"rendered":"<p>Kniha se\u00a0v\u00a0prvn\u00ed \u010d\u00e1sti zab\u00fdv\u00e1 fenom\u00e9nem sv\u011btov\u00fdch v\u00fdstav druh\u00e9 poloviny 19.\u00a0stolet\u00ed a\u00a0p\u0159edev\u0161\u00edm tou nejv\u011bt\u0161\u00ed a\u00a0na\u00a0dlouhou dobu nejv\u00fdznamn\u011bj\u0161\u00ed, v\u00fdstavou v\u00a0roce 1900 v\u00a0Pa\u0159\u00ed\u017ei. V\u0161echny ostatn\u00ed texty se\u00a0v\u011bnuj\u00ed zejm\u00e9na pavilonu Bosny a\u00a0Hercegoviny na\u00a0t\u00e9to v\u00fdstav\u011b, kter\u00fd byl do\u00a0zna\u010dn\u00e9 m\u00edry politickou z\u00e1le\u017eitost\u00ed \u2013 rakousko-uhersk\u00e1 monarchie cht\u011bla uk\u00e1zat pokrok, jak\u00e9ho dos\u00e1hla tato doned\u00e1vna zaostal\u00e1 \u010d\u00e1st Balk\u00e1nu pod spr\u00e1vou V\u00eddn\u011b. Pavilon byl postaven podle n\u00e1vrhu \u010desk\u00e9ho architekta Karla P\u00e1nka, v\u011bt\u0161inu vnit\u0159n\u00ed v\u00fdzdoby provedl v\u00a0Pa\u0159\u00ed\u017ei \u017eij\u00edc\u00ed dal\u0161\u00ed \u010cech, Alfons Mucha. Na\u00a0v\u0161ech \u010dty\u0159ech st\u011bn\u00e1ch horn\u00edho patra zobrazil na\u00a0velk\u00fdch pl\u00e1tnech p\u0159edev\u0161\u00edm d\u011bjiny t\u011bchto zem\u00ed, siln\u011b ovlivn\u011bn\u00e9 r\u016fzn\u00fdmi n\u00e1bo\u017eenstv\u00edmi a\u00a0kulturami: pohanstv\u00edm, antick\u00fdmi a\u00a0k\u0159es\u0165ansk\u00fdmi tradicemi i\u00a0isl\u00e1mem. Na\u00a0rozd\u00edl od\u00a0samotn\u00e9ho pavilonu (stejn\u011b jako pavilon\u016f ostatn\u00edch st\u00e1t\u016f, v\u010detn\u011b jejich interi\u00e9r\u016f) se\u00a0Muchovy malby zachovaly a\u00a0jsou dnes v\u00a0majetku Um\u011bleckopr\u016fmyslov\u00e9ho musea v\u00a0Praze. Po\u00a0alespo\u0148 \u010d\u00e1ste\u010dn\u00e9 oprav\u011b byly malby, a\u0165 u\u017e jako celek, \u010di\u00a0\u010d\u00e1sti, od\u00a0roku 1998 n\u011bkolikr\u00e1t prezentov\u00e1ny ve\u0159ejnosti na\u00a0v\u00fdstav\u00e1ch v\u00a0Praze, V\u00eddni, Montpellieru a\u00a0Mnichov\u011b.<\/p>","protected":false},"excerpt":{"rendered":"<p>Publikaci vydalo UPM ve spolupr\u00e1ci s&nbsp;The Luka Praha Association pod z\u00e1\u0161titou Velvyslanectv\u00ed Bosny a&nbsp;Hercegoviny v&nbsp;\u010cR, 2017.<\/p>\n<p>autor koncepce: Petr \u0160tembera<br \/>\ntexty: Jan Brabcov\u00e1-Orl\u00edkov\u00e1, Christian Richet, Jasna \u0160ami\u00e7, Petr \u0160tembera, Filip Wittlich<br \/>\nvyd\u00e1n\u00ed: anglicko-bosensko-srborchorvatsk\u00e9<br \/>\nfotografie: Ond\u0159ej Kocourek a\u00a0Gabriel Urb\u00e1nek (UPM), Ota Pal\u00e1n, Mucha Trust<br \/>\ngrafick\u00fd design: Patrik Svoboda<br \/>\nform\u00e1t: 30\u00a0x\u00a020,2 cm, pevn\u00e1 vazba<br \/>\npo\u010det stran: 168<br \/>\npo\u010det reprodukc\u00ed: 50<br \/>\nISBN (UPM): 978\u201480-7101\u2014154-5<\/p>","protected":false},"featured_media":6174,"template":"","meta":{"_acf_changed":false},"product_brand":[],"product_cat":[45],"product_tag":[],"class_list":{"0":"post-7013","1":"product","2":"type-product","3":"status-publish","4":"has-post-thumbnail","6":"product_cat-knihy","8":"first","9":"instock","10":"shipping-taxable","11":"purchasable","12":"product-type-simple"},"acf":[],"yoast_head":"<!-- This site is optimized with the Yoast SEO plugin v26.9 - https:\/\/yoast.com\/product\/yoast-seo-wordpress\/ -->\n<title>ALFONS MUCHA. THE PAVILLON OF BOSNIA AND HERZEGOVINA AT THE EXPOSITION UNIVERSELLE - Um\u011bleckopr\u016fmyslov\u00e9 museum v Praze<\/title>\n<meta name=\"description\" content=\"Kniha se\u00a0v\u00a0prvn\u00ed \u010d\u00e1sti zab\u00fdv\u00e1 fenom\u00e9nem sv\u011btov\u00fdch v\u00fdstav druh\u00e9 poloviny 19.\u00a0stolet\u00ed a\u00a0p\u0159edev\u0161\u00edm tou nejv\u011bt\u0161\u00ed a\u00a0na\u00a0dlouhou dobu nejv\u00fdznamn\u011bj\u0161\u00ed, v\u00fdstavou v\u00a0roce 1900 v\u00a0Pa\u0159\u00ed\u017ei. V\u0161echny ostatn\u00ed texty se\u00a0v\u011bnuj\u00ed zejm\u00e9na pavilonu Bosny a\u00a0Hercegoviny na\u00a0t\u00e9to v\u00fdstav\u011b, kter\u00fd byl postaven podle n\u00e1vrhu \u010desk\u00e9ho architekta Karla P\u00e1nka a v\u011bt\u0161inu vnit\u0159n\u00ed v\u00fdzdoby provedl v\u00a0Pa\u0159\u00ed\u017ei \u017eij\u00edc\u00ed dal\u0161\u00ed \u010cech, Alfons Mucha.\" \/>\n<meta name=\"robots\" content=\"noindex, nofollow\" \/>\n<meta property=\"og:locale\" content=\"en_US\" \/>\n<meta property=\"og:type\" content=\"article\" \/>\n<meta property=\"og:title\" content=\"ALFONS MUCHA. THE PAVILLON OF BOSNIA AND HERZEGOVINA AT THE EXPOSITION UNIVERSELLE - Um\u011bleckopr\u016fmyslov\u00e9 museum v Praze\" \/>\n<meta property=\"og:description\" content=\"Kniha se\u00a0v\u00a0prvn\u00ed \u010d\u00e1sti zab\u00fdv\u00e1 fenom\u00e9nem sv\u011btov\u00fdch v\u00fdstav druh\u00e9 poloviny 19.\u00a0stolet\u00ed a\u00a0p\u0159edev\u0161\u00edm tou nejv\u011bt\u0161\u00ed a\u00a0na\u00a0dlouhou dobu nejv\u00fdznamn\u011bj\u0161\u00ed, v\u00fdstavou v\u00a0roce 1900 v\u00a0Pa\u0159\u00ed\u017ei. V\u0161echny ostatn\u00ed texty se\u00a0v\u011bnuj\u00ed zejm\u00e9na pavilonu Bosny a\u00a0Hercegoviny na\u00a0t\u00e9to v\u00fdstav\u011b, kter\u00fd byl postaven podle n\u00e1vrhu \u010desk\u00e9ho architekta Karla P\u00e1nka a v\u011bt\u0161inu vnit\u0159n\u00ed v\u00fdzdoby provedl v\u00a0Pa\u0159\u00ed\u017ei \u017eij\u00edc\u00ed dal\u0161\u00ed \u010cech, Alfons Mucha.\" \/>\n<meta property=\"og:url\" content=\"https:\/\/www.upm.cz\/an\/eshop\/alfons-mucha-the-pavillon-of-bosnia-and-herzegovina-at-the-exposition-universelle\/\" \/>\n<meta property=\"og:site_name\" content=\"Um\u011bleckopr\u016fmyslov\u00e9 museum v Praze\" \/>\n<meta property=\"article:modified_time\" content=\"2025-11-07T18:51:09+00:00\" \/>\n<meta property=\"og:image\" content=\"https:\/\/www.upm.cz\/wp-content\/uploads\/Mucha_Bosna_1-obalka-scaled.jpg\" \/>\n\t<meta property=\"og:image:width\" content=\"1959\" \/>\n\t<meta property=\"og:image:height\" content=\"2560\" \/>\n\t<meta property=\"og:image:type\" content=\"image\/jpeg\" \/>\n<meta name=\"twitter:card\" content=\"summary_large_image\" \/>\n<meta name=\"twitter:label1\" content=\"Est. reading time\" \/>\n\t<meta name=\"twitter:data1\" content=\"1 minute\" \/>\n<script type=\"application\/ld+json\" class=\"yoast-schema-graph\">{\"@context\":\"https:\/\/schema.org\",\"@graph\":[{\"@type\":\"WebPage\",\"@id\":\"https:\/\/www.upm.cz\/eshop\/alfons-mucha-the-pavillon-of-bosnia-and-herzegovina-at-the-exposition-universelle\/\",\"url\":\"https:\/\/www.upm.cz\/eshop\/alfons-mucha-the-pavillon-of-bosnia-and-herzegovina-at-the-exposition-universelle\/\",\"name\":\"ALFONS MUCHA. THE PAVILLON OF BOSNIA AND HERZEGOVINA AT THE EXPOSITION UNIVERSELLE - Um\u011bleckopr\u016fmyslov\u00e9 museum v Praze\",\"isPartOf\":{\"@id\":\"https:\/\/www.upm.cz\/#website\"},\"primaryImageOfPage\":{\"@id\":\"https:\/\/www.upm.cz\/eshop\/alfons-mucha-the-pavillon-of-bosnia-and-herzegovina-at-the-exposition-universelle\/#primaryimage\"},\"image\":{\"@id\":\"https:\/\/www.upm.cz\/eshop\/alfons-mucha-the-pavillon-of-bosnia-and-herzegovina-at-the-exposition-universelle\/#primaryimage\"},\"thumbnailUrl\":\"https:\/\/www.upm.cz\/wp-content\/uploads\/Mucha_Bosna_1-obalka-scaled.jpg\",\"datePublished\":\"2021-02-15T13:44:05+00:00\",\"dateModified\":\"2025-11-07T18:51:09+00:00\",\"description\":\"Kniha se\u00a0v\u00a0prvn\u00ed \u010d\u00e1sti zab\u00fdv\u00e1 fenom\u00e9nem sv\u011btov\u00fdch v\u00fdstav druh\u00e9 poloviny 19.\u00a0stolet\u00ed a\u00a0p\u0159edev\u0161\u00edm tou nejv\u011bt\u0161\u00ed a\u00a0na\u00a0dlouhou dobu nejv\u00fdznamn\u011bj\u0161\u00ed, v\u00fdstavou v\u00a0roce 1900 v\u00a0Pa\u0159\u00ed\u017ei. V\u0161echny ostatn\u00ed texty se\u00a0v\u011bnuj\u00ed zejm\u00e9na pavilonu Bosny a\u00a0Hercegoviny na\u00a0t\u00e9to v\u00fdstav\u011b, kter\u00fd byl postaven podle n\u00e1vrhu \u010desk\u00e9ho architekta Karla P\u00e1nka a v\u011bt\u0161inu vnit\u0159n\u00ed v\u00fdzdoby provedl v\u00a0Pa\u0159\u00ed\u017ei \u017eij\u00edc\u00ed dal\u0161\u00ed \u010cech, Alfons Mucha.\",\"breadcrumb\":{\"@id\":\"https:\/\/www.upm.cz\/eshop\/alfons-mucha-the-pavillon-of-bosnia-and-herzegovina-at-the-exposition-universelle\/#breadcrumb\"},\"inLanguage\":\"en-US\",\"potentialAction\":[{\"@type\":\"ReadAction\",\"target\":[\"https:\/\/www.upm.cz\/eshop\/alfons-mucha-the-pavillon-of-bosnia-and-herzegovina-at-the-exposition-universelle\/\"]}]},{\"@type\":\"ImageObject\",\"inLanguage\":\"en-US\",\"@id\":\"https:\/\/www.upm.cz\/eshop\/alfons-mucha-the-pavillon-of-bosnia-and-herzegovina-at-the-exposition-universelle\/#primaryimage\",\"url\":\"https:\/\/www.upm.cz\/wp-content\/uploads\/Mucha_Bosna_1-obalka-scaled.jpg\",\"contentUrl\":\"https:\/\/www.upm.cz\/wp-content\/uploads\/Mucha_Bosna_1-obalka-scaled.jpg\",\"width\":1959,\"height\":2560},{\"@type\":\"BreadcrumbList\",\"@id\":\"https:\/\/www.upm.cz\/eshop\/alfons-mucha-the-pavillon-of-bosnia-and-herzegovina-at-the-exposition-universelle\/#breadcrumb\",\"itemListElement\":[{\"@type\":\"ListItem\",\"position\":1,\"name\":\"Dom\u016f\",\"item\":\"https:\/\/www.upm.cz\/\"},{\"@type\":\"ListItem\",\"position\":2,\"name\":\"eshop\",\"item\":\"https:\/\/www.upm.cz\/eshop\/\"},{\"@type\":\"ListItem\",\"position\":3,\"name\":\"ALFONS MUCHA. THE PAVILLON OF BOSNIA AND HERZEGOVINA AT THE EXPOSITION UNIVERSELLE\"}]},{\"@type\":\"WebSite\",\"@id\":\"https:\/\/www.upm.cz\/#website\",\"url\":\"https:\/\/www.upm.cz\/\",\"name\":\"Um\u011bleckopr\u016fmyslov\u00e9 museum v Praze\",\"description\":\"\",\"publisher\":{\"@id\":\"https:\/\/www.upm.cz\/#organization\"},\"potentialAction\":[{\"@type\":\"SearchAction\",\"target\":{\"@type\":\"EntryPoint\",\"urlTemplate\":\"https:\/\/www.upm.cz\/?s={search_term_string}\"},\"query-input\":{\"@type\":\"PropertyValueSpecification\",\"valueRequired\":true,\"valueName\":\"search_term_string\"}}],\"inLanguage\":\"en-US\"},{\"@type\":\"Organization\",\"@id\":\"https:\/\/www.upm.cz\/#organization\",\"name\":\"Um\u011bleckopr\u016fmyslov\u00e9 museum v Praze\",\"url\":\"https:\/\/www.upm.cz\/\",\"logo\":{\"@type\":\"ImageObject\",\"inLanguage\":\"en-US\",\"@id\":\"https:\/\/www.upm.cz\/#\/schema\/logo\/image\/\",\"url\":\"https:\/\/www.upm.cz\/wp-content\/uploads\/2020\/03\/logo_upm_cz.svg\",\"contentUrl\":\"https:\/\/www.upm.cz\/wp-content\/uploads\/2020\/03\/logo_upm_cz.svg\",\"width\":1736,\"height\":295,\"caption\":\"Um\u011bleckopr\u016fmyslov\u00e9 museum v Praze\"},\"image\":{\"@id\":\"https:\/\/www.upm.cz\/#\/schema\/logo\/image\/\"}}]}<\/script>\n<!-- \/ Yoast SEO plugin. -->","yoast_head_json":{"title":"ALFONS MUCHA. THE PAVILLON OF BOSNIA AND HERZEGOVINA AT THE EXPOSITION UNIVERSELLE - Um\u011bleckopr\u016fmyslov\u00e9 museum v Praze","description":"Kniha se\u00a0v\u00a0prvn\u00ed \u010d\u00e1sti zab\u00fdv\u00e1 fenom\u00e9nem sv\u011btov\u00fdch v\u00fdstav druh\u00e9 poloviny 19.\u00a0stolet\u00ed a\u00a0p\u0159edev\u0161\u00edm tou nejv\u011bt\u0161\u00ed a\u00a0na\u00a0dlouhou dobu nejv\u00fdznamn\u011bj\u0161\u00ed, v\u00fdstavou v\u00a0roce 1900 v\u00a0Pa\u0159\u00ed\u017ei. V\u0161echny ostatn\u00ed texty se\u00a0v\u011bnuj\u00ed zejm\u00e9na pavilonu Bosny a\u00a0Hercegoviny na\u00a0t\u00e9to v\u00fdstav\u011b, kter\u00fd byl postaven podle n\u00e1vrhu \u010desk\u00e9ho architekta Karla P\u00e1nka a v\u011bt\u0161inu vnit\u0159n\u00ed v\u00fdzdoby provedl v\u00a0Pa\u0159\u00ed\u017ei \u017eij\u00edc\u00ed dal\u0161\u00ed \u010cech, Alfons Mucha.","robots":{"index":"noindex","follow":"nofollow"},"og_locale":"en_US","og_type":"article","og_title":"ALFONS MUCHA. THE PAVILLON OF BOSNIA AND HERZEGOVINA AT THE EXPOSITION UNIVERSELLE - Um\u011bleckopr\u016fmyslov\u00e9 museum v Praze","og_description":"Kniha se\u00a0v\u00a0prvn\u00ed \u010d\u00e1sti zab\u00fdv\u00e1 fenom\u00e9nem sv\u011btov\u00fdch v\u00fdstav druh\u00e9 poloviny 19.\u00a0stolet\u00ed a\u00a0p\u0159edev\u0161\u00edm tou nejv\u011bt\u0161\u00ed a\u00a0na\u00a0dlouhou dobu nejv\u00fdznamn\u011bj\u0161\u00ed, v\u00fdstavou v\u00a0roce 1900 v\u00a0Pa\u0159\u00ed\u017ei. V\u0161echny ostatn\u00ed texty se\u00a0v\u011bnuj\u00ed zejm\u00e9na pavilonu Bosny a\u00a0Hercegoviny na\u00a0t\u00e9to v\u00fdstav\u011b, kter\u00fd byl postaven podle n\u00e1vrhu \u010desk\u00e9ho architekta Karla P\u00e1nka a v\u011bt\u0161inu vnit\u0159n\u00ed v\u00fdzdoby provedl v\u00a0Pa\u0159\u00ed\u017ei \u017eij\u00edc\u00ed dal\u0161\u00ed \u010cech, Alfons Mucha.","og_url":"https:\/\/www.upm.cz\/an\/eshop\/alfons-mucha-the-pavillon-of-bosnia-and-herzegovina-at-the-exposition-universelle\/","og_site_name":"Um\u011bleckopr\u016fmyslov\u00e9 museum v Praze","article_modified_time":"2025-11-07T18:51:09+00:00","og_image":[{"width":1959,"height":2560,"url":"https:\/\/www.upm.cz\/wp-content\/uploads\/Mucha_Bosna_1-obalka-scaled.jpg","type":"image\/jpeg"}],"twitter_card":"summary_large_image","twitter_misc":{"Est. reading time":"1 minute"},"schema":{"@context":"https:\/\/schema.org","@graph":[{"@type":"WebPage","@id":"https:\/\/www.upm.cz\/eshop\/alfons-mucha-the-pavillon-of-bosnia-and-herzegovina-at-the-exposition-universelle\/","url":"https:\/\/www.upm.cz\/eshop\/alfons-mucha-the-pavillon-of-bosnia-and-herzegovina-at-the-exposition-universelle\/","name":"ALFONS MUCHA. THE PAVILLON OF BOSNIA AND HERZEGOVINA AT THE EXPOSITION UNIVERSELLE - Um\u011bleckopr\u016fmyslov\u00e9 museum v Praze","isPartOf":{"@id":"https:\/\/www.upm.cz\/#website"},"primaryImageOfPage":{"@id":"https:\/\/www.upm.cz\/eshop\/alfons-mucha-the-pavillon-of-bosnia-and-herzegovina-at-the-exposition-universelle\/#primaryimage"},"image":{"@id":"https:\/\/www.upm.cz\/eshop\/alfons-mucha-the-pavillon-of-bosnia-and-herzegovina-at-the-exposition-universelle\/#primaryimage"},"thumbnailUrl":"https:\/\/www.upm.cz\/wp-content\/uploads\/Mucha_Bosna_1-obalka-scaled.jpg","datePublished":"2021-02-15T13:44:05+00:00","dateModified":"2025-11-07T18:51:09+00:00","description":"Kniha se\u00a0v\u00a0prvn\u00ed \u010d\u00e1sti zab\u00fdv\u00e1 fenom\u00e9nem sv\u011btov\u00fdch v\u00fdstav druh\u00e9 poloviny 19.\u00a0stolet\u00ed a\u00a0p\u0159edev\u0161\u00edm tou nejv\u011bt\u0161\u00ed a\u00a0na\u00a0dlouhou dobu nejv\u00fdznamn\u011bj\u0161\u00ed, v\u00fdstavou v\u00a0roce 1900 v\u00a0Pa\u0159\u00ed\u017ei. V\u0161echny ostatn\u00ed texty se\u00a0v\u011bnuj\u00ed zejm\u00e9na pavilonu Bosny a\u00a0Hercegoviny na\u00a0t\u00e9to v\u00fdstav\u011b, kter\u00fd byl postaven podle n\u00e1vrhu \u010desk\u00e9ho architekta Karla P\u00e1nka a v\u011bt\u0161inu vnit\u0159n\u00ed v\u00fdzdoby provedl v\u00a0Pa\u0159\u00ed\u017ei \u017eij\u00edc\u00ed dal\u0161\u00ed \u010cech, Alfons Mucha.","breadcrumb":{"@id":"https:\/\/www.upm.cz\/eshop\/alfons-mucha-the-pavillon-of-bosnia-and-herzegovina-at-the-exposition-universelle\/#breadcrumb"},"inLanguage":"en-US","potentialAction":[{"@type":"ReadAction","target":["https:\/\/www.upm.cz\/eshop\/alfons-mucha-the-pavillon-of-bosnia-and-herzegovina-at-the-exposition-universelle\/"]}]},{"@type":"ImageObject","inLanguage":"en-US","@id":"https:\/\/www.upm.cz\/eshop\/alfons-mucha-the-pavillon-of-bosnia-and-herzegovina-at-the-exposition-universelle\/#primaryimage","url":"https:\/\/www.upm.cz\/wp-content\/uploads\/Mucha_Bosna_1-obalka-scaled.jpg","contentUrl":"https:\/\/www.upm.cz\/wp-content\/uploads\/Mucha_Bosna_1-obalka-scaled.jpg","width":1959,"height":2560},{"@type":"BreadcrumbList","@id":"https:\/\/www.upm.cz\/eshop\/alfons-mucha-the-pavillon-of-bosnia-and-herzegovina-at-the-exposition-universelle\/#breadcrumb","itemListElement":[{"@type":"ListItem","position":1,"name":"Dom\u016f","item":"https:\/\/www.upm.cz\/"},{"@type":"ListItem","position":2,"name":"eshop","item":"https:\/\/www.upm.cz\/eshop\/"},{"@type":"ListItem","position":3,"name":"ALFONS MUCHA. THE PAVILLON OF BOSNIA AND HERZEGOVINA AT THE EXPOSITION UNIVERSELLE"}]},{"@type":"WebSite","@id":"https:\/\/www.upm.cz\/#website","url":"https:\/\/www.upm.cz\/","name":"Um\u011bleckopr\u016fmyslov\u00e9 museum v Praze","description":"","publisher":{"@id":"https:\/\/www.upm.cz\/#organization"},"potentialAction":[{"@type":"SearchAction","target":{"@type":"EntryPoint","urlTemplate":"https:\/\/www.upm.cz\/?s={search_term_string}"},"query-input":{"@type":"PropertyValueSpecification","valueRequired":true,"valueName":"search_term_string"}}],"inLanguage":"en-US"},{"@type":"Organization","@id":"https:\/\/www.upm.cz\/#organization","name":"Um\u011bleckopr\u016fmyslov\u00e9 museum v Praze","url":"https:\/\/www.upm.cz\/","logo":{"@type":"ImageObject","inLanguage":"en-US","@id":"https:\/\/www.upm.cz\/#\/schema\/logo\/image\/","url":"https:\/\/www.upm.cz\/wp-content\/uploads\/2020\/03\/logo_upm_cz.svg","contentUrl":"https:\/\/www.upm.cz\/wp-content\/uploads\/2020\/03\/logo_upm_cz.svg","width":1736,"height":295,"caption":"Um\u011bleckopr\u016fmyslov\u00e9 museum v Praze"},"image":{"@id":"https:\/\/www.upm.cz\/#\/schema\/logo\/image\/"}}]}},"_links":{"self":[{"href":"https:\/\/www.upm.cz\/an\/wp-json\/wp\/v2\/product\/7013","targetHints":{"allow":["GET"]}}],"collection":[{"href":"https:\/\/www.upm.cz\/an\/wp-json\/wp\/v2\/product"}],"about":[{"href":"https:\/\/www.upm.cz\/an\/wp-json\/wp\/v2\/types\/product"}],"wp:featuredmedia":[{"embeddable":true,"href":"https:\/\/www.upm.cz\/an\/wp-json\/wp\/v2\/media\/6174"}],"wp:attachment":[{"href":"https:\/\/www.upm.cz\/an\/wp-json\/wp\/v2\/media?parent=7013"}],"wp:term":[{"taxonomy":"product_brand","embeddable":true,"href":"https:\/\/www.upm.cz\/an\/wp-json\/wp\/v2\/product_brand?post=7013"},{"taxonomy":"product_cat","embeddable":true,"href":"https:\/\/www.upm.cz\/an\/wp-json\/wp\/v2\/product_cat?post=7013"},{"taxonomy":"product_tag","embeddable":true,"href":"https:\/\/www.upm.cz\/an\/wp-json\/wp\/v2\/product_tag?post=7013"}],"curies":[{"name":"wp","href":"https:\/\/api.w.org\/{rel}","templated":true}]}}