{"id":7015,"date":"2021-02-15T15:18:05","date_gmt":"2021-02-15T14:18:05","guid":{"rendered":"https:\/\/www.upm.cz\/?post_type=product&#038;p=7015"},"modified":"2024-05-16T14:17:24","modified_gmt":"2024-05-16T12:17:24","slug":"abot-artists-book-on-tour","status":"publish","type":"product","link":"https:\/\/www.upm.cz\/an\/eshop\/abot-artists-book-on-tour\/","title":{"rendered":"ABOT ARTIST\u00b4S BOOK ON TOUR"},"content":{"rendered":"<p>Autorsk\u00e1 kniha jako sv\u00e9bytn\u00e9 m\u00e9dium je\u00a0setrvalou sou\u010d\u00e1st\u00ed um\u011bleck\u00e9 sc\u00e9ny od\u00a0druh\u00e9 poloviny 20.\u00a0stolet\u00ed. Intenzivn\u00ed z\u00e1jem j\u00ed byl v\u011bnov\u00e1n p\u0159edev\u0161\u00edm v\u00a060.\u00a0a\u00a070.\u00a0letech minul\u00e9ho stolet\u00ed, kdy se\u00a0uplat\u0148ovala nap\u0159\u00ed\u010d aktu\u00e1ln\u00edmi um\u011bleck\u00fdmi formami a\u00a0p\u0159\u00edstupy \u2014 v\u00a0um\u011bn\u00ed objektu, vizu\u00e1ln\u00ed poezii, konceptu\u00e1ln\u00edm a\u00a0ak\u010dn\u00edm um\u011bn\u00ed. Tak nab\u00fdvala nejr\u016fzn\u011bj\u0161\u00edch podob a\u00a0funkc\u00ed, od\u00a0samostatn\u00e9ho objektu po\u00a0sou\u010d\u00e1st akc\u00ed \u010di\u00a0jako jejich dokument. Z\u00e1m\u011brem projektu Artists\u2019 Book on\u00a0Tour bylo nejen p\u0159ibl\u00ed\u017eit tento specifick\u00fd \u017e\u00e1nr \u0161irok\u00e9mu publiku, ale p\u0159edev\u0161\u00edm sledovat jeho aktu\u00e1ln\u00ed stav a\u00a0p\u0159\u00edpadn\u00e9 prom\u011bny v\u00a0\u00e9\u0159e digit\u00e1ln\u00edch m\u00e9di\u00ed. Katalog nab\u00edz\u00ed pades\u00e1t d\u011bl, vybran\u00fdch a\u00a0ocen\u011bn\u00fdch mezin\u00e1rodn\u00ed porotou ve\u00a0stejnojmenn\u00e9 sout\u011b\u017ei, uspo\u0159\u00e1dan\u00e9 v\u00edde\u0148sk\u00fdm Muzeem u\u017eit\u00e9ho um\u011bn\u00ed (MAK) ve\u00a0spolupr\u00e1ci s\u00a0UPM v\u00a0Praze a\u00a0Mezin\u00e1rodn\u00edm centrem grafick\u00e9ho um\u011bn\u00ed v\u00a0Lublani. V\u00a0sout\u011b\u017ei otev\u0159en\u00e9 pro autory evropsk\u00fdch zem\u00ed a\u00a0jejich pr\u00e1ce z\u00a0posledn\u00edch dvou let bylo hodnoceno 925 d\u011bl z\u00a0p\u011btat\u0159iceti evropsk\u00fdch zem\u00ed.<\/p>\n<p>&nbsp;<\/p>","protected":false},"excerpt":{"rendered":"<p>Artist Competition and Mobile Museum<\/p>\n<p>editor: Kathrin Pokorny-Nagel<br \/>\ntexty: Jianping He, Martina Kandeler-Fritsch, Helena Koenigsmarkov\u00e1 (UPM), Kathrin Pokorny-Nagel, Florian Pumh\u00f6sl, Nevenka \u0160ivavec (MGLC), Christoph Thun-Hohenstein (MAK), Lawrence Weiter, Maria White<br \/>\nvydavatel: Verlag de\u00a0Buchhandlung Walther K\u00f6nig, K\u00f6ln, 2011<br \/>\nvyd\u00e1n\u00ed: anglick\u00e9<br \/>\npo\u010det stran: 80<br \/>\nreprodukc\u00ed: 56<br \/>\nform\u00e1t: 26\u00a0x\u00a021\u00a0cm, m\u011bkk\u00e1 vazba<br \/>\nISBN 978\u201486335-085\u20147<\/p>\n<p>POUZE ANGLICKY<\/p>","protected":false},"featured_media":6169,"template":"","meta":{"_acf_changed":false},"product_brand":[],"product_cat":[45],"product_tag":[],"class_list":{"0":"post-7015","1":"product","2":"type-product","3":"status-publish","4":"has-post-thumbnail","6":"product_cat-knihy","8":"first","9":"outofstock","10":"shipping-taxable","11":"purchasable","12":"product-type-simple"},"acf":[],"yoast_head":"<!-- This site is optimized with the Yoast SEO plugin v26.9 - https:\/\/yoast.com\/product\/yoast-seo-wordpress\/ -->\n<title>ABOT ARTIST\u00b4S BOOK ON TOUR - Um\u011bleckopr\u016fmyslov\u00e9 museum v Praze<\/title>\n<meta name=\"description\" content=\"Katalog nab\u00edz\u00ed pades\u00e1t d\u011bl, vybran\u00fdch a\u00a0ocen\u011bn\u00fdch mezin\u00e1rodn\u00ed porotou ve\u00a0stejnojmenn\u00e9 sout\u011b\u017ei, uspo\u0159\u00e1dan\u00e9 v\u00edde\u0148sk\u00fdm Muzeem u\u017eit\u00e9ho um\u011bn\u00ed (MAK) ve\u00a0spolupr\u00e1ci s\u00a0UPM v\u00a0Praze a\u00a0Mezin\u00e1rodn\u00edm centrem grafick\u00e9ho um\u011bn\u00ed v\u00a0Lublani. V\u00a0sout\u011b\u017ei otev\u0159en\u00e9 pro autory evropsk\u00fdch zem\u00ed a\u00a0jejich pr\u00e1ce z\u00a0posledn\u00edch dvou let bylo hodnoceno 925 d\u011bl z\u00a0p\u011btat\u0159iceti evropsk\u00fdch zem\u00ed.\" \/>\n<meta name=\"robots\" content=\"noindex, nofollow\" \/>\n<meta property=\"og:locale\" content=\"en_US\" \/>\n<meta property=\"og:type\" content=\"article\" \/>\n<meta property=\"og:title\" content=\"ABOT ARTIST\u00b4S BOOK ON TOUR - Um\u011bleckopr\u016fmyslov\u00e9 museum v Praze\" \/>\n<meta property=\"og:description\" content=\"Katalog nab\u00edz\u00ed pades\u00e1t d\u011bl, vybran\u00fdch a\u00a0ocen\u011bn\u00fdch mezin\u00e1rodn\u00ed porotou ve\u00a0stejnojmenn\u00e9 sout\u011b\u017ei, uspo\u0159\u00e1dan\u00e9 v\u00edde\u0148sk\u00fdm Muzeem u\u017eit\u00e9ho um\u011bn\u00ed (MAK) ve\u00a0spolupr\u00e1ci s\u00a0UPM v\u00a0Praze a\u00a0Mezin\u00e1rodn\u00edm centrem grafick\u00e9ho um\u011bn\u00ed v\u00a0Lublani. V\u00a0sout\u011b\u017ei otev\u0159en\u00e9 pro autory evropsk\u00fdch zem\u00ed a\u00a0jejich pr\u00e1ce z\u00a0posledn\u00edch dvou let bylo hodnoceno 925 d\u011bl z\u00a0p\u011btat\u0159iceti evropsk\u00fdch zem\u00ed.\" \/>\n<meta property=\"og:url\" content=\"https:\/\/www.upm.cz\/an\/eshop\/abot-artists-book-on-tour\/\" \/>\n<meta property=\"og:site_name\" content=\"Um\u011bleckopr\u016fmyslov\u00e9 museum v Praze\" \/>\n<meta property=\"article:modified_time\" content=\"2024-05-16T12:17:24+00:00\" \/>\n<meta property=\"og:image\" content=\"https:\/\/www.upm.cz\/wp-content\/uploads\/ABOT.jpg\" \/>\n\t<meta property=\"og:image:width\" content=\"366\" \/>\n\t<meta property=\"og:image:height\" content=\"450\" \/>\n\t<meta property=\"og:image:type\" content=\"image\/jpeg\" \/>\n<meta name=\"twitter:card\" content=\"summary_large_image\" \/>\n<meta name=\"twitter:label1\" content=\"Est. reading time\" \/>\n\t<meta name=\"twitter:data1\" content=\"1 minute\" \/>\n<script type=\"application\/ld+json\" class=\"yoast-schema-graph\">{\"@context\":\"https:\/\/schema.org\",\"@graph\":[{\"@type\":\"WebPage\",\"@id\":\"https:\/\/www.upm.cz\/eshop\/abot-artists-book-on-tour\/\",\"url\":\"https:\/\/www.upm.cz\/eshop\/abot-artists-book-on-tour\/\",\"name\":\"ABOT ARTIST\u00b4S BOOK ON TOUR - Um\u011bleckopr\u016fmyslov\u00e9 museum v Praze\",\"isPartOf\":{\"@id\":\"https:\/\/www.upm.cz\/#website\"},\"primaryImageOfPage\":{\"@id\":\"https:\/\/www.upm.cz\/eshop\/abot-artists-book-on-tour\/#primaryimage\"},\"image\":{\"@id\":\"https:\/\/www.upm.cz\/eshop\/abot-artists-book-on-tour\/#primaryimage\"},\"thumbnailUrl\":\"https:\/\/www.upm.cz\/wp-content\/uploads\/ABOT.jpg\",\"datePublished\":\"2021-02-15T14:18:05+00:00\",\"dateModified\":\"2024-05-16T12:17:24+00:00\",\"description\":\"Katalog nab\u00edz\u00ed pades\u00e1t d\u011bl, vybran\u00fdch a\u00a0ocen\u011bn\u00fdch mezin\u00e1rodn\u00ed porotou ve\u00a0stejnojmenn\u00e9 sout\u011b\u017ei, uspo\u0159\u00e1dan\u00e9 v\u00edde\u0148sk\u00fdm Muzeem u\u017eit\u00e9ho um\u011bn\u00ed (MAK) ve\u00a0spolupr\u00e1ci s\u00a0UPM v\u00a0Praze a\u00a0Mezin\u00e1rodn\u00edm centrem grafick\u00e9ho um\u011bn\u00ed v\u00a0Lublani. V\u00a0sout\u011b\u017ei otev\u0159en\u00e9 pro autory evropsk\u00fdch zem\u00ed a\u00a0jejich pr\u00e1ce z\u00a0posledn\u00edch dvou let bylo hodnoceno 925 d\u011bl z\u00a0p\u011btat\u0159iceti evropsk\u00fdch zem\u00ed.\",\"breadcrumb\":{\"@id\":\"https:\/\/www.upm.cz\/eshop\/abot-artists-book-on-tour\/#breadcrumb\"},\"inLanguage\":\"en-US\",\"potentialAction\":[{\"@type\":\"ReadAction\",\"target\":[\"https:\/\/www.upm.cz\/eshop\/abot-artists-book-on-tour\/\"]}]},{\"@type\":\"ImageObject\",\"inLanguage\":\"en-US\",\"@id\":\"https:\/\/www.upm.cz\/eshop\/abot-artists-book-on-tour\/#primaryimage\",\"url\":\"https:\/\/www.upm.cz\/wp-content\/uploads\/ABOT.jpg\",\"contentUrl\":\"https:\/\/www.upm.cz\/wp-content\/uploads\/ABOT.jpg\",\"width\":366,\"height\":450},{\"@type\":\"BreadcrumbList\",\"@id\":\"https:\/\/www.upm.cz\/eshop\/abot-artists-book-on-tour\/#breadcrumb\",\"itemListElement\":[{\"@type\":\"ListItem\",\"position\":1,\"name\":\"Dom\u016f\",\"item\":\"https:\/\/www.upm.cz\/\"},{\"@type\":\"ListItem\",\"position\":2,\"name\":\"eshop\",\"item\":\"https:\/\/www.upm.cz\/eshop\/\"},{\"@type\":\"ListItem\",\"position\":3,\"name\":\"ABOT ARTIST\u00b4S BOOK ON TOUR\"}]},{\"@type\":\"WebSite\",\"@id\":\"https:\/\/www.upm.cz\/#website\",\"url\":\"https:\/\/www.upm.cz\/\",\"name\":\"Um\u011bleckopr\u016fmyslov\u00e9 museum v Praze\",\"description\":\"\",\"publisher\":{\"@id\":\"https:\/\/www.upm.cz\/#organization\"},\"potentialAction\":[{\"@type\":\"SearchAction\",\"target\":{\"@type\":\"EntryPoint\",\"urlTemplate\":\"https:\/\/www.upm.cz\/?s={search_term_string}\"},\"query-input\":{\"@type\":\"PropertyValueSpecification\",\"valueRequired\":true,\"valueName\":\"search_term_string\"}}],\"inLanguage\":\"en-US\"},{\"@type\":\"Organization\",\"@id\":\"https:\/\/www.upm.cz\/#organization\",\"name\":\"Um\u011bleckopr\u016fmyslov\u00e9 museum v Praze\",\"url\":\"https:\/\/www.upm.cz\/\",\"logo\":{\"@type\":\"ImageObject\",\"inLanguage\":\"en-US\",\"@id\":\"https:\/\/www.upm.cz\/#\/schema\/logo\/image\/\",\"url\":\"https:\/\/www.upm.cz\/wp-content\/uploads\/2020\/03\/logo_upm_cz.svg\",\"contentUrl\":\"https:\/\/www.upm.cz\/wp-content\/uploads\/2020\/03\/logo_upm_cz.svg\",\"width\":1736,\"height\":295,\"caption\":\"Um\u011bleckopr\u016fmyslov\u00e9 museum v Praze\"},\"image\":{\"@id\":\"https:\/\/www.upm.cz\/#\/schema\/logo\/image\/\"}}]}<\/script>\n<!-- \/ Yoast SEO plugin. -->","yoast_head_json":{"title":"ABOT ARTIST\u00b4S BOOK ON TOUR - Um\u011bleckopr\u016fmyslov\u00e9 museum v Praze","description":"Katalog nab\u00edz\u00ed pades\u00e1t d\u011bl, vybran\u00fdch a\u00a0ocen\u011bn\u00fdch mezin\u00e1rodn\u00ed porotou ve\u00a0stejnojmenn\u00e9 sout\u011b\u017ei, uspo\u0159\u00e1dan\u00e9 v\u00edde\u0148sk\u00fdm Muzeem u\u017eit\u00e9ho um\u011bn\u00ed (MAK) ve\u00a0spolupr\u00e1ci s\u00a0UPM v\u00a0Praze a\u00a0Mezin\u00e1rodn\u00edm centrem grafick\u00e9ho um\u011bn\u00ed v\u00a0Lublani. V\u00a0sout\u011b\u017ei otev\u0159en\u00e9 pro autory evropsk\u00fdch zem\u00ed a\u00a0jejich pr\u00e1ce z\u00a0posledn\u00edch dvou let bylo hodnoceno 925 d\u011bl z\u00a0p\u011btat\u0159iceti evropsk\u00fdch zem\u00ed.","robots":{"index":"noindex","follow":"nofollow"},"og_locale":"en_US","og_type":"article","og_title":"ABOT ARTIST\u00b4S BOOK ON TOUR - Um\u011bleckopr\u016fmyslov\u00e9 museum v Praze","og_description":"Katalog nab\u00edz\u00ed pades\u00e1t d\u011bl, vybran\u00fdch a\u00a0ocen\u011bn\u00fdch mezin\u00e1rodn\u00ed porotou ve\u00a0stejnojmenn\u00e9 sout\u011b\u017ei, uspo\u0159\u00e1dan\u00e9 v\u00edde\u0148sk\u00fdm Muzeem u\u017eit\u00e9ho um\u011bn\u00ed (MAK) ve\u00a0spolupr\u00e1ci s\u00a0UPM v\u00a0Praze a\u00a0Mezin\u00e1rodn\u00edm centrem grafick\u00e9ho um\u011bn\u00ed v\u00a0Lublani. V\u00a0sout\u011b\u017ei otev\u0159en\u00e9 pro autory evropsk\u00fdch zem\u00ed a\u00a0jejich pr\u00e1ce z\u00a0posledn\u00edch dvou let bylo hodnoceno 925 d\u011bl z\u00a0p\u011btat\u0159iceti evropsk\u00fdch zem\u00ed.","og_url":"https:\/\/www.upm.cz\/an\/eshop\/abot-artists-book-on-tour\/","og_site_name":"Um\u011bleckopr\u016fmyslov\u00e9 museum v Praze","article_modified_time":"2024-05-16T12:17:24+00:00","og_image":[{"width":366,"height":450,"url":"https:\/\/www.upm.cz\/wp-content\/uploads\/ABOT.jpg","type":"image\/jpeg"}],"twitter_card":"summary_large_image","twitter_misc":{"Est. reading time":"1 minute"},"schema":{"@context":"https:\/\/schema.org","@graph":[{"@type":"WebPage","@id":"https:\/\/www.upm.cz\/eshop\/abot-artists-book-on-tour\/","url":"https:\/\/www.upm.cz\/eshop\/abot-artists-book-on-tour\/","name":"ABOT ARTIST\u00b4S BOOK ON TOUR - Um\u011bleckopr\u016fmyslov\u00e9 museum v Praze","isPartOf":{"@id":"https:\/\/www.upm.cz\/#website"},"primaryImageOfPage":{"@id":"https:\/\/www.upm.cz\/eshop\/abot-artists-book-on-tour\/#primaryimage"},"image":{"@id":"https:\/\/www.upm.cz\/eshop\/abot-artists-book-on-tour\/#primaryimage"},"thumbnailUrl":"https:\/\/www.upm.cz\/wp-content\/uploads\/ABOT.jpg","datePublished":"2021-02-15T14:18:05+00:00","dateModified":"2024-05-16T12:17:24+00:00","description":"Katalog nab\u00edz\u00ed pades\u00e1t d\u011bl, vybran\u00fdch a\u00a0ocen\u011bn\u00fdch mezin\u00e1rodn\u00ed porotou ve\u00a0stejnojmenn\u00e9 sout\u011b\u017ei, uspo\u0159\u00e1dan\u00e9 v\u00edde\u0148sk\u00fdm Muzeem u\u017eit\u00e9ho um\u011bn\u00ed (MAK) ve\u00a0spolupr\u00e1ci s\u00a0UPM v\u00a0Praze a\u00a0Mezin\u00e1rodn\u00edm centrem grafick\u00e9ho um\u011bn\u00ed v\u00a0Lublani. V\u00a0sout\u011b\u017ei otev\u0159en\u00e9 pro autory evropsk\u00fdch zem\u00ed a\u00a0jejich pr\u00e1ce z\u00a0posledn\u00edch dvou let bylo hodnoceno 925 d\u011bl z\u00a0p\u011btat\u0159iceti evropsk\u00fdch zem\u00ed.","breadcrumb":{"@id":"https:\/\/www.upm.cz\/eshop\/abot-artists-book-on-tour\/#breadcrumb"},"inLanguage":"en-US","potentialAction":[{"@type":"ReadAction","target":["https:\/\/www.upm.cz\/eshop\/abot-artists-book-on-tour\/"]}]},{"@type":"ImageObject","inLanguage":"en-US","@id":"https:\/\/www.upm.cz\/eshop\/abot-artists-book-on-tour\/#primaryimage","url":"https:\/\/www.upm.cz\/wp-content\/uploads\/ABOT.jpg","contentUrl":"https:\/\/www.upm.cz\/wp-content\/uploads\/ABOT.jpg","width":366,"height":450},{"@type":"BreadcrumbList","@id":"https:\/\/www.upm.cz\/eshop\/abot-artists-book-on-tour\/#breadcrumb","itemListElement":[{"@type":"ListItem","position":1,"name":"Dom\u016f","item":"https:\/\/www.upm.cz\/"},{"@type":"ListItem","position":2,"name":"eshop","item":"https:\/\/www.upm.cz\/eshop\/"},{"@type":"ListItem","position":3,"name":"ABOT ARTIST\u00b4S BOOK ON TOUR"}]},{"@type":"WebSite","@id":"https:\/\/www.upm.cz\/#website","url":"https:\/\/www.upm.cz\/","name":"Um\u011bleckopr\u016fmyslov\u00e9 museum v Praze","description":"","publisher":{"@id":"https:\/\/www.upm.cz\/#organization"},"potentialAction":[{"@type":"SearchAction","target":{"@type":"EntryPoint","urlTemplate":"https:\/\/www.upm.cz\/?s={search_term_string}"},"query-input":{"@type":"PropertyValueSpecification","valueRequired":true,"valueName":"search_term_string"}}],"inLanguage":"en-US"},{"@type":"Organization","@id":"https:\/\/www.upm.cz\/#organization","name":"Um\u011bleckopr\u016fmyslov\u00e9 museum v Praze","url":"https:\/\/www.upm.cz\/","logo":{"@type":"ImageObject","inLanguage":"en-US","@id":"https:\/\/www.upm.cz\/#\/schema\/logo\/image\/","url":"https:\/\/www.upm.cz\/wp-content\/uploads\/2020\/03\/logo_upm_cz.svg","contentUrl":"https:\/\/www.upm.cz\/wp-content\/uploads\/2020\/03\/logo_upm_cz.svg","width":1736,"height":295,"caption":"Um\u011bleckopr\u016fmyslov\u00e9 museum v Praze"},"image":{"@id":"https:\/\/www.upm.cz\/#\/schema\/logo\/image\/"}}]}},"_links":{"self":[{"href":"https:\/\/www.upm.cz\/an\/wp-json\/wp\/v2\/product\/7015","targetHints":{"allow":["GET"]}}],"collection":[{"href":"https:\/\/www.upm.cz\/an\/wp-json\/wp\/v2\/product"}],"about":[{"href":"https:\/\/www.upm.cz\/an\/wp-json\/wp\/v2\/types\/product"}],"wp:featuredmedia":[{"embeddable":true,"href":"https:\/\/www.upm.cz\/an\/wp-json\/wp\/v2\/media\/6169"}],"wp:attachment":[{"href":"https:\/\/www.upm.cz\/an\/wp-json\/wp\/v2\/media?parent=7015"}],"wp:term":[{"taxonomy":"product_brand","embeddable":true,"href":"https:\/\/www.upm.cz\/an\/wp-json\/wp\/v2\/product_brand?post=7015"},{"taxonomy":"product_cat","embeddable":true,"href":"https:\/\/www.upm.cz\/an\/wp-json\/wp\/v2\/product_cat?post=7015"},{"taxonomy":"product_tag","embeddable":true,"href":"https:\/\/www.upm.cz\/an\/wp-json\/wp\/v2\/product_tag?post=7015"}],"curies":[{"name":"wp","href":"https:\/\/api.w.org\/{rel}","templated":true}]}}