{"id":7019,"date":"2021-02-15T15:32:16","date_gmt":"2021-02-15T14:32:16","guid":{"rendered":"https:\/\/www.upm.cz\/?post_type=product&#038;p=7019"},"modified":"2025-12-13T13:52:43","modified_gmt":"2025-12-13T12:52:43","slug":"promeny-vlakna-osobnosti-ceskoslovenske-krajky","status":"publish","type":"product","link":"https:\/\/www.upm.cz\/an\/eshop\/promeny-vlakna-osobnosti-ceskoslovenske-krajky\/","title":{"rendered":"PROM\u011aNY VL\u00c1KNA. OSOBNOSTI \u010cESKOSLOVENSK\u00c9 KRAJKY"},"content":{"rendered":"<p>Od\u00a0konce 50.\u00a0let se\u00a0za\u010dalo radik\u00e1ln\u011b m\u011bnit i\u00a0pojet\u00ed krajky. Ta\u00a0zcela opustila tradi\u010dn\u00ed funkci a\u00a0stala se\u00a0trojrozm\u011brn\u00fdm monument\u00e1ln\u00edm d\u00edlem. Stejn\u011b jako ve\u00a0sv\u011bt\u011b u\u00a0n\u00e1s doch\u00e1z\u00ed k\u00a0p\u0159ibli\u017eov\u00e1n\u00ed textiln\u00edho um\u011bn\u00ed um\u011bn\u00ed voln\u00e9mu. Nov\u00fd um\u011blecky svobodn\u00fd pohled na\u00a0krajku, spojen\u00fd s\u00a0dokonalou znalost\u00ed klasick\u00fdch technik, podn\u00edtil bohatou tvorbu t\u0159\u00ed generac\u00ed v\u00fdtvarnic. Jejich p\u0159\u00ednos ke\u00a0sv\u011btov\u00e9mu v\u00fdvoji byl mnohokr\u00e1t potvrzen ud\u011blen\u00edm ocen\u011bn\u00ed na\u00a0mezin\u00e1rodn\u00edch v\u00fdstav\u00e1ch, po\u010d\u00ednaje Sv\u011btovou v\u00fdstavou v\u00a0Bruselu 1958, v\u00a0Montrealu 1967 a\u017e po\u00a0\u0159adu uzn\u00e1n\u00ed na\u00a0Mezin\u00e1rodn\u00edch bien\u00e1le krajky v\u00a0Bruselu. Dne\u0161n\u00ed tv\u016frci krajky hledaj\u00ed svoji cestu v\u00a0nov\u00fdch podm\u00ednk\u00e1ch jen obt\u00ed\u017en\u011b.<\/p>\n<p>&nbsp;<\/p>","protected":false},"excerpt":{"rendered":"<p>Katalog vydalo UPM ke\u00a0stejnojmenn\u00e9 v\u00fdstav\u011b (UPM, \u010dervenec \u2013 srpen 2004).<\/p>\n<p>text: Konstantina Hlav\u00e1\u010dkov\u00e1<br \/>\nvyd\u00e1n\u00ed: \u010desko-anglick\u00e9<br \/>\np\u0159eklad: Pavla Niklov\u00e1, Don Nixon<br \/>\nfoto: Gabriel Urb\u00e1nek, Jaroslav Je\u0159\u00e1bek a\u00a0dal\u0161\u00ed<br \/>\ngrafick\u00e1 \u00faprava: Ond\u0159ej Z\u00e1mi\u0161<br \/>\npo\u010det stran: 36<br \/>\nbarevn\u00e9 reprodukce: 26<br \/>\nvazba: krou\u017ekov\u00e1 s\u00a0pevn\u00fdmi deskami, 23\u00a0x\u00a020,5 cm<br \/>\nISBN: 80\u20147101-073\u20141<\/p>","protected":false},"featured_media":6230,"template":"","meta":{"_acf_changed":false},"product_brand":[],"product_cat":[45],"product_tag":[],"class_list":{"0":"post-7019","1":"product","2":"type-product","3":"status-publish","4":"has-post-thumbnail","6":"product_cat-knihy","8":"first","9":"instock","10":"shipping-taxable","11":"purchasable","12":"product-type-simple"},"acf":[],"yoast_head":"<!-- This site is optimized with the Yoast SEO plugin v26.9 - https:\/\/yoast.com\/product\/yoast-seo-wordpress\/ -->\n<title>PROM\u011aNY VL\u00c1KNA. OSOBNOSTI \u010cESKOSLOVENSK\u00c9 KRAJKY - Um\u011bleckopr\u016fmyslov\u00e9 museum v Praze<\/title>\n<meta name=\"description\" content=\"Od\u00a0konce 50.\u00a0let se\u00a0za\u010dalo radik\u00e1ln\u011b m\u011bnit i\u00a0pojet\u00ed krajky. Ta\u00a0zcela opustila tradi\u010dn\u00ed funkci a\u00a0stala se\u00a0trojrozm\u011brn\u00fdm monument\u00e1ln\u00edm d\u00edlem. Stejn\u011b jako ve\u00a0sv\u011bt\u011b u\u00a0n\u00e1s doch\u00e1z\u00ed k\u00a0p\u0159ibli\u017eov\u00e1n\u00ed textiln\u00edho um\u011bn\u00ed um\u011bn\u00ed voln\u00e9mu. Nov\u00fd um\u011blecky svobodn\u00fd pohled na\u00a0krajku, spojen\u00fd s\u00a0dokonalou znalost\u00ed klasick\u00fdch technik, podn\u00edtil bohatou tvorbu t\u0159\u00ed generac\u00ed v\u00fdtvarnic.\" \/>\n<meta name=\"robots\" content=\"noindex, nofollow\" \/>\n<meta property=\"og:locale\" content=\"en_US\" \/>\n<meta property=\"og:type\" content=\"article\" \/>\n<meta property=\"og:title\" content=\"PROM\u011aNY VL\u00c1KNA. OSOBNOSTI \u010cESKOSLOVENSK\u00c9 KRAJKY - Um\u011bleckopr\u016fmyslov\u00e9 museum v Praze\" \/>\n<meta property=\"og:description\" content=\"Od\u00a0konce 50.\u00a0let se\u00a0za\u010dalo radik\u00e1ln\u011b m\u011bnit i\u00a0pojet\u00ed krajky. Ta\u00a0zcela opustila tradi\u010dn\u00ed funkci a\u00a0stala se\u00a0trojrozm\u011brn\u00fdm monument\u00e1ln\u00edm d\u00edlem. Stejn\u011b jako ve\u00a0sv\u011bt\u011b u\u00a0n\u00e1s doch\u00e1z\u00ed k\u00a0p\u0159ibli\u017eov\u00e1n\u00ed textiln\u00edho um\u011bn\u00ed um\u011bn\u00ed voln\u00e9mu. Nov\u00fd um\u011blecky svobodn\u00fd pohled na\u00a0krajku, spojen\u00fd s\u00a0dokonalou znalost\u00ed klasick\u00fdch technik, podn\u00edtil bohatou tvorbu t\u0159\u00ed generac\u00ed v\u00fdtvarnic.\" \/>\n<meta property=\"og:url\" content=\"https:\/\/www.upm.cz\/an\/eshop\/promeny-vlakna-osobnosti-ceskoslovenske-krajky\/\" \/>\n<meta property=\"og:site_name\" content=\"Um\u011bleckopr\u016fmyslov\u00e9 museum v Praze\" \/>\n<meta property=\"article:modified_time\" content=\"2025-12-13T12:52:43+00:00\" \/>\n<meta property=\"og:image\" content=\"https:\/\/www.upm.cz\/wp-content\/uploads\/Promeny_vlakna_obalka.jpg\" \/>\n\t<meta property=\"og:image:width\" content=\"924\" \/>\n\t<meta property=\"og:image:height\" content=\"1000\" \/>\n\t<meta property=\"og:image:type\" content=\"image\/jpeg\" \/>\n<meta name=\"twitter:card\" content=\"summary_large_image\" \/>\n<meta name=\"twitter:label1\" content=\"Est. reading time\" \/>\n\t<meta name=\"twitter:data1\" content=\"1 minute\" \/>\n<script type=\"application\/ld+json\" class=\"yoast-schema-graph\">{\"@context\":\"https:\/\/schema.org\",\"@graph\":[{\"@type\":\"WebPage\",\"@id\":\"https:\/\/www.upm.cz\/eshop\/promeny-vlakna-osobnosti-ceskoslovenske-krajky\/\",\"url\":\"https:\/\/www.upm.cz\/eshop\/promeny-vlakna-osobnosti-ceskoslovenske-krajky\/\",\"name\":\"PROM\u011aNY VL\u00c1KNA. OSOBNOSTI \u010cESKOSLOVENSK\u00c9 KRAJKY - Um\u011bleckopr\u016fmyslov\u00e9 museum v Praze\",\"isPartOf\":{\"@id\":\"https:\/\/www.upm.cz\/#website\"},\"primaryImageOfPage\":{\"@id\":\"https:\/\/www.upm.cz\/eshop\/promeny-vlakna-osobnosti-ceskoslovenske-krajky\/#primaryimage\"},\"image\":{\"@id\":\"https:\/\/www.upm.cz\/eshop\/promeny-vlakna-osobnosti-ceskoslovenske-krajky\/#primaryimage\"},\"thumbnailUrl\":\"https:\/\/www.upm.cz\/wp-content\/uploads\/Promeny_vlakna_obalka.jpg\",\"datePublished\":\"2021-02-15T14:32:16+00:00\",\"dateModified\":\"2025-12-13T12:52:43+00:00\",\"description\":\"Od\u00a0konce 50.\u00a0let se\u00a0za\u010dalo radik\u00e1ln\u011b m\u011bnit i\u00a0pojet\u00ed krajky. Ta\u00a0zcela opustila tradi\u010dn\u00ed funkci a\u00a0stala se\u00a0trojrozm\u011brn\u00fdm monument\u00e1ln\u00edm d\u00edlem. Stejn\u011b jako ve\u00a0sv\u011bt\u011b u\u00a0n\u00e1s doch\u00e1z\u00ed k\u00a0p\u0159ibli\u017eov\u00e1n\u00ed textiln\u00edho um\u011bn\u00ed um\u011bn\u00ed voln\u00e9mu. Nov\u00fd um\u011blecky svobodn\u00fd pohled na\u00a0krajku, spojen\u00fd s\u00a0dokonalou znalost\u00ed klasick\u00fdch technik, podn\u00edtil bohatou tvorbu t\u0159\u00ed generac\u00ed v\u00fdtvarnic.\",\"breadcrumb\":{\"@id\":\"https:\/\/www.upm.cz\/eshop\/promeny-vlakna-osobnosti-ceskoslovenske-krajky\/#breadcrumb\"},\"inLanguage\":\"en-US\",\"potentialAction\":[{\"@type\":\"ReadAction\",\"target\":[\"https:\/\/www.upm.cz\/eshop\/promeny-vlakna-osobnosti-ceskoslovenske-krajky\/\"]}]},{\"@type\":\"ImageObject\",\"inLanguage\":\"en-US\",\"@id\":\"https:\/\/www.upm.cz\/eshop\/promeny-vlakna-osobnosti-ceskoslovenske-krajky\/#primaryimage\",\"url\":\"https:\/\/www.upm.cz\/wp-content\/uploads\/Promeny_vlakna_obalka.jpg\",\"contentUrl\":\"https:\/\/www.upm.cz\/wp-content\/uploads\/Promeny_vlakna_obalka.jpg\",\"width\":924,\"height\":1000},{\"@type\":\"BreadcrumbList\",\"@id\":\"https:\/\/www.upm.cz\/eshop\/promeny-vlakna-osobnosti-ceskoslovenske-krajky\/#breadcrumb\",\"itemListElement\":[{\"@type\":\"ListItem\",\"position\":1,\"name\":\"Dom\u016f\",\"item\":\"https:\/\/www.upm.cz\/\"},{\"@type\":\"ListItem\",\"position\":2,\"name\":\"eshop\",\"item\":\"https:\/\/www.upm.cz\/eshop\/\"},{\"@type\":\"ListItem\",\"position\":3,\"name\":\"PROM\u011aNY VL\u00c1KNA. OSOBNOSTI \u010cESKOSLOVENSK\u00c9 KRAJKY\"}]},{\"@type\":\"WebSite\",\"@id\":\"https:\/\/www.upm.cz\/#website\",\"url\":\"https:\/\/www.upm.cz\/\",\"name\":\"Um\u011bleckopr\u016fmyslov\u00e9 museum v Praze\",\"description\":\"\",\"publisher\":{\"@id\":\"https:\/\/www.upm.cz\/#organization\"},\"potentialAction\":[{\"@type\":\"SearchAction\",\"target\":{\"@type\":\"EntryPoint\",\"urlTemplate\":\"https:\/\/www.upm.cz\/?s={search_term_string}\"},\"query-input\":{\"@type\":\"PropertyValueSpecification\",\"valueRequired\":true,\"valueName\":\"search_term_string\"}}],\"inLanguage\":\"en-US\"},{\"@type\":\"Organization\",\"@id\":\"https:\/\/www.upm.cz\/#organization\",\"name\":\"Um\u011bleckopr\u016fmyslov\u00e9 museum v Praze\",\"url\":\"https:\/\/www.upm.cz\/\",\"logo\":{\"@type\":\"ImageObject\",\"inLanguage\":\"en-US\",\"@id\":\"https:\/\/www.upm.cz\/#\/schema\/logo\/image\/\",\"url\":\"https:\/\/www.upm.cz\/wp-content\/uploads\/2020\/03\/logo_upm_cz.svg\",\"contentUrl\":\"https:\/\/www.upm.cz\/wp-content\/uploads\/2020\/03\/logo_upm_cz.svg\",\"width\":1736,\"height\":295,\"caption\":\"Um\u011bleckopr\u016fmyslov\u00e9 museum v Praze\"},\"image\":{\"@id\":\"https:\/\/www.upm.cz\/#\/schema\/logo\/image\/\"}}]}<\/script>\n<!-- \/ Yoast SEO plugin. -->","yoast_head_json":{"title":"PROM\u011aNY VL\u00c1KNA. OSOBNOSTI \u010cESKOSLOVENSK\u00c9 KRAJKY - Um\u011bleckopr\u016fmyslov\u00e9 museum v Praze","description":"Od\u00a0konce 50.\u00a0let se\u00a0za\u010dalo radik\u00e1ln\u011b m\u011bnit i\u00a0pojet\u00ed krajky. Ta\u00a0zcela opustila tradi\u010dn\u00ed funkci a\u00a0stala se\u00a0trojrozm\u011brn\u00fdm monument\u00e1ln\u00edm d\u00edlem. Stejn\u011b jako ve\u00a0sv\u011bt\u011b u\u00a0n\u00e1s doch\u00e1z\u00ed k\u00a0p\u0159ibli\u017eov\u00e1n\u00ed textiln\u00edho um\u011bn\u00ed um\u011bn\u00ed voln\u00e9mu. Nov\u00fd um\u011blecky svobodn\u00fd pohled na\u00a0krajku, spojen\u00fd s\u00a0dokonalou znalost\u00ed klasick\u00fdch technik, podn\u00edtil bohatou tvorbu t\u0159\u00ed generac\u00ed v\u00fdtvarnic.","robots":{"index":"noindex","follow":"nofollow"},"og_locale":"en_US","og_type":"article","og_title":"PROM\u011aNY VL\u00c1KNA. OSOBNOSTI \u010cESKOSLOVENSK\u00c9 KRAJKY - Um\u011bleckopr\u016fmyslov\u00e9 museum v Praze","og_description":"Od\u00a0konce 50.\u00a0let se\u00a0za\u010dalo radik\u00e1ln\u011b m\u011bnit i\u00a0pojet\u00ed krajky. Ta\u00a0zcela opustila tradi\u010dn\u00ed funkci a\u00a0stala se\u00a0trojrozm\u011brn\u00fdm monument\u00e1ln\u00edm d\u00edlem. Stejn\u011b jako ve\u00a0sv\u011bt\u011b u\u00a0n\u00e1s doch\u00e1z\u00ed k\u00a0p\u0159ibli\u017eov\u00e1n\u00ed textiln\u00edho um\u011bn\u00ed um\u011bn\u00ed voln\u00e9mu. Nov\u00fd um\u011blecky svobodn\u00fd pohled na\u00a0krajku, spojen\u00fd s\u00a0dokonalou znalost\u00ed klasick\u00fdch technik, podn\u00edtil bohatou tvorbu t\u0159\u00ed generac\u00ed v\u00fdtvarnic.","og_url":"https:\/\/www.upm.cz\/an\/eshop\/promeny-vlakna-osobnosti-ceskoslovenske-krajky\/","og_site_name":"Um\u011bleckopr\u016fmyslov\u00e9 museum v Praze","article_modified_time":"2025-12-13T12:52:43+00:00","og_image":[{"width":924,"height":1000,"url":"https:\/\/www.upm.cz\/wp-content\/uploads\/Promeny_vlakna_obalka.jpg","type":"image\/jpeg"}],"twitter_card":"summary_large_image","twitter_misc":{"Est. reading time":"1 minute"},"schema":{"@context":"https:\/\/schema.org","@graph":[{"@type":"WebPage","@id":"https:\/\/www.upm.cz\/eshop\/promeny-vlakna-osobnosti-ceskoslovenske-krajky\/","url":"https:\/\/www.upm.cz\/eshop\/promeny-vlakna-osobnosti-ceskoslovenske-krajky\/","name":"PROM\u011aNY VL\u00c1KNA. OSOBNOSTI \u010cESKOSLOVENSK\u00c9 KRAJKY - Um\u011bleckopr\u016fmyslov\u00e9 museum v Praze","isPartOf":{"@id":"https:\/\/www.upm.cz\/#website"},"primaryImageOfPage":{"@id":"https:\/\/www.upm.cz\/eshop\/promeny-vlakna-osobnosti-ceskoslovenske-krajky\/#primaryimage"},"image":{"@id":"https:\/\/www.upm.cz\/eshop\/promeny-vlakna-osobnosti-ceskoslovenske-krajky\/#primaryimage"},"thumbnailUrl":"https:\/\/www.upm.cz\/wp-content\/uploads\/Promeny_vlakna_obalka.jpg","datePublished":"2021-02-15T14:32:16+00:00","dateModified":"2025-12-13T12:52:43+00:00","description":"Od\u00a0konce 50.\u00a0let se\u00a0za\u010dalo radik\u00e1ln\u011b m\u011bnit i\u00a0pojet\u00ed krajky. Ta\u00a0zcela opustila tradi\u010dn\u00ed funkci a\u00a0stala se\u00a0trojrozm\u011brn\u00fdm monument\u00e1ln\u00edm d\u00edlem. Stejn\u011b jako ve\u00a0sv\u011bt\u011b u\u00a0n\u00e1s doch\u00e1z\u00ed k\u00a0p\u0159ibli\u017eov\u00e1n\u00ed textiln\u00edho um\u011bn\u00ed um\u011bn\u00ed voln\u00e9mu. Nov\u00fd um\u011blecky svobodn\u00fd pohled na\u00a0krajku, spojen\u00fd s\u00a0dokonalou znalost\u00ed klasick\u00fdch technik, podn\u00edtil bohatou tvorbu t\u0159\u00ed generac\u00ed v\u00fdtvarnic.","breadcrumb":{"@id":"https:\/\/www.upm.cz\/eshop\/promeny-vlakna-osobnosti-ceskoslovenske-krajky\/#breadcrumb"},"inLanguage":"en-US","potentialAction":[{"@type":"ReadAction","target":["https:\/\/www.upm.cz\/eshop\/promeny-vlakna-osobnosti-ceskoslovenske-krajky\/"]}]},{"@type":"ImageObject","inLanguage":"en-US","@id":"https:\/\/www.upm.cz\/eshop\/promeny-vlakna-osobnosti-ceskoslovenske-krajky\/#primaryimage","url":"https:\/\/www.upm.cz\/wp-content\/uploads\/Promeny_vlakna_obalka.jpg","contentUrl":"https:\/\/www.upm.cz\/wp-content\/uploads\/Promeny_vlakna_obalka.jpg","width":924,"height":1000},{"@type":"BreadcrumbList","@id":"https:\/\/www.upm.cz\/eshop\/promeny-vlakna-osobnosti-ceskoslovenske-krajky\/#breadcrumb","itemListElement":[{"@type":"ListItem","position":1,"name":"Dom\u016f","item":"https:\/\/www.upm.cz\/"},{"@type":"ListItem","position":2,"name":"eshop","item":"https:\/\/www.upm.cz\/eshop\/"},{"@type":"ListItem","position":3,"name":"PROM\u011aNY VL\u00c1KNA. OSOBNOSTI \u010cESKOSLOVENSK\u00c9 KRAJKY"}]},{"@type":"WebSite","@id":"https:\/\/www.upm.cz\/#website","url":"https:\/\/www.upm.cz\/","name":"Um\u011bleckopr\u016fmyslov\u00e9 museum v Praze","description":"","publisher":{"@id":"https:\/\/www.upm.cz\/#organization"},"potentialAction":[{"@type":"SearchAction","target":{"@type":"EntryPoint","urlTemplate":"https:\/\/www.upm.cz\/?s={search_term_string}"},"query-input":{"@type":"PropertyValueSpecification","valueRequired":true,"valueName":"search_term_string"}}],"inLanguage":"en-US"},{"@type":"Organization","@id":"https:\/\/www.upm.cz\/#organization","name":"Um\u011bleckopr\u016fmyslov\u00e9 museum v Praze","url":"https:\/\/www.upm.cz\/","logo":{"@type":"ImageObject","inLanguage":"en-US","@id":"https:\/\/www.upm.cz\/#\/schema\/logo\/image\/","url":"https:\/\/www.upm.cz\/wp-content\/uploads\/2020\/03\/logo_upm_cz.svg","contentUrl":"https:\/\/www.upm.cz\/wp-content\/uploads\/2020\/03\/logo_upm_cz.svg","width":1736,"height":295,"caption":"Um\u011bleckopr\u016fmyslov\u00e9 museum v Praze"},"image":{"@id":"https:\/\/www.upm.cz\/#\/schema\/logo\/image\/"}}]}},"_links":{"self":[{"href":"https:\/\/www.upm.cz\/an\/wp-json\/wp\/v2\/product\/7019","targetHints":{"allow":["GET"]}}],"collection":[{"href":"https:\/\/www.upm.cz\/an\/wp-json\/wp\/v2\/product"}],"about":[{"href":"https:\/\/www.upm.cz\/an\/wp-json\/wp\/v2\/types\/product"}],"wp:featuredmedia":[{"embeddable":true,"href":"https:\/\/www.upm.cz\/an\/wp-json\/wp\/v2\/media\/6230"}],"wp:attachment":[{"href":"https:\/\/www.upm.cz\/an\/wp-json\/wp\/v2\/media?parent=7019"}],"wp:term":[{"taxonomy":"product_brand","embeddable":true,"href":"https:\/\/www.upm.cz\/an\/wp-json\/wp\/v2\/product_brand?post=7019"},{"taxonomy":"product_cat","embeddable":true,"href":"https:\/\/www.upm.cz\/an\/wp-json\/wp\/v2\/product_cat?post=7019"},{"taxonomy":"product_tag","embeddable":true,"href":"https:\/\/www.upm.cz\/an\/wp-json\/wp\/v2\/product_tag?post=7019"}],"curies":[{"name":"wp","href":"https:\/\/api.w.org\/{rel}","templated":true}]}}