{"id":7021,"date":"2021-02-15T15:56:30","date_gmt":"2021-02-15T14:56:30","guid":{"rendered":"https:\/\/www.upm.cz\/?post_type=product&#038;p=7021"},"modified":"2024-11-20T08:52:09","modified_gmt":"2024-11-20T07:52:09","slug":"hodiny-a-hodinky-ze-sbirek-umeleckoprumysloveho-musea-v-praze","status":"publish","type":"product","link":"https:\/\/www.upm.cz\/an\/eshop\/hodiny-a-hodinky-ze-sbirek-umeleckoprumysloveho-musea-v-praze\/","title":{"rendered":"HODINY A&nbsp;HODINKY ZE SB\u00cdREK UM\u011aLECKOPR\u016eMYSLOV\u00c9HO MUSEA V&nbsp;PRAZE"},"content":{"rendered":"<p>Sb\u00edrka hodin a\u00a0hodinek pra\u017esk\u00e9ho UPM je\u00a0jednou z\u00a0nejv\u011bt\u0161\u00edch a\u00a0druhov\u011b i\u00a0v\u00fdtvarn\u011b nejbohat\u0161\u00edch na\u00a0\u00fazem\u00ed \u010cesk\u00e9 republiky. Na\u00a0rozd\u00edl od\u00a0N\u00e1rodn\u00edho technick\u00e9ho muzea, kter\u00e9 je\u00a0zam\u011b\u0159eno na\u00a0mechanickou podstatu hodin, soust\u0159e\u010fuje se\u00a0UPM p\u0159edev\u0161\u00edm na\u00a0hodiny um\u011blecky tvarovan\u00e9 a\u00a0zdoben\u00e9. Publikace seznamuje s\u00a0histori\u00ed a\u00a0v\u00fdvojem hodin a\u00a0dokumentuje soubor hodin slune\u010dn\u00edch, pozoruhodnou sb\u00edrku hodin interi\u00e9rov\u00fdch i\u00a0sb\u00edrku hodinek. Interi\u00e9rov\u00e9 kole\u010dkov\u00e9 hodiny pat\u0159ily od\u00a0sv\u00e9ho vzniku k\u00a0vz\u00e1cnostem a\u00a0jejich vn\u011bj\u0161\u00edmu vzhledu byla proto v\u011bnov\u00e1na mimo\u0159\u00e1dn\u00e1 p\u00e9\u010de. Stejn\u011b jako v\u00a0jin\u00fdch druz\u00edch um\u011bleck\u00e9ho \u0159emesla se\u00a0v\u00a0nich obr\u00e1\u017e\u00ed m\u011bn\u00edc\u00ed se\u00a0slohov\u00fd n\u00e1zor, kter\u00fd se\u00a0projevoval v\u00a0r\u016fzn\u00fdch obdob\u00edch specifick\u00fdm postaven\u00edm hodin ve\u00a0v\u00fdzdob\u011b interi\u00e9r\u016f. Na\u00a0vytv\u00e1\u0159en\u00ed hodinov\u00fdch schr\u00e1nek se\u00a0pod\u00edleli v\u00fdznamn\u00ed um\u011blci, architekti, socha\u0159i a\u00a0mal\u00ed\u0159i. Hodinky jsou pak projevem n\u00e1paditosti a\u00a0v\u00fdtvarn\u00e9 schopnosti zlatn\u00edk\u016f, klenotn\u00edk\u016f, rytc\u016f, cizel\u00e9r\u016f a\u00a0email\u00e9r\u016f.<\/p>\n<p>&nbsp;<\/p>","protected":false},"excerpt":{"rendered":"<p>Reedice publikace vydan\u00e1 k\u00a0otev\u0159en\u00ed s\u00e1lu \u201eStroje \u010dasu\u201c st\u00e1l\u00e9 expozice Um\u011bleckopr\u016fmyslov\u00e9ho musea v\u00a0Praze v\u00a0prosinci 2005.<\/p>\n<p>text: Libu\u0161e Ure\u0161ov\u00e1<br \/>\nvyd\u00e1n\u00ed: \u010desko-anglick\u00e9<br \/>\np\u0159eklad: Linda Paukertov\u00e1, Jan Kroupa, Susan Gockeler<br \/>\nfoto: Gabriel Urb\u00e1nek, Ond\u0159ej Kocourek<br \/>\ngrafick\u00e1 \u00faprava: Lucie Vlachov\u00e1, Johan Vlach, MiniMaxstudio<br \/>\npo\u010det stran: 120<br \/>\nbarevn\u00e9 reprodukce: 103<br \/>\nvazba: bro\u017eovan\u00e1, 21\u00a0x\u00a023\u00a0cm<br \/>\nISBN: 80\u20147101-045\u20146<\/p>","protected":false},"featured_media":6192,"template":"","meta":{"_acf_changed":false},"product_brand":[],"product_cat":[45],"product_tag":[],"class_list":{"0":"post-7021","1":"product","2":"type-product","3":"status-publish","4":"has-post-thumbnail","6":"product_cat-knihy","8":"first","9":"instock","10":"shipping-taxable","11":"purchasable","12":"product-type-simple"},"acf":[],"yoast_head":"<!-- This site is optimized with the Yoast SEO plugin v26.9 - https:\/\/yoast.com\/product\/yoast-seo-wordpress\/ -->\n<title>HODINY A HODINKY ZE SB\u00cdREK UM\u011aLECKOPR\u016eMYSLOV\u00c9HO MUSEA V PRAZE - Um\u011bleckopr\u016fmyslov\u00e9 museum v Praze<\/title>\n<meta name=\"description\" content=\"Publikace seznamuje s\u00a0histori\u00ed a\u00a0v\u00fdvojem hodin a\u00a0dokumentuje soubor hodin slune\u010dn\u00edch, pozoruhodnou sb\u00edrku hodin interi\u00e9rov\u00fdch i\u00a0sb\u00edrku hodinek v majetku Um\u011bleckopr\u016fmyslov\u00e9ho musea v Praze.\" \/>\n<meta name=\"robots\" content=\"noindex, nofollow\" \/>\n<meta property=\"og:locale\" content=\"en_US\" \/>\n<meta property=\"og:type\" content=\"article\" \/>\n<meta property=\"og:title\" content=\"HODINY A HODINKY ZE SB\u00cdREK UM\u011aLECKOPR\u016eMYSLOV\u00c9HO MUSEA V PRAZE - Um\u011bleckopr\u016fmyslov\u00e9 museum v Praze\" \/>\n<meta property=\"og:description\" content=\"Publikace seznamuje s\u00a0histori\u00ed a\u00a0v\u00fdvojem hodin a\u00a0dokumentuje soubor hodin slune\u010dn\u00edch, pozoruhodnou sb\u00edrku hodin interi\u00e9rov\u00fdch i\u00a0sb\u00edrku hodinek v majetku Um\u011bleckopr\u016fmyslov\u00e9ho musea v Praze.\" \/>\n<meta property=\"og:url\" content=\"https:\/\/www.upm.cz\/an\/eshop\/hodiny-a-hodinky-ze-sbirek-umeleckoprumysloveho-musea-v-praze\/\" \/>\n<meta property=\"og:site_name\" content=\"Um\u011bleckopr\u016fmyslov\u00e9 museum v Praze\" \/>\n<meta property=\"article:modified_time\" content=\"2024-11-20T07:52:09+00:00\" \/>\n<meta property=\"og:image\" content=\"https:\/\/www.upm.cz\/wp-content\/uploads\/Hodiny_hodinky_obalka_P02.jpg\" \/>\n\t<meta property=\"og:image:width\" content=\"1200\" \/>\n\t<meta property=\"og:image:height\" content=\"1083\" \/>\n\t<meta property=\"og:image:type\" content=\"image\/jpeg\" \/>\n<meta name=\"twitter:card\" content=\"summary_large_image\" \/>\n<meta name=\"twitter:label1\" content=\"Est. reading time\" \/>\n\t<meta name=\"twitter:data1\" content=\"1 minute\" \/>\n<script type=\"application\/ld+json\" class=\"yoast-schema-graph\">{\"@context\":\"https:\/\/schema.org\",\"@graph\":[{\"@type\":\"WebPage\",\"@id\":\"https:\/\/www.upm.cz\/eshop\/hodiny-a-hodinky-ze-sbirek-umeleckoprumysloveho-musea-v-praze\/\",\"url\":\"https:\/\/www.upm.cz\/eshop\/hodiny-a-hodinky-ze-sbirek-umeleckoprumysloveho-musea-v-praze\/\",\"name\":\"HODINY A HODINKY ZE SB\u00cdREK UM\u011aLECKOPR\u016eMYSLOV\u00c9HO MUSEA V PRAZE - Um\u011bleckopr\u016fmyslov\u00e9 museum v Praze\",\"isPartOf\":{\"@id\":\"https:\/\/www.upm.cz\/#website\"},\"primaryImageOfPage\":{\"@id\":\"https:\/\/www.upm.cz\/eshop\/hodiny-a-hodinky-ze-sbirek-umeleckoprumysloveho-musea-v-praze\/#primaryimage\"},\"image\":{\"@id\":\"https:\/\/www.upm.cz\/eshop\/hodiny-a-hodinky-ze-sbirek-umeleckoprumysloveho-musea-v-praze\/#primaryimage\"},\"thumbnailUrl\":\"https:\/\/www.upm.cz\/wp-content\/uploads\/Hodiny_hodinky_obalka_P02.jpg\",\"datePublished\":\"2021-02-15T14:56:30+00:00\",\"dateModified\":\"2024-11-20T07:52:09+00:00\",\"description\":\"Publikace seznamuje s\u00a0histori\u00ed a\u00a0v\u00fdvojem hodin a\u00a0dokumentuje soubor hodin slune\u010dn\u00edch, pozoruhodnou sb\u00edrku hodin interi\u00e9rov\u00fdch i\u00a0sb\u00edrku hodinek v majetku Um\u011bleckopr\u016fmyslov\u00e9ho musea v Praze.\",\"breadcrumb\":{\"@id\":\"https:\/\/www.upm.cz\/eshop\/hodiny-a-hodinky-ze-sbirek-umeleckoprumysloveho-musea-v-praze\/#breadcrumb\"},\"inLanguage\":\"en-US\",\"potentialAction\":[{\"@type\":\"ReadAction\",\"target\":[\"https:\/\/www.upm.cz\/eshop\/hodiny-a-hodinky-ze-sbirek-umeleckoprumysloveho-musea-v-praze\/\"]}]},{\"@type\":\"ImageObject\",\"inLanguage\":\"en-US\",\"@id\":\"https:\/\/www.upm.cz\/eshop\/hodiny-a-hodinky-ze-sbirek-umeleckoprumysloveho-musea-v-praze\/#primaryimage\",\"url\":\"https:\/\/www.upm.cz\/wp-content\/uploads\/Hodiny_hodinky_obalka_P02.jpg\",\"contentUrl\":\"https:\/\/www.upm.cz\/wp-content\/uploads\/Hodiny_hodinky_obalka_P02.jpg\",\"width\":1200,\"height\":1083},{\"@type\":\"BreadcrumbList\",\"@id\":\"https:\/\/www.upm.cz\/eshop\/hodiny-a-hodinky-ze-sbirek-umeleckoprumysloveho-musea-v-praze\/#breadcrumb\",\"itemListElement\":[{\"@type\":\"ListItem\",\"position\":1,\"name\":\"Dom\u016f\",\"item\":\"https:\/\/www.upm.cz\/\"},{\"@type\":\"ListItem\",\"position\":2,\"name\":\"eshop\",\"item\":\"https:\/\/www.upm.cz\/eshop\/\"},{\"@type\":\"ListItem\",\"position\":3,\"name\":\"HODINY A&nbsp;HODINKY ZE SB\u00cdREK UM\u011aLECKOPR\u016eMYSLOV\u00c9HO MUSEA V&nbsp;PRAZE\"}]},{\"@type\":\"WebSite\",\"@id\":\"https:\/\/www.upm.cz\/#website\",\"url\":\"https:\/\/www.upm.cz\/\",\"name\":\"Um\u011bleckopr\u016fmyslov\u00e9 museum v Praze\",\"description\":\"\",\"publisher\":{\"@id\":\"https:\/\/www.upm.cz\/#organization\"},\"potentialAction\":[{\"@type\":\"SearchAction\",\"target\":{\"@type\":\"EntryPoint\",\"urlTemplate\":\"https:\/\/www.upm.cz\/?s={search_term_string}\"},\"query-input\":{\"@type\":\"PropertyValueSpecification\",\"valueRequired\":true,\"valueName\":\"search_term_string\"}}],\"inLanguage\":\"en-US\"},{\"@type\":\"Organization\",\"@id\":\"https:\/\/www.upm.cz\/#organization\",\"name\":\"Um\u011bleckopr\u016fmyslov\u00e9 museum v Praze\",\"url\":\"https:\/\/www.upm.cz\/\",\"logo\":{\"@type\":\"ImageObject\",\"inLanguage\":\"en-US\",\"@id\":\"https:\/\/www.upm.cz\/#\/schema\/logo\/image\/\",\"url\":\"https:\/\/www.upm.cz\/wp-content\/uploads\/2020\/03\/logo_upm_cz.svg\",\"contentUrl\":\"https:\/\/www.upm.cz\/wp-content\/uploads\/2020\/03\/logo_upm_cz.svg\",\"width\":1736,\"height\":295,\"caption\":\"Um\u011bleckopr\u016fmyslov\u00e9 museum v Praze\"},\"image\":{\"@id\":\"https:\/\/www.upm.cz\/#\/schema\/logo\/image\/\"}}]}<\/script>\n<!-- \/ Yoast SEO plugin. -->","yoast_head_json":{"title":"HODINY A HODINKY ZE SB\u00cdREK UM\u011aLECKOPR\u016eMYSLOV\u00c9HO MUSEA V PRAZE - Um\u011bleckopr\u016fmyslov\u00e9 museum v Praze","description":"Publikace seznamuje s\u00a0histori\u00ed a\u00a0v\u00fdvojem hodin a\u00a0dokumentuje soubor hodin slune\u010dn\u00edch, pozoruhodnou sb\u00edrku hodin interi\u00e9rov\u00fdch i\u00a0sb\u00edrku hodinek v majetku Um\u011bleckopr\u016fmyslov\u00e9ho musea v Praze.","robots":{"index":"noindex","follow":"nofollow"},"og_locale":"en_US","og_type":"article","og_title":"HODINY A HODINKY ZE SB\u00cdREK UM\u011aLECKOPR\u016eMYSLOV\u00c9HO MUSEA V PRAZE - Um\u011bleckopr\u016fmyslov\u00e9 museum v Praze","og_description":"Publikace seznamuje s\u00a0histori\u00ed a\u00a0v\u00fdvojem hodin a\u00a0dokumentuje soubor hodin slune\u010dn\u00edch, pozoruhodnou sb\u00edrku hodin interi\u00e9rov\u00fdch i\u00a0sb\u00edrku hodinek v majetku Um\u011bleckopr\u016fmyslov\u00e9ho musea v Praze.","og_url":"https:\/\/www.upm.cz\/an\/eshop\/hodiny-a-hodinky-ze-sbirek-umeleckoprumysloveho-musea-v-praze\/","og_site_name":"Um\u011bleckopr\u016fmyslov\u00e9 museum v Praze","article_modified_time":"2024-11-20T07:52:09+00:00","og_image":[{"width":1200,"height":1083,"url":"https:\/\/www.upm.cz\/wp-content\/uploads\/Hodiny_hodinky_obalka_P02.jpg","type":"image\/jpeg"}],"twitter_card":"summary_large_image","twitter_misc":{"Est. reading time":"1 minute"},"schema":{"@context":"https:\/\/schema.org","@graph":[{"@type":"WebPage","@id":"https:\/\/www.upm.cz\/eshop\/hodiny-a-hodinky-ze-sbirek-umeleckoprumysloveho-musea-v-praze\/","url":"https:\/\/www.upm.cz\/eshop\/hodiny-a-hodinky-ze-sbirek-umeleckoprumysloveho-musea-v-praze\/","name":"HODINY A HODINKY ZE SB\u00cdREK UM\u011aLECKOPR\u016eMYSLOV\u00c9HO MUSEA V PRAZE - Um\u011bleckopr\u016fmyslov\u00e9 museum v Praze","isPartOf":{"@id":"https:\/\/www.upm.cz\/#website"},"primaryImageOfPage":{"@id":"https:\/\/www.upm.cz\/eshop\/hodiny-a-hodinky-ze-sbirek-umeleckoprumysloveho-musea-v-praze\/#primaryimage"},"image":{"@id":"https:\/\/www.upm.cz\/eshop\/hodiny-a-hodinky-ze-sbirek-umeleckoprumysloveho-musea-v-praze\/#primaryimage"},"thumbnailUrl":"https:\/\/www.upm.cz\/wp-content\/uploads\/Hodiny_hodinky_obalka_P02.jpg","datePublished":"2021-02-15T14:56:30+00:00","dateModified":"2024-11-20T07:52:09+00:00","description":"Publikace seznamuje s\u00a0histori\u00ed a\u00a0v\u00fdvojem hodin a\u00a0dokumentuje soubor hodin slune\u010dn\u00edch, pozoruhodnou sb\u00edrku hodin interi\u00e9rov\u00fdch i\u00a0sb\u00edrku hodinek v majetku Um\u011bleckopr\u016fmyslov\u00e9ho musea v Praze.","breadcrumb":{"@id":"https:\/\/www.upm.cz\/eshop\/hodiny-a-hodinky-ze-sbirek-umeleckoprumysloveho-musea-v-praze\/#breadcrumb"},"inLanguage":"en-US","potentialAction":[{"@type":"ReadAction","target":["https:\/\/www.upm.cz\/eshop\/hodiny-a-hodinky-ze-sbirek-umeleckoprumysloveho-musea-v-praze\/"]}]},{"@type":"ImageObject","inLanguage":"en-US","@id":"https:\/\/www.upm.cz\/eshop\/hodiny-a-hodinky-ze-sbirek-umeleckoprumysloveho-musea-v-praze\/#primaryimage","url":"https:\/\/www.upm.cz\/wp-content\/uploads\/Hodiny_hodinky_obalka_P02.jpg","contentUrl":"https:\/\/www.upm.cz\/wp-content\/uploads\/Hodiny_hodinky_obalka_P02.jpg","width":1200,"height":1083},{"@type":"BreadcrumbList","@id":"https:\/\/www.upm.cz\/eshop\/hodiny-a-hodinky-ze-sbirek-umeleckoprumysloveho-musea-v-praze\/#breadcrumb","itemListElement":[{"@type":"ListItem","position":1,"name":"Dom\u016f","item":"https:\/\/www.upm.cz\/"},{"@type":"ListItem","position":2,"name":"eshop","item":"https:\/\/www.upm.cz\/eshop\/"},{"@type":"ListItem","position":3,"name":"HODINY A&nbsp;HODINKY ZE SB\u00cdREK UM\u011aLECKOPR\u016eMYSLOV\u00c9HO MUSEA V&nbsp;PRAZE"}]},{"@type":"WebSite","@id":"https:\/\/www.upm.cz\/#website","url":"https:\/\/www.upm.cz\/","name":"Um\u011bleckopr\u016fmyslov\u00e9 museum v Praze","description":"","publisher":{"@id":"https:\/\/www.upm.cz\/#organization"},"potentialAction":[{"@type":"SearchAction","target":{"@type":"EntryPoint","urlTemplate":"https:\/\/www.upm.cz\/?s={search_term_string}"},"query-input":{"@type":"PropertyValueSpecification","valueRequired":true,"valueName":"search_term_string"}}],"inLanguage":"en-US"},{"@type":"Organization","@id":"https:\/\/www.upm.cz\/#organization","name":"Um\u011bleckopr\u016fmyslov\u00e9 museum v Praze","url":"https:\/\/www.upm.cz\/","logo":{"@type":"ImageObject","inLanguage":"en-US","@id":"https:\/\/www.upm.cz\/#\/schema\/logo\/image\/","url":"https:\/\/www.upm.cz\/wp-content\/uploads\/2020\/03\/logo_upm_cz.svg","contentUrl":"https:\/\/www.upm.cz\/wp-content\/uploads\/2020\/03\/logo_upm_cz.svg","width":1736,"height":295,"caption":"Um\u011bleckopr\u016fmyslov\u00e9 museum v Praze"},"image":{"@id":"https:\/\/www.upm.cz\/#\/schema\/logo\/image\/"}}]}},"_links":{"self":[{"href":"https:\/\/www.upm.cz\/an\/wp-json\/wp\/v2\/product\/7021","targetHints":{"allow":["GET"]}}],"collection":[{"href":"https:\/\/www.upm.cz\/an\/wp-json\/wp\/v2\/product"}],"about":[{"href":"https:\/\/www.upm.cz\/an\/wp-json\/wp\/v2\/types\/product"}],"wp:featuredmedia":[{"embeddable":true,"href":"https:\/\/www.upm.cz\/an\/wp-json\/wp\/v2\/media\/6192"}],"wp:attachment":[{"href":"https:\/\/www.upm.cz\/an\/wp-json\/wp\/v2\/media?parent=7021"}],"wp:term":[{"taxonomy":"product_brand","embeddable":true,"href":"https:\/\/www.upm.cz\/an\/wp-json\/wp\/v2\/product_brand?post=7021"},{"taxonomy":"product_cat","embeddable":true,"href":"https:\/\/www.upm.cz\/an\/wp-json\/wp\/v2\/product_cat?post=7021"},{"taxonomy":"product_tag","embeddable":true,"href":"https:\/\/www.upm.cz\/an\/wp-json\/wp\/v2\/product_tag?post=7021"}],"curies":[{"name":"wp","href":"https:\/\/api.w.org\/{rel}","templated":true}]}}