{"id":7023,"date":"2021-02-15T17:55:51","date_gmt":"2021-02-15T16:55:51","guid":{"rendered":"https:\/\/www.upm.cz\/?post_type=product&#038;p=7023"},"modified":"2022-11-04T18:41:46","modified_gmt":"2022-11-04T17:41:46","slug":"image-to-print-peter-knebuhler-a-umelci-jeho-dilny","status":"publish","type":"product","link":"https:\/\/www.upm.cz\/an\/eshop\/image-to-print-peter-knebuhler-a-umelci-jeho-dilny\/","title":{"rendered":"IMAGE TO PRINT. PETER KNEB\u00dcHLER A&nbsp;UM\u011aLCI JEHO D\u00cdLNY"},"content":{"rendered":"<p>Petr Kneub\u00fchler and Artists of\u00a0His Studio<\/p>\n<p>Katalog p\u0159in\u00e1\u0161\u00ed pr\u00e1ce d\u00edlny slavn\u00e9ho \u0161v\u00fdcarsk\u00e9ho tiska\u0159e Petera Kneub\u00fchlera (1944\u20131999), jen\u017e nebyl jen kouzeln\u00edkem mnoha grafick\u00fdch technik, ale zejm\u00e9na p\u0159\u00edtelem a\u00a0partnerem tak slavn\u00fdch v\u00fdtvarn\u00edk\u016f jako byly Markus Raetz, Eric Fischl, Luc Tuymans, Mario Merz nebo Jan Jedli\u010dka. \u010c\u00e1st publikace je\u00a0v\u011bnov\u00e1na \u010desk\u00fdm stipendist\u016fm \u0160v\u00fdcarsko-\u010desk\u00e9ho kulturn\u00edho fondu \u2013 Petru P\u00edsa\u0159\u00edkovi, Milen\u011b Dopitov\u00e9, Iren\u011b J\u016fzov\u00e9, Mark\u00e9t\u011b Va\u0148kov\u00e9, Kri\u0161tofu Kinterovi a\u00a0Vladim\u00edru Skreplovi, kte\u0159\u00ed m\u011bli tu\u00a0\u010dest v\u00a0d\u00edln\u011b Petera Kneub\u00fchlera pracovat. Texty dopl\u0148uje slovn\u00edk z\u00e1kladn\u00edch grafick\u00fdch technik.<\/p>","protected":false},"excerpt":{"rendered":"<p>vydavatel: Nakl. Arbor vitae, 2003<br \/>\neditor: Jan Jedli\u010dka<br \/>\ntexty: Rainer Michael Mason, Jan Jedli\u010dka, Jana a\u00a0Ji\u0159\u00ed \u0160ev\u010d\u00edkovi, Ivona Raimanov\u00e1<br \/>\nvyd\u00e1n\u00ed: \u010desko-anglick\u00e9<br \/>\nform\u00e1t: 16,5 x\u00a021\u00a0cm<br \/>\npo\u010det stran: 96, ilustrac\u00ed a\u00a0p\u0159\u00edloh: 51<br \/>\nISBN 80\u201486300-42\u20140, 978\u201480-86300\u201442-9<\/p>","protected":false},"featured_media":6236,"template":"","meta":{"_acf_changed":false},"product_brand":[],"product_cat":[45],"product_tag":[],"class_list":{"0":"post-7023","1":"product","2":"type-product","3":"status-publish","4":"has-post-thumbnail","6":"product_cat-knihy","8":"first","9":"instock","10":"shipping-taxable","11":"purchasable","12":"product-type-simple"},"acf":[],"yoast_head":"<!-- This site is optimized with the Yoast SEO plugin v26.9 - https:\/\/yoast.com\/product\/yoast-seo-wordpress\/ -->\n<title>IMAGE TO PRINT. PETER KNEB\u00dcHLER A UM\u011aLCI JEHO D\u00cdLNY - Um\u011bleckopr\u016fmyslov\u00e9 museum v Praze<\/title>\n<meta name=\"description\" content=\"Katalog p\u0159in\u00e1\u0161\u00ed pr\u00e1ce d\u00edlny slavn\u00e9ho \u0161v\u00fdcarsk\u00e9ho tiska\u0159e Petera Kneub\u00fchlera (1944\u20131999). Texty dopl\u0148uje slovn\u00edk z\u00e1kladn\u00edch grafick\u00fdch technik.\" \/>\n<meta name=\"robots\" content=\"noindex, nofollow\" \/>\n<meta property=\"og:locale\" content=\"en_US\" \/>\n<meta property=\"og:type\" content=\"article\" \/>\n<meta property=\"og:title\" content=\"IMAGE TO PRINT. PETER KNEB\u00dcHLER A UM\u011aLCI JEHO D\u00cdLNY - Um\u011bleckopr\u016fmyslov\u00e9 museum v Praze\" \/>\n<meta property=\"og:description\" content=\"Katalog p\u0159in\u00e1\u0161\u00ed pr\u00e1ce d\u00edlny slavn\u00e9ho \u0161v\u00fdcarsk\u00e9ho tiska\u0159e Petera Kneub\u00fchlera (1944\u20131999). Texty dopl\u0148uje slovn\u00edk z\u00e1kladn\u00edch grafick\u00fdch technik.\" \/>\n<meta property=\"og:url\" content=\"https:\/\/www.upm.cz\/an\/eshop\/image-to-print-peter-knebuhler-a-umelci-jeho-dilny\/\" \/>\n<meta property=\"og:site_name\" content=\"Um\u011bleckopr\u016fmyslov\u00e9 museum v Praze\" \/>\n<meta property=\"article:modified_time\" content=\"2022-11-04T17:41:46+00:00\" \/>\n<meta property=\"og:image\" content=\"https:\/\/www.upm.cz\/wp-content\/uploads\/Image_to_Print_2003.jpg\" \/>\n\t<meta property=\"og:image:width\" content=\"781\" \/>\n\t<meta property=\"og:image:height\" content=\"1000\" \/>\n\t<meta property=\"og:image:type\" content=\"image\/jpeg\" \/>\n<meta name=\"twitter:card\" content=\"summary_large_image\" \/>\n<meta name=\"twitter:label1\" content=\"Est. reading time\" \/>\n\t<meta name=\"twitter:data1\" content=\"1 minute\" \/>\n<script type=\"application\/ld+json\" class=\"yoast-schema-graph\">{\"@context\":\"https:\/\/schema.org\",\"@graph\":[{\"@type\":\"WebPage\",\"@id\":\"https:\/\/www.upm.cz\/eshop\/image-to-print-peter-knebuhler-a-umelci-jeho-dilny\/\",\"url\":\"https:\/\/www.upm.cz\/eshop\/image-to-print-peter-knebuhler-a-umelci-jeho-dilny\/\",\"name\":\"IMAGE TO PRINT. PETER KNEB\u00dcHLER A UM\u011aLCI JEHO D\u00cdLNY - Um\u011bleckopr\u016fmyslov\u00e9 museum v Praze\",\"isPartOf\":{\"@id\":\"https:\/\/www.upm.cz\/#website\"},\"primaryImageOfPage\":{\"@id\":\"https:\/\/www.upm.cz\/eshop\/image-to-print-peter-knebuhler-a-umelci-jeho-dilny\/#primaryimage\"},\"image\":{\"@id\":\"https:\/\/www.upm.cz\/eshop\/image-to-print-peter-knebuhler-a-umelci-jeho-dilny\/#primaryimage\"},\"thumbnailUrl\":\"https:\/\/www.upm.cz\/wp-content\/uploads\/Image_to_Print_2003.jpg\",\"datePublished\":\"2021-02-15T16:55:51+00:00\",\"dateModified\":\"2022-11-04T17:41:46+00:00\",\"description\":\"Katalog p\u0159in\u00e1\u0161\u00ed pr\u00e1ce d\u00edlny slavn\u00e9ho \u0161v\u00fdcarsk\u00e9ho tiska\u0159e Petera Kneub\u00fchlera (1944\u20131999). Texty dopl\u0148uje slovn\u00edk z\u00e1kladn\u00edch grafick\u00fdch technik.\",\"breadcrumb\":{\"@id\":\"https:\/\/www.upm.cz\/eshop\/image-to-print-peter-knebuhler-a-umelci-jeho-dilny\/#breadcrumb\"},\"inLanguage\":\"en-US\",\"potentialAction\":[{\"@type\":\"ReadAction\",\"target\":[\"https:\/\/www.upm.cz\/eshop\/image-to-print-peter-knebuhler-a-umelci-jeho-dilny\/\"]}]},{\"@type\":\"ImageObject\",\"inLanguage\":\"en-US\",\"@id\":\"https:\/\/www.upm.cz\/eshop\/image-to-print-peter-knebuhler-a-umelci-jeho-dilny\/#primaryimage\",\"url\":\"https:\/\/www.upm.cz\/wp-content\/uploads\/Image_to_Print_2003.jpg\",\"contentUrl\":\"https:\/\/www.upm.cz\/wp-content\/uploads\/Image_to_Print_2003.jpg\",\"width\":781,\"height\":1000},{\"@type\":\"BreadcrumbList\",\"@id\":\"https:\/\/www.upm.cz\/eshop\/image-to-print-peter-knebuhler-a-umelci-jeho-dilny\/#breadcrumb\",\"itemListElement\":[{\"@type\":\"ListItem\",\"position\":1,\"name\":\"Dom\u016f\",\"item\":\"https:\/\/www.upm.cz\/\"},{\"@type\":\"ListItem\",\"position\":2,\"name\":\"eshop\",\"item\":\"https:\/\/www.upm.cz\/eshop\/\"},{\"@type\":\"ListItem\",\"position\":3,\"name\":\"IMAGE TO PRINT. PETER KNEB\u00dcHLER A&nbsp;UM\u011aLCI JEHO D\u00cdLNY\"}]},{\"@type\":\"WebSite\",\"@id\":\"https:\/\/www.upm.cz\/#website\",\"url\":\"https:\/\/www.upm.cz\/\",\"name\":\"Um\u011bleckopr\u016fmyslov\u00e9 museum v Praze\",\"description\":\"\",\"publisher\":{\"@id\":\"https:\/\/www.upm.cz\/#organization\"},\"potentialAction\":[{\"@type\":\"SearchAction\",\"target\":{\"@type\":\"EntryPoint\",\"urlTemplate\":\"https:\/\/www.upm.cz\/?s={search_term_string}\"},\"query-input\":{\"@type\":\"PropertyValueSpecification\",\"valueRequired\":true,\"valueName\":\"search_term_string\"}}],\"inLanguage\":\"en-US\"},{\"@type\":\"Organization\",\"@id\":\"https:\/\/www.upm.cz\/#organization\",\"name\":\"Um\u011bleckopr\u016fmyslov\u00e9 museum v Praze\",\"url\":\"https:\/\/www.upm.cz\/\",\"logo\":{\"@type\":\"ImageObject\",\"inLanguage\":\"en-US\",\"@id\":\"https:\/\/www.upm.cz\/#\/schema\/logo\/image\/\",\"url\":\"https:\/\/www.upm.cz\/wp-content\/uploads\/2020\/03\/logo_upm_cz.svg\",\"contentUrl\":\"https:\/\/www.upm.cz\/wp-content\/uploads\/2020\/03\/logo_upm_cz.svg\",\"width\":1736,\"height\":295,\"caption\":\"Um\u011bleckopr\u016fmyslov\u00e9 museum v Praze\"},\"image\":{\"@id\":\"https:\/\/www.upm.cz\/#\/schema\/logo\/image\/\"}}]}<\/script>\n<!-- \/ Yoast SEO plugin. -->","yoast_head_json":{"title":"IMAGE TO PRINT. PETER KNEB\u00dcHLER A UM\u011aLCI JEHO D\u00cdLNY - Um\u011bleckopr\u016fmyslov\u00e9 museum v Praze","description":"Katalog p\u0159in\u00e1\u0161\u00ed pr\u00e1ce d\u00edlny slavn\u00e9ho \u0161v\u00fdcarsk\u00e9ho tiska\u0159e Petera Kneub\u00fchlera (1944\u20131999). Texty dopl\u0148uje slovn\u00edk z\u00e1kladn\u00edch grafick\u00fdch technik.","robots":{"index":"noindex","follow":"nofollow"},"og_locale":"en_US","og_type":"article","og_title":"IMAGE TO PRINT. PETER KNEB\u00dcHLER A UM\u011aLCI JEHO D\u00cdLNY - Um\u011bleckopr\u016fmyslov\u00e9 museum v Praze","og_description":"Katalog p\u0159in\u00e1\u0161\u00ed pr\u00e1ce d\u00edlny slavn\u00e9ho \u0161v\u00fdcarsk\u00e9ho tiska\u0159e Petera Kneub\u00fchlera (1944\u20131999). Texty dopl\u0148uje slovn\u00edk z\u00e1kladn\u00edch grafick\u00fdch technik.","og_url":"https:\/\/www.upm.cz\/an\/eshop\/image-to-print-peter-knebuhler-a-umelci-jeho-dilny\/","og_site_name":"Um\u011bleckopr\u016fmyslov\u00e9 museum v Praze","article_modified_time":"2022-11-04T17:41:46+00:00","og_image":[{"width":781,"height":1000,"url":"https:\/\/www.upm.cz\/wp-content\/uploads\/Image_to_Print_2003.jpg","type":"image\/jpeg"}],"twitter_card":"summary_large_image","twitter_misc":{"Est. reading time":"1 minute"},"schema":{"@context":"https:\/\/schema.org","@graph":[{"@type":"WebPage","@id":"https:\/\/www.upm.cz\/eshop\/image-to-print-peter-knebuhler-a-umelci-jeho-dilny\/","url":"https:\/\/www.upm.cz\/eshop\/image-to-print-peter-knebuhler-a-umelci-jeho-dilny\/","name":"IMAGE TO PRINT. PETER KNEB\u00dcHLER A UM\u011aLCI JEHO D\u00cdLNY - Um\u011bleckopr\u016fmyslov\u00e9 museum v Praze","isPartOf":{"@id":"https:\/\/www.upm.cz\/#website"},"primaryImageOfPage":{"@id":"https:\/\/www.upm.cz\/eshop\/image-to-print-peter-knebuhler-a-umelci-jeho-dilny\/#primaryimage"},"image":{"@id":"https:\/\/www.upm.cz\/eshop\/image-to-print-peter-knebuhler-a-umelci-jeho-dilny\/#primaryimage"},"thumbnailUrl":"https:\/\/www.upm.cz\/wp-content\/uploads\/Image_to_Print_2003.jpg","datePublished":"2021-02-15T16:55:51+00:00","dateModified":"2022-11-04T17:41:46+00:00","description":"Katalog p\u0159in\u00e1\u0161\u00ed pr\u00e1ce d\u00edlny slavn\u00e9ho \u0161v\u00fdcarsk\u00e9ho tiska\u0159e Petera Kneub\u00fchlera (1944\u20131999). Texty dopl\u0148uje slovn\u00edk z\u00e1kladn\u00edch grafick\u00fdch technik.","breadcrumb":{"@id":"https:\/\/www.upm.cz\/eshop\/image-to-print-peter-knebuhler-a-umelci-jeho-dilny\/#breadcrumb"},"inLanguage":"en-US","potentialAction":[{"@type":"ReadAction","target":["https:\/\/www.upm.cz\/eshop\/image-to-print-peter-knebuhler-a-umelci-jeho-dilny\/"]}]},{"@type":"ImageObject","inLanguage":"en-US","@id":"https:\/\/www.upm.cz\/eshop\/image-to-print-peter-knebuhler-a-umelci-jeho-dilny\/#primaryimage","url":"https:\/\/www.upm.cz\/wp-content\/uploads\/Image_to_Print_2003.jpg","contentUrl":"https:\/\/www.upm.cz\/wp-content\/uploads\/Image_to_Print_2003.jpg","width":781,"height":1000},{"@type":"BreadcrumbList","@id":"https:\/\/www.upm.cz\/eshop\/image-to-print-peter-knebuhler-a-umelci-jeho-dilny\/#breadcrumb","itemListElement":[{"@type":"ListItem","position":1,"name":"Dom\u016f","item":"https:\/\/www.upm.cz\/"},{"@type":"ListItem","position":2,"name":"eshop","item":"https:\/\/www.upm.cz\/eshop\/"},{"@type":"ListItem","position":3,"name":"IMAGE TO PRINT. PETER KNEB\u00dcHLER A&nbsp;UM\u011aLCI JEHO D\u00cdLNY"}]},{"@type":"WebSite","@id":"https:\/\/www.upm.cz\/#website","url":"https:\/\/www.upm.cz\/","name":"Um\u011bleckopr\u016fmyslov\u00e9 museum v Praze","description":"","publisher":{"@id":"https:\/\/www.upm.cz\/#organization"},"potentialAction":[{"@type":"SearchAction","target":{"@type":"EntryPoint","urlTemplate":"https:\/\/www.upm.cz\/?s={search_term_string}"},"query-input":{"@type":"PropertyValueSpecification","valueRequired":true,"valueName":"search_term_string"}}],"inLanguage":"en-US"},{"@type":"Organization","@id":"https:\/\/www.upm.cz\/#organization","name":"Um\u011bleckopr\u016fmyslov\u00e9 museum v Praze","url":"https:\/\/www.upm.cz\/","logo":{"@type":"ImageObject","inLanguage":"en-US","@id":"https:\/\/www.upm.cz\/#\/schema\/logo\/image\/","url":"https:\/\/www.upm.cz\/wp-content\/uploads\/2020\/03\/logo_upm_cz.svg","contentUrl":"https:\/\/www.upm.cz\/wp-content\/uploads\/2020\/03\/logo_upm_cz.svg","width":1736,"height":295,"caption":"Um\u011bleckopr\u016fmyslov\u00e9 museum v Praze"},"image":{"@id":"https:\/\/www.upm.cz\/#\/schema\/logo\/image\/"}}]}},"_links":{"self":[{"href":"https:\/\/www.upm.cz\/an\/wp-json\/wp\/v2\/product\/7023","targetHints":{"allow":["GET"]}}],"collection":[{"href":"https:\/\/www.upm.cz\/an\/wp-json\/wp\/v2\/product"}],"about":[{"href":"https:\/\/www.upm.cz\/an\/wp-json\/wp\/v2\/types\/product"}],"wp:featuredmedia":[{"embeddable":true,"href":"https:\/\/www.upm.cz\/an\/wp-json\/wp\/v2\/media\/6236"}],"wp:attachment":[{"href":"https:\/\/www.upm.cz\/an\/wp-json\/wp\/v2\/media?parent=7023"}],"wp:term":[{"taxonomy":"product_brand","embeddable":true,"href":"https:\/\/www.upm.cz\/an\/wp-json\/wp\/v2\/product_brand?post=7023"},{"taxonomy":"product_cat","embeddable":true,"href":"https:\/\/www.upm.cz\/an\/wp-json\/wp\/v2\/product_cat?post=7023"},{"taxonomy":"product_tag","embeddable":true,"href":"https:\/\/www.upm.cz\/an\/wp-json\/wp\/v2\/product_tag?post=7023"}],"curies":[{"name":"wp","href":"https:\/\/api.w.org\/{rel}","templated":true}]}}