{"id":7024,"date":"2021-02-15T17:57:50","date_gmt":"2021-02-15T16:57:50","guid":{"rendered":"https:\/\/www.upm.cz\/?post_type=product&#038;p=7024"},"modified":"2024-11-29T16:04:27","modified_gmt":"2024-11-29T15:04:27","slug":"il-liberty-i-la-rivoluzione-europea-delle-arti","status":"publish","type":"product","link":"https:\/\/www.upm.cz\/an\/eshop\/il-liberty-i-la-rivoluzione-europea-delle-arti\/","title":{"rendered":"IL LIBERTY E LA RIVOLUZIONE EUROPEA DELLE ARTI"},"content":{"rendered":"<p class=\"entry-title\">V\u00fdpravn\u00fd katalog v\u00a0ital\u0161tin\u011b p\u0159ipravilo UPM k\u00a0v\u00fdstav\u011b v\u00a0Terstu (Scuerie e\u00a0Museo storico del Castello di\u00a0Mramare) v\u00a0roce 2017, kterou italsk\u00e9mu publiku p\u0159edstavilo secesn\u00ed um\u011bn\u00ed ze\u00a0sv\u00fdch sb\u00edrek. Repr\u00edza \u00fasp\u011b\u0161n\u00e9 expozice Secese\/Vit\u00e1ln\u00ed um\u011bn\u00ed 1900, ji\u017e hostil v\u00a0letech 2013\u20132015 Obecn\u00ed d\u016fm v\u00a0Praze, se\u00a0zam\u011b\u0159ila na\u00a0kl\u00ed\u010dov\u00e9 \u010desk\u00e9 autory, nap\u0159\u00edklad Alfonse Muchu, Jana Preislera, Jana Kot\u011bru \u010di\u00a0Josefa Go\u010d\u00e1ra. D\u00edla reprezentuj\u00edc\u00ed \u010deskou um\u011bleckou a\u00a0\u0159emeslnou produkci zahrnovala plak\u00e1t, grafiku, n\u00e1bytek, \u0161perk, sklo \u010di\u00a0keramiku. P\u0159i\u00a0v\u00fdb\u011bru auto\u0159i tak\u00e9 brali v\u00a0\u00favahu historick\u00e9 souvislosti Terstu a\u00a0\u010cech v\u00a0dob\u011b p\u0159ed prvn\u00ed sv\u011btovou v\u00e1lkou.<\/p>\n<p>&nbsp;<\/p>","protected":false},"excerpt":{"rendered":"<p>vydavatel: Marsilio ed., 2018<br \/>\nauto\u0159i koncepce, edito\u0159i: Lucie Vl\u010dkov\u00e1, Radim Vondr\u00e1\u010dek<br \/>\ntexty: Luciano Celli, Iva Knobloch, Lucie Vl\u010dkov\u00e1, Radim Vondr\u00e1\u010dek, Filip Wittlich et al.<br \/>\nvyd\u00e1n\u00ed: italsk\u00e9<br \/>\nform\u00e1t: 24,5 x\u00a021\u00a0cm, m\u011bkk\u00e1 vazba<br \/>\npo\u010det stran: 240, reprodukc\u00ed: 228<\/p>\n<p>POUZE ITALSKY<\/p>","protected":false},"featured_media":6127,"template":"","meta":{"_acf_changed":false},"product_brand":[],"product_cat":[45],"product_tag":[],"class_list":{"0":"post-7024","1":"product","2":"type-product","3":"status-publish","4":"has-post-thumbnail","6":"product_cat-knihy","8":"first","9":"instock","10":"shipping-taxable","11":"purchasable","12":"product-type-simple"},"acf":[],"yoast_head":"<!-- This site is optimized with the Yoast SEO plugin v26.9 - https:\/\/yoast.com\/product\/yoast-seo-wordpress\/ -->\n<title>IL LIBERTY E LA RIVOLUZIONE EUROPEA DELLE ARTI - Um\u011bleckopr\u016fmyslov\u00e9 museum v Praze<\/title>\n<meta name=\"description\" content=\"V\u00fdpravn\u00fd katalog v\u00a0ital\u0161tin\u011b p\u0159ipravilo UPM k\u00a0v\u00fdstav\u011b v\u00a0Terstu (Scuerie e\u00a0Museo storico del Castello di\u00a0Mramare) v\u00a0roce 2017, kterou italsk\u00e9mu publiku p\u0159edstavilo secesn\u00ed um\u011bn\u00ed ze\u00a0sv\u00fdch sb\u00edrek.\" \/>\n<meta name=\"robots\" content=\"noindex, nofollow\" \/>\n<meta property=\"og:locale\" content=\"en_US\" \/>\n<meta property=\"og:type\" content=\"article\" \/>\n<meta property=\"og:title\" content=\"IL LIBERTY E LA RIVOLUZIONE EUROPEA DELLE ARTI - Um\u011bleckopr\u016fmyslov\u00e9 museum v Praze\" \/>\n<meta property=\"og:description\" content=\"V\u00fdpravn\u00fd katalog v\u00a0ital\u0161tin\u011b p\u0159ipravilo UPM k\u00a0v\u00fdstav\u011b v\u00a0Terstu (Scuerie e\u00a0Museo storico del Castello di\u00a0Mramare) v\u00a0roce 2017, kterou italsk\u00e9mu publiku p\u0159edstavilo secesn\u00ed um\u011bn\u00ed ze\u00a0sv\u00fdch sb\u00edrek.\" \/>\n<meta property=\"og:url\" content=\"https:\/\/www.upm.cz\/an\/eshop\/il-liberty-i-la-rivoluzione-europea-delle-arti\/\" \/>\n<meta property=\"og:site_name\" content=\"Um\u011bleckopr\u016fmyslov\u00e9 museum v Praze\" \/>\n<meta property=\"article:modified_time\" content=\"2024-11-29T15:04:27+00:00\" \/>\n<meta property=\"og:image\" content=\"https:\/\/www.upm.cz\/wp-content\/uploads\/IL_LIBERTY_obalka_P01.jpg\" \/>\n\t<meta property=\"og:image:width\" content=\"1020\" \/>\n\t<meta property=\"og:image:height\" content=\"1200\" \/>\n\t<meta property=\"og:image:type\" content=\"image\/jpeg\" \/>\n<meta name=\"twitter:card\" content=\"summary_large_image\" \/>\n<meta name=\"twitter:label1\" content=\"Est. reading time\" \/>\n\t<meta name=\"twitter:data1\" content=\"1 minute\" \/>\n<script type=\"application\/ld+json\" class=\"yoast-schema-graph\">{\"@context\":\"https:\/\/schema.org\",\"@graph\":[{\"@type\":\"WebPage\",\"@id\":\"https:\/\/www.upm.cz\/eshop\/il-liberty-i-la-rivoluzione-europea-delle-arti\/\",\"url\":\"https:\/\/www.upm.cz\/eshop\/il-liberty-i-la-rivoluzione-europea-delle-arti\/\",\"name\":\"IL LIBERTY E LA RIVOLUZIONE EUROPEA DELLE ARTI - Um\u011bleckopr\u016fmyslov\u00e9 museum v Praze\",\"isPartOf\":{\"@id\":\"https:\/\/www.upm.cz\/#website\"},\"primaryImageOfPage\":{\"@id\":\"https:\/\/www.upm.cz\/eshop\/il-liberty-i-la-rivoluzione-europea-delle-arti\/#primaryimage\"},\"image\":{\"@id\":\"https:\/\/www.upm.cz\/eshop\/il-liberty-i-la-rivoluzione-europea-delle-arti\/#primaryimage\"},\"thumbnailUrl\":\"https:\/\/www.upm.cz\/wp-content\/uploads\/IL_LIBERTY_obalka_P01.jpg\",\"datePublished\":\"2021-02-15T16:57:50+00:00\",\"dateModified\":\"2024-11-29T15:04:27+00:00\",\"description\":\"V\u00fdpravn\u00fd katalog v\u00a0ital\u0161tin\u011b p\u0159ipravilo UPM k\u00a0v\u00fdstav\u011b v\u00a0Terstu (Scuerie e\u00a0Museo storico del Castello di\u00a0Mramare) v\u00a0roce 2017, kterou italsk\u00e9mu publiku p\u0159edstavilo secesn\u00ed um\u011bn\u00ed ze\u00a0sv\u00fdch sb\u00edrek.\",\"breadcrumb\":{\"@id\":\"https:\/\/www.upm.cz\/eshop\/il-liberty-i-la-rivoluzione-europea-delle-arti\/#breadcrumb\"},\"inLanguage\":\"en-US\",\"potentialAction\":[{\"@type\":\"ReadAction\",\"target\":[\"https:\/\/www.upm.cz\/eshop\/il-liberty-i-la-rivoluzione-europea-delle-arti\/\"]}]},{\"@type\":\"ImageObject\",\"inLanguage\":\"en-US\",\"@id\":\"https:\/\/www.upm.cz\/eshop\/il-liberty-i-la-rivoluzione-europea-delle-arti\/#primaryimage\",\"url\":\"https:\/\/www.upm.cz\/wp-content\/uploads\/IL_LIBERTY_obalka_P01.jpg\",\"contentUrl\":\"https:\/\/www.upm.cz\/wp-content\/uploads\/IL_LIBERTY_obalka_P01.jpg\",\"width\":1020,\"height\":1200},{\"@type\":\"BreadcrumbList\",\"@id\":\"https:\/\/www.upm.cz\/eshop\/il-liberty-i-la-rivoluzione-europea-delle-arti\/#breadcrumb\",\"itemListElement\":[{\"@type\":\"ListItem\",\"position\":1,\"name\":\"Dom\u016f\",\"item\":\"https:\/\/www.upm.cz\/\"},{\"@type\":\"ListItem\",\"position\":2,\"name\":\"eshop\",\"item\":\"https:\/\/www.upm.cz\/eshop\/\"},{\"@type\":\"ListItem\",\"position\":3,\"name\":\"IL LIBERTY E LA RIVOLUZIONE EUROPEA DELLE ARTI\"}]},{\"@type\":\"WebSite\",\"@id\":\"https:\/\/www.upm.cz\/#website\",\"url\":\"https:\/\/www.upm.cz\/\",\"name\":\"Um\u011bleckopr\u016fmyslov\u00e9 museum v Praze\",\"description\":\"\",\"publisher\":{\"@id\":\"https:\/\/www.upm.cz\/#organization\"},\"potentialAction\":[{\"@type\":\"SearchAction\",\"target\":{\"@type\":\"EntryPoint\",\"urlTemplate\":\"https:\/\/www.upm.cz\/?s={search_term_string}\"},\"query-input\":{\"@type\":\"PropertyValueSpecification\",\"valueRequired\":true,\"valueName\":\"search_term_string\"}}],\"inLanguage\":\"en-US\"},{\"@type\":\"Organization\",\"@id\":\"https:\/\/www.upm.cz\/#organization\",\"name\":\"Um\u011bleckopr\u016fmyslov\u00e9 museum v Praze\",\"url\":\"https:\/\/www.upm.cz\/\",\"logo\":{\"@type\":\"ImageObject\",\"inLanguage\":\"en-US\",\"@id\":\"https:\/\/www.upm.cz\/#\/schema\/logo\/image\/\",\"url\":\"https:\/\/www.upm.cz\/wp-content\/uploads\/2020\/03\/logo_upm_cz.svg\",\"contentUrl\":\"https:\/\/www.upm.cz\/wp-content\/uploads\/2020\/03\/logo_upm_cz.svg\",\"width\":1736,\"height\":295,\"caption\":\"Um\u011bleckopr\u016fmyslov\u00e9 museum v Praze\"},\"image\":{\"@id\":\"https:\/\/www.upm.cz\/#\/schema\/logo\/image\/\"}}]}<\/script>\n<!-- \/ Yoast SEO plugin. -->","yoast_head_json":{"title":"IL LIBERTY E LA RIVOLUZIONE EUROPEA DELLE ARTI - Um\u011bleckopr\u016fmyslov\u00e9 museum v Praze","description":"V\u00fdpravn\u00fd katalog v\u00a0ital\u0161tin\u011b p\u0159ipravilo UPM k\u00a0v\u00fdstav\u011b v\u00a0Terstu (Scuerie e\u00a0Museo storico del Castello di\u00a0Mramare) v\u00a0roce 2017, kterou italsk\u00e9mu publiku p\u0159edstavilo secesn\u00ed um\u011bn\u00ed ze\u00a0sv\u00fdch sb\u00edrek.","robots":{"index":"noindex","follow":"nofollow"},"og_locale":"en_US","og_type":"article","og_title":"IL LIBERTY E LA RIVOLUZIONE EUROPEA DELLE ARTI - Um\u011bleckopr\u016fmyslov\u00e9 museum v Praze","og_description":"V\u00fdpravn\u00fd katalog v\u00a0ital\u0161tin\u011b p\u0159ipravilo UPM k\u00a0v\u00fdstav\u011b v\u00a0Terstu (Scuerie e\u00a0Museo storico del Castello di\u00a0Mramare) v\u00a0roce 2017, kterou italsk\u00e9mu publiku p\u0159edstavilo secesn\u00ed um\u011bn\u00ed ze\u00a0sv\u00fdch sb\u00edrek.","og_url":"https:\/\/www.upm.cz\/an\/eshop\/il-liberty-i-la-rivoluzione-europea-delle-arti\/","og_site_name":"Um\u011bleckopr\u016fmyslov\u00e9 museum v Praze","article_modified_time":"2024-11-29T15:04:27+00:00","og_image":[{"width":1020,"height":1200,"url":"https:\/\/www.upm.cz\/wp-content\/uploads\/IL_LIBERTY_obalka_P01.jpg","type":"image\/jpeg"}],"twitter_card":"summary_large_image","twitter_misc":{"Est. reading time":"1 minute"},"schema":{"@context":"https:\/\/schema.org","@graph":[{"@type":"WebPage","@id":"https:\/\/www.upm.cz\/eshop\/il-liberty-i-la-rivoluzione-europea-delle-arti\/","url":"https:\/\/www.upm.cz\/eshop\/il-liberty-i-la-rivoluzione-europea-delle-arti\/","name":"IL LIBERTY E LA RIVOLUZIONE EUROPEA DELLE ARTI - Um\u011bleckopr\u016fmyslov\u00e9 museum v Praze","isPartOf":{"@id":"https:\/\/www.upm.cz\/#website"},"primaryImageOfPage":{"@id":"https:\/\/www.upm.cz\/eshop\/il-liberty-i-la-rivoluzione-europea-delle-arti\/#primaryimage"},"image":{"@id":"https:\/\/www.upm.cz\/eshop\/il-liberty-i-la-rivoluzione-europea-delle-arti\/#primaryimage"},"thumbnailUrl":"https:\/\/www.upm.cz\/wp-content\/uploads\/IL_LIBERTY_obalka_P01.jpg","datePublished":"2021-02-15T16:57:50+00:00","dateModified":"2024-11-29T15:04:27+00:00","description":"V\u00fdpravn\u00fd katalog v\u00a0ital\u0161tin\u011b p\u0159ipravilo UPM k\u00a0v\u00fdstav\u011b v\u00a0Terstu (Scuerie e\u00a0Museo storico del Castello di\u00a0Mramare) v\u00a0roce 2017, kterou italsk\u00e9mu publiku p\u0159edstavilo secesn\u00ed um\u011bn\u00ed ze\u00a0sv\u00fdch sb\u00edrek.","breadcrumb":{"@id":"https:\/\/www.upm.cz\/eshop\/il-liberty-i-la-rivoluzione-europea-delle-arti\/#breadcrumb"},"inLanguage":"en-US","potentialAction":[{"@type":"ReadAction","target":["https:\/\/www.upm.cz\/eshop\/il-liberty-i-la-rivoluzione-europea-delle-arti\/"]}]},{"@type":"ImageObject","inLanguage":"en-US","@id":"https:\/\/www.upm.cz\/eshop\/il-liberty-i-la-rivoluzione-europea-delle-arti\/#primaryimage","url":"https:\/\/www.upm.cz\/wp-content\/uploads\/IL_LIBERTY_obalka_P01.jpg","contentUrl":"https:\/\/www.upm.cz\/wp-content\/uploads\/IL_LIBERTY_obalka_P01.jpg","width":1020,"height":1200},{"@type":"BreadcrumbList","@id":"https:\/\/www.upm.cz\/eshop\/il-liberty-i-la-rivoluzione-europea-delle-arti\/#breadcrumb","itemListElement":[{"@type":"ListItem","position":1,"name":"Dom\u016f","item":"https:\/\/www.upm.cz\/"},{"@type":"ListItem","position":2,"name":"eshop","item":"https:\/\/www.upm.cz\/eshop\/"},{"@type":"ListItem","position":3,"name":"IL LIBERTY E LA RIVOLUZIONE EUROPEA DELLE ARTI"}]},{"@type":"WebSite","@id":"https:\/\/www.upm.cz\/#website","url":"https:\/\/www.upm.cz\/","name":"Um\u011bleckopr\u016fmyslov\u00e9 museum v Praze","description":"","publisher":{"@id":"https:\/\/www.upm.cz\/#organization"},"potentialAction":[{"@type":"SearchAction","target":{"@type":"EntryPoint","urlTemplate":"https:\/\/www.upm.cz\/?s={search_term_string}"},"query-input":{"@type":"PropertyValueSpecification","valueRequired":true,"valueName":"search_term_string"}}],"inLanguage":"en-US"},{"@type":"Organization","@id":"https:\/\/www.upm.cz\/#organization","name":"Um\u011bleckopr\u016fmyslov\u00e9 museum v Praze","url":"https:\/\/www.upm.cz\/","logo":{"@type":"ImageObject","inLanguage":"en-US","@id":"https:\/\/www.upm.cz\/#\/schema\/logo\/image\/","url":"https:\/\/www.upm.cz\/wp-content\/uploads\/2020\/03\/logo_upm_cz.svg","contentUrl":"https:\/\/www.upm.cz\/wp-content\/uploads\/2020\/03\/logo_upm_cz.svg","width":1736,"height":295,"caption":"Um\u011bleckopr\u016fmyslov\u00e9 museum v Praze"},"image":{"@id":"https:\/\/www.upm.cz\/#\/schema\/logo\/image\/"}}]}},"_links":{"self":[{"href":"https:\/\/www.upm.cz\/an\/wp-json\/wp\/v2\/product\/7024","targetHints":{"allow":["GET"]}}],"collection":[{"href":"https:\/\/www.upm.cz\/an\/wp-json\/wp\/v2\/product"}],"about":[{"href":"https:\/\/www.upm.cz\/an\/wp-json\/wp\/v2\/types\/product"}],"wp:featuredmedia":[{"embeddable":true,"href":"https:\/\/www.upm.cz\/an\/wp-json\/wp\/v2\/media\/6127"}],"wp:attachment":[{"href":"https:\/\/www.upm.cz\/an\/wp-json\/wp\/v2\/media?parent=7024"}],"wp:term":[{"taxonomy":"product_brand","embeddable":true,"href":"https:\/\/www.upm.cz\/an\/wp-json\/wp\/v2\/product_brand?post=7024"},{"taxonomy":"product_cat","embeddable":true,"href":"https:\/\/www.upm.cz\/an\/wp-json\/wp\/v2\/product_cat?post=7024"},{"taxonomy":"product_tag","embeddable":true,"href":"https:\/\/www.upm.cz\/an\/wp-json\/wp\/v2\/product_tag?post=7024"}],"curies":[{"name":"wp","href":"https:\/\/api.w.org\/{rel}","templated":true}]}}