{"id":7031,"date":"2021-02-16T19:03:55","date_gmt":"2021-02-16T18:03:55","guid":{"rendered":"https:\/\/www.upm.cz\/?post_type=product&#038;p=7031"},"modified":"2025-10-08T17:09:40","modified_gmt":"2025-10-08T15:09:40","slug":"daniel-a-ignac-preisslerove-barokni-maliri-skla-a-porcelanu","status":"publish","type":"product","link":"https:\/\/www.upm.cz\/an\/eshop\/daniel-a-ignac-preisslerove-barokni-maliri-skla-a-porcelanu\/","title":{"rendered":"DANIEL A&nbsp;IGN\u00c1C PREISSLEROV\u00c9. BAROKN\u00cd MAL\u00cd\u0158I SKLA A&nbsp;PORCEL\u00c1NU"},"content":{"rendered":"<p>Autorem v\u00fdznamn\u00e9ho souboru p\u0159edm\u011bt\u016f se\u00a0specifickou malbou na\u00a0skle a\u00a0porcel\u00e1nu b\u00fdv\u00e1 v\u011bt\u0161inou ozna\u010dov\u00e1n pouze Ign\u00e1c Preissler (1676\u20131741), nejnov\u011bji tak\u00e9 jeho otec Daniel (1636\u20131733). Oba um\u011blci byli \u010dinn\u00ed ve\u00a0v\u00fdchodo\u010desk\u00e9m Kun\u0161t\u00e1tu. Publikace se\u00a0soupisov\u00fdm katalogem p\u0159edm\u011bt\u016f z\u00a0muzejn\u00edch i\u00a0soukrom\u00fdch sb\u00edrek v\u00a0\u010cesk\u00e9 republice, v\u010detn\u011b reprodukc\u00ed v\u00fdznamn\u00fdch d\u011bl ze\u00a0zahrani\u010dn\u00edch sb\u00edrek, p\u0159edstavuje sledovan\u00e9, \u010dasto tak\u00e9 rozporupln\u011b interpretovan\u00e9 d\u00edlo poprv\u00e9 v\u00a0cel\u00e9 jeho \u0161\u00ed\u0159i.<\/p>","protected":false},"excerpt":{"rendered":"<p>vydalo: UPM v&nbsp;Praze, 2009<br \/>\nautor koncepce, editor: Helena Bro\u017ekov\u00e1<br \/>\ntexty: Helena Bro\u017ekov\u00e1, Jaroslav \u0160\u016fla, Eva Rydlov\u00e1<br \/>\nvyd\u00e1n\u00ed: \u010desk\u00e9 s\u00a0anglick\u00fdm a\u00a0n\u011bmeck\u00fdm resum\u00e9<br \/>\ngrafick\u00fd design: Lucie Vlachov\u00e1, Johan Vlach, MiniMax studio<br \/>\npo\u010det stran: 236<br \/>\npo\u010det reprodukc\u00ed: 212<br \/>\nform\u00e1t: 25,5 x\u00a021\u00a0cm, m\u011bkk\u00e1 vazba<br \/>\nISBN: 978\u201480-7101\u2014071-5<\/p>","protected":false},"featured_media":6184,"template":"","meta":{"_acf_changed":false},"product_brand":[],"product_cat":[45],"product_tag":[],"class_list":{"0":"post-7031","1":"product","2":"type-product","3":"status-publish","4":"has-post-thumbnail","6":"product_cat-knihy","8":"first","9":"instock","10":"shipping-taxable","11":"purchasable","12":"product-type-simple"},"acf":[],"yoast_head":"<!-- This site is optimized with the Yoast SEO plugin v26.9 - https:\/\/yoast.com\/product\/yoast-seo-wordpress\/ -->\n<title>DANIEL A IGN\u00c1C PREISSLEROV\u00c9. BAROKN\u00cd MAL\u00cd\u0158I SKLA A PORCEL\u00c1NU - Um\u011bleckopr\u016fmyslov\u00e9 museum v Praze<\/title>\n<meta name=\"description\" content=\"Autorem v\u00fdznamn\u00e9ho souboru p\u0159edm\u011bt\u016f se specifickou malbou na skle a porcel\u00e1nu b\u00fdv\u00e1 v\u011bt\u0161inou ozna\u010dov\u00e1n pouze Ign\u00e1c Preissler (1676\u20131741), nejnov\u011bji tak\u00e9 jeho otec Daniel (1636\u20131733). Oba um\u011blci byli \u010dinn\u00ed ve v\u00fdchodo\u010desk\u00e9m Kun\u0161t\u00e1tu. Publikace se soupisov\u00fdm katalogem p\u0159edm\u011bt\u016f z muzejn\u00edch i soukrom\u00fdch sb\u00edrek v \u010cesk\u00e9 republice, v\u010detn\u011b reprodukc\u00ed v\u00fdznamn\u00fdch d\u011bl ze zahrani\u010dn\u00edch sb\u00edrek, p\u0159edstavuje sledovan\u00e9, \u010dasto tak\u00e9 rozporupln\u011b interpretovan\u00e9 d\u00edlo poprv\u00e9 v cel\u00e9 jeho \u0161\u00ed\u0159i.\" \/>\n<meta name=\"robots\" content=\"noindex, nofollow\" \/>\n<meta property=\"og:locale\" content=\"en_US\" \/>\n<meta property=\"og:type\" content=\"article\" \/>\n<meta property=\"og:title\" content=\"DANIEL A IGN\u00c1C PREISSLEROV\u00c9. BAROKN\u00cd MAL\u00cd\u0158I SKLA A PORCEL\u00c1NU - Um\u011bleckopr\u016fmyslov\u00e9 museum v Praze\" \/>\n<meta property=\"og:description\" content=\"Autorem v\u00fdznamn\u00e9ho souboru p\u0159edm\u011bt\u016f se specifickou malbou na skle a porcel\u00e1nu b\u00fdv\u00e1 v\u011bt\u0161inou ozna\u010dov\u00e1n pouze Ign\u00e1c Preissler (1676\u20131741), nejnov\u011bji tak\u00e9 jeho otec Daniel (1636\u20131733). Oba um\u011blci byli \u010dinn\u00ed ve v\u00fdchodo\u010desk\u00e9m Kun\u0161t\u00e1tu. Publikace se soupisov\u00fdm katalogem p\u0159edm\u011bt\u016f z muzejn\u00edch i soukrom\u00fdch sb\u00edrek v \u010cesk\u00e9 republice, v\u010detn\u011b reprodukc\u00ed v\u00fdznamn\u00fdch d\u011bl ze zahrani\u010dn\u00edch sb\u00edrek, p\u0159edstavuje sledovan\u00e9, \u010dasto tak\u00e9 rozporupln\u011b interpretovan\u00e9 d\u00edlo poprv\u00e9 v cel\u00e9 jeho \u0161\u00ed\u0159i.\" \/>\n<meta property=\"og:url\" content=\"https:\/\/www.upm.cz\/an\/eshop\/daniel-a-ignac-preisslerove-barokni-maliri-skla-a-porcelanu\/\" \/>\n<meta property=\"og:site_name\" content=\"Um\u011bleckopr\u016fmyslov\u00e9 museum v Praze\" \/>\n<meta property=\"article:modified_time\" content=\"2025-10-08T15:09:40+00:00\" \/>\n<meta property=\"og:image\" content=\"https:\/\/www.upm.cz\/wp-content\/uploads\/Preisslerove_obalka_P01.jpg\" \/>\n\t<meta property=\"og:image:width\" content=\"998\" \/>\n\t<meta property=\"og:image:height\" content=\"1200\" \/>\n\t<meta property=\"og:image:type\" content=\"image\/jpeg\" \/>\n<meta name=\"twitter:card\" content=\"summary_large_image\" \/>\n<script type=\"application\/ld+json\" class=\"yoast-schema-graph\">{\"@context\":\"https:\/\/schema.org\",\"@graph\":[{\"@type\":\"WebPage\",\"@id\":\"https:\/\/www.upm.cz\/eshop\/daniel-a-ignac-preisslerove-barokni-maliri-skla-a-porcelanu\/\",\"url\":\"https:\/\/www.upm.cz\/eshop\/daniel-a-ignac-preisslerove-barokni-maliri-skla-a-porcelanu\/\",\"name\":\"DANIEL A IGN\u00c1C PREISSLEROV\u00c9. BAROKN\u00cd MAL\u00cd\u0158I SKLA A PORCEL\u00c1NU - Um\u011bleckopr\u016fmyslov\u00e9 museum v Praze\",\"isPartOf\":{\"@id\":\"https:\/\/www.upm.cz\/#website\"},\"primaryImageOfPage\":{\"@id\":\"https:\/\/www.upm.cz\/eshop\/daniel-a-ignac-preisslerove-barokni-maliri-skla-a-porcelanu\/#primaryimage\"},\"image\":{\"@id\":\"https:\/\/www.upm.cz\/eshop\/daniel-a-ignac-preisslerove-barokni-maliri-skla-a-porcelanu\/#primaryimage\"},\"thumbnailUrl\":\"https:\/\/www.upm.cz\/wp-content\/uploads\/Preisslerove_obalka_P01.jpg\",\"datePublished\":\"2021-02-16T18:03:55+00:00\",\"dateModified\":\"2025-10-08T15:09:40+00:00\",\"description\":\"Autorem v\u00fdznamn\u00e9ho souboru p\u0159edm\u011bt\u016f se specifickou malbou na skle a porcel\u00e1nu b\u00fdv\u00e1 v\u011bt\u0161inou ozna\u010dov\u00e1n pouze Ign\u00e1c Preissler (1676\u20131741), nejnov\u011bji tak\u00e9 jeho otec Daniel (1636\u20131733). Oba um\u011blci byli \u010dinn\u00ed ve v\u00fdchodo\u010desk\u00e9m Kun\u0161t\u00e1tu. Publikace se soupisov\u00fdm katalogem p\u0159edm\u011bt\u016f z muzejn\u00edch i soukrom\u00fdch sb\u00edrek v \u010cesk\u00e9 republice, v\u010detn\u011b reprodukc\u00ed v\u00fdznamn\u00fdch d\u011bl ze zahrani\u010dn\u00edch sb\u00edrek, p\u0159edstavuje sledovan\u00e9, \u010dasto tak\u00e9 rozporupln\u011b interpretovan\u00e9 d\u00edlo poprv\u00e9 v cel\u00e9 jeho \u0161\u00ed\u0159i.\",\"breadcrumb\":{\"@id\":\"https:\/\/www.upm.cz\/eshop\/daniel-a-ignac-preisslerove-barokni-maliri-skla-a-porcelanu\/#breadcrumb\"},\"inLanguage\":\"en-US\",\"potentialAction\":[{\"@type\":\"ReadAction\",\"target\":[\"https:\/\/www.upm.cz\/eshop\/daniel-a-ignac-preisslerove-barokni-maliri-skla-a-porcelanu\/\"]}]},{\"@type\":\"ImageObject\",\"inLanguage\":\"en-US\",\"@id\":\"https:\/\/www.upm.cz\/eshop\/daniel-a-ignac-preisslerove-barokni-maliri-skla-a-porcelanu\/#primaryimage\",\"url\":\"https:\/\/www.upm.cz\/wp-content\/uploads\/Preisslerove_obalka_P01.jpg\",\"contentUrl\":\"https:\/\/www.upm.cz\/wp-content\/uploads\/Preisslerove_obalka_P01.jpg\",\"width\":998,\"height\":1200},{\"@type\":\"BreadcrumbList\",\"@id\":\"https:\/\/www.upm.cz\/eshop\/daniel-a-ignac-preisslerove-barokni-maliri-skla-a-porcelanu\/#breadcrumb\",\"itemListElement\":[{\"@type\":\"ListItem\",\"position\":1,\"name\":\"Dom\u016f\",\"item\":\"https:\/\/www.upm.cz\/\"},{\"@type\":\"ListItem\",\"position\":2,\"name\":\"eshop\",\"item\":\"https:\/\/www.upm.cz\/eshop\/\"},{\"@type\":\"ListItem\",\"position\":3,\"name\":\"DANIEL A&nbsp;IGN\u00c1C PREISSLEROV\u00c9. BAROKN\u00cd MAL\u00cd\u0158I SKLA A&nbsp;PORCEL\u00c1NU\"}]},{\"@type\":\"WebSite\",\"@id\":\"https:\/\/www.upm.cz\/#website\",\"url\":\"https:\/\/www.upm.cz\/\",\"name\":\"Um\u011bleckopr\u016fmyslov\u00e9 museum v Praze\",\"description\":\"\",\"publisher\":{\"@id\":\"https:\/\/www.upm.cz\/#organization\"},\"potentialAction\":[{\"@type\":\"SearchAction\",\"target\":{\"@type\":\"EntryPoint\",\"urlTemplate\":\"https:\/\/www.upm.cz\/?s={search_term_string}\"},\"query-input\":{\"@type\":\"PropertyValueSpecification\",\"valueRequired\":true,\"valueName\":\"search_term_string\"}}],\"inLanguage\":\"en-US\"},{\"@type\":\"Organization\",\"@id\":\"https:\/\/www.upm.cz\/#organization\",\"name\":\"Um\u011bleckopr\u016fmyslov\u00e9 museum v Praze\",\"url\":\"https:\/\/www.upm.cz\/\",\"logo\":{\"@type\":\"ImageObject\",\"inLanguage\":\"en-US\",\"@id\":\"https:\/\/www.upm.cz\/#\/schema\/logo\/image\/\",\"url\":\"https:\/\/www.upm.cz\/wp-content\/uploads\/2020\/03\/logo_upm_cz.svg\",\"contentUrl\":\"https:\/\/www.upm.cz\/wp-content\/uploads\/2020\/03\/logo_upm_cz.svg\",\"width\":1736,\"height\":295,\"caption\":\"Um\u011bleckopr\u016fmyslov\u00e9 museum v Praze\"},\"image\":{\"@id\":\"https:\/\/www.upm.cz\/#\/schema\/logo\/image\/\"}}]}<\/script>\n<!-- \/ Yoast SEO plugin. -->","yoast_head_json":{"title":"DANIEL A IGN\u00c1C PREISSLEROV\u00c9. BAROKN\u00cd MAL\u00cd\u0158I SKLA A PORCEL\u00c1NU - Um\u011bleckopr\u016fmyslov\u00e9 museum v Praze","description":"Autorem v\u00fdznamn\u00e9ho souboru p\u0159edm\u011bt\u016f se specifickou malbou na skle a porcel\u00e1nu b\u00fdv\u00e1 v\u011bt\u0161inou ozna\u010dov\u00e1n pouze Ign\u00e1c Preissler (1676\u20131741), nejnov\u011bji tak\u00e9 jeho otec Daniel (1636\u20131733). Oba um\u011blci byli \u010dinn\u00ed ve v\u00fdchodo\u010desk\u00e9m Kun\u0161t\u00e1tu. Publikace se soupisov\u00fdm katalogem p\u0159edm\u011bt\u016f z muzejn\u00edch i soukrom\u00fdch sb\u00edrek v \u010cesk\u00e9 republice, v\u010detn\u011b reprodukc\u00ed v\u00fdznamn\u00fdch d\u011bl ze zahrani\u010dn\u00edch sb\u00edrek, p\u0159edstavuje sledovan\u00e9, \u010dasto tak\u00e9 rozporupln\u011b interpretovan\u00e9 d\u00edlo poprv\u00e9 v cel\u00e9 jeho \u0161\u00ed\u0159i.","robots":{"index":"noindex","follow":"nofollow"},"og_locale":"en_US","og_type":"article","og_title":"DANIEL A IGN\u00c1C PREISSLEROV\u00c9. BAROKN\u00cd MAL\u00cd\u0158I SKLA A PORCEL\u00c1NU - Um\u011bleckopr\u016fmyslov\u00e9 museum v Praze","og_description":"Autorem v\u00fdznamn\u00e9ho souboru p\u0159edm\u011bt\u016f se specifickou malbou na skle a porcel\u00e1nu b\u00fdv\u00e1 v\u011bt\u0161inou ozna\u010dov\u00e1n pouze Ign\u00e1c Preissler (1676\u20131741), nejnov\u011bji tak\u00e9 jeho otec Daniel (1636\u20131733). Oba um\u011blci byli \u010dinn\u00ed ve v\u00fdchodo\u010desk\u00e9m Kun\u0161t\u00e1tu. Publikace se soupisov\u00fdm katalogem p\u0159edm\u011bt\u016f z muzejn\u00edch i soukrom\u00fdch sb\u00edrek v \u010cesk\u00e9 republice, v\u010detn\u011b reprodukc\u00ed v\u00fdznamn\u00fdch d\u011bl ze zahrani\u010dn\u00edch sb\u00edrek, p\u0159edstavuje sledovan\u00e9, \u010dasto tak\u00e9 rozporupln\u011b interpretovan\u00e9 d\u00edlo poprv\u00e9 v cel\u00e9 jeho \u0161\u00ed\u0159i.","og_url":"https:\/\/www.upm.cz\/an\/eshop\/daniel-a-ignac-preisslerove-barokni-maliri-skla-a-porcelanu\/","og_site_name":"Um\u011bleckopr\u016fmyslov\u00e9 museum v Praze","article_modified_time":"2025-10-08T15:09:40+00:00","og_image":[{"width":998,"height":1200,"url":"https:\/\/www.upm.cz\/wp-content\/uploads\/Preisslerove_obalka_P01.jpg","type":"image\/jpeg"}],"twitter_card":"summary_large_image","schema":{"@context":"https:\/\/schema.org","@graph":[{"@type":"WebPage","@id":"https:\/\/www.upm.cz\/eshop\/daniel-a-ignac-preisslerove-barokni-maliri-skla-a-porcelanu\/","url":"https:\/\/www.upm.cz\/eshop\/daniel-a-ignac-preisslerove-barokni-maliri-skla-a-porcelanu\/","name":"DANIEL A IGN\u00c1C PREISSLEROV\u00c9. BAROKN\u00cd MAL\u00cd\u0158I SKLA A PORCEL\u00c1NU - Um\u011bleckopr\u016fmyslov\u00e9 museum v Praze","isPartOf":{"@id":"https:\/\/www.upm.cz\/#website"},"primaryImageOfPage":{"@id":"https:\/\/www.upm.cz\/eshop\/daniel-a-ignac-preisslerove-barokni-maliri-skla-a-porcelanu\/#primaryimage"},"image":{"@id":"https:\/\/www.upm.cz\/eshop\/daniel-a-ignac-preisslerove-barokni-maliri-skla-a-porcelanu\/#primaryimage"},"thumbnailUrl":"https:\/\/www.upm.cz\/wp-content\/uploads\/Preisslerove_obalka_P01.jpg","datePublished":"2021-02-16T18:03:55+00:00","dateModified":"2025-10-08T15:09:40+00:00","description":"Autorem v\u00fdznamn\u00e9ho souboru p\u0159edm\u011bt\u016f se specifickou malbou na skle a porcel\u00e1nu b\u00fdv\u00e1 v\u011bt\u0161inou ozna\u010dov\u00e1n pouze Ign\u00e1c Preissler (1676\u20131741), nejnov\u011bji tak\u00e9 jeho otec Daniel (1636\u20131733). Oba um\u011blci byli \u010dinn\u00ed ve v\u00fdchodo\u010desk\u00e9m Kun\u0161t\u00e1tu. Publikace se soupisov\u00fdm katalogem p\u0159edm\u011bt\u016f z muzejn\u00edch i soukrom\u00fdch sb\u00edrek v \u010cesk\u00e9 republice, v\u010detn\u011b reprodukc\u00ed v\u00fdznamn\u00fdch d\u011bl ze zahrani\u010dn\u00edch sb\u00edrek, p\u0159edstavuje sledovan\u00e9, \u010dasto tak\u00e9 rozporupln\u011b interpretovan\u00e9 d\u00edlo poprv\u00e9 v cel\u00e9 jeho \u0161\u00ed\u0159i.","breadcrumb":{"@id":"https:\/\/www.upm.cz\/eshop\/daniel-a-ignac-preisslerove-barokni-maliri-skla-a-porcelanu\/#breadcrumb"},"inLanguage":"en-US","potentialAction":[{"@type":"ReadAction","target":["https:\/\/www.upm.cz\/eshop\/daniel-a-ignac-preisslerove-barokni-maliri-skla-a-porcelanu\/"]}]},{"@type":"ImageObject","inLanguage":"en-US","@id":"https:\/\/www.upm.cz\/eshop\/daniel-a-ignac-preisslerove-barokni-maliri-skla-a-porcelanu\/#primaryimage","url":"https:\/\/www.upm.cz\/wp-content\/uploads\/Preisslerove_obalka_P01.jpg","contentUrl":"https:\/\/www.upm.cz\/wp-content\/uploads\/Preisslerove_obalka_P01.jpg","width":998,"height":1200},{"@type":"BreadcrumbList","@id":"https:\/\/www.upm.cz\/eshop\/daniel-a-ignac-preisslerove-barokni-maliri-skla-a-porcelanu\/#breadcrumb","itemListElement":[{"@type":"ListItem","position":1,"name":"Dom\u016f","item":"https:\/\/www.upm.cz\/"},{"@type":"ListItem","position":2,"name":"eshop","item":"https:\/\/www.upm.cz\/eshop\/"},{"@type":"ListItem","position":3,"name":"DANIEL A&nbsp;IGN\u00c1C PREISSLEROV\u00c9. BAROKN\u00cd MAL\u00cd\u0158I SKLA A&nbsp;PORCEL\u00c1NU"}]},{"@type":"WebSite","@id":"https:\/\/www.upm.cz\/#website","url":"https:\/\/www.upm.cz\/","name":"Um\u011bleckopr\u016fmyslov\u00e9 museum v Praze","description":"","publisher":{"@id":"https:\/\/www.upm.cz\/#organization"},"potentialAction":[{"@type":"SearchAction","target":{"@type":"EntryPoint","urlTemplate":"https:\/\/www.upm.cz\/?s={search_term_string}"},"query-input":{"@type":"PropertyValueSpecification","valueRequired":true,"valueName":"search_term_string"}}],"inLanguage":"en-US"},{"@type":"Organization","@id":"https:\/\/www.upm.cz\/#organization","name":"Um\u011bleckopr\u016fmyslov\u00e9 museum v Praze","url":"https:\/\/www.upm.cz\/","logo":{"@type":"ImageObject","inLanguage":"en-US","@id":"https:\/\/www.upm.cz\/#\/schema\/logo\/image\/","url":"https:\/\/www.upm.cz\/wp-content\/uploads\/2020\/03\/logo_upm_cz.svg","contentUrl":"https:\/\/www.upm.cz\/wp-content\/uploads\/2020\/03\/logo_upm_cz.svg","width":1736,"height":295,"caption":"Um\u011bleckopr\u016fmyslov\u00e9 museum v Praze"},"image":{"@id":"https:\/\/www.upm.cz\/#\/schema\/logo\/image\/"}}]}},"_links":{"self":[{"href":"https:\/\/www.upm.cz\/an\/wp-json\/wp\/v2\/product\/7031","targetHints":{"allow":["GET"]}}],"collection":[{"href":"https:\/\/www.upm.cz\/an\/wp-json\/wp\/v2\/product"}],"about":[{"href":"https:\/\/www.upm.cz\/an\/wp-json\/wp\/v2\/types\/product"}],"wp:featuredmedia":[{"embeddable":true,"href":"https:\/\/www.upm.cz\/an\/wp-json\/wp\/v2\/media\/6184"}],"wp:attachment":[{"href":"https:\/\/www.upm.cz\/an\/wp-json\/wp\/v2\/media?parent=7031"}],"wp:term":[{"taxonomy":"product_brand","embeddable":true,"href":"https:\/\/www.upm.cz\/an\/wp-json\/wp\/v2\/product_brand?post=7031"},{"taxonomy":"product_cat","embeddable":true,"href":"https:\/\/www.upm.cz\/an\/wp-json\/wp\/v2\/product_cat?post=7031"},{"taxonomy":"product_tag","embeddable":true,"href":"https:\/\/www.upm.cz\/an\/wp-json\/wp\/v2\/product_tag?post=7031"}],"curies":[{"name":"wp","href":"https:\/\/api.w.org\/{rel}","templated":true}]}}