{"id":7035,"date":"2021-02-16T19:12:27","date_gmt":"2021-02-16T18:12:27","guid":{"rendered":"https:\/\/www.upm.cz\/?post_type=product&#038;p=7035"},"modified":"2026-01-26T09:08:15","modified_gmt":"2026-01-26T08:08:15","slug":"svobodny-pan-vojtech-lanna","status":"publish","type":"product","link":"https:\/\/www.upm.cz\/an\/eshop\/svobodny-pan-vojtech-lanna\/","title":{"rendered":"SVOBODN\u00dd P\u00c1N VOJT\u011aCH LANNA"},"content":{"rendered":"<p>Vojt\u011bch svobodn\u00fd p\u00e1n Lanna: sb\u011bratel, mecen\u00e1\u0161 a&nbsp;podnikatel<\/p>\n<p>Vojt\u011bch svobodn\u00fd p\u00e1n Lanna (1836 \u010cesk\u00e9 Bud\u011bjovice \u2013 1909 Merano), pr\u016fmysln\u00edk, podnikatel ve\u00a0stavebnictv\u00ed, sb\u011bratel a\u00a0v\u00fdznamn\u00fd mecen\u00e1\u0161, pat\u0159\u00ed k\u00a0nejv\u00fdrazn\u011bj\u0161\u00edm osobnostem 19.\u00a0stolet\u00ed. Pokra\u010doval v\u00a0d\u00edle sv\u00e9ho otce \u2013 budoval \u017eelezni\u010dn\u00ed s\u00ed\u0165 v\u00a0\u010cech\u00e1ch a\u00a0prov\u00e1d\u011bl regulaci \u0159ek, zejm\u00e9na Vltavy. Byl ve\u0159ejn\u011b \u010dinn\u00fd jako \u010dlen pansk\u00e9 sn\u011bmovny, \u010dlen Obchodn\u00ed a\u00a0\u017eivnostensk\u00e9 komory v\u00a0Praze a\u00a0\u0159ady dal\u0161\u00edch spole\u010dnost\u00ed a\u00a0jako mecen\u00e1\u0161 um\u011bn\u00ed. P\u016fsobil v\u00a0mnoha tuzemsk\u00fdch i\u00a0zahrani\u010dn\u00edch kulturn\u00edch instituc\u00edch. V\u00a0jeho osob\u011b se\u00a0p\u0159\u00edkladn\u00fdm zp\u016fsobem konfrontuje zaujet\u00ed um\u011bn\u00edm spolu s\u00a0dobov\u00fdm gr\u00fcnderstv\u00edm a\u00a0z\u00e1libou v\u00a0ok\u00e1zal\u00e9m budov\u00e1n\u00ed: a\u0165 u\u017e vlastn\u00ed vily v\u00a0Buben\u010di, nebo unik\u00e1tn\u00ed sb\u00edrky um\u011bn\u00ed a\u00a0um\u011bleck\u00e9ho \u0159emesla. Jej\u00ed v\u00fdznamn\u00e1 \u010d\u00e1st je\u00a0dnes v\u00a0majetku UPM, kde tvo\u0159\u00ed kmenovou \u010d\u00e1st muzejn\u00edch fond\u016f. Auto\u0159i publikace se\u00a0pokusili rekonstruovat historii po\u010d\u00e1tk\u016f a\u00a0vytv\u00e1\u0159en\u00ed jednotliv\u00fdch kolekc\u00ed a\u00a0poda\u0159ilo se\u00a0jim podat zat\u00edm nej\u00fapln\u011bj\u0161\u00ed doklad Lannova promy\u0161len\u00e9ho sb\u011bratelstv\u00ed.<\/p>","protected":false},"excerpt":{"rendered":"<p>Publikaci vydalo UPM v\u00a0Praze v\u00a0roce 1996 ke\u00a0stejnojmenn\u00e9 v\u00fdstav\u011b.<\/p>\n<p>texty: Filip Wittlich a\u00a0kol. kur\u00e1tor\u016f UPM<br \/>\nvyd\u00e1n\u00ed: \u010desk\u00e9 s\u00a0anglick\u00fdm resum\u00e9<br \/>\nform\u00e1t: 28,3 x\u00a021,3 cm, m\u011bkk\u00e1 vazba<br \/>\npo\u010det stran: 248<br \/>\nreprodukc\u00ed: 150<br \/>\nISBN: 80\u20147101-034\u20140<\/p>","protected":false},"featured_media":6159,"template":"","meta":{"_acf_changed":false},"product_brand":[],"product_cat":[45],"product_tag":[],"class_list":{"0":"post-7035","1":"product","2":"type-product","3":"status-publish","4":"has-post-thumbnail","6":"product_cat-knihy","8":"first","9":"instock","10":"shipping-taxable","11":"purchasable","12":"product-type-simple"},"acf":[],"yoast_head":"<!-- This site is optimized with the Yoast SEO plugin v26.9 - https:\/\/yoast.com\/product\/yoast-seo-wordpress\/ -->\n<title>SVOBODN\u00dd P\u00c1N VOJT\u011aCH LANNA - Um\u011bleckopr\u016fmyslov\u00e9 museum v Praze<\/title>\n<meta name=\"description\" content=\"Vojt\u011bch svobodn\u00fd p\u00e1n Lanna (1836 \u010cesk\u00e9 Bud\u011bjovice \u2013 1909 Merano), pr\u016fmysln\u00edk, podnikatel ve\u00a0stavebnictv\u00ed, sb\u011bratel a\u00a0v\u00fdznamn\u00fd mecen\u00e1\u0161, pat\u0159\u00ed k\u00a0nejv\u00fdrazn\u011bj\u0161\u00edm osobnostem 19.\u00a0stolet\u00ed. Pokra\u010doval v\u00a0d\u00edle sv\u00e9ho otce \u2013 budoval \u017eelezni\u010dn\u00ed s\u00ed\u0165 v\u00a0\u010cech\u00e1ch a\u00a0prov\u00e1d\u011bl regulaci \u0159ek, zejm\u00e9na Vltavy. Byl ve\u0159ejn\u011b \u010dinn\u00fd jako \u010dlen pansk\u00e9 sn\u011bmovny, \u010dlen Obchodn\u00ed a\u00a0\u017eivnostensk\u00e9 komory v\u00a0Praze a\u00a0\u0159ady dal\u0161\u00edch spole\u010dnost\u00ed a\u00a0jako mecen\u00e1\u0161 um\u011bn\u00ed.\" \/>\n<meta name=\"robots\" content=\"noindex, nofollow\" \/>\n<meta property=\"og:locale\" content=\"en_US\" \/>\n<meta property=\"og:type\" content=\"article\" \/>\n<meta property=\"og:title\" content=\"SVOBODN\u00dd P\u00c1N VOJT\u011aCH LANNA - Um\u011bleckopr\u016fmyslov\u00e9 museum v Praze\" \/>\n<meta property=\"og:description\" content=\"Vojt\u011bch svobodn\u00fd p\u00e1n Lanna (1836 \u010cesk\u00e9 Bud\u011bjovice \u2013 1909 Merano), pr\u016fmysln\u00edk, podnikatel ve\u00a0stavebnictv\u00ed, sb\u011bratel a\u00a0v\u00fdznamn\u00fd mecen\u00e1\u0161, pat\u0159\u00ed k\u00a0nejv\u00fdrazn\u011bj\u0161\u00edm osobnostem 19.\u00a0stolet\u00ed. Pokra\u010doval v\u00a0d\u00edle sv\u00e9ho otce \u2013 budoval \u017eelezni\u010dn\u00ed s\u00ed\u0165 v\u00a0\u010cech\u00e1ch a\u00a0prov\u00e1d\u011bl regulaci \u0159ek, zejm\u00e9na Vltavy. Byl ve\u0159ejn\u011b \u010dinn\u00fd jako \u010dlen pansk\u00e9 sn\u011bmovny, \u010dlen Obchodn\u00ed a\u00a0\u017eivnostensk\u00e9 komory v\u00a0Praze a\u00a0\u0159ady dal\u0161\u00edch spole\u010dnost\u00ed a\u00a0jako mecen\u00e1\u0161 um\u011bn\u00ed.\" \/>\n<meta property=\"og:url\" content=\"https:\/\/www.upm.cz\/an\/eshop\/svobodny-pan-vojtech-lanna\/\" \/>\n<meta property=\"og:site_name\" content=\"Um\u011bleckopr\u016fmyslov\u00e9 museum v Praze\" \/>\n<meta property=\"article:modified_time\" content=\"2026-01-26T08:08:15+00:00\" \/>\n<meta property=\"og:image\" content=\"https:\/\/www.upm.cz\/wp-content\/uploads\/Vojtech_Lanna_1996.jpg\" \/>\n\t<meta property=\"og:image:width\" content=\"784\" \/>\n\t<meta property=\"og:image:height\" content=\"1000\" \/>\n\t<meta property=\"og:image:type\" content=\"image\/jpeg\" \/>\n<meta name=\"twitter:card\" content=\"summary_large_image\" \/>\n<meta name=\"twitter:label1\" content=\"Est. reading time\" \/>\n\t<meta name=\"twitter:data1\" content=\"1 minute\" \/>\n<script type=\"application\/ld+json\" class=\"yoast-schema-graph\">{\"@context\":\"https:\/\/schema.org\",\"@graph\":[{\"@type\":\"WebPage\",\"@id\":\"https:\/\/www.upm.cz\/eshop\/svobodny-pan-vojtech-lanna\/\",\"url\":\"https:\/\/www.upm.cz\/eshop\/svobodny-pan-vojtech-lanna\/\",\"name\":\"SVOBODN\u00dd P\u00c1N VOJT\u011aCH LANNA - Um\u011bleckopr\u016fmyslov\u00e9 museum v Praze\",\"isPartOf\":{\"@id\":\"https:\/\/www.upm.cz\/#website\"},\"primaryImageOfPage\":{\"@id\":\"https:\/\/www.upm.cz\/eshop\/svobodny-pan-vojtech-lanna\/#primaryimage\"},\"image\":{\"@id\":\"https:\/\/www.upm.cz\/eshop\/svobodny-pan-vojtech-lanna\/#primaryimage\"},\"thumbnailUrl\":\"https:\/\/www.upm.cz\/wp-content\/uploads\/Vojtech_Lanna_1996.jpg\",\"datePublished\":\"2021-02-16T18:12:27+00:00\",\"dateModified\":\"2026-01-26T08:08:15+00:00\",\"description\":\"Vojt\u011bch svobodn\u00fd p\u00e1n Lanna (1836 \u010cesk\u00e9 Bud\u011bjovice \u2013 1909 Merano), pr\u016fmysln\u00edk, podnikatel ve\u00a0stavebnictv\u00ed, sb\u011bratel a\u00a0v\u00fdznamn\u00fd mecen\u00e1\u0161, pat\u0159\u00ed k\u00a0nejv\u00fdrazn\u011bj\u0161\u00edm osobnostem 19.\u00a0stolet\u00ed. Pokra\u010doval v\u00a0d\u00edle sv\u00e9ho otce \u2013 budoval \u017eelezni\u010dn\u00ed s\u00ed\u0165 v\u00a0\u010cech\u00e1ch a\u00a0prov\u00e1d\u011bl regulaci \u0159ek, zejm\u00e9na Vltavy. Byl ve\u0159ejn\u011b \u010dinn\u00fd jako \u010dlen pansk\u00e9 sn\u011bmovny, \u010dlen Obchodn\u00ed a\u00a0\u017eivnostensk\u00e9 komory v\u00a0Praze a\u00a0\u0159ady dal\u0161\u00edch spole\u010dnost\u00ed a\u00a0jako mecen\u00e1\u0161 um\u011bn\u00ed.\",\"breadcrumb\":{\"@id\":\"https:\/\/www.upm.cz\/eshop\/svobodny-pan-vojtech-lanna\/#breadcrumb\"},\"inLanguage\":\"en-US\",\"potentialAction\":[{\"@type\":\"ReadAction\",\"target\":[\"https:\/\/www.upm.cz\/eshop\/svobodny-pan-vojtech-lanna\/\"]}]},{\"@type\":\"ImageObject\",\"inLanguage\":\"en-US\",\"@id\":\"https:\/\/www.upm.cz\/eshop\/svobodny-pan-vojtech-lanna\/#primaryimage\",\"url\":\"https:\/\/www.upm.cz\/wp-content\/uploads\/Vojtech_Lanna_1996.jpg\",\"contentUrl\":\"https:\/\/www.upm.cz\/wp-content\/uploads\/Vojtech_Lanna_1996.jpg\",\"width\":784,\"height\":1000},{\"@type\":\"BreadcrumbList\",\"@id\":\"https:\/\/www.upm.cz\/eshop\/svobodny-pan-vojtech-lanna\/#breadcrumb\",\"itemListElement\":[{\"@type\":\"ListItem\",\"position\":1,\"name\":\"Dom\u016f\",\"item\":\"https:\/\/www.upm.cz\/\"},{\"@type\":\"ListItem\",\"position\":2,\"name\":\"eshop\",\"item\":\"https:\/\/www.upm.cz\/eshop\/\"},{\"@type\":\"ListItem\",\"position\":3,\"name\":\"SVOBODN\u00dd P\u00c1N VOJT\u011aCH LANNA\"}]},{\"@type\":\"WebSite\",\"@id\":\"https:\/\/www.upm.cz\/#website\",\"url\":\"https:\/\/www.upm.cz\/\",\"name\":\"Um\u011bleckopr\u016fmyslov\u00e9 museum v Praze\",\"description\":\"\",\"publisher\":{\"@id\":\"https:\/\/www.upm.cz\/#organization\"},\"potentialAction\":[{\"@type\":\"SearchAction\",\"target\":{\"@type\":\"EntryPoint\",\"urlTemplate\":\"https:\/\/www.upm.cz\/?s={search_term_string}\"},\"query-input\":{\"@type\":\"PropertyValueSpecification\",\"valueRequired\":true,\"valueName\":\"search_term_string\"}}],\"inLanguage\":\"en-US\"},{\"@type\":\"Organization\",\"@id\":\"https:\/\/www.upm.cz\/#organization\",\"name\":\"Um\u011bleckopr\u016fmyslov\u00e9 museum v Praze\",\"url\":\"https:\/\/www.upm.cz\/\",\"logo\":{\"@type\":\"ImageObject\",\"inLanguage\":\"en-US\",\"@id\":\"https:\/\/www.upm.cz\/#\/schema\/logo\/image\/\",\"url\":\"https:\/\/www.upm.cz\/wp-content\/uploads\/2020\/03\/logo_upm_cz.svg\",\"contentUrl\":\"https:\/\/www.upm.cz\/wp-content\/uploads\/2020\/03\/logo_upm_cz.svg\",\"width\":1736,\"height\":295,\"caption\":\"Um\u011bleckopr\u016fmyslov\u00e9 museum v Praze\"},\"image\":{\"@id\":\"https:\/\/www.upm.cz\/#\/schema\/logo\/image\/\"}}]}<\/script>\n<!-- \/ Yoast SEO plugin. -->","yoast_head_json":{"title":"SVOBODN\u00dd P\u00c1N VOJT\u011aCH LANNA - Um\u011bleckopr\u016fmyslov\u00e9 museum v Praze","description":"Vojt\u011bch svobodn\u00fd p\u00e1n Lanna (1836 \u010cesk\u00e9 Bud\u011bjovice \u2013 1909 Merano), pr\u016fmysln\u00edk, podnikatel ve\u00a0stavebnictv\u00ed, sb\u011bratel a\u00a0v\u00fdznamn\u00fd mecen\u00e1\u0161, pat\u0159\u00ed k\u00a0nejv\u00fdrazn\u011bj\u0161\u00edm osobnostem 19.\u00a0stolet\u00ed. Pokra\u010doval v\u00a0d\u00edle sv\u00e9ho otce \u2013 budoval \u017eelezni\u010dn\u00ed s\u00ed\u0165 v\u00a0\u010cech\u00e1ch a\u00a0prov\u00e1d\u011bl regulaci \u0159ek, zejm\u00e9na Vltavy. Byl ve\u0159ejn\u011b \u010dinn\u00fd jako \u010dlen pansk\u00e9 sn\u011bmovny, \u010dlen Obchodn\u00ed a\u00a0\u017eivnostensk\u00e9 komory v\u00a0Praze a\u00a0\u0159ady dal\u0161\u00edch spole\u010dnost\u00ed a\u00a0jako mecen\u00e1\u0161 um\u011bn\u00ed.","robots":{"index":"noindex","follow":"nofollow"},"og_locale":"en_US","og_type":"article","og_title":"SVOBODN\u00dd P\u00c1N VOJT\u011aCH LANNA - Um\u011bleckopr\u016fmyslov\u00e9 museum v Praze","og_description":"Vojt\u011bch svobodn\u00fd p\u00e1n Lanna (1836 \u010cesk\u00e9 Bud\u011bjovice \u2013 1909 Merano), pr\u016fmysln\u00edk, podnikatel ve\u00a0stavebnictv\u00ed, sb\u011bratel a\u00a0v\u00fdznamn\u00fd mecen\u00e1\u0161, pat\u0159\u00ed k\u00a0nejv\u00fdrazn\u011bj\u0161\u00edm osobnostem 19.\u00a0stolet\u00ed. Pokra\u010doval v\u00a0d\u00edle sv\u00e9ho otce \u2013 budoval \u017eelezni\u010dn\u00ed s\u00ed\u0165 v\u00a0\u010cech\u00e1ch a\u00a0prov\u00e1d\u011bl regulaci \u0159ek, zejm\u00e9na Vltavy. Byl ve\u0159ejn\u011b \u010dinn\u00fd jako \u010dlen pansk\u00e9 sn\u011bmovny, \u010dlen Obchodn\u00ed a\u00a0\u017eivnostensk\u00e9 komory v\u00a0Praze a\u00a0\u0159ady dal\u0161\u00edch spole\u010dnost\u00ed a\u00a0jako mecen\u00e1\u0161 um\u011bn\u00ed.","og_url":"https:\/\/www.upm.cz\/an\/eshop\/svobodny-pan-vojtech-lanna\/","og_site_name":"Um\u011bleckopr\u016fmyslov\u00e9 museum v Praze","article_modified_time":"2026-01-26T08:08:15+00:00","og_image":[{"width":784,"height":1000,"url":"https:\/\/www.upm.cz\/wp-content\/uploads\/Vojtech_Lanna_1996.jpg","type":"image\/jpeg"}],"twitter_card":"summary_large_image","twitter_misc":{"Est. reading time":"1 minute"},"schema":{"@context":"https:\/\/schema.org","@graph":[{"@type":"WebPage","@id":"https:\/\/www.upm.cz\/eshop\/svobodny-pan-vojtech-lanna\/","url":"https:\/\/www.upm.cz\/eshop\/svobodny-pan-vojtech-lanna\/","name":"SVOBODN\u00dd P\u00c1N VOJT\u011aCH LANNA - Um\u011bleckopr\u016fmyslov\u00e9 museum v Praze","isPartOf":{"@id":"https:\/\/www.upm.cz\/#website"},"primaryImageOfPage":{"@id":"https:\/\/www.upm.cz\/eshop\/svobodny-pan-vojtech-lanna\/#primaryimage"},"image":{"@id":"https:\/\/www.upm.cz\/eshop\/svobodny-pan-vojtech-lanna\/#primaryimage"},"thumbnailUrl":"https:\/\/www.upm.cz\/wp-content\/uploads\/Vojtech_Lanna_1996.jpg","datePublished":"2021-02-16T18:12:27+00:00","dateModified":"2026-01-26T08:08:15+00:00","description":"Vojt\u011bch svobodn\u00fd p\u00e1n Lanna (1836 \u010cesk\u00e9 Bud\u011bjovice \u2013 1909 Merano), pr\u016fmysln\u00edk, podnikatel ve\u00a0stavebnictv\u00ed, sb\u011bratel a\u00a0v\u00fdznamn\u00fd mecen\u00e1\u0161, pat\u0159\u00ed k\u00a0nejv\u00fdrazn\u011bj\u0161\u00edm osobnostem 19.\u00a0stolet\u00ed. Pokra\u010doval v\u00a0d\u00edle sv\u00e9ho otce \u2013 budoval \u017eelezni\u010dn\u00ed s\u00ed\u0165 v\u00a0\u010cech\u00e1ch a\u00a0prov\u00e1d\u011bl regulaci \u0159ek, zejm\u00e9na Vltavy. Byl ve\u0159ejn\u011b \u010dinn\u00fd jako \u010dlen pansk\u00e9 sn\u011bmovny, \u010dlen Obchodn\u00ed a\u00a0\u017eivnostensk\u00e9 komory v\u00a0Praze a\u00a0\u0159ady dal\u0161\u00edch spole\u010dnost\u00ed a\u00a0jako mecen\u00e1\u0161 um\u011bn\u00ed.","breadcrumb":{"@id":"https:\/\/www.upm.cz\/eshop\/svobodny-pan-vojtech-lanna\/#breadcrumb"},"inLanguage":"en-US","potentialAction":[{"@type":"ReadAction","target":["https:\/\/www.upm.cz\/eshop\/svobodny-pan-vojtech-lanna\/"]}]},{"@type":"ImageObject","inLanguage":"en-US","@id":"https:\/\/www.upm.cz\/eshop\/svobodny-pan-vojtech-lanna\/#primaryimage","url":"https:\/\/www.upm.cz\/wp-content\/uploads\/Vojtech_Lanna_1996.jpg","contentUrl":"https:\/\/www.upm.cz\/wp-content\/uploads\/Vojtech_Lanna_1996.jpg","width":784,"height":1000},{"@type":"BreadcrumbList","@id":"https:\/\/www.upm.cz\/eshop\/svobodny-pan-vojtech-lanna\/#breadcrumb","itemListElement":[{"@type":"ListItem","position":1,"name":"Dom\u016f","item":"https:\/\/www.upm.cz\/"},{"@type":"ListItem","position":2,"name":"eshop","item":"https:\/\/www.upm.cz\/eshop\/"},{"@type":"ListItem","position":3,"name":"SVOBODN\u00dd P\u00c1N VOJT\u011aCH LANNA"}]},{"@type":"WebSite","@id":"https:\/\/www.upm.cz\/#website","url":"https:\/\/www.upm.cz\/","name":"Um\u011bleckopr\u016fmyslov\u00e9 museum v Praze","description":"","publisher":{"@id":"https:\/\/www.upm.cz\/#organization"},"potentialAction":[{"@type":"SearchAction","target":{"@type":"EntryPoint","urlTemplate":"https:\/\/www.upm.cz\/?s={search_term_string}"},"query-input":{"@type":"PropertyValueSpecification","valueRequired":true,"valueName":"search_term_string"}}],"inLanguage":"en-US"},{"@type":"Organization","@id":"https:\/\/www.upm.cz\/#organization","name":"Um\u011bleckopr\u016fmyslov\u00e9 museum v Praze","url":"https:\/\/www.upm.cz\/","logo":{"@type":"ImageObject","inLanguage":"en-US","@id":"https:\/\/www.upm.cz\/#\/schema\/logo\/image\/","url":"https:\/\/www.upm.cz\/wp-content\/uploads\/2020\/03\/logo_upm_cz.svg","contentUrl":"https:\/\/www.upm.cz\/wp-content\/uploads\/2020\/03\/logo_upm_cz.svg","width":1736,"height":295,"caption":"Um\u011bleckopr\u016fmyslov\u00e9 museum v Praze"},"image":{"@id":"https:\/\/www.upm.cz\/#\/schema\/logo\/image\/"}}]}},"_links":{"self":[{"href":"https:\/\/www.upm.cz\/an\/wp-json\/wp\/v2\/product\/7035","targetHints":{"allow":["GET"]}}],"collection":[{"href":"https:\/\/www.upm.cz\/an\/wp-json\/wp\/v2\/product"}],"about":[{"href":"https:\/\/www.upm.cz\/an\/wp-json\/wp\/v2\/types\/product"}],"wp:featuredmedia":[{"embeddable":true,"href":"https:\/\/www.upm.cz\/an\/wp-json\/wp\/v2\/media\/6159"}],"wp:attachment":[{"href":"https:\/\/www.upm.cz\/an\/wp-json\/wp\/v2\/media?parent=7035"}],"wp:term":[{"taxonomy":"product_brand","embeddable":true,"href":"https:\/\/www.upm.cz\/an\/wp-json\/wp\/v2\/product_brand?post=7035"},{"taxonomy":"product_cat","embeddable":true,"href":"https:\/\/www.upm.cz\/an\/wp-json\/wp\/v2\/product_cat?post=7035"},{"taxonomy":"product_tag","embeddable":true,"href":"https:\/\/www.upm.cz\/an\/wp-json\/wp\/v2\/product_tag?post=7035"}],"curies":[{"name":"wp","href":"https:\/\/api.w.org\/{rel}","templated":true}]}}