{"id":7048,"date":"2021-02-16T19:38:12","date_gmt":"2021-02-16T18:38:12","guid":{"rendered":"https:\/\/www.upm.cz\/?post_type=product&#038;p=7048"},"modified":"2025-05-15T16:03:00","modified_gmt":"2025-05-15T14:03:00","slug":"klasicismus-a-biedermeier-z-knizecich-lichtenstejnskych-sbirek-neoclassicism-and-biedermeier-from-the-collections-of-the-prince-of-liechtenstein","status":"publish","type":"product","link":"https:\/\/www.upm.cz\/an\/eshop\/klasicismus-a-biedermeier-z-knizecich-lichtenstejnskych-sbirek-neoclassicism-and-biedermeier-from-the-collections-of-the-prince-of-liechtenstein\/","title":{"rendered":"KLASICISMUS A&nbsp;BIEDERMEIER Z&nbsp;KN\u00cd\u017dEC\u00cdCH LICHTEN\u0160TEJNSK\u00ddCH SB\u00cdREK \/ NEOCLASSICISM AND BIEDERMEIER FROM THE COLLECTIONS OF THE PRINCE OF LIECHTENSTEIN"},"content":{"rendered":"<p>Katalog v\u00fdstavy poprv\u00e9 p\u0159edstavuje \u010desk\u00e9 ve\u0159ejnosti um\u011bleck\u00e1 d\u00edla obdob\u00ed klasicismu a\u00a0biedermeieru z\u00a0bohat\u00fdch sb\u00edrek Hanse-Adama II., vl\u00e1dnouc\u00edho kn\u00ed\u017eete z\u00a0Lichten\u0161tejnu. Vynikaj\u00edc\u00ed portr\u00e9tn\u00ed, krajin\u00e1\u0159sk\u00e9 a\u00a0\u017e\u00e1nrov\u00e9 pr\u00e1ce p\u0159edn\u00edch v\u00edde\u0148sk\u00fdch autor\u016f \u2013 Heinricha F\u00fcgera, Friedricha von Amerlinga, Petera Fendiho \u010di\u00a0Ferdinanda Georga Waldm\u00fcllera, dokl\u00e1daj\u00ed roli kn\u00ed\u017eec\u00edho rodu jako v\u00fdznamn\u00e9ho mecen\u00e1\u0161e, objednatele a\u00a0sb\u011bratele um\u011bn\u00ed.<\/p>\n<p>Publikace zahrnuje na 300 d\u011bl, vedle malby tak\u00e9 plastiku, unik\u00e1tn\u00ed soubory malovan\u00e9ho v\u00edde\u0148sk\u00e9ho porcel\u00e1nu, architektonick\u00e9 kresby a\u00a0n\u00e1bytek. Zam\u011b\u0159uje se i\u00a0na moravsk\u00e1 panstv\u00ed rodiny a\u00a0prost\u0159ednictv\u00edm vedut, akvarel\u016f interi\u00e9r\u016f a\u00a0n\u00e1bytkov\u00fdch kus\u016f, p\u0159edev\u0161\u00edm z\u00a0lednick\u00e9ho a\u00a0valtick\u00e9ho mobili\u00e1\u0159e, pod\u00e1v\u00e1 plastick\u00fd obraz kultury bydlen\u00ed tohoto aristokratick\u00e9ho rodu.<\/p>","protected":false},"excerpt":{"rendered":"<p>vydavatel\u00e9: UPM v\u00a0Praze a\u00a0Liechtenstein Museum ve V\u00eddni, 2010<br \/>\ntexty: Johann Kr\u00e4ftner<br \/>\nkatalogov\u00e1 hesla: Johann Kr\u00e4ftner, Claudia Lehner-Jobst, Radim Vondr\u00e1\u010dek<br \/>\nvyd\u00e1n\u00ed: \u010desk\u00e9 a\u00a0anglick\u00e9<br \/>\nform\u00e1t: 28 x 22,7 cm, m\u011bkk\u00e1 vazba<br \/>\npo\u010det stran: 432<br \/>\npo\u010det reprodukc\u00ed: 307<br \/>\nISBN 978-80-7101-087-6 (\u010dj)<br \/>\nISBN 978-80-7101-088-3 (aj)<\/p>","protected":false},"featured_media":7049,"template":"","meta":{"_acf_changed":false},"product_brand":[],"product_cat":[45],"product_tag":[],"class_list":{"0":"post-7048","1":"product","2":"type-product","3":"status-publish","4":"has-post-thumbnail","6":"product_cat-knihy","8":"first","9":"instock","10":"shipping-taxable","11":"purchasable","12":"product-type-variable","13":"has-default-attributes"},"acf":[],"yoast_head":"<!-- This site is optimized with the Yoast SEO plugin v26.9 - https:\/\/yoast.com\/product\/yoast-seo-wordpress\/ -->\n<title>KLASICISMUS A BIEDERMEIER Z KN\u00cd\u017dEC\u00cdCH LICHTEN\u0160TEJNSK\u00ddCH SB\u00cdREK \/ NEOCLASSICISM AND BIEDERMEIER FROM THE COLLECTIONS OF THE PRINCE OF LIECHTENSTEIN - Um\u011bleckopr\u016fmyslov\u00e9 museum v Praze<\/title>\n<meta name=\"description\" content=\"Publikace zahrnuje na 300 d\u011bl, vedle malby tak\u00e9 plastiku, unik\u00e1tn\u00ed soubory malovan\u00e9ho v\u00edde\u0148sk\u00e9ho porcel\u00e1nu, architektonick\u00e9 kresby a\u00a0n\u00e1bytek. Zam\u011b\u0159uje se i\u00a0na moravsk\u00e1 panstv\u00ed rodiny a\u00a0prost\u0159ednictv\u00edm vedut, akvarel\u016f interi\u00e9r\u016f a\u00a0n\u00e1bytkov\u00fdch kus\u016f, p\u0159edev\u0161\u00edm z\u00a0lednick\u00e9ho a\u00a0valtick\u00e9ho mobili\u00e1\u0159e, pod\u00e1v\u00e1 plastick\u00fd obraz kultury bydlen\u00ed tohoto aristokratick\u00e9ho rodu.\" \/>\n<meta name=\"robots\" content=\"noindex, nofollow\" \/>\n<meta property=\"og:locale\" content=\"en_US\" \/>\n<meta property=\"og:type\" content=\"article\" \/>\n<meta property=\"og:title\" content=\"KLASICISMUS A BIEDERMEIER Z KN\u00cd\u017dEC\u00cdCH LICHTEN\u0160TEJNSK\u00ddCH SB\u00cdREK \/ NEOCLASSICISM AND BIEDERMEIER FROM THE COLLECTIONS OF THE PRINCE OF LIECHTENSTEIN - Um\u011bleckopr\u016fmyslov\u00e9 museum v Praze\" \/>\n<meta property=\"og:description\" content=\"Publikace zahrnuje na 300 d\u011bl, vedle malby tak\u00e9 plastiku, unik\u00e1tn\u00ed soubory malovan\u00e9ho v\u00edde\u0148sk\u00e9ho porcel\u00e1nu, architektonick\u00e9 kresby a\u00a0n\u00e1bytek. Zam\u011b\u0159uje se i\u00a0na moravsk\u00e1 panstv\u00ed rodiny a\u00a0prost\u0159ednictv\u00edm vedut, akvarel\u016f interi\u00e9r\u016f a\u00a0n\u00e1bytkov\u00fdch kus\u016f, p\u0159edev\u0161\u00edm z\u00a0lednick\u00e9ho a\u00a0valtick\u00e9ho mobili\u00e1\u0159e, pod\u00e1v\u00e1 plastick\u00fd obraz kultury bydlen\u00ed tohoto aristokratick\u00e9ho rodu.\" \/>\n<meta property=\"og:url\" content=\"https:\/\/www.upm.cz\/an\/eshop\/klasicismus-a-biedermeier-z-knizecich-lichtenstejnskych-sbirek-neoclassicism-and-biedermeier-from-the-collections-of-the-prince-of-liechtenstein\/\" \/>\n<meta property=\"og:site_name\" content=\"Um\u011bleckopr\u016fmyslov\u00e9 museum v Praze\" \/>\n<meta property=\"article:modified_time\" content=\"2025-05-15T14:03:00+00:00\" \/>\n<meta property=\"og:image\" content=\"https:\/\/www.upm.cz\/wp-content\/uploads\/Klasicismus_biedermeier_CZ_obalka.jpg\" \/>\n\t<meta property=\"og:image:width\" content=\"813\" \/>\n\t<meta property=\"og:image:height\" content=\"1000\" \/>\n\t<meta property=\"og:image:type\" content=\"image\/jpeg\" \/>\n<meta name=\"twitter:card\" content=\"summary_large_image\" \/>\n<meta name=\"twitter:label1\" content=\"Est. reading time\" \/>\n\t<meta name=\"twitter:data1\" content=\"1 minute\" \/>\n<script type=\"application\/ld+json\" class=\"yoast-schema-graph\">{\"@context\":\"https:\/\/schema.org\",\"@graph\":[{\"@type\":\"WebPage\",\"@id\":\"https:\/\/www.upm.cz\/eshop\/klasicismus-a-biedermeier-z-knizecich-lichtenstejnskych-sbirek-neoclassicism-and-biedermeier-from-the-collections-of-the-prince-of-liechtenstein\/\",\"url\":\"https:\/\/www.upm.cz\/eshop\/klasicismus-a-biedermeier-z-knizecich-lichtenstejnskych-sbirek-neoclassicism-and-biedermeier-from-the-collections-of-the-prince-of-liechtenstein\/\",\"name\":\"KLASICISMUS A BIEDERMEIER Z KN\u00cd\u017dEC\u00cdCH LICHTEN\u0160TEJNSK\u00ddCH SB\u00cdREK \/ NEOCLASSICISM AND BIEDERMEIER FROM THE COLLECTIONS OF THE PRINCE OF LIECHTENSTEIN - Um\u011bleckopr\u016fmyslov\u00e9 museum v Praze\",\"isPartOf\":{\"@id\":\"https:\/\/www.upm.cz\/#website\"},\"primaryImageOfPage\":{\"@id\":\"https:\/\/www.upm.cz\/eshop\/klasicismus-a-biedermeier-z-knizecich-lichtenstejnskych-sbirek-neoclassicism-and-biedermeier-from-the-collections-of-the-prince-of-liechtenstein\/#primaryimage\"},\"image\":{\"@id\":\"https:\/\/www.upm.cz\/eshop\/klasicismus-a-biedermeier-z-knizecich-lichtenstejnskych-sbirek-neoclassicism-and-biedermeier-from-the-collections-of-the-prince-of-liechtenstein\/#primaryimage\"},\"thumbnailUrl\":\"https:\/\/www.upm.cz\/wp-content\/uploads\/Klasicismus_biedermeier_CZ_obalka.jpg\",\"datePublished\":\"2021-02-16T18:38:12+00:00\",\"dateModified\":\"2025-05-15T14:03:00+00:00\",\"description\":\"Publikace zahrnuje na 300 d\u011bl, vedle malby tak\u00e9 plastiku, unik\u00e1tn\u00ed soubory malovan\u00e9ho v\u00edde\u0148sk\u00e9ho porcel\u00e1nu, architektonick\u00e9 kresby a\u00a0n\u00e1bytek. Zam\u011b\u0159uje se i\u00a0na moravsk\u00e1 panstv\u00ed rodiny a\u00a0prost\u0159ednictv\u00edm vedut, akvarel\u016f interi\u00e9r\u016f a\u00a0n\u00e1bytkov\u00fdch kus\u016f, p\u0159edev\u0161\u00edm z\u00a0lednick\u00e9ho a\u00a0valtick\u00e9ho mobili\u00e1\u0159e, pod\u00e1v\u00e1 plastick\u00fd obraz kultury bydlen\u00ed tohoto aristokratick\u00e9ho rodu.\",\"breadcrumb\":{\"@id\":\"https:\/\/www.upm.cz\/eshop\/klasicismus-a-biedermeier-z-knizecich-lichtenstejnskych-sbirek-neoclassicism-and-biedermeier-from-the-collections-of-the-prince-of-liechtenstein\/#breadcrumb\"},\"inLanguage\":\"en-US\",\"potentialAction\":[{\"@type\":\"ReadAction\",\"target\":[\"https:\/\/www.upm.cz\/eshop\/klasicismus-a-biedermeier-z-knizecich-lichtenstejnskych-sbirek-neoclassicism-and-biedermeier-from-the-collections-of-the-prince-of-liechtenstein\/\"]}]},{\"@type\":\"ImageObject\",\"inLanguage\":\"en-US\",\"@id\":\"https:\/\/www.upm.cz\/eshop\/klasicismus-a-biedermeier-z-knizecich-lichtenstejnskych-sbirek-neoclassicism-and-biedermeier-from-the-collections-of-the-prince-of-liechtenstein\/#primaryimage\",\"url\":\"https:\/\/www.upm.cz\/wp-content\/uploads\/Klasicismus_biedermeier_CZ_obalka.jpg\",\"contentUrl\":\"https:\/\/www.upm.cz\/wp-content\/uploads\/Klasicismus_biedermeier_CZ_obalka.jpg\",\"width\":813,\"height\":1000},{\"@type\":\"BreadcrumbList\",\"@id\":\"https:\/\/www.upm.cz\/eshop\/klasicismus-a-biedermeier-z-knizecich-lichtenstejnskych-sbirek-neoclassicism-and-biedermeier-from-the-collections-of-the-prince-of-liechtenstein\/#breadcrumb\",\"itemListElement\":[{\"@type\":\"ListItem\",\"position\":1,\"name\":\"Dom\u016f\",\"item\":\"https:\/\/www.upm.cz\/\"},{\"@type\":\"ListItem\",\"position\":2,\"name\":\"eshop\",\"item\":\"https:\/\/www.upm.cz\/eshop\/\"},{\"@type\":\"ListItem\",\"position\":3,\"name\":\"KLASICISMUS A&nbsp;BIEDERMEIER Z&nbsp;KN\u00cd\u017dEC\u00cdCH LICHTEN\u0160TEJNSK\u00ddCH SB\u00cdREK \/ NEOCLASSICISM AND BIEDERMEIER FROM THE COLLECTIONS OF THE PRINCE OF LIECHTENSTEIN\"}]},{\"@type\":\"WebSite\",\"@id\":\"https:\/\/www.upm.cz\/#website\",\"url\":\"https:\/\/www.upm.cz\/\",\"name\":\"Um\u011bleckopr\u016fmyslov\u00e9 museum v Praze\",\"description\":\"\",\"publisher\":{\"@id\":\"https:\/\/www.upm.cz\/#organization\"},\"potentialAction\":[{\"@type\":\"SearchAction\",\"target\":{\"@type\":\"EntryPoint\",\"urlTemplate\":\"https:\/\/www.upm.cz\/?s={search_term_string}\"},\"query-input\":{\"@type\":\"PropertyValueSpecification\",\"valueRequired\":true,\"valueName\":\"search_term_string\"}}],\"inLanguage\":\"en-US\"},{\"@type\":\"Organization\",\"@id\":\"https:\/\/www.upm.cz\/#organization\",\"name\":\"Um\u011bleckopr\u016fmyslov\u00e9 museum v Praze\",\"url\":\"https:\/\/www.upm.cz\/\",\"logo\":{\"@type\":\"ImageObject\",\"inLanguage\":\"en-US\",\"@id\":\"https:\/\/www.upm.cz\/#\/schema\/logo\/image\/\",\"url\":\"https:\/\/www.upm.cz\/wp-content\/uploads\/2020\/03\/logo_upm_cz.svg\",\"contentUrl\":\"https:\/\/www.upm.cz\/wp-content\/uploads\/2020\/03\/logo_upm_cz.svg\",\"width\":1736,\"height\":295,\"caption\":\"Um\u011bleckopr\u016fmyslov\u00e9 museum v Praze\"},\"image\":{\"@id\":\"https:\/\/www.upm.cz\/#\/schema\/logo\/image\/\"}}]}<\/script>\n<!-- \/ Yoast SEO plugin. -->","yoast_head_json":{"title":"KLASICISMUS A BIEDERMEIER Z KN\u00cd\u017dEC\u00cdCH LICHTEN\u0160TEJNSK\u00ddCH SB\u00cdREK \/ NEOCLASSICISM AND BIEDERMEIER FROM THE COLLECTIONS OF THE PRINCE OF LIECHTENSTEIN - Um\u011bleckopr\u016fmyslov\u00e9 museum v Praze","description":"Publikace zahrnuje na 300 d\u011bl, vedle malby tak\u00e9 plastiku, unik\u00e1tn\u00ed soubory malovan\u00e9ho v\u00edde\u0148sk\u00e9ho porcel\u00e1nu, architektonick\u00e9 kresby a\u00a0n\u00e1bytek. Zam\u011b\u0159uje se i\u00a0na moravsk\u00e1 panstv\u00ed rodiny a\u00a0prost\u0159ednictv\u00edm vedut, akvarel\u016f interi\u00e9r\u016f a\u00a0n\u00e1bytkov\u00fdch kus\u016f, p\u0159edev\u0161\u00edm z\u00a0lednick\u00e9ho a\u00a0valtick\u00e9ho mobili\u00e1\u0159e, pod\u00e1v\u00e1 plastick\u00fd obraz kultury bydlen\u00ed tohoto aristokratick\u00e9ho rodu.","robots":{"index":"noindex","follow":"nofollow"},"og_locale":"en_US","og_type":"article","og_title":"KLASICISMUS A BIEDERMEIER Z KN\u00cd\u017dEC\u00cdCH LICHTEN\u0160TEJNSK\u00ddCH SB\u00cdREK \/ NEOCLASSICISM AND BIEDERMEIER FROM THE COLLECTIONS OF THE PRINCE OF LIECHTENSTEIN - Um\u011bleckopr\u016fmyslov\u00e9 museum v Praze","og_description":"Publikace zahrnuje na 300 d\u011bl, vedle malby tak\u00e9 plastiku, unik\u00e1tn\u00ed soubory malovan\u00e9ho v\u00edde\u0148sk\u00e9ho porcel\u00e1nu, architektonick\u00e9 kresby a\u00a0n\u00e1bytek. Zam\u011b\u0159uje se i\u00a0na moravsk\u00e1 panstv\u00ed rodiny a\u00a0prost\u0159ednictv\u00edm vedut, akvarel\u016f interi\u00e9r\u016f a\u00a0n\u00e1bytkov\u00fdch kus\u016f, p\u0159edev\u0161\u00edm z\u00a0lednick\u00e9ho a\u00a0valtick\u00e9ho mobili\u00e1\u0159e, pod\u00e1v\u00e1 plastick\u00fd obraz kultury bydlen\u00ed tohoto aristokratick\u00e9ho rodu.","og_url":"https:\/\/www.upm.cz\/an\/eshop\/klasicismus-a-biedermeier-z-knizecich-lichtenstejnskych-sbirek-neoclassicism-and-biedermeier-from-the-collections-of-the-prince-of-liechtenstein\/","og_site_name":"Um\u011bleckopr\u016fmyslov\u00e9 museum v Praze","article_modified_time":"2025-05-15T14:03:00+00:00","og_image":[{"width":813,"height":1000,"url":"https:\/\/www.upm.cz\/wp-content\/uploads\/Klasicismus_biedermeier_CZ_obalka.jpg","type":"image\/jpeg"}],"twitter_card":"summary_large_image","twitter_misc":{"Est. reading time":"1 minute"},"schema":{"@context":"https:\/\/schema.org","@graph":[{"@type":"WebPage","@id":"https:\/\/www.upm.cz\/eshop\/klasicismus-a-biedermeier-z-knizecich-lichtenstejnskych-sbirek-neoclassicism-and-biedermeier-from-the-collections-of-the-prince-of-liechtenstein\/","url":"https:\/\/www.upm.cz\/eshop\/klasicismus-a-biedermeier-z-knizecich-lichtenstejnskych-sbirek-neoclassicism-and-biedermeier-from-the-collections-of-the-prince-of-liechtenstein\/","name":"KLASICISMUS A BIEDERMEIER Z KN\u00cd\u017dEC\u00cdCH LICHTEN\u0160TEJNSK\u00ddCH SB\u00cdREK \/ NEOCLASSICISM AND BIEDERMEIER FROM THE COLLECTIONS OF THE PRINCE OF LIECHTENSTEIN - Um\u011bleckopr\u016fmyslov\u00e9 museum v Praze","isPartOf":{"@id":"https:\/\/www.upm.cz\/#website"},"primaryImageOfPage":{"@id":"https:\/\/www.upm.cz\/eshop\/klasicismus-a-biedermeier-z-knizecich-lichtenstejnskych-sbirek-neoclassicism-and-biedermeier-from-the-collections-of-the-prince-of-liechtenstein\/#primaryimage"},"image":{"@id":"https:\/\/www.upm.cz\/eshop\/klasicismus-a-biedermeier-z-knizecich-lichtenstejnskych-sbirek-neoclassicism-and-biedermeier-from-the-collections-of-the-prince-of-liechtenstein\/#primaryimage"},"thumbnailUrl":"https:\/\/www.upm.cz\/wp-content\/uploads\/Klasicismus_biedermeier_CZ_obalka.jpg","datePublished":"2021-02-16T18:38:12+00:00","dateModified":"2025-05-15T14:03:00+00:00","description":"Publikace zahrnuje na 300 d\u011bl, vedle malby tak\u00e9 plastiku, unik\u00e1tn\u00ed soubory malovan\u00e9ho v\u00edde\u0148sk\u00e9ho porcel\u00e1nu, architektonick\u00e9 kresby a\u00a0n\u00e1bytek. Zam\u011b\u0159uje se i\u00a0na moravsk\u00e1 panstv\u00ed rodiny a\u00a0prost\u0159ednictv\u00edm vedut, akvarel\u016f interi\u00e9r\u016f a\u00a0n\u00e1bytkov\u00fdch kus\u016f, p\u0159edev\u0161\u00edm z\u00a0lednick\u00e9ho a\u00a0valtick\u00e9ho mobili\u00e1\u0159e, pod\u00e1v\u00e1 plastick\u00fd obraz kultury bydlen\u00ed tohoto aristokratick\u00e9ho rodu.","breadcrumb":{"@id":"https:\/\/www.upm.cz\/eshop\/klasicismus-a-biedermeier-z-knizecich-lichtenstejnskych-sbirek-neoclassicism-and-biedermeier-from-the-collections-of-the-prince-of-liechtenstein\/#breadcrumb"},"inLanguage":"en-US","potentialAction":[{"@type":"ReadAction","target":["https:\/\/www.upm.cz\/eshop\/klasicismus-a-biedermeier-z-knizecich-lichtenstejnskych-sbirek-neoclassicism-and-biedermeier-from-the-collections-of-the-prince-of-liechtenstein\/"]}]},{"@type":"ImageObject","inLanguage":"en-US","@id":"https:\/\/www.upm.cz\/eshop\/klasicismus-a-biedermeier-z-knizecich-lichtenstejnskych-sbirek-neoclassicism-and-biedermeier-from-the-collections-of-the-prince-of-liechtenstein\/#primaryimage","url":"https:\/\/www.upm.cz\/wp-content\/uploads\/Klasicismus_biedermeier_CZ_obalka.jpg","contentUrl":"https:\/\/www.upm.cz\/wp-content\/uploads\/Klasicismus_biedermeier_CZ_obalka.jpg","width":813,"height":1000},{"@type":"BreadcrumbList","@id":"https:\/\/www.upm.cz\/eshop\/klasicismus-a-biedermeier-z-knizecich-lichtenstejnskych-sbirek-neoclassicism-and-biedermeier-from-the-collections-of-the-prince-of-liechtenstein\/#breadcrumb","itemListElement":[{"@type":"ListItem","position":1,"name":"Dom\u016f","item":"https:\/\/www.upm.cz\/"},{"@type":"ListItem","position":2,"name":"eshop","item":"https:\/\/www.upm.cz\/eshop\/"},{"@type":"ListItem","position":3,"name":"KLASICISMUS A&nbsp;BIEDERMEIER Z&nbsp;KN\u00cd\u017dEC\u00cdCH LICHTEN\u0160TEJNSK\u00ddCH SB\u00cdREK \/ NEOCLASSICISM AND BIEDERMEIER FROM THE COLLECTIONS OF THE PRINCE OF LIECHTENSTEIN"}]},{"@type":"WebSite","@id":"https:\/\/www.upm.cz\/#website","url":"https:\/\/www.upm.cz\/","name":"Um\u011bleckopr\u016fmyslov\u00e9 museum v Praze","description":"","publisher":{"@id":"https:\/\/www.upm.cz\/#organization"},"potentialAction":[{"@type":"SearchAction","target":{"@type":"EntryPoint","urlTemplate":"https:\/\/www.upm.cz\/?s={search_term_string}"},"query-input":{"@type":"PropertyValueSpecification","valueRequired":true,"valueName":"search_term_string"}}],"inLanguage":"en-US"},{"@type":"Organization","@id":"https:\/\/www.upm.cz\/#organization","name":"Um\u011bleckopr\u016fmyslov\u00e9 museum v Praze","url":"https:\/\/www.upm.cz\/","logo":{"@type":"ImageObject","inLanguage":"en-US","@id":"https:\/\/www.upm.cz\/#\/schema\/logo\/image\/","url":"https:\/\/www.upm.cz\/wp-content\/uploads\/2020\/03\/logo_upm_cz.svg","contentUrl":"https:\/\/www.upm.cz\/wp-content\/uploads\/2020\/03\/logo_upm_cz.svg","width":1736,"height":295,"caption":"Um\u011bleckopr\u016fmyslov\u00e9 museum v Praze"},"image":{"@id":"https:\/\/www.upm.cz\/#\/schema\/logo\/image\/"}}]}},"_links":{"self":[{"href":"https:\/\/www.upm.cz\/an\/wp-json\/wp\/v2\/product\/7048","targetHints":{"allow":["GET"]}}],"collection":[{"href":"https:\/\/www.upm.cz\/an\/wp-json\/wp\/v2\/product"}],"about":[{"href":"https:\/\/www.upm.cz\/an\/wp-json\/wp\/v2\/types\/product"}],"wp:featuredmedia":[{"embeddable":true,"href":"https:\/\/www.upm.cz\/an\/wp-json\/wp\/v2\/media\/7049"}],"wp:attachment":[{"href":"https:\/\/www.upm.cz\/an\/wp-json\/wp\/v2\/media?parent=7048"}],"wp:term":[{"taxonomy":"product_brand","embeddable":true,"href":"https:\/\/www.upm.cz\/an\/wp-json\/wp\/v2\/product_brand?post=7048"},{"taxonomy":"product_cat","embeddable":true,"href":"https:\/\/www.upm.cz\/an\/wp-json\/wp\/v2\/product_cat?post=7048"},{"taxonomy":"product_tag","embeddable":true,"href":"https:\/\/www.upm.cz\/an\/wp-json\/wp\/v2\/product_tag?post=7048"}],"curies":[{"name":"wp","href":"https:\/\/api.w.org\/{rel}","templated":true}]}}