{"id":7051,"date":"2021-02-16T19:41:53","date_gmt":"2021-02-16T18:41:53","guid":{"rendered":"https:\/\/www.upm.cz\/?post_type=product&#038;p=7051"},"modified":"2024-05-16T14:16:51","modified_gmt":"2024-05-16T12:16:51","slug":"biedermeier-umeni-a-kultura-v-ceskych-zemich-1814-1848-art-and-culture-in-the-bohemian-lands-1814-1848","status":"publish","type":"product","link":"https:\/\/www.upm.cz\/an\/eshop\/biedermeier-umeni-a-kultura-v-ceskych-zemich-1814-1848-art-and-culture-in-the-bohemian-lands-1814-1848\/","title":{"rendered":"Z NOV\u00c9HO SV\u011aTA DO CEL\u00c9HO SV\u011aTA. 300 LET HARRACHOVSK\u00c9HO SKLA \/ FROM NEUWELT TO THE WHOLE WORLD. 300 YEARS OF HARRACH GLASS"},"content":{"rendered":"<p>Harrachovsk\u00e9 skl\u00e1rn\u011b v\u00a0Nov\u00e9m Sv\u011bt\u011b v\u00a0Krkono\u0161\u00edch pat\u0159\u00ed p\u0159edn\u00ed m\u00edsto mezi v\u00fdrobci, kte\u0159\u00ed se v\u00a0minulosti zaslou\u017eili o\u00a0proslulost \u010desk\u00e9ho skl\u00e1\u0159stv\u00ed. Prvn\u00ed ucelen\u00e1 monografie t\u00e9to nejstar\u0161\u00ed existuj\u00edc\u00ed \u010desk\u00e9 skl\u00e1rny shrnuje v\u00fdsledky v\u00edce ne\u017e desetilet\u00e9ho archivn\u00edho b\u00e1d\u00e1n\u00ed a\u00a0zpracov\u00e1v\u00e1n\u00ed \u010desk\u00fdch a\u00a0zahrani\u010dn\u00edch muzejn\u00edch sb\u00edrek.<\/p>\n<p>V odborn\u00fdch textech a\u00a0na vybran\u00fdch uk\u00e1zk\u00e1ch z\u00a0produkce, doprov\u00e1zen\u00fdch bohatou dokumentac\u00ed, podrobn\u011b p\u0159ibli\u017euje v\u00fdtvarn\u00fd v\u00fdvoj harrachovsk\u00e9ho skla od barokn\u00edch po\u010d\u00e1tk\u016f p\u0159es nes\u010detn\u00e9 podoby skla doby biedermeieru a\u00a0historismu, origin\u00e1ln\u00ed secesn\u00ed projev a\u00a0snahu p\u0159izp\u016fsobit se stylu art deco a\u00a0funkcionalismu a\u017e po\u00a0nov\u00e9 design\u00e9rsk\u00e9 p\u0159\u00edstupy po\u00a0roce 1945 a\u00a0sklo sou\u010dasn\u00e9.<\/p>\n<p><strong>Muzejn\u00ed publikace roku 2012 \u2013 1.\u00a0m\u00edsto v\u00a0N\u00e1rodn\u00ed sout\u011b\u017ei muze\u00ed Gloria musaealis<\/strong>.<\/p>","protected":false},"excerpt":{"rendered":"<p>vydavatel\u00e9: UPM v&nbsp;Praze a&nbsp;Arbor vitae, 2012<br \/>\neditor: Jan Mergl<br \/>\ntexty: Helena Bro\u017ekov\u00e1, Jarmila Bro\u017eov\u00e1, Florian Knothe, Jan Lu\u0161tinec, Jan Mergl, Lenka\u00a0Merglov\u00e1 P\u00e1nkov\u00e1, Jan Sch\u00f6ttner<br \/>\nvyd\u00e1n\u00ed: \u010desk\u00e9 a\u00a0anglick\u00e9<br \/>\nform\u00e1t: 29 x 25 cm, pevn\u00e1 vazba<br \/>\npo\u010det stran: 440<br \/>\npo\u010det reprodukc\u00ed: p\u0159es 1000<br \/>\nISBN 978-80-7101-112-5 (\u010dj)<br \/>\nISBN 978-80-7101-113-2 (aj)<\/p>","protected":false},"featured_media":2031,"template":"","meta":{"_acf_changed":false},"product_brand":[],"product_cat":[45],"product_tag":[],"class_list":{"0":"post-7051","1":"product","2":"type-product","3":"status-publish","4":"has-post-thumbnail","6":"product_cat-knihy","8":"first","9":"outofstock","10":"shipping-taxable","11":"purchasable","12":"product-type-variable","13":"has-default-attributes"},"acf":[],"yoast_head":"<!-- This site is optimized with the Yoast SEO plugin v26.9 - https:\/\/yoast.com\/product\/yoast-seo-wordpress\/ -->\n<title>Z NOV\u00c9HO SV\u011aTA DO CEL\u00c9HO SV\u011aTA. 300 LET HARRACHOVSK\u00c9HO SKLA \/ FROM NEUWELT TO THE WHOLE WORLD. 300 YEARS OF HARRACH GLASS - Um\u011bleckopr\u016fmyslov\u00e9 museum v Praze<\/title>\n<meta name=\"description\" content=\"Harrachovsk\u00e9 skl\u00e1rn\u011b v\u00a0Nov\u00e9m Sv\u011bt\u011b v\u00a0Krkono\u0161\u00edch pat\u0159\u00ed p\u0159edn\u00ed m\u00edsto mezi v\u00fdrobci, kte\u0159\u00ed se v\u00a0minulosti zaslou\u017eili o\u00a0proslulost \u010desk\u00e9ho skl\u00e1\u0159stv\u00ed. Prvn\u00ed ucelen\u00e1 monografie t\u00e9to nejstar\u0161\u00ed existuj\u00edc\u00ed \u010desk\u00e9 skl\u00e1rny shrnuje v\u00fdsledky v\u00edce ne\u017e desetilet\u00e9ho archivn\u00edho b\u00e1d\u00e1n\u00ed a\u00a0zpracov\u00e1v\u00e1n\u00ed \u010desk\u00fdch a\u00a0zahrani\u010dn\u00edch muzejn\u00edch sb\u00edrek.\u00a0\" \/>\n<meta name=\"robots\" content=\"noindex, nofollow\" \/>\n<meta property=\"og:locale\" content=\"en_US\" \/>\n<meta property=\"og:type\" content=\"article\" \/>\n<meta property=\"og:title\" content=\"Z NOV\u00c9HO SV\u011aTA DO CEL\u00c9HO SV\u011aTA. 300 LET HARRACHOVSK\u00c9HO SKLA \/ FROM NEUWELT TO THE WHOLE WORLD. 300 YEARS OF HARRACH GLASS - Um\u011bleckopr\u016fmyslov\u00e9 museum v Praze\" \/>\n<meta property=\"og:description\" content=\"Harrachovsk\u00e9 skl\u00e1rn\u011b v\u00a0Nov\u00e9m Sv\u011bt\u011b v\u00a0Krkono\u0161\u00edch pat\u0159\u00ed p\u0159edn\u00ed m\u00edsto mezi v\u00fdrobci, kte\u0159\u00ed se v\u00a0minulosti zaslou\u017eili o\u00a0proslulost \u010desk\u00e9ho skl\u00e1\u0159stv\u00ed. Prvn\u00ed ucelen\u00e1 monografie t\u00e9to nejstar\u0161\u00ed existuj\u00edc\u00ed \u010desk\u00e9 skl\u00e1rny shrnuje v\u00fdsledky v\u00edce ne\u017e desetilet\u00e9ho archivn\u00edho b\u00e1d\u00e1n\u00ed a\u00a0zpracov\u00e1v\u00e1n\u00ed \u010desk\u00fdch a\u00a0zahrani\u010dn\u00edch muzejn\u00edch sb\u00edrek.\u00a0\" \/>\n<meta property=\"og:url\" content=\"https:\/\/www.upm.cz\/an\/eshop\/biedermeier-umeni-a-kultura-v-ceskych-zemich-1814-1848-art-and-culture-in-the-bohemian-lands-1814-1848\/\" \/>\n<meta property=\"og:site_name\" content=\"Um\u011bleckopr\u016fmyslov\u00e9 museum v Praze\" \/>\n<meta property=\"article:modified_time\" content=\"2024-05-16T12:16:51+00:00\" \/>\n<meta property=\"og:image\" content=\"https:\/\/www.upm.cz\/wp-content\/uploads\/633-3.jpg\" \/>\n\t<meta property=\"og:image:width\" content=\"695\" \/>\n\t<meta property=\"og:image:height\" content=\"800\" \/>\n\t<meta property=\"og:image:type\" content=\"image\/jpeg\" \/>\n<meta name=\"twitter:card\" content=\"summary_large_image\" \/>\n<meta name=\"twitter:label1\" content=\"Est. reading time\" \/>\n\t<meta name=\"twitter:data1\" content=\"1 minute\" \/>\n<script type=\"application\/ld+json\" class=\"yoast-schema-graph\">{\"@context\":\"https:\/\/schema.org\",\"@graph\":[{\"@type\":\"WebPage\",\"@id\":\"https:\/\/www.upm.cz\/eshop\/biedermeier-umeni-a-kultura-v-ceskych-zemich-1814-1848-art-and-culture-in-the-bohemian-lands-1814-1848\/\",\"url\":\"https:\/\/www.upm.cz\/eshop\/biedermeier-umeni-a-kultura-v-ceskych-zemich-1814-1848-art-and-culture-in-the-bohemian-lands-1814-1848\/\",\"name\":\"Z NOV\u00c9HO SV\u011aTA DO CEL\u00c9HO SV\u011aTA. 300 LET HARRACHOVSK\u00c9HO SKLA \/ FROM NEUWELT TO THE WHOLE WORLD. 300 YEARS OF HARRACH GLASS - Um\u011bleckopr\u016fmyslov\u00e9 museum v Praze\",\"isPartOf\":{\"@id\":\"https:\/\/www.upm.cz\/#website\"},\"primaryImageOfPage\":{\"@id\":\"https:\/\/www.upm.cz\/eshop\/biedermeier-umeni-a-kultura-v-ceskych-zemich-1814-1848-art-and-culture-in-the-bohemian-lands-1814-1848\/#primaryimage\"},\"image\":{\"@id\":\"https:\/\/www.upm.cz\/eshop\/biedermeier-umeni-a-kultura-v-ceskych-zemich-1814-1848-art-and-culture-in-the-bohemian-lands-1814-1848\/#primaryimage\"},\"thumbnailUrl\":\"https:\/\/www.upm.cz\/wp-content\/uploads\/633-3.jpg\",\"datePublished\":\"2021-02-16T18:41:53+00:00\",\"dateModified\":\"2024-05-16T12:16:51+00:00\",\"description\":\"Harrachovsk\u00e9 skl\u00e1rn\u011b v\u00a0Nov\u00e9m Sv\u011bt\u011b v\u00a0Krkono\u0161\u00edch pat\u0159\u00ed p\u0159edn\u00ed m\u00edsto mezi v\u00fdrobci, kte\u0159\u00ed se v\u00a0minulosti zaslou\u017eili o\u00a0proslulost \u010desk\u00e9ho skl\u00e1\u0159stv\u00ed. Prvn\u00ed ucelen\u00e1 monografie t\u00e9to nejstar\u0161\u00ed existuj\u00edc\u00ed \u010desk\u00e9 skl\u00e1rny shrnuje v\u00fdsledky v\u00edce ne\u017e desetilet\u00e9ho archivn\u00edho b\u00e1d\u00e1n\u00ed a\u00a0zpracov\u00e1v\u00e1n\u00ed \u010desk\u00fdch a\u00a0zahrani\u010dn\u00edch muzejn\u00edch sb\u00edrek.\u00a0\",\"breadcrumb\":{\"@id\":\"https:\/\/www.upm.cz\/eshop\/biedermeier-umeni-a-kultura-v-ceskych-zemich-1814-1848-art-and-culture-in-the-bohemian-lands-1814-1848\/#breadcrumb\"},\"inLanguage\":\"en-US\",\"potentialAction\":[{\"@type\":\"ReadAction\",\"target\":[\"https:\/\/www.upm.cz\/eshop\/biedermeier-umeni-a-kultura-v-ceskych-zemich-1814-1848-art-and-culture-in-the-bohemian-lands-1814-1848\/\"]}]},{\"@type\":\"ImageObject\",\"inLanguage\":\"en-US\",\"@id\":\"https:\/\/www.upm.cz\/eshop\/biedermeier-umeni-a-kultura-v-ceskych-zemich-1814-1848-art-and-culture-in-the-bohemian-lands-1814-1848\/#primaryimage\",\"url\":\"https:\/\/www.upm.cz\/wp-content\/uploads\/633-3.jpg\",\"contentUrl\":\"https:\/\/www.upm.cz\/wp-content\/uploads\/633-3.jpg\",\"width\":695,\"height\":800},{\"@type\":\"BreadcrumbList\",\"@id\":\"https:\/\/www.upm.cz\/eshop\/biedermeier-umeni-a-kultura-v-ceskych-zemich-1814-1848-art-and-culture-in-the-bohemian-lands-1814-1848\/#breadcrumb\",\"itemListElement\":[{\"@type\":\"ListItem\",\"position\":1,\"name\":\"Dom\u016f\",\"item\":\"https:\/\/www.upm.cz\/\"},{\"@type\":\"ListItem\",\"position\":2,\"name\":\"eshop\",\"item\":\"https:\/\/www.upm.cz\/eshop\/\"},{\"@type\":\"ListItem\",\"position\":3,\"name\":\"Z NOV\u00c9HO SV\u011aTA DO CEL\u00c9HO SV\u011aTA. 300 LET HARRACHOVSK\u00c9HO SKLA \/ FROM NEUWELT TO THE WHOLE WORLD. 300 YEARS OF HARRACH GLASS\"}]},{\"@type\":\"WebSite\",\"@id\":\"https:\/\/www.upm.cz\/#website\",\"url\":\"https:\/\/www.upm.cz\/\",\"name\":\"Um\u011bleckopr\u016fmyslov\u00e9 museum v Praze\",\"description\":\"\",\"publisher\":{\"@id\":\"https:\/\/www.upm.cz\/#organization\"},\"potentialAction\":[{\"@type\":\"SearchAction\",\"target\":{\"@type\":\"EntryPoint\",\"urlTemplate\":\"https:\/\/www.upm.cz\/?s={search_term_string}\"},\"query-input\":{\"@type\":\"PropertyValueSpecification\",\"valueRequired\":true,\"valueName\":\"search_term_string\"}}],\"inLanguage\":\"en-US\"},{\"@type\":\"Organization\",\"@id\":\"https:\/\/www.upm.cz\/#organization\",\"name\":\"Um\u011bleckopr\u016fmyslov\u00e9 museum v Praze\",\"url\":\"https:\/\/www.upm.cz\/\",\"logo\":{\"@type\":\"ImageObject\",\"inLanguage\":\"en-US\",\"@id\":\"https:\/\/www.upm.cz\/#\/schema\/logo\/image\/\",\"url\":\"https:\/\/www.upm.cz\/wp-content\/uploads\/2020\/03\/logo_upm_cz.svg\",\"contentUrl\":\"https:\/\/www.upm.cz\/wp-content\/uploads\/2020\/03\/logo_upm_cz.svg\",\"width\":1736,\"height\":295,\"caption\":\"Um\u011bleckopr\u016fmyslov\u00e9 museum v Praze\"},\"image\":{\"@id\":\"https:\/\/www.upm.cz\/#\/schema\/logo\/image\/\"}}]}<\/script>\n<!-- \/ Yoast SEO plugin. -->","yoast_head_json":{"title":"Z NOV\u00c9HO SV\u011aTA DO CEL\u00c9HO SV\u011aTA. 300 LET HARRACHOVSK\u00c9HO SKLA \/ FROM NEUWELT TO THE WHOLE WORLD. 300 YEARS OF HARRACH GLASS - Um\u011bleckopr\u016fmyslov\u00e9 museum v Praze","description":"Harrachovsk\u00e9 skl\u00e1rn\u011b v\u00a0Nov\u00e9m Sv\u011bt\u011b v\u00a0Krkono\u0161\u00edch pat\u0159\u00ed p\u0159edn\u00ed m\u00edsto mezi v\u00fdrobci, kte\u0159\u00ed se v\u00a0minulosti zaslou\u017eili o\u00a0proslulost \u010desk\u00e9ho skl\u00e1\u0159stv\u00ed. Prvn\u00ed ucelen\u00e1 monografie t\u00e9to nejstar\u0161\u00ed existuj\u00edc\u00ed \u010desk\u00e9 skl\u00e1rny shrnuje v\u00fdsledky v\u00edce ne\u017e desetilet\u00e9ho archivn\u00edho b\u00e1d\u00e1n\u00ed a\u00a0zpracov\u00e1v\u00e1n\u00ed \u010desk\u00fdch a\u00a0zahrani\u010dn\u00edch muzejn\u00edch sb\u00edrek.\u00a0","robots":{"index":"noindex","follow":"nofollow"},"og_locale":"en_US","og_type":"article","og_title":"Z NOV\u00c9HO SV\u011aTA DO CEL\u00c9HO SV\u011aTA. 300 LET HARRACHOVSK\u00c9HO SKLA \/ FROM NEUWELT TO THE WHOLE WORLD. 300 YEARS OF HARRACH GLASS - Um\u011bleckopr\u016fmyslov\u00e9 museum v Praze","og_description":"Harrachovsk\u00e9 skl\u00e1rn\u011b v\u00a0Nov\u00e9m Sv\u011bt\u011b v\u00a0Krkono\u0161\u00edch pat\u0159\u00ed p\u0159edn\u00ed m\u00edsto mezi v\u00fdrobci, kte\u0159\u00ed se v\u00a0minulosti zaslou\u017eili o\u00a0proslulost \u010desk\u00e9ho skl\u00e1\u0159stv\u00ed. Prvn\u00ed ucelen\u00e1 monografie t\u00e9to nejstar\u0161\u00ed existuj\u00edc\u00ed \u010desk\u00e9 skl\u00e1rny shrnuje v\u00fdsledky v\u00edce ne\u017e desetilet\u00e9ho archivn\u00edho b\u00e1d\u00e1n\u00ed a\u00a0zpracov\u00e1v\u00e1n\u00ed \u010desk\u00fdch a\u00a0zahrani\u010dn\u00edch muzejn\u00edch sb\u00edrek.\u00a0","og_url":"https:\/\/www.upm.cz\/an\/eshop\/biedermeier-umeni-a-kultura-v-ceskych-zemich-1814-1848-art-and-culture-in-the-bohemian-lands-1814-1848\/","og_site_name":"Um\u011bleckopr\u016fmyslov\u00e9 museum v Praze","article_modified_time":"2024-05-16T12:16:51+00:00","og_image":[{"width":695,"height":800,"url":"https:\/\/www.upm.cz\/wp-content\/uploads\/633-3.jpg","type":"image\/jpeg"}],"twitter_card":"summary_large_image","twitter_misc":{"Est. reading time":"1 minute"},"schema":{"@context":"https:\/\/schema.org","@graph":[{"@type":"WebPage","@id":"https:\/\/www.upm.cz\/eshop\/biedermeier-umeni-a-kultura-v-ceskych-zemich-1814-1848-art-and-culture-in-the-bohemian-lands-1814-1848\/","url":"https:\/\/www.upm.cz\/eshop\/biedermeier-umeni-a-kultura-v-ceskych-zemich-1814-1848-art-and-culture-in-the-bohemian-lands-1814-1848\/","name":"Z NOV\u00c9HO SV\u011aTA DO CEL\u00c9HO SV\u011aTA. 300 LET HARRACHOVSK\u00c9HO SKLA \/ FROM NEUWELT TO THE WHOLE WORLD. 300 YEARS OF HARRACH GLASS - Um\u011bleckopr\u016fmyslov\u00e9 museum v Praze","isPartOf":{"@id":"https:\/\/www.upm.cz\/#website"},"primaryImageOfPage":{"@id":"https:\/\/www.upm.cz\/eshop\/biedermeier-umeni-a-kultura-v-ceskych-zemich-1814-1848-art-and-culture-in-the-bohemian-lands-1814-1848\/#primaryimage"},"image":{"@id":"https:\/\/www.upm.cz\/eshop\/biedermeier-umeni-a-kultura-v-ceskych-zemich-1814-1848-art-and-culture-in-the-bohemian-lands-1814-1848\/#primaryimage"},"thumbnailUrl":"https:\/\/www.upm.cz\/wp-content\/uploads\/633-3.jpg","datePublished":"2021-02-16T18:41:53+00:00","dateModified":"2024-05-16T12:16:51+00:00","description":"Harrachovsk\u00e9 skl\u00e1rn\u011b v\u00a0Nov\u00e9m Sv\u011bt\u011b v\u00a0Krkono\u0161\u00edch pat\u0159\u00ed p\u0159edn\u00ed m\u00edsto mezi v\u00fdrobci, kte\u0159\u00ed se v\u00a0minulosti zaslou\u017eili o\u00a0proslulost \u010desk\u00e9ho skl\u00e1\u0159stv\u00ed. Prvn\u00ed ucelen\u00e1 monografie t\u00e9to nejstar\u0161\u00ed existuj\u00edc\u00ed \u010desk\u00e9 skl\u00e1rny shrnuje v\u00fdsledky v\u00edce ne\u017e desetilet\u00e9ho archivn\u00edho b\u00e1d\u00e1n\u00ed a\u00a0zpracov\u00e1v\u00e1n\u00ed \u010desk\u00fdch a\u00a0zahrani\u010dn\u00edch muzejn\u00edch sb\u00edrek.\u00a0","breadcrumb":{"@id":"https:\/\/www.upm.cz\/eshop\/biedermeier-umeni-a-kultura-v-ceskych-zemich-1814-1848-art-and-culture-in-the-bohemian-lands-1814-1848\/#breadcrumb"},"inLanguage":"en-US","potentialAction":[{"@type":"ReadAction","target":["https:\/\/www.upm.cz\/eshop\/biedermeier-umeni-a-kultura-v-ceskych-zemich-1814-1848-art-and-culture-in-the-bohemian-lands-1814-1848\/"]}]},{"@type":"ImageObject","inLanguage":"en-US","@id":"https:\/\/www.upm.cz\/eshop\/biedermeier-umeni-a-kultura-v-ceskych-zemich-1814-1848-art-and-culture-in-the-bohemian-lands-1814-1848\/#primaryimage","url":"https:\/\/www.upm.cz\/wp-content\/uploads\/633-3.jpg","contentUrl":"https:\/\/www.upm.cz\/wp-content\/uploads\/633-3.jpg","width":695,"height":800},{"@type":"BreadcrumbList","@id":"https:\/\/www.upm.cz\/eshop\/biedermeier-umeni-a-kultura-v-ceskych-zemich-1814-1848-art-and-culture-in-the-bohemian-lands-1814-1848\/#breadcrumb","itemListElement":[{"@type":"ListItem","position":1,"name":"Dom\u016f","item":"https:\/\/www.upm.cz\/"},{"@type":"ListItem","position":2,"name":"eshop","item":"https:\/\/www.upm.cz\/eshop\/"},{"@type":"ListItem","position":3,"name":"Z NOV\u00c9HO SV\u011aTA DO CEL\u00c9HO SV\u011aTA. 300 LET HARRACHOVSK\u00c9HO SKLA \/ FROM NEUWELT TO THE WHOLE WORLD. 300 YEARS OF HARRACH GLASS"}]},{"@type":"WebSite","@id":"https:\/\/www.upm.cz\/#website","url":"https:\/\/www.upm.cz\/","name":"Um\u011bleckopr\u016fmyslov\u00e9 museum v Praze","description":"","publisher":{"@id":"https:\/\/www.upm.cz\/#organization"},"potentialAction":[{"@type":"SearchAction","target":{"@type":"EntryPoint","urlTemplate":"https:\/\/www.upm.cz\/?s={search_term_string}"},"query-input":{"@type":"PropertyValueSpecification","valueRequired":true,"valueName":"search_term_string"}}],"inLanguage":"en-US"},{"@type":"Organization","@id":"https:\/\/www.upm.cz\/#organization","name":"Um\u011bleckopr\u016fmyslov\u00e9 museum v Praze","url":"https:\/\/www.upm.cz\/","logo":{"@type":"ImageObject","inLanguage":"en-US","@id":"https:\/\/www.upm.cz\/#\/schema\/logo\/image\/","url":"https:\/\/www.upm.cz\/wp-content\/uploads\/2020\/03\/logo_upm_cz.svg","contentUrl":"https:\/\/www.upm.cz\/wp-content\/uploads\/2020\/03\/logo_upm_cz.svg","width":1736,"height":295,"caption":"Um\u011bleckopr\u016fmyslov\u00e9 museum v Praze"},"image":{"@id":"https:\/\/www.upm.cz\/#\/schema\/logo\/image\/"}}]}},"_links":{"self":[{"href":"https:\/\/www.upm.cz\/an\/wp-json\/wp\/v2\/product\/7051","targetHints":{"allow":["GET"]}}],"collection":[{"href":"https:\/\/www.upm.cz\/an\/wp-json\/wp\/v2\/product"}],"about":[{"href":"https:\/\/www.upm.cz\/an\/wp-json\/wp\/v2\/types\/product"}],"wp:featuredmedia":[{"embeddable":true,"href":"https:\/\/www.upm.cz\/an\/wp-json\/wp\/v2\/media\/2031"}],"wp:attachment":[{"href":"https:\/\/www.upm.cz\/an\/wp-json\/wp\/v2\/media?parent=7051"}],"wp:term":[{"taxonomy":"product_brand","embeddable":true,"href":"https:\/\/www.upm.cz\/an\/wp-json\/wp\/v2\/product_brand?post=7051"},{"taxonomy":"product_cat","embeddable":true,"href":"https:\/\/www.upm.cz\/an\/wp-json\/wp\/v2\/product_cat?post=7051"},{"taxonomy":"product_tag","embeddable":true,"href":"https:\/\/www.upm.cz\/an\/wp-json\/wp\/v2\/product_tag?post=7051"}],"curies":[{"name":"wp","href":"https:\/\/api.w.org\/{rel}","templated":true}]}}