{"id":7055,"date":"2021-02-16T19:48:03","date_gmt":"2021-02-16T18:48:03","guid":{"rendered":"https:\/\/www.upm.cz\/?post_type=product&#038;p=7055"},"modified":"2025-12-14T20:17:07","modified_gmt":"2025-12-14T19:17:07","slug":"biedermeier-umeni-a-kultura-v-ceskych-zemich-1814-1848-art-and-culture-in-the-bohemian-lands-1814-1848-2","status":"publish","type":"product","link":"https:\/\/www.upm.cz\/an\/eshop\/biedermeier-umeni-a-kultura-v-ceskych-zemich-1814-1848-art-and-culture-in-the-bohemian-lands-1814-1848-2\/","title":{"rendered":"BIEDERMEIER. UM\u011aN\u00cd A&nbsp;KULTURA V&nbsp;\u010cESK\u00ddCH ZEM\u00cdCH 1814\u20131848 \/ ART AND CULTURE IN THE BOHEMIAN LANDS 1814\u20131848"},"content":{"rendered":"<p>V\u00fdpravn\u00e1 monografie pod\u00e1v\u00e1 p\u0159ehled v\u00fdtvarn\u00e9ho a\u00a0u\u017eit\u00e9ho um\u011bn\u00ed biedermeieru v\u00a0\u010desk\u00fdch zem\u00edch z\u00a0pohledu sou\u010dasn\u00e9 diskuse o\u00a0povaze tohoto specifick\u00e9ho um\u011bleck\u00e9ho a\u00a0my\u0161lenkov\u00e9ho proudu. Prvn\u00ed \u010d\u00e1st tvo\u0159\u00ed tematick\u00e9 stati, kter\u00e9 se zam\u011b\u0159uj\u00ed na rozmanit\u00e9 oblasti um\u011bleck\u00e9 tvorby t\u00e9 doby i\u00a0na jej\u00ed soci\u00e1ln\u00ed a\u00a0ideov\u00e9 ko\u0159eny.<\/p>\n<p><strong>Muzejn\u00ed publikace roku 2008 \u2013 1.\u00a0m\u00edsto v\u00a0sout\u011b\u017ei Gloria musaealis<\/strong><\/p>","protected":false},"excerpt":{"rendered":"<p>vydavatel\u00e9: UPM v&nbsp;Praze a&nbsp;spol. Gallery, 2008 a&nbsp;2010<br \/>\nautor koncepce, editor: Radim Vondr\u00e1\u010dek<br \/>\ntexty: Helena Bro\u017ekov\u00e1, Ji\u0159\u00ed Fronek, Daniela Karasov\u00e1, \u0160\u00e1rka Leubnerov\u00e1, Zuzana Novotn\u00e1, Roman Prahl, Ji\u0159\u00ed Rak, Eva Uchalov\u00e1, V\u00edt Vlnas, Radim Vondr\u00e1\u010dek, Jana Wittlichov\u00e1 et al.<br \/>\nvyd\u00e1n\u00ed: \u010desk\u00e9 a\u00a0anglick\u00e9<br \/>\nform\u00e1t: 28 x 24 cm, pevn\u00e1 vazba<br \/>\npo\u010det stran: 528<br \/>\npo\u010det reprodukc\u00ed: 843<br \/>\nISBN 978-80-7101-073-9 (\u010dj)<br \/>\nISBN 978-80-7101-074-6 (aj)<\/p>","protected":false},"featured_media":7053,"template":"","meta":{"_acf_changed":false},"product_brand":[],"product_cat":[45],"product_tag":[],"class_list":{"0":"post-7055","1":"product","2":"type-product","3":"status-publish","4":"has-post-thumbnail","6":"product_cat-knihy","8":"first","9":"instock","10":"shipping-taxable","11":"purchasable","12":"product-type-variable","13":"has-default-attributes"},"acf":[],"yoast_head":"<!-- This site is optimized with the Yoast SEO plugin v26.9 - https:\/\/yoast.com\/product\/yoast-seo-wordpress\/ -->\n<title>BIEDERMEIER. UM\u011aN\u00cd A KULTURA V \u010cESK\u00ddCH ZEM\u00cdCH 1814\u20131848 \/ ART AND CULTURE IN THE BOHEMIAN LANDS 1814\u20131848 - Um\u011bleckopr\u016fmyslov\u00e9 museum v Praze<\/title>\n<meta name=\"description\" content=\"V\u00fdpravn\u00e1 monografie pod\u00e1v\u00e1 p\u0159ehled v\u00fdtvarn\u00e9ho a\u00a0u\u017eit\u00e9ho um\u011bn\u00ed biedermeieru v\u00a0\u010desk\u00fdch zem\u00edch z\u00a0pohledu sou\u010dasn\u00e9 diskuse o\u00a0povaze tohoto specifick\u00e9ho um\u011bleck\u00e9ho a\u00a0my\u0161lenkov\u00e9ho proudu. Prvn\u00ed \u010d\u00e1st tvo\u0159\u00ed tematick\u00e9 stati, kter\u00e9 se zam\u011b\u0159uj\u00ed na rozmanit\u00e9 oblasti um\u011bleck\u00e9 tvorby t\u00e9 doby i\u00a0na jej\u00ed soci\u00e1ln\u00ed a\u00a0ideov\u00e9 ko\u0159eny.\u00a0\" \/>\n<meta name=\"robots\" content=\"noindex, nofollow\" \/>\n<meta property=\"og:locale\" content=\"en_US\" \/>\n<meta property=\"og:type\" content=\"article\" \/>\n<meta property=\"og:title\" content=\"BIEDERMEIER. UM\u011aN\u00cd A KULTURA V \u010cESK\u00ddCH ZEM\u00cdCH 1814\u20131848 \/ ART AND CULTURE IN THE BOHEMIAN LANDS 1814\u20131848 - Um\u011bleckopr\u016fmyslov\u00e9 museum v Praze\" \/>\n<meta property=\"og:description\" content=\"V\u00fdpravn\u00e1 monografie pod\u00e1v\u00e1 p\u0159ehled v\u00fdtvarn\u00e9ho a\u00a0u\u017eit\u00e9ho um\u011bn\u00ed biedermeieru v\u00a0\u010desk\u00fdch zem\u00edch z\u00a0pohledu sou\u010dasn\u00e9 diskuse o\u00a0povaze tohoto specifick\u00e9ho um\u011bleck\u00e9ho a\u00a0my\u0161lenkov\u00e9ho proudu. Prvn\u00ed \u010d\u00e1st tvo\u0159\u00ed tematick\u00e9 stati, kter\u00e9 se zam\u011b\u0159uj\u00ed na rozmanit\u00e9 oblasti um\u011bleck\u00e9 tvorby t\u00e9 doby i\u00a0na jej\u00ed soci\u00e1ln\u00ed a\u00a0ideov\u00e9 ko\u0159eny.\u00a0\" \/>\n<meta property=\"og:url\" content=\"https:\/\/www.upm.cz\/an\/eshop\/biedermeier-umeni-a-kultura-v-ceskych-zemich-1814-1848-art-and-culture-in-the-bohemian-lands-1814-1848-2\/\" \/>\n<meta property=\"og:site_name\" content=\"Um\u011bleckopr\u016fmyslov\u00e9 museum v Praze\" \/>\n<meta property=\"article:modified_time\" content=\"2025-12-14T19:17:07+00:00\" \/>\n<meta property=\"og:image\" content=\"https:\/\/www.upm.cz\/wp-content\/uploads\/Biedermeier_cj_102.jpg\" \/>\n\t<meta property=\"og:image:width\" content=\"837\" \/>\n\t<meta property=\"og:image:height\" content=\"1000\" \/>\n\t<meta property=\"og:image:type\" content=\"image\/jpeg\" \/>\n<meta name=\"twitter:card\" content=\"summary_large_image\" \/>\n<meta name=\"twitter:label1\" content=\"Est. reading time\" \/>\n\t<meta name=\"twitter:data1\" content=\"1 minute\" \/>\n<script type=\"application\/ld+json\" class=\"yoast-schema-graph\">{\"@context\":\"https:\/\/schema.org\",\"@graph\":[{\"@type\":\"WebPage\",\"@id\":\"https:\/\/www.upm.cz\/eshop\/biedermeier-umeni-a-kultura-v-ceskych-zemich-1814-1848-art-and-culture-in-the-bohemian-lands-1814-1848-2\/\",\"url\":\"https:\/\/www.upm.cz\/eshop\/biedermeier-umeni-a-kultura-v-ceskych-zemich-1814-1848-art-and-culture-in-the-bohemian-lands-1814-1848-2\/\",\"name\":\"BIEDERMEIER. UM\u011aN\u00cd A KULTURA V \u010cESK\u00ddCH ZEM\u00cdCH 1814\u20131848 \/ ART AND CULTURE IN THE BOHEMIAN LANDS 1814\u20131848 - Um\u011bleckopr\u016fmyslov\u00e9 museum v Praze\",\"isPartOf\":{\"@id\":\"https:\/\/www.upm.cz\/#website\"},\"primaryImageOfPage\":{\"@id\":\"https:\/\/www.upm.cz\/eshop\/biedermeier-umeni-a-kultura-v-ceskych-zemich-1814-1848-art-and-culture-in-the-bohemian-lands-1814-1848-2\/#primaryimage\"},\"image\":{\"@id\":\"https:\/\/www.upm.cz\/eshop\/biedermeier-umeni-a-kultura-v-ceskych-zemich-1814-1848-art-and-culture-in-the-bohemian-lands-1814-1848-2\/#primaryimage\"},\"thumbnailUrl\":\"https:\/\/www.upm.cz\/wp-content\/uploads\/Biedermeier_cj_102.jpg\",\"datePublished\":\"2021-02-16T18:48:03+00:00\",\"dateModified\":\"2025-12-14T19:17:07+00:00\",\"description\":\"V\u00fdpravn\u00e1 monografie pod\u00e1v\u00e1 p\u0159ehled v\u00fdtvarn\u00e9ho a\u00a0u\u017eit\u00e9ho um\u011bn\u00ed biedermeieru v\u00a0\u010desk\u00fdch zem\u00edch z\u00a0pohledu sou\u010dasn\u00e9 diskuse o\u00a0povaze tohoto specifick\u00e9ho um\u011bleck\u00e9ho a\u00a0my\u0161lenkov\u00e9ho proudu. Prvn\u00ed \u010d\u00e1st tvo\u0159\u00ed tematick\u00e9 stati, kter\u00e9 se zam\u011b\u0159uj\u00ed na rozmanit\u00e9 oblasti um\u011bleck\u00e9 tvorby t\u00e9 doby i\u00a0na jej\u00ed soci\u00e1ln\u00ed a\u00a0ideov\u00e9 ko\u0159eny.\u00a0\",\"breadcrumb\":{\"@id\":\"https:\/\/www.upm.cz\/eshop\/biedermeier-umeni-a-kultura-v-ceskych-zemich-1814-1848-art-and-culture-in-the-bohemian-lands-1814-1848-2\/#breadcrumb\"},\"inLanguage\":\"en-US\",\"potentialAction\":[{\"@type\":\"ReadAction\",\"target\":[\"https:\/\/www.upm.cz\/eshop\/biedermeier-umeni-a-kultura-v-ceskych-zemich-1814-1848-art-and-culture-in-the-bohemian-lands-1814-1848-2\/\"]}]},{\"@type\":\"ImageObject\",\"inLanguage\":\"en-US\",\"@id\":\"https:\/\/www.upm.cz\/eshop\/biedermeier-umeni-a-kultura-v-ceskych-zemich-1814-1848-art-and-culture-in-the-bohemian-lands-1814-1848-2\/#primaryimage\",\"url\":\"https:\/\/www.upm.cz\/wp-content\/uploads\/Biedermeier_cj_102.jpg\",\"contentUrl\":\"https:\/\/www.upm.cz\/wp-content\/uploads\/Biedermeier_cj_102.jpg\",\"width\":837,\"height\":1000},{\"@type\":\"BreadcrumbList\",\"@id\":\"https:\/\/www.upm.cz\/eshop\/biedermeier-umeni-a-kultura-v-ceskych-zemich-1814-1848-art-and-culture-in-the-bohemian-lands-1814-1848-2\/#breadcrumb\",\"itemListElement\":[{\"@type\":\"ListItem\",\"position\":1,\"name\":\"Dom\u016f\",\"item\":\"https:\/\/www.upm.cz\/\"},{\"@type\":\"ListItem\",\"position\":2,\"name\":\"eshop\",\"item\":\"https:\/\/www.upm.cz\/eshop\/\"},{\"@type\":\"ListItem\",\"position\":3,\"name\":\"BIEDERMEIER. UM\u011aN\u00cd A&nbsp;KULTURA V&nbsp;\u010cESK\u00ddCH ZEM\u00cdCH 1814\u20131848 \/ ART AND CULTURE IN THE BOHEMIAN LANDS 1814\u20131848\"}]},{\"@type\":\"WebSite\",\"@id\":\"https:\/\/www.upm.cz\/#website\",\"url\":\"https:\/\/www.upm.cz\/\",\"name\":\"Um\u011bleckopr\u016fmyslov\u00e9 museum v Praze\",\"description\":\"\",\"publisher\":{\"@id\":\"https:\/\/www.upm.cz\/#organization\"},\"potentialAction\":[{\"@type\":\"SearchAction\",\"target\":{\"@type\":\"EntryPoint\",\"urlTemplate\":\"https:\/\/www.upm.cz\/?s={search_term_string}\"},\"query-input\":{\"@type\":\"PropertyValueSpecification\",\"valueRequired\":true,\"valueName\":\"search_term_string\"}}],\"inLanguage\":\"en-US\"},{\"@type\":\"Organization\",\"@id\":\"https:\/\/www.upm.cz\/#organization\",\"name\":\"Um\u011bleckopr\u016fmyslov\u00e9 museum v Praze\",\"url\":\"https:\/\/www.upm.cz\/\",\"logo\":{\"@type\":\"ImageObject\",\"inLanguage\":\"en-US\",\"@id\":\"https:\/\/www.upm.cz\/#\/schema\/logo\/image\/\",\"url\":\"https:\/\/www.upm.cz\/wp-content\/uploads\/2020\/03\/logo_upm_cz.svg\",\"contentUrl\":\"https:\/\/www.upm.cz\/wp-content\/uploads\/2020\/03\/logo_upm_cz.svg\",\"width\":1736,\"height\":295,\"caption\":\"Um\u011bleckopr\u016fmyslov\u00e9 museum v Praze\"},\"image\":{\"@id\":\"https:\/\/www.upm.cz\/#\/schema\/logo\/image\/\"}}]}<\/script>\n<!-- \/ Yoast SEO plugin. -->","yoast_head_json":{"title":"BIEDERMEIER. UM\u011aN\u00cd A KULTURA V \u010cESK\u00ddCH ZEM\u00cdCH 1814\u20131848 \/ ART AND CULTURE IN THE BOHEMIAN LANDS 1814\u20131848 - Um\u011bleckopr\u016fmyslov\u00e9 museum v Praze","description":"V\u00fdpravn\u00e1 monografie pod\u00e1v\u00e1 p\u0159ehled v\u00fdtvarn\u00e9ho a\u00a0u\u017eit\u00e9ho um\u011bn\u00ed biedermeieru v\u00a0\u010desk\u00fdch zem\u00edch z\u00a0pohledu sou\u010dasn\u00e9 diskuse o\u00a0povaze tohoto specifick\u00e9ho um\u011bleck\u00e9ho a\u00a0my\u0161lenkov\u00e9ho proudu. Prvn\u00ed \u010d\u00e1st tvo\u0159\u00ed tematick\u00e9 stati, kter\u00e9 se zam\u011b\u0159uj\u00ed na rozmanit\u00e9 oblasti um\u011bleck\u00e9 tvorby t\u00e9 doby i\u00a0na jej\u00ed soci\u00e1ln\u00ed a\u00a0ideov\u00e9 ko\u0159eny.\u00a0","robots":{"index":"noindex","follow":"nofollow"},"og_locale":"en_US","og_type":"article","og_title":"BIEDERMEIER. UM\u011aN\u00cd A KULTURA V \u010cESK\u00ddCH ZEM\u00cdCH 1814\u20131848 \/ ART AND CULTURE IN THE BOHEMIAN LANDS 1814\u20131848 - Um\u011bleckopr\u016fmyslov\u00e9 museum v Praze","og_description":"V\u00fdpravn\u00e1 monografie pod\u00e1v\u00e1 p\u0159ehled v\u00fdtvarn\u00e9ho a\u00a0u\u017eit\u00e9ho um\u011bn\u00ed biedermeieru v\u00a0\u010desk\u00fdch zem\u00edch z\u00a0pohledu sou\u010dasn\u00e9 diskuse o\u00a0povaze tohoto specifick\u00e9ho um\u011bleck\u00e9ho a\u00a0my\u0161lenkov\u00e9ho proudu. Prvn\u00ed \u010d\u00e1st tvo\u0159\u00ed tematick\u00e9 stati, kter\u00e9 se zam\u011b\u0159uj\u00ed na rozmanit\u00e9 oblasti um\u011bleck\u00e9 tvorby t\u00e9 doby i\u00a0na jej\u00ed soci\u00e1ln\u00ed a\u00a0ideov\u00e9 ko\u0159eny.\u00a0","og_url":"https:\/\/www.upm.cz\/an\/eshop\/biedermeier-umeni-a-kultura-v-ceskych-zemich-1814-1848-art-and-culture-in-the-bohemian-lands-1814-1848-2\/","og_site_name":"Um\u011bleckopr\u016fmyslov\u00e9 museum v Praze","article_modified_time":"2025-12-14T19:17:07+00:00","og_image":[{"width":837,"height":1000,"url":"https:\/\/www.upm.cz\/wp-content\/uploads\/Biedermeier_cj_102.jpg","type":"image\/jpeg"}],"twitter_card":"summary_large_image","twitter_misc":{"Est. reading time":"1 minute"},"schema":{"@context":"https:\/\/schema.org","@graph":[{"@type":"WebPage","@id":"https:\/\/www.upm.cz\/eshop\/biedermeier-umeni-a-kultura-v-ceskych-zemich-1814-1848-art-and-culture-in-the-bohemian-lands-1814-1848-2\/","url":"https:\/\/www.upm.cz\/eshop\/biedermeier-umeni-a-kultura-v-ceskych-zemich-1814-1848-art-and-culture-in-the-bohemian-lands-1814-1848-2\/","name":"BIEDERMEIER. UM\u011aN\u00cd A KULTURA V \u010cESK\u00ddCH ZEM\u00cdCH 1814\u20131848 \/ ART AND CULTURE IN THE BOHEMIAN LANDS 1814\u20131848 - Um\u011bleckopr\u016fmyslov\u00e9 museum v Praze","isPartOf":{"@id":"https:\/\/www.upm.cz\/#website"},"primaryImageOfPage":{"@id":"https:\/\/www.upm.cz\/eshop\/biedermeier-umeni-a-kultura-v-ceskych-zemich-1814-1848-art-and-culture-in-the-bohemian-lands-1814-1848-2\/#primaryimage"},"image":{"@id":"https:\/\/www.upm.cz\/eshop\/biedermeier-umeni-a-kultura-v-ceskych-zemich-1814-1848-art-and-culture-in-the-bohemian-lands-1814-1848-2\/#primaryimage"},"thumbnailUrl":"https:\/\/www.upm.cz\/wp-content\/uploads\/Biedermeier_cj_102.jpg","datePublished":"2021-02-16T18:48:03+00:00","dateModified":"2025-12-14T19:17:07+00:00","description":"V\u00fdpravn\u00e1 monografie pod\u00e1v\u00e1 p\u0159ehled v\u00fdtvarn\u00e9ho a\u00a0u\u017eit\u00e9ho um\u011bn\u00ed biedermeieru v\u00a0\u010desk\u00fdch zem\u00edch z\u00a0pohledu sou\u010dasn\u00e9 diskuse o\u00a0povaze tohoto specifick\u00e9ho um\u011bleck\u00e9ho a\u00a0my\u0161lenkov\u00e9ho proudu. Prvn\u00ed \u010d\u00e1st tvo\u0159\u00ed tematick\u00e9 stati, kter\u00e9 se zam\u011b\u0159uj\u00ed na rozmanit\u00e9 oblasti um\u011bleck\u00e9 tvorby t\u00e9 doby i\u00a0na jej\u00ed soci\u00e1ln\u00ed a\u00a0ideov\u00e9 ko\u0159eny.\u00a0","breadcrumb":{"@id":"https:\/\/www.upm.cz\/eshop\/biedermeier-umeni-a-kultura-v-ceskych-zemich-1814-1848-art-and-culture-in-the-bohemian-lands-1814-1848-2\/#breadcrumb"},"inLanguage":"en-US","potentialAction":[{"@type":"ReadAction","target":["https:\/\/www.upm.cz\/eshop\/biedermeier-umeni-a-kultura-v-ceskych-zemich-1814-1848-art-and-culture-in-the-bohemian-lands-1814-1848-2\/"]}]},{"@type":"ImageObject","inLanguage":"en-US","@id":"https:\/\/www.upm.cz\/eshop\/biedermeier-umeni-a-kultura-v-ceskych-zemich-1814-1848-art-and-culture-in-the-bohemian-lands-1814-1848-2\/#primaryimage","url":"https:\/\/www.upm.cz\/wp-content\/uploads\/Biedermeier_cj_102.jpg","contentUrl":"https:\/\/www.upm.cz\/wp-content\/uploads\/Biedermeier_cj_102.jpg","width":837,"height":1000},{"@type":"BreadcrumbList","@id":"https:\/\/www.upm.cz\/eshop\/biedermeier-umeni-a-kultura-v-ceskych-zemich-1814-1848-art-and-culture-in-the-bohemian-lands-1814-1848-2\/#breadcrumb","itemListElement":[{"@type":"ListItem","position":1,"name":"Dom\u016f","item":"https:\/\/www.upm.cz\/"},{"@type":"ListItem","position":2,"name":"eshop","item":"https:\/\/www.upm.cz\/eshop\/"},{"@type":"ListItem","position":3,"name":"BIEDERMEIER. UM\u011aN\u00cd A&nbsp;KULTURA V&nbsp;\u010cESK\u00ddCH ZEM\u00cdCH 1814\u20131848 \/ ART AND CULTURE IN THE BOHEMIAN LANDS 1814\u20131848"}]},{"@type":"WebSite","@id":"https:\/\/www.upm.cz\/#website","url":"https:\/\/www.upm.cz\/","name":"Um\u011bleckopr\u016fmyslov\u00e9 museum v Praze","description":"","publisher":{"@id":"https:\/\/www.upm.cz\/#organization"},"potentialAction":[{"@type":"SearchAction","target":{"@type":"EntryPoint","urlTemplate":"https:\/\/www.upm.cz\/?s={search_term_string}"},"query-input":{"@type":"PropertyValueSpecification","valueRequired":true,"valueName":"search_term_string"}}],"inLanguage":"en-US"},{"@type":"Organization","@id":"https:\/\/www.upm.cz\/#organization","name":"Um\u011bleckopr\u016fmyslov\u00e9 museum v Praze","url":"https:\/\/www.upm.cz\/","logo":{"@type":"ImageObject","inLanguage":"en-US","@id":"https:\/\/www.upm.cz\/#\/schema\/logo\/image\/","url":"https:\/\/www.upm.cz\/wp-content\/uploads\/2020\/03\/logo_upm_cz.svg","contentUrl":"https:\/\/www.upm.cz\/wp-content\/uploads\/2020\/03\/logo_upm_cz.svg","width":1736,"height":295,"caption":"Um\u011bleckopr\u016fmyslov\u00e9 museum v Praze"},"image":{"@id":"https:\/\/www.upm.cz\/#\/schema\/logo\/image\/"}}]}},"_links":{"self":[{"href":"https:\/\/www.upm.cz\/an\/wp-json\/wp\/v2\/product\/7055","targetHints":{"allow":["GET"]}}],"collection":[{"href":"https:\/\/www.upm.cz\/an\/wp-json\/wp\/v2\/product"}],"about":[{"href":"https:\/\/www.upm.cz\/an\/wp-json\/wp\/v2\/types\/product"}],"wp:featuredmedia":[{"embeddable":true,"href":"https:\/\/www.upm.cz\/an\/wp-json\/wp\/v2\/media\/7053"}],"wp:attachment":[{"href":"https:\/\/www.upm.cz\/an\/wp-json\/wp\/v2\/media?parent=7055"}],"wp:term":[{"taxonomy":"product_brand","embeddable":true,"href":"https:\/\/www.upm.cz\/an\/wp-json\/wp\/v2\/product_brand?post=7055"},{"taxonomy":"product_cat","embeddable":true,"href":"https:\/\/www.upm.cz\/an\/wp-json\/wp\/v2\/product_cat?post=7055"},{"taxonomy":"product_tag","embeddable":true,"href":"https:\/\/www.upm.cz\/an\/wp-json\/wp\/v2\/product_tag?post=7055"}],"curies":[{"name":"wp","href":"https:\/\/api.w.org\/{rel}","templated":true}]}}