{"id":7063,"date":"2021-02-16T20:07:38","date_gmt":"2021-02-16T19:07:38","guid":{"rendered":"https:\/\/www.upm.cz\/?post_type=product&#038;p=7063"},"modified":"2026-01-20T14:58:39","modified_gmt":"2026-01-20T13:58:39","slug":"antonin-kybal","status":"publish","type":"product","link":"https:\/\/www.upm.cz\/an\/eshop\/antonin-kybal\/","title":{"rendered":"ANTON\u00cdN KYBAL"},"content":{"rendered":"<p>Prvn\u00ed komplexn\u00ed monografie Anton\u00edna Kybala (1901\u20131971), jedn\u00e9 z\u00a0nejv\u00fdznamn\u011bj\u0161\u00edch osobnost\u00ed \u010desk\u00e9ho designu textilu a\u00a0textiln\u00ed tvorby 20.\u00a0stolet\u00ed, dokumentuje a\u00a0p\u0159ibli\u017euje autorovo d\u00edlo ve velkoryse pojat\u00e9 publikaci s\u00a0reprezentativn\u00edm obrazov\u00fdm doprovodem. Hlavn\u00ed text Lucie Vl\u010dkov\u00e9 sleduje Kybalovo p\u016fsoben\u00ed v\u00a0kontextu dobov\u00e9ho um\u011bn\u00ed a\u00a0designu i\u00a0v\u00a0souvislostech jeho osobn\u00edho \u017eivota.<\/p>\n<p>Ve \u010dtrn\u00e1cti tematick\u00fdch kapitol\u00e1ch p\u0159edstavuje jednotliv\u00e9 tv\u016fr\u010d\u00ed etapy od po\u010d\u00e1tk\u016f spjat\u00fdch s\u00a0malbou, p\u0159es obrat k\u00a0designu textilu a\u00a0z\u0159\u00edzen\u00ed vlastn\u00edho ateli\u00e9ru a\u00a0d\u00edlen, a\u017e po\u00a0peripetie Kybalovy adaptace na pov\u00e1le\u010dnou situaci a\u00a0nov\u00e9 v\u00fdzvy emancipovan\u00e9ho textiln\u00edho d\u00edla. N\u011bkter\u00e9 z\u00a0kapitol poskytuj\u00ed d\u016fkladn\u011bj\u0161\u00ed exkurs do problematiky princip\u016f textiln\u00ed tvorby a\u00a0vymezen\u00ed role ornamentu, i\u00a0do obecn\u011bj\u0161\u00edch ot\u00e1zek bytov\u00e9 kultury. Samostatn\u00fd odd\u00edl Mark\u00e9ty Vinglerov\u00e9 je v\u011bnov\u00e1n pedagogick\u00e9mu p\u016fsoben\u00ed Anton\u00edna Kybala na Vysok\u00e9 \u0161kole um\u011bleckopr\u016fmyslov\u00e9 a\u00a0fenom\u00e9nu tzv.\u00a0Kybalovy \u0161koly. Obrazov\u00fd doprovod p\u0159edstavuje z\u00a0velk\u00e9 \u010d\u00e1sti dosud nepublikovan\u00e1 d\u00edla ze soukrom\u00fdch sb\u00edrek a\u00a0st\u00e1tn\u00edch instituc\u00ed (UPM v\u00a0Praze, MG v\u00a0Brn\u011b, MVU v\u00a0Olomouci a\u00a0dal\u0161\u00edch), kter\u00e1 dopl\u0148uj\u00ed cenn\u00e9 dobov\u00e9 dokumenta\u010dn\u00ed sn\u00edmky interi\u00e9r\u016f, zbo\u017e\u00ed a\u00a0osobn\u00ed fotografie. Bohat\u00e9 p\u0159\u00edlohy zahrnuj\u00ed biografii a\u00a0chronologii tvorby, v\u00fdb\u011brov\u00fd soupis Kybalovy \u00fa\u010dasti na v\u00fdstav\u00e1ch a\u00a0z\u00edskan\u00fdch ocen\u011bn\u00ed, dobovou obrazovou dokumentaci, seznam vyobrazen\u00ed, bibliografii a\u00a0jmenn\u00fd rejst\u0159\u00edk.<\/p>","protected":false},"excerpt":{"rendered":"<p>vydavatel\u00e9: UPM a&nbsp;Karel Kerlick\u00fd \u2013 KANT 2017<br \/>\nautorka koncepce, editorka: Lucie Vl\u010dkov\u00e1<br \/>\ntexty: Lucie Vl\u010dkov\u00e1, Mark\u00e9ta Vinglerov\u00e1, Alice Hekrdlov\u00e1<br \/>\nvyd\u00e1n\u00ed: \u010desk\u00e9 s\u00a0anglick\u00fdm resum\u00e9<br \/>\nform\u00e1t: 28,7 x 24,5 cm, pevn\u00e1 vazba<br \/>\npo\u010det stran: 288<br \/>\npo\u010det\u00a0reprodukc\u00ed: 322<br \/>\nISBN 978-80-7101-166-8 (UPM)<br \/>\nISBN: 978-80-7437-223-0 (KANT)<\/p>","protected":false},"featured_media":1993,"template":"","meta":{"_acf_changed":false},"product_brand":[],"product_cat":[45],"product_tag":[],"class_list":{"0":"post-7063","1":"product","2":"type-product","3":"status-publish","4":"has-post-thumbnail","6":"product_cat-knihy","8":"first","9":"instock","10":"sale","11":"shipping-taxable","12":"purchasable","13":"product-type-simple"},"acf":[],"yoast_head":"<!-- This site is optimized with the Yoast SEO plugin v26.9 - https:\/\/yoast.com\/product\/yoast-seo-wordpress\/ -->\n<title>ANTON\u00cdN KYBAL - Um\u011bleckopr\u016fmyslov\u00e9 museum v Praze<\/title>\n<meta name=\"description\" content=\"Prvn\u00ed komplexn\u00ed monografie Anton\u00edna Kybala (1901\u20131971), jedn\u00e9 z\u00a0nejv\u00fdznamn\u011bj\u0161\u00edch osobnost\u00ed \u010desk\u00e9ho designu textilu a\u00a0textiln\u00ed tvorby 20.\u00a0stolet\u00ed, dokumentuje a\u00a0p\u0159ibli\u017euje autorovo d\u00edlo ve velkoryse pojat\u00e9 publikaci s\u00a0reprezentativn\u00edm obrazov\u00fdm doprovodem. Hlavn\u00ed text Lucie Vl\u010dkov\u00e9 sleduje Kybalovo p\u016fsoben\u00ed v\u00a0kontextu dobov\u00e9ho um\u011bn\u00ed a\u00a0designu i\u00a0v\u00a0souvislostech jeho osobn\u00edho \u017eivota.\" \/>\n<meta name=\"robots\" content=\"noindex, nofollow\" \/>\n<meta property=\"og:locale\" content=\"en_US\" \/>\n<meta property=\"og:type\" content=\"article\" \/>\n<meta property=\"og:title\" content=\"ANTON\u00cdN KYBAL - Um\u011bleckopr\u016fmyslov\u00e9 museum v Praze\" \/>\n<meta property=\"og:description\" content=\"Prvn\u00ed komplexn\u00ed monografie Anton\u00edna Kybala (1901\u20131971), jedn\u00e9 z\u00a0nejv\u00fdznamn\u011bj\u0161\u00edch osobnost\u00ed \u010desk\u00e9ho designu textilu a\u00a0textiln\u00ed tvorby 20.\u00a0stolet\u00ed, dokumentuje a\u00a0p\u0159ibli\u017euje autorovo d\u00edlo ve velkoryse pojat\u00e9 publikaci s\u00a0reprezentativn\u00edm obrazov\u00fdm doprovodem. Hlavn\u00ed text Lucie Vl\u010dkov\u00e9 sleduje Kybalovo p\u016fsoben\u00ed v\u00a0kontextu dobov\u00e9ho um\u011bn\u00ed a\u00a0designu i\u00a0v\u00a0souvislostech jeho osobn\u00edho \u017eivota.\" \/>\n<meta property=\"og:url\" content=\"https:\/\/www.upm.cz\/an\/eshop\/antonin-kybal\/\" \/>\n<meta property=\"og:site_name\" content=\"Um\u011bleckopr\u016fmyslov\u00e9 museum v Praze\" \/>\n<meta property=\"article:modified_time\" content=\"2026-01-20T13:58:39+00:00\" \/>\n<meta property=\"og:image\" content=\"https:\/\/www.upm.cz\/wp-content\/uploads\/626.jpg\" \/>\n\t<meta property=\"og:image:width\" content=\"685\" \/>\n\t<meta property=\"og:image:height\" content=\"800\" \/>\n\t<meta property=\"og:image:type\" content=\"image\/jpeg\" \/>\n<meta name=\"twitter:card\" content=\"summary_large_image\" \/>\n<meta name=\"twitter:label1\" content=\"Est. reading time\" \/>\n\t<meta name=\"twitter:data1\" content=\"2 minutes\" \/>\n<script type=\"application\/ld+json\" class=\"yoast-schema-graph\">{\"@context\":\"https:\/\/schema.org\",\"@graph\":[{\"@type\":\"WebPage\",\"@id\":\"https:\/\/www.upm.cz\/eshop\/antonin-kybal\/\",\"url\":\"https:\/\/www.upm.cz\/eshop\/antonin-kybal\/\",\"name\":\"ANTON\u00cdN KYBAL - Um\u011bleckopr\u016fmyslov\u00e9 museum v Praze\",\"isPartOf\":{\"@id\":\"https:\/\/www.upm.cz\/#website\"},\"primaryImageOfPage\":{\"@id\":\"https:\/\/www.upm.cz\/eshop\/antonin-kybal\/#primaryimage\"},\"image\":{\"@id\":\"https:\/\/www.upm.cz\/eshop\/antonin-kybal\/#primaryimage\"},\"thumbnailUrl\":\"https:\/\/www.upm.cz\/wp-content\/uploads\/626.jpg\",\"datePublished\":\"2021-02-16T19:07:38+00:00\",\"dateModified\":\"2026-01-20T13:58:39+00:00\",\"description\":\"Prvn\u00ed komplexn\u00ed monografie Anton\u00edna Kybala (1901\u20131971), jedn\u00e9 z\u00a0nejv\u00fdznamn\u011bj\u0161\u00edch osobnost\u00ed \u010desk\u00e9ho designu textilu a\u00a0textiln\u00ed tvorby 20.\u00a0stolet\u00ed, dokumentuje a\u00a0p\u0159ibli\u017euje autorovo d\u00edlo ve velkoryse pojat\u00e9 publikaci s\u00a0reprezentativn\u00edm obrazov\u00fdm doprovodem. Hlavn\u00ed text Lucie Vl\u010dkov\u00e9 sleduje Kybalovo p\u016fsoben\u00ed v\u00a0kontextu dobov\u00e9ho um\u011bn\u00ed a\u00a0designu i\u00a0v\u00a0souvislostech jeho osobn\u00edho \u017eivota.\",\"breadcrumb\":{\"@id\":\"https:\/\/www.upm.cz\/eshop\/antonin-kybal\/#breadcrumb\"},\"inLanguage\":\"en-US\",\"potentialAction\":[{\"@type\":\"ReadAction\",\"target\":[\"https:\/\/www.upm.cz\/eshop\/antonin-kybal\/\"]}]},{\"@type\":\"ImageObject\",\"inLanguage\":\"en-US\",\"@id\":\"https:\/\/www.upm.cz\/eshop\/antonin-kybal\/#primaryimage\",\"url\":\"https:\/\/www.upm.cz\/wp-content\/uploads\/626.jpg\",\"contentUrl\":\"https:\/\/www.upm.cz\/wp-content\/uploads\/626.jpg\",\"width\":685,\"height\":800},{\"@type\":\"BreadcrumbList\",\"@id\":\"https:\/\/www.upm.cz\/eshop\/antonin-kybal\/#breadcrumb\",\"itemListElement\":[{\"@type\":\"ListItem\",\"position\":1,\"name\":\"Dom\u016f\",\"item\":\"https:\/\/www.upm.cz\/\"},{\"@type\":\"ListItem\",\"position\":2,\"name\":\"eshop\",\"item\":\"https:\/\/www.upm.cz\/eshop\/\"},{\"@type\":\"ListItem\",\"position\":3,\"name\":\"ANTON\u00cdN KYBAL\"}]},{\"@type\":\"WebSite\",\"@id\":\"https:\/\/www.upm.cz\/#website\",\"url\":\"https:\/\/www.upm.cz\/\",\"name\":\"Um\u011bleckopr\u016fmyslov\u00e9 museum v Praze\",\"description\":\"\",\"publisher\":{\"@id\":\"https:\/\/www.upm.cz\/#organization\"},\"potentialAction\":[{\"@type\":\"SearchAction\",\"target\":{\"@type\":\"EntryPoint\",\"urlTemplate\":\"https:\/\/www.upm.cz\/?s={search_term_string}\"},\"query-input\":{\"@type\":\"PropertyValueSpecification\",\"valueRequired\":true,\"valueName\":\"search_term_string\"}}],\"inLanguage\":\"en-US\"},{\"@type\":\"Organization\",\"@id\":\"https:\/\/www.upm.cz\/#organization\",\"name\":\"Um\u011bleckopr\u016fmyslov\u00e9 museum v Praze\",\"url\":\"https:\/\/www.upm.cz\/\",\"logo\":{\"@type\":\"ImageObject\",\"inLanguage\":\"en-US\",\"@id\":\"https:\/\/www.upm.cz\/#\/schema\/logo\/image\/\",\"url\":\"https:\/\/www.upm.cz\/wp-content\/uploads\/2020\/03\/logo_upm_cz.svg\",\"contentUrl\":\"https:\/\/www.upm.cz\/wp-content\/uploads\/2020\/03\/logo_upm_cz.svg\",\"width\":1736,\"height\":295,\"caption\":\"Um\u011bleckopr\u016fmyslov\u00e9 museum v Praze\"},\"image\":{\"@id\":\"https:\/\/www.upm.cz\/#\/schema\/logo\/image\/\"}}]}<\/script>\n<!-- \/ Yoast SEO plugin. -->","yoast_head_json":{"title":"ANTON\u00cdN KYBAL - Um\u011bleckopr\u016fmyslov\u00e9 museum v Praze","description":"Prvn\u00ed komplexn\u00ed monografie Anton\u00edna Kybala (1901\u20131971), jedn\u00e9 z\u00a0nejv\u00fdznamn\u011bj\u0161\u00edch osobnost\u00ed \u010desk\u00e9ho designu textilu a\u00a0textiln\u00ed tvorby 20.\u00a0stolet\u00ed, dokumentuje a\u00a0p\u0159ibli\u017euje autorovo d\u00edlo ve velkoryse pojat\u00e9 publikaci s\u00a0reprezentativn\u00edm obrazov\u00fdm doprovodem. Hlavn\u00ed text Lucie Vl\u010dkov\u00e9 sleduje Kybalovo p\u016fsoben\u00ed v\u00a0kontextu dobov\u00e9ho um\u011bn\u00ed a\u00a0designu i\u00a0v\u00a0souvislostech jeho osobn\u00edho \u017eivota.","robots":{"index":"noindex","follow":"nofollow"},"og_locale":"en_US","og_type":"article","og_title":"ANTON\u00cdN KYBAL - Um\u011bleckopr\u016fmyslov\u00e9 museum v Praze","og_description":"Prvn\u00ed komplexn\u00ed monografie Anton\u00edna Kybala (1901\u20131971), jedn\u00e9 z\u00a0nejv\u00fdznamn\u011bj\u0161\u00edch osobnost\u00ed \u010desk\u00e9ho designu textilu a\u00a0textiln\u00ed tvorby 20.\u00a0stolet\u00ed, dokumentuje a\u00a0p\u0159ibli\u017euje autorovo d\u00edlo ve velkoryse pojat\u00e9 publikaci s\u00a0reprezentativn\u00edm obrazov\u00fdm doprovodem. Hlavn\u00ed text Lucie Vl\u010dkov\u00e9 sleduje Kybalovo p\u016fsoben\u00ed v\u00a0kontextu dobov\u00e9ho um\u011bn\u00ed a\u00a0designu i\u00a0v\u00a0souvislostech jeho osobn\u00edho \u017eivota.","og_url":"https:\/\/www.upm.cz\/an\/eshop\/antonin-kybal\/","og_site_name":"Um\u011bleckopr\u016fmyslov\u00e9 museum v Praze","article_modified_time":"2026-01-20T13:58:39+00:00","og_image":[{"width":685,"height":800,"url":"https:\/\/www.upm.cz\/wp-content\/uploads\/626.jpg","type":"image\/jpeg"}],"twitter_card":"summary_large_image","twitter_misc":{"Est. reading time":"2 minutes"},"schema":{"@context":"https:\/\/schema.org","@graph":[{"@type":"WebPage","@id":"https:\/\/www.upm.cz\/eshop\/antonin-kybal\/","url":"https:\/\/www.upm.cz\/eshop\/antonin-kybal\/","name":"ANTON\u00cdN KYBAL - Um\u011bleckopr\u016fmyslov\u00e9 museum v Praze","isPartOf":{"@id":"https:\/\/www.upm.cz\/#website"},"primaryImageOfPage":{"@id":"https:\/\/www.upm.cz\/eshop\/antonin-kybal\/#primaryimage"},"image":{"@id":"https:\/\/www.upm.cz\/eshop\/antonin-kybal\/#primaryimage"},"thumbnailUrl":"https:\/\/www.upm.cz\/wp-content\/uploads\/626.jpg","datePublished":"2021-02-16T19:07:38+00:00","dateModified":"2026-01-20T13:58:39+00:00","description":"Prvn\u00ed komplexn\u00ed monografie Anton\u00edna Kybala (1901\u20131971), jedn\u00e9 z\u00a0nejv\u00fdznamn\u011bj\u0161\u00edch osobnost\u00ed \u010desk\u00e9ho designu textilu a\u00a0textiln\u00ed tvorby 20.\u00a0stolet\u00ed, dokumentuje a\u00a0p\u0159ibli\u017euje autorovo d\u00edlo ve velkoryse pojat\u00e9 publikaci s\u00a0reprezentativn\u00edm obrazov\u00fdm doprovodem. Hlavn\u00ed text Lucie Vl\u010dkov\u00e9 sleduje Kybalovo p\u016fsoben\u00ed v\u00a0kontextu dobov\u00e9ho um\u011bn\u00ed a\u00a0designu i\u00a0v\u00a0souvislostech jeho osobn\u00edho \u017eivota.","breadcrumb":{"@id":"https:\/\/www.upm.cz\/eshop\/antonin-kybal\/#breadcrumb"},"inLanguage":"en-US","potentialAction":[{"@type":"ReadAction","target":["https:\/\/www.upm.cz\/eshop\/antonin-kybal\/"]}]},{"@type":"ImageObject","inLanguage":"en-US","@id":"https:\/\/www.upm.cz\/eshop\/antonin-kybal\/#primaryimage","url":"https:\/\/www.upm.cz\/wp-content\/uploads\/626.jpg","contentUrl":"https:\/\/www.upm.cz\/wp-content\/uploads\/626.jpg","width":685,"height":800},{"@type":"BreadcrumbList","@id":"https:\/\/www.upm.cz\/eshop\/antonin-kybal\/#breadcrumb","itemListElement":[{"@type":"ListItem","position":1,"name":"Dom\u016f","item":"https:\/\/www.upm.cz\/"},{"@type":"ListItem","position":2,"name":"eshop","item":"https:\/\/www.upm.cz\/eshop\/"},{"@type":"ListItem","position":3,"name":"ANTON\u00cdN KYBAL"}]},{"@type":"WebSite","@id":"https:\/\/www.upm.cz\/#website","url":"https:\/\/www.upm.cz\/","name":"Um\u011bleckopr\u016fmyslov\u00e9 museum v Praze","description":"","publisher":{"@id":"https:\/\/www.upm.cz\/#organization"},"potentialAction":[{"@type":"SearchAction","target":{"@type":"EntryPoint","urlTemplate":"https:\/\/www.upm.cz\/?s={search_term_string}"},"query-input":{"@type":"PropertyValueSpecification","valueRequired":true,"valueName":"search_term_string"}}],"inLanguage":"en-US"},{"@type":"Organization","@id":"https:\/\/www.upm.cz\/#organization","name":"Um\u011bleckopr\u016fmyslov\u00e9 museum v Praze","url":"https:\/\/www.upm.cz\/","logo":{"@type":"ImageObject","inLanguage":"en-US","@id":"https:\/\/www.upm.cz\/#\/schema\/logo\/image\/","url":"https:\/\/www.upm.cz\/wp-content\/uploads\/2020\/03\/logo_upm_cz.svg","contentUrl":"https:\/\/www.upm.cz\/wp-content\/uploads\/2020\/03\/logo_upm_cz.svg","width":1736,"height":295,"caption":"Um\u011bleckopr\u016fmyslov\u00e9 museum v Praze"},"image":{"@id":"https:\/\/www.upm.cz\/#\/schema\/logo\/image\/"}}]}},"_links":{"self":[{"href":"https:\/\/www.upm.cz\/an\/wp-json\/wp\/v2\/product\/7063","targetHints":{"allow":["GET"]}}],"collection":[{"href":"https:\/\/www.upm.cz\/an\/wp-json\/wp\/v2\/product"}],"about":[{"href":"https:\/\/www.upm.cz\/an\/wp-json\/wp\/v2\/types\/product"}],"wp:featuredmedia":[{"embeddable":true,"href":"https:\/\/www.upm.cz\/an\/wp-json\/wp\/v2\/media\/1993"}],"wp:attachment":[{"href":"https:\/\/www.upm.cz\/an\/wp-json\/wp\/v2\/media?parent=7063"}],"wp:term":[{"taxonomy":"product_brand","embeddable":true,"href":"https:\/\/www.upm.cz\/an\/wp-json\/wp\/v2\/product_brand?post=7063"},{"taxonomy":"product_cat","embeddable":true,"href":"https:\/\/www.upm.cz\/an\/wp-json\/wp\/v2\/product_cat?post=7063"},{"taxonomy":"product_tag","embeddable":true,"href":"https:\/\/www.upm.cz\/an\/wp-json\/wp\/v2\/product_tag?post=7063"}],"curies":[{"name":"wp","href":"https:\/\/api.w.org\/{rel}","templated":true}]}}