{"id":7065,"date":"2021-02-16T20:12:33","date_gmt":"2021-02-16T19:12:33","guid":{"rendered":"https:\/\/www.upm.cz\/?post_type=product&#038;p=7065"},"modified":"2026-01-26T07:18:57","modified_gmt":"2026-01-26T06:18:57","slug":"vaclav-cigler","status":"publish","type":"product","link":"https:\/\/www.upm.cz\/an\/eshop\/vaclav-cigler\/","title":{"rendered":"V\u00c1CLAV CIGLER"},"content":{"rendered":"<p>V\u00e1clav Cigler (*1929) je um\u011blec a\u00a0design\u00e9r, kter\u00e9mu sv\u011btov\u00fd v\u011bhlas p\u0159inesly zejm\u00e9na plastiky z\u00a0optick\u00e9ho skla.\u00a0Sv\u00e9 vizion\u00e1\u0159sk\u00e9 technologick\u00e9 uva\u017eov\u00e1n\u00ed uplatnil tak\u00e9 v\u00a0oblasti designu u\u017eitkov\u00e9ho skla, sv\u011bteln\u00fdch syst\u00e9m\u016f, \u0161perku a\u00a0nafukovac\u00edch struktur, kter\u00e9 kniha za\u0159azuje do dobov\u00e9ho kontextu. D\u016fraz je kladen na kresbu jako kl\u00ed\u010d k\u00a0pochopen\u00ed r\u016fznorod\u00e9ho Ciglerova d\u00edla.<\/p>","protected":false},"excerpt":{"rendered":"<p>vydavatel\u00e9: UPM v&nbsp;Praze a&nbsp;Arbor vitae, 2014<br \/>\ntexty: Lada Hubatov\u00e1 Vackov\u00e1, Iva Knobloch<br \/>\nvyd\u00e1n\u00ed: \u010desk\u00e9 a&nbsp;anglick\u00e9<br \/>\nform\u00e1t: 24,5 x 21 cm, m\u011bkk\u00e1 vazba<br \/>\npo\u010det stran: 354<br \/>\npo\u010det\u00a0reprodukc\u00ed: 255<br \/>\nISBN: 978-80-7101-152-1 (UPM \u010dj)<br \/>\nISBN: 978-80-7101-153-8 (UPM aj)<\/p>","protected":false},"featured_media":2082,"template":"","meta":{"_acf_changed":false},"product_brand":[],"product_cat":[45],"product_tag":[],"class_list":{"0":"post-7065","1":"product","2":"type-product","3":"status-publish","4":"has-post-thumbnail","6":"product_cat-knihy","8":"first","9":"instock","10":"shipping-taxable","11":"purchasable","12":"product-type-variable","13":"has-default-attributes"},"acf":[],"yoast_head":"<!-- This site is optimized with the Yoast SEO plugin v26.9 - https:\/\/yoast.com\/product\/yoast-seo-wordpress\/ -->\n<title>V\u00c1CLAV CIGLER - Um\u011bleckopr\u016fmyslov\u00e9 museum v Praze<\/title>\n<meta name=\"description\" content=\"V\u00e1clav Cigler (*1929) je um\u011blec a\u00a0design\u00e9r, kter\u00e9mu sv\u011btov\u00fd v\u011bhlas p\u0159inesly zejm\u00e9na plastiky z\u00a0optick\u00e9ho skla.\u00a0Sv\u00e9 vizion\u00e1\u0159sk\u00e9 technologick\u00e9 uva\u017eov\u00e1n\u00ed uplatnil tak\u00e9 v\u00a0oblasti designu u\u017eitkov\u00e9ho skla, sv\u011bteln\u00fdch syst\u00e9m\u016f, \u0161perku a\u00a0nafukovac\u00edch struktur, kter\u00e9 kniha za\u0159azuje do dobov\u00e9ho kontextu. D\u016fraz je kladen na kresbu jako kl\u00ed\u010d k\u00a0pochopen\u00ed r\u016fznorod\u00e9ho Ciglerova d\u00edla.\" \/>\n<meta name=\"robots\" content=\"noindex, nofollow\" \/>\n<meta property=\"og:locale\" content=\"en_US\" \/>\n<meta property=\"og:type\" content=\"article\" \/>\n<meta property=\"og:title\" content=\"V\u00c1CLAV CIGLER - Um\u011bleckopr\u016fmyslov\u00e9 museum v Praze\" \/>\n<meta property=\"og:description\" content=\"V\u00e1clav Cigler (*1929) je um\u011blec a\u00a0design\u00e9r, kter\u00e9mu sv\u011btov\u00fd v\u011bhlas p\u0159inesly zejm\u00e9na plastiky z\u00a0optick\u00e9ho skla.\u00a0Sv\u00e9 vizion\u00e1\u0159sk\u00e9 technologick\u00e9 uva\u017eov\u00e1n\u00ed uplatnil tak\u00e9 v\u00a0oblasti designu u\u017eitkov\u00e9ho skla, sv\u011bteln\u00fdch syst\u00e9m\u016f, \u0161perku a\u00a0nafukovac\u00edch struktur, kter\u00e9 kniha za\u0159azuje do dobov\u00e9ho kontextu. D\u016fraz je kladen na kresbu jako kl\u00ed\u010d k\u00a0pochopen\u00ed r\u016fznorod\u00e9ho Ciglerova d\u00edla.\" \/>\n<meta property=\"og:url\" content=\"https:\/\/www.upm.cz\/an\/eshop\/vaclav-cigler\/\" \/>\n<meta property=\"og:site_name\" content=\"Um\u011bleckopr\u016fmyslov\u00e9 museum v Praze\" \/>\n<meta property=\"article:modified_time\" content=\"2026-01-26T06:18:57+00:00\" \/>\n<meta property=\"og:image\" content=\"https:\/\/www.upm.cz\/wp-content\/uploads\/1557237606-cigler_3_obalka_imgp0091.jpg\" \/>\n\t<meta property=\"og:image:width\" content=\"1754\" \/>\n\t<meta property=\"og:image:height\" content=\"2000\" \/>\n\t<meta property=\"og:image:type\" content=\"image\/jpeg\" \/>\n<meta name=\"twitter:card\" content=\"summary_large_image\" \/>\n<meta name=\"twitter:label1\" content=\"Est. reading time\" \/>\n\t<meta name=\"twitter:data1\" content=\"1 minute\" \/>\n<script type=\"application\/ld+json\" class=\"yoast-schema-graph\">{\"@context\":\"https:\/\/schema.org\",\"@graph\":[{\"@type\":\"WebPage\",\"@id\":\"https:\/\/www.upm.cz\/eshop\/vaclav-cigler\/\",\"url\":\"https:\/\/www.upm.cz\/eshop\/vaclav-cigler\/\",\"name\":\"V\u00c1CLAV CIGLER - Um\u011bleckopr\u016fmyslov\u00e9 museum v Praze\",\"isPartOf\":{\"@id\":\"https:\/\/www.upm.cz\/#website\"},\"primaryImageOfPage\":{\"@id\":\"https:\/\/www.upm.cz\/eshop\/vaclav-cigler\/#primaryimage\"},\"image\":{\"@id\":\"https:\/\/www.upm.cz\/eshop\/vaclav-cigler\/#primaryimage\"},\"thumbnailUrl\":\"https:\/\/www.upm.cz\/wp-content\/uploads\/1557237606-cigler_3_obalka_imgp0091.jpg\",\"datePublished\":\"2021-02-16T19:12:33+00:00\",\"dateModified\":\"2026-01-26T06:18:57+00:00\",\"description\":\"V\u00e1clav Cigler (*1929) je um\u011blec a\u00a0design\u00e9r, kter\u00e9mu sv\u011btov\u00fd v\u011bhlas p\u0159inesly zejm\u00e9na plastiky z\u00a0optick\u00e9ho skla.\u00a0Sv\u00e9 vizion\u00e1\u0159sk\u00e9 technologick\u00e9 uva\u017eov\u00e1n\u00ed uplatnil tak\u00e9 v\u00a0oblasti designu u\u017eitkov\u00e9ho skla, sv\u011bteln\u00fdch syst\u00e9m\u016f, \u0161perku a\u00a0nafukovac\u00edch struktur, kter\u00e9 kniha za\u0159azuje do dobov\u00e9ho kontextu. D\u016fraz je kladen na kresbu jako kl\u00ed\u010d k\u00a0pochopen\u00ed r\u016fznorod\u00e9ho Ciglerova d\u00edla.\",\"breadcrumb\":{\"@id\":\"https:\/\/www.upm.cz\/eshop\/vaclav-cigler\/#breadcrumb\"},\"inLanguage\":\"en-US\",\"potentialAction\":[{\"@type\":\"ReadAction\",\"target\":[\"https:\/\/www.upm.cz\/eshop\/vaclav-cigler\/\"]}]},{\"@type\":\"ImageObject\",\"inLanguage\":\"en-US\",\"@id\":\"https:\/\/www.upm.cz\/eshop\/vaclav-cigler\/#primaryimage\",\"url\":\"https:\/\/www.upm.cz\/wp-content\/uploads\/1557237606-cigler_3_obalka_imgp0091.jpg\",\"contentUrl\":\"https:\/\/www.upm.cz\/wp-content\/uploads\/1557237606-cigler_3_obalka_imgp0091.jpg\",\"width\":1754,\"height\":2000},{\"@type\":\"BreadcrumbList\",\"@id\":\"https:\/\/www.upm.cz\/eshop\/vaclav-cigler\/#breadcrumb\",\"itemListElement\":[{\"@type\":\"ListItem\",\"position\":1,\"name\":\"Dom\u016f\",\"item\":\"https:\/\/www.upm.cz\/\"},{\"@type\":\"ListItem\",\"position\":2,\"name\":\"eshop\",\"item\":\"https:\/\/www.upm.cz\/eshop\/\"},{\"@type\":\"ListItem\",\"position\":3,\"name\":\"V\u00c1CLAV CIGLER\"}]},{\"@type\":\"WebSite\",\"@id\":\"https:\/\/www.upm.cz\/#website\",\"url\":\"https:\/\/www.upm.cz\/\",\"name\":\"Um\u011bleckopr\u016fmyslov\u00e9 museum v Praze\",\"description\":\"\",\"publisher\":{\"@id\":\"https:\/\/www.upm.cz\/#organization\"},\"potentialAction\":[{\"@type\":\"SearchAction\",\"target\":{\"@type\":\"EntryPoint\",\"urlTemplate\":\"https:\/\/www.upm.cz\/?s={search_term_string}\"},\"query-input\":{\"@type\":\"PropertyValueSpecification\",\"valueRequired\":true,\"valueName\":\"search_term_string\"}}],\"inLanguage\":\"en-US\"},{\"@type\":\"Organization\",\"@id\":\"https:\/\/www.upm.cz\/#organization\",\"name\":\"Um\u011bleckopr\u016fmyslov\u00e9 museum v Praze\",\"url\":\"https:\/\/www.upm.cz\/\",\"logo\":{\"@type\":\"ImageObject\",\"inLanguage\":\"en-US\",\"@id\":\"https:\/\/www.upm.cz\/#\/schema\/logo\/image\/\",\"url\":\"https:\/\/www.upm.cz\/wp-content\/uploads\/2020\/03\/logo_upm_cz.svg\",\"contentUrl\":\"https:\/\/www.upm.cz\/wp-content\/uploads\/2020\/03\/logo_upm_cz.svg\",\"width\":1736,\"height\":295,\"caption\":\"Um\u011bleckopr\u016fmyslov\u00e9 museum v Praze\"},\"image\":{\"@id\":\"https:\/\/www.upm.cz\/#\/schema\/logo\/image\/\"}}]}<\/script>\n<!-- \/ Yoast SEO plugin. -->","yoast_head_json":{"title":"V\u00c1CLAV CIGLER - Um\u011bleckopr\u016fmyslov\u00e9 museum v Praze","description":"V\u00e1clav Cigler (*1929) je um\u011blec a\u00a0design\u00e9r, kter\u00e9mu sv\u011btov\u00fd v\u011bhlas p\u0159inesly zejm\u00e9na plastiky z\u00a0optick\u00e9ho skla.\u00a0Sv\u00e9 vizion\u00e1\u0159sk\u00e9 technologick\u00e9 uva\u017eov\u00e1n\u00ed uplatnil tak\u00e9 v\u00a0oblasti designu u\u017eitkov\u00e9ho skla, sv\u011bteln\u00fdch syst\u00e9m\u016f, \u0161perku a\u00a0nafukovac\u00edch struktur, kter\u00e9 kniha za\u0159azuje do dobov\u00e9ho kontextu. D\u016fraz je kladen na kresbu jako kl\u00ed\u010d k\u00a0pochopen\u00ed r\u016fznorod\u00e9ho Ciglerova d\u00edla.","robots":{"index":"noindex","follow":"nofollow"},"og_locale":"en_US","og_type":"article","og_title":"V\u00c1CLAV CIGLER - Um\u011bleckopr\u016fmyslov\u00e9 museum v Praze","og_description":"V\u00e1clav Cigler (*1929) je um\u011blec a\u00a0design\u00e9r, kter\u00e9mu sv\u011btov\u00fd v\u011bhlas p\u0159inesly zejm\u00e9na plastiky z\u00a0optick\u00e9ho skla.\u00a0Sv\u00e9 vizion\u00e1\u0159sk\u00e9 technologick\u00e9 uva\u017eov\u00e1n\u00ed uplatnil tak\u00e9 v\u00a0oblasti designu u\u017eitkov\u00e9ho skla, sv\u011bteln\u00fdch syst\u00e9m\u016f, \u0161perku a\u00a0nafukovac\u00edch struktur, kter\u00e9 kniha za\u0159azuje do dobov\u00e9ho kontextu. D\u016fraz je kladen na kresbu jako kl\u00ed\u010d k\u00a0pochopen\u00ed r\u016fznorod\u00e9ho Ciglerova d\u00edla.","og_url":"https:\/\/www.upm.cz\/an\/eshop\/vaclav-cigler\/","og_site_name":"Um\u011bleckopr\u016fmyslov\u00e9 museum v Praze","article_modified_time":"2026-01-26T06:18:57+00:00","og_image":[{"width":1754,"height":2000,"url":"https:\/\/www.upm.cz\/wp-content\/uploads\/1557237606-cigler_3_obalka_imgp0091.jpg","type":"image\/jpeg"}],"twitter_card":"summary_large_image","twitter_misc":{"Est. reading time":"1 minute"},"schema":{"@context":"https:\/\/schema.org","@graph":[{"@type":"WebPage","@id":"https:\/\/www.upm.cz\/eshop\/vaclav-cigler\/","url":"https:\/\/www.upm.cz\/eshop\/vaclav-cigler\/","name":"V\u00c1CLAV CIGLER - Um\u011bleckopr\u016fmyslov\u00e9 museum v Praze","isPartOf":{"@id":"https:\/\/www.upm.cz\/#website"},"primaryImageOfPage":{"@id":"https:\/\/www.upm.cz\/eshop\/vaclav-cigler\/#primaryimage"},"image":{"@id":"https:\/\/www.upm.cz\/eshop\/vaclav-cigler\/#primaryimage"},"thumbnailUrl":"https:\/\/www.upm.cz\/wp-content\/uploads\/1557237606-cigler_3_obalka_imgp0091.jpg","datePublished":"2021-02-16T19:12:33+00:00","dateModified":"2026-01-26T06:18:57+00:00","description":"V\u00e1clav Cigler (*1929) je um\u011blec a\u00a0design\u00e9r, kter\u00e9mu sv\u011btov\u00fd v\u011bhlas p\u0159inesly zejm\u00e9na plastiky z\u00a0optick\u00e9ho skla.\u00a0Sv\u00e9 vizion\u00e1\u0159sk\u00e9 technologick\u00e9 uva\u017eov\u00e1n\u00ed uplatnil tak\u00e9 v\u00a0oblasti designu u\u017eitkov\u00e9ho skla, sv\u011bteln\u00fdch syst\u00e9m\u016f, \u0161perku a\u00a0nafukovac\u00edch struktur, kter\u00e9 kniha za\u0159azuje do dobov\u00e9ho kontextu. D\u016fraz je kladen na kresbu jako kl\u00ed\u010d k\u00a0pochopen\u00ed r\u016fznorod\u00e9ho Ciglerova d\u00edla.","breadcrumb":{"@id":"https:\/\/www.upm.cz\/eshop\/vaclav-cigler\/#breadcrumb"},"inLanguage":"en-US","potentialAction":[{"@type":"ReadAction","target":["https:\/\/www.upm.cz\/eshop\/vaclav-cigler\/"]}]},{"@type":"ImageObject","inLanguage":"en-US","@id":"https:\/\/www.upm.cz\/eshop\/vaclav-cigler\/#primaryimage","url":"https:\/\/www.upm.cz\/wp-content\/uploads\/1557237606-cigler_3_obalka_imgp0091.jpg","contentUrl":"https:\/\/www.upm.cz\/wp-content\/uploads\/1557237606-cigler_3_obalka_imgp0091.jpg","width":1754,"height":2000},{"@type":"BreadcrumbList","@id":"https:\/\/www.upm.cz\/eshop\/vaclav-cigler\/#breadcrumb","itemListElement":[{"@type":"ListItem","position":1,"name":"Dom\u016f","item":"https:\/\/www.upm.cz\/"},{"@type":"ListItem","position":2,"name":"eshop","item":"https:\/\/www.upm.cz\/eshop\/"},{"@type":"ListItem","position":3,"name":"V\u00c1CLAV CIGLER"}]},{"@type":"WebSite","@id":"https:\/\/www.upm.cz\/#website","url":"https:\/\/www.upm.cz\/","name":"Um\u011bleckopr\u016fmyslov\u00e9 museum v Praze","description":"","publisher":{"@id":"https:\/\/www.upm.cz\/#organization"},"potentialAction":[{"@type":"SearchAction","target":{"@type":"EntryPoint","urlTemplate":"https:\/\/www.upm.cz\/?s={search_term_string}"},"query-input":{"@type":"PropertyValueSpecification","valueRequired":true,"valueName":"search_term_string"}}],"inLanguage":"en-US"},{"@type":"Organization","@id":"https:\/\/www.upm.cz\/#organization","name":"Um\u011bleckopr\u016fmyslov\u00e9 museum v Praze","url":"https:\/\/www.upm.cz\/","logo":{"@type":"ImageObject","inLanguage":"en-US","@id":"https:\/\/www.upm.cz\/#\/schema\/logo\/image\/","url":"https:\/\/www.upm.cz\/wp-content\/uploads\/2020\/03\/logo_upm_cz.svg","contentUrl":"https:\/\/www.upm.cz\/wp-content\/uploads\/2020\/03\/logo_upm_cz.svg","width":1736,"height":295,"caption":"Um\u011bleckopr\u016fmyslov\u00e9 museum v Praze"},"image":{"@id":"https:\/\/www.upm.cz\/#\/schema\/logo\/image\/"}}]}},"_links":{"self":[{"href":"https:\/\/www.upm.cz\/an\/wp-json\/wp\/v2\/product\/7065","targetHints":{"allow":["GET"]}}],"collection":[{"href":"https:\/\/www.upm.cz\/an\/wp-json\/wp\/v2\/product"}],"about":[{"href":"https:\/\/www.upm.cz\/an\/wp-json\/wp\/v2\/types\/product"}],"wp:featuredmedia":[{"embeddable":true,"href":"https:\/\/www.upm.cz\/an\/wp-json\/wp\/v2\/media\/2082"}],"wp:attachment":[{"href":"https:\/\/www.upm.cz\/an\/wp-json\/wp\/v2\/media?parent=7065"}],"wp:term":[{"taxonomy":"product_brand","embeddable":true,"href":"https:\/\/www.upm.cz\/an\/wp-json\/wp\/v2\/product_brand?post=7065"},{"taxonomy":"product_cat","embeddable":true,"href":"https:\/\/www.upm.cz\/an\/wp-json\/wp\/v2\/product_cat?post=7065"},{"taxonomy":"product_tag","embeddable":true,"href":"https:\/\/www.upm.cz\/an\/wp-json\/wp\/v2\/product_tag?post=7065"}],"curies":[{"name":"wp","href":"https:\/\/api.w.org\/{rel}","templated":true}]}}