{"id":7067,"date":"2021-02-16T20:16:06","date_gmt":"2021-02-16T19:16:06","guid":{"rendered":"https:\/\/www.upm.cz\/?post_type=product&#038;p=7067"},"modified":"2026-01-22T02:34:01","modified_gmt":"2026-01-22T01:34:01","slug":"eva-eisler","status":"publish","type":"product","link":"https:\/\/www.upm.cz\/an\/eshop\/eva-eisler\/","title":{"rendered":"EVA EISLER"},"content":{"rendered":"<p>Eva Eisler (*1952) si sv\u011btov\u00e9 jm\u00e9no vydobyla na poli \u0161perku. Jej\u00ed d\u00edla maj\u00ed povahu architektonick\u00fdch viz\u00ed, koncept\u016f mnoha rovin. Realizace Evy Eisler v\u00a0oblasti interi\u00e9rov\u00e9ho designu, v\u00fdstavnictv\u00ed i\u00a0voln\u00e9 tvorby objekt\u016f nab\u00fdvaly na d\u016fle\u017eitosti od devades\u00e1t\u00fdch let, prvn\u00ed ve\u0159ejn\u00e9 prezentace se ov\u0161em odehr\u00e1ly u\u017e v\u00a0ran\u00fdch sedmdes\u00e1t\u00fdch letech v\u00a0\u010ceskoslovensku.<\/p>\n<p>Jej\u00ed zral\u00e1 tvorba je spjata s\u00a0pobytem v\u00a0USA, kam um\u011blkyn\u011b ode\u0161la v\u00a0roce 1983 spole\u010dn\u011b se sv\u00fdm \u017eivotn\u00edm partnerem, architektem Johnem Eislerem. Od roku 2000 oba op\u011bt pracuj\u00ed i\u00a0v\u00a0\u010cech\u00e1ch<em>.<\/em>\u00a0Monografie sleduje autor\u010dinu tvorbu v\u00a0cel\u00e9m jej\u00edm \u010dasov\u00e9m rozsahu a\u00a0typologick\u00e9 \u0161\u00ed\u0159i. D\u016fraz je polo\u017een na \u0161perka\u0159sk\u00e9 d\u00edlo druh\u00e9 poloviny sedmdes\u00e1t\u00fdch a\u00a0osmdes\u00e1t\u00fdch let, kdy Eva Eisler formulovala z\u00e1kladn\u00ed stylov\u00e9 i\u00a0form\u00e1ln\u00ed pojet\u00ed sv\u00e9 tvorby. V\u00a0severoamerick\u00e9m prost\u0159ed\u00ed je pova\u017eov\u00e1na za z\u00e1stupkyni evropsk\u00fdch tradic um\u011bleck\u00e9ho \u0161perku, u\u00a0n\u00e1s m\u00e1me tendenci v\u00a0n\u00ed spat\u0159ovat posla americk\u00e9ho p\u0159\u00edstupu. Provenience d\u00edla v\u0161ak nen\u00ed d\u016fle\u017eit\u00e1 \u2013 z\u00e1sadn\u00ed je kvalita a\u00a0originalita.<\/p>","protected":false},"excerpt":{"rendered":"<p>vydavatel\u00e9: UPM v&nbsp;Praze a&nbsp;Arbor vitae, 2015<br \/>\ntext: Petra Mat\u011bjovi\u010dov\u00e1<br \/>\nvyd\u00e1n\u00ed: anglicko-\u010desk\u00e9<br \/>\nform\u00e1t: 24,5 x 21 cm, m\u011bkk\u00e1 vazba<br \/>\npo\u010det stran: 304<br \/>\npo\u010det\u00a0reprodukc\u00ed: 183<br \/>\nISBN: 978-80-7101-136-1<\/p>","protected":false},"featured_media":2089,"template":"","meta":{"_acf_changed":false},"product_brand":[],"product_cat":[45],"product_tag":[],"class_list":{"0":"post-7067","1":"product","2":"type-product","3":"status-publish","4":"has-post-thumbnail","6":"product_cat-knihy","8":"first","9":"instock","10":"shipping-taxable","11":"purchasable","12":"product-type-simple"},"acf":[],"yoast_head":"<!-- This site is optimized with the Yoast SEO plugin v26.9 - https:\/\/yoast.com\/product\/yoast-seo-wordpress\/ -->\n<title>EVA EISLER - Um\u011bleckopr\u016fmyslov\u00e9 museum v Praze<\/title>\n<meta name=\"description\" content=\"Eva Eisler (*1952) si sv\u011btov\u00e9 jm\u00e9no vydobyla na poli \u0161perku. Jej\u00ed d\u00edla maj\u00ed povahu architektonick\u00fdch viz\u00ed, koncept\u016f mnoha rovin. Realizace Evy Eisler v\u00a0oblasti interi\u00e9rov\u00e9ho designu, v\u00fdstavnictv\u00ed i\u00a0voln\u00e9 tvorby objekt\u016f nab\u00fdvaly na d\u016fle\u017eitosti od devades\u00e1t\u00fdch let, prvn\u00ed ve\u0159ejn\u00e9 prezentace se ov\u0161em odehr\u00e1ly u\u017e v\u00a0ran\u00fdch sedmdes\u00e1t\u00fdch letech v\u00a0\u010ceskoslovensku.\" \/>\n<meta name=\"robots\" content=\"noindex, nofollow\" \/>\n<meta property=\"og:locale\" content=\"en_US\" \/>\n<meta property=\"og:type\" content=\"article\" \/>\n<meta property=\"og:title\" content=\"EVA EISLER - Um\u011bleckopr\u016fmyslov\u00e9 museum v Praze\" \/>\n<meta property=\"og:description\" content=\"Eva Eisler (*1952) si sv\u011btov\u00e9 jm\u00e9no vydobyla na poli \u0161perku. Jej\u00ed d\u00edla maj\u00ed povahu architektonick\u00fdch viz\u00ed, koncept\u016f mnoha rovin. Realizace Evy Eisler v\u00a0oblasti interi\u00e9rov\u00e9ho designu, v\u00fdstavnictv\u00ed i\u00a0voln\u00e9 tvorby objekt\u016f nab\u00fdvaly na d\u016fle\u017eitosti od devades\u00e1t\u00fdch let, prvn\u00ed ve\u0159ejn\u00e9 prezentace se ov\u0161em odehr\u00e1ly u\u017e v\u00a0ran\u00fdch sedmdes\u00e1t\u00fdch letech v\u00a0\u010ceskoslovensku.\" \/>\n<meta property=\"og:url\" content=\"https:\/\/www.upm.cz\/an\/eshop\/eva-eisler\/\" \/>\n<meta property=\"og:site_name\" content=\"Um\u011bleckopr\u016fmyslov\u00e9 museum v Praze\" \/>\n<meta property=\"article:modified_time\" content=\"2026-01-22T01:34:01+00:00\" \/>\n<meta property=\"og:image\" content=\"https:\/\/www.upm.cz\/wp-content\/uploads\/624.jpg\" \/>\n\t<meta property=\"og:image:width\" content=\"688\" \/>\n\t<meta property=\"og:image:height\" content=\"800\" \/>\n\t<meta property=\"og:image:type\" content=\"image\/jpeg\" \/>\n<meta name=\"twitter:card\" content=\"summary_large_image\" \/>\n<meta name=\"twitter:label1\" content=\"Est. reading time\" \/>\n\t<meta name=\"twitter:data1\" content=\"1 minute\" \/>\n<script type=\"application\/ld+json\" class=\"yoast-schema-graph\">{\"@context\":\"https:\/\/schema.org\",\"@graph\":[{\"@type\":\"WebPage\",\"@id\":\"https:\/\/www.upm.cz\/eshop\/eva-eisler\/\",\"url\":\"https:\/\/www.upm.cz\/eshop\/eva-eisler\/\",\"name\":\"EVA EISLER - Um\u011bleckopr\u016fmyslov\u00e9 museum v Praze\",\"isPartOf\":{\"@id\":\"https:\/\/www.upm.cz\/#website\"},\"primaryImageOfPage\":{\"@id\":\"https:\/\/www.upm.cz\/eshop\/eva-eisler\/#primaryimage\"},\"image\":{\"@id\":\"https:\/\/www.upm.cz\/eshop\/eva-eisler\/#primaryimage\"},\"thumbnailUrl\":\"https:\/\/www.upm.cz\/wp-content\/uploads\/624.jpg\",\"datePublished\":\"2021-02-16T19:16:06+00:00\",\"dateModified\":\"2026-01-22T01:34:01+00:00\",\"description\":\"Eva Eisler (*1952) si sv\u011btov\u00e9 jm\u00e9no vydobyla na poli \u0161perku. Jej\u00ed d\u00edla maj\u00ed povahu architektonick\u00fdch viz\u00ed, koncept\u016f mnoha rovin. Realizace Evy Eisler v\u00a0oblasti interi\u00e9rov\u00e9ho designu, v\u00fdstavnictv\u00ed i\u00a0voln\u00e9 tvorby objekt\u016f nab\u00fdvaly na d\u016fle\u017eitosti od devades\u00e1t\u00fdch let, prvn\u00ed ve\u0159ejn\u00e9 prezentace se ov\u0161em odehr\u00e1ly u\u017e v\u00a0ran\u00fdch sedmdes\u00e1t\u00fdch letech v\u00a0\u010ceskoslovensku.\",\"breadcrumb\":{\"@id\":\"https:\/\/www.upm.cz\/eshop\/eva-eisler\/#breadcrumb\"},\"inLanguage\":\"en-US\",\"potentialAction\":[{\"@type\":\"ReadAction\",\"target\":[\"https:\/\/www.upm.cz\/eshop\/eva-eisler\/\"]}]},{\"@type\":\"ImageObject\",\"inLanguage\":\"en-US\",\"@id\":\"https:\/\/www.upm.cz\/eshop\/eva-eisler\/#primaryimage\",\"url\":\"https:\/\/www.upm.cz\/wp-content\/uploads\/624.jpg\",\"contentUrl\":\"https:\/\/www.upm.cz\/wp-content\/uploads\/624.jpg\",\"width\":688,\"height\":800},{\"@type\":\"BreadcrumbList\",\"@id\":\"https:\/\/www.upm.cz\/eshop\/eva-eisler\/#breadcrumb\",\"itemListElement\":[{\"@type\":\"ListItem\",\"position\":1,\"name\":\"Dom\u016f\",\"item\":\"https:\/\/www.upm.cz\/\"},{\"@type\":\"ListItem\",\"position\":2,\"name\":\"eshop\",\"item\":\"https:\/\/www.upm.cz\/eshop\/\"},{\"@type\":\"ListItem\",\"position\":3,\"name\":\"EVA EISLER\"}]},{\"@type\":\"WebSite\",\"@id\":\"https:\/\/www.upm.cz\/#website\",\"url\":\"https:\/\/www.upm.cz\/\",\"name\":\"Um\u011bleckopr\u016fmyslov\u00e9 museum v Praze\",\"description\":\"\",\"publisher\":{\"@id\":\"https:\/\/www.upm.cz\/#organization\"},\"potentialAction\":[{\"@type\":\"SearchAction\",\"target\":{\"@type\":\"EntryPoint\",\"urlTemplate\":\"https:\/\/www.upm.cz\/?s={search_term_string}\"},\"query-input\":{\"@type\":\"PropertyValueSpecification\",\"valueRequired\":true,\"valueName\":\"search_term_string\"}}],\"inLanguage\":\"en-US\"},{\"@type\":\"Organization\",\"@id\":\"https:\/\/www.upm.cz\/#organization\",\"name\":\"Um\u011bleckopr\u016fmyslov\u00e9 museum v Praze\",\"url\":\"https:\/\/www.upm.cz\/\",\"logo\":{\"@type\":\"ImageObject\",\"inLanguage\":\"en-US\",\"@id\":\"https:\/\/www.upm.cz\/#\/schema\/logo\/image\/\",\"url\":\"https:\/\/www.upm.cz\/wp-content\/uploads\/2020\/03\/logo_upm_cz.svg\",\"contentUrl\":\"https:\/\/www.upm.cz\/wp-content\/uploads\/2020\/03\/logo_upm_cz.svg\",\"width\":1736,\"height\":295,\"caption\":\"Um\u011bleckopr\u016fmyslov\u00e9 museum v Praze\"},\"image\":{\"@id\":\"https:\/\/www.upm.cz\/#\/schema\/logo\/image\/\"}}]}<\/script>\n<!-- \/ Yoast SEO plugin. -->","yoast_head_json":{"title":"EVA EISLER - Um\u011bleckopr\u016fmyslov\u00e9 museum v Praze","description":"Eva Eisler (*1952) si sv\u011btov\u00e9 jm\u00e9no vydobyla na poli \u0161perku. Jej\u00ed d\u00edla maj\u00ed povahu architektonick\u00fdch viz\u00ed, koncept\u016f mnoha rovin. Realizace Evy Eisler v\u00a0oblasti interi\u00e9rov\u00e9ho designu, v\u00fdstavnictv\u00ed i\u00a0voln\u00e9 tvorby objekt\u016f nab\u00fdvaly na d\u016fle\u017eitosti od devades\u00e1t\u00fdch let, prvn\u00ed ve\u0159ejn\u00e9 prezentace se ov\u0161em odehr\u00e1ly u\u017e v\u00a0ran\u00fdch sedmdes\u00e1t\u00fdch letech v\u00a0\u010ceskoslovensku.","robots":{"index":"noindex","follow":"nofollow"},"og_locale":"en_US","og_type":"article","og_title":"EVA EISLER - Um\u011bleckopr\u016fmyslov\u00e9 museum v Praze","og_description":"Eva Eisler (*1952) si sv\u011btov\u00e9 jm\u00e9no vydobyla na poli \u0161perku. Jej\u00ed d\u00edla maj\u00ed povahu architektonick\u00fdch viz\u00ed, koncept\u016f mnoha rovin. Realizace Evy Eisler v\u00a0oblasti interi\u00e9rov\u00e9ho designu, v\u00fdstavnictv\u00ed i\u00a0voln\u00e9 tvorby objekt\u016f nab\u00fdvaly na d\u016fle\u017eitosti od devades\u00e1t\u00fdch let, prvn\u00ed ve\u0159ejn\u00e9 prezentace se ov\u0161em odehr\u00e1ly u\u017e v\u00a0ran\u00fdch sedmdes\u00e1t\u00fdch letech v\u00a0\u010ceskoslovensku.","og_url":"https:\/\/www.upm.cz\/an\/eshop\/eva-eisler\/","og_site_name":"Um\u011bleckopr\u016fmyslov\u00e9 museum v Praze","article_modified_time":"2026-01-22T01:34:01+00:00","og_image":[{"width":688,"height":800,"url":"https:\/\/www.upm.cz\/wp-content\/uploads\/624.jpg","type":"image\/jpeg"}],"twitter_card":"summary_large_image","twitter_misc":{"Est. reading time":"1 minute"},"schema":{"@context":"https:\/\/schema.org","@graph":[{"@type":"WebPage","@id":"https:\/\/www.upm.cz\/eshop\/eva-eisler\/","url":"https:\/\/www.upm.cz\/eshop\/eva-eisler\/","name":"EVA EISLER - Um\u011bleckopr\u016fmyslov\u00e9 museum v Praze","isPartOf":{"@id":"https:\/\/www.upm.cz\/#website"},"primaryImageOfPage":{"@id":"https:\/\/www.upm.cz\/eshop\/eva-eisler\/#primaryimage"},"image":{"@id":"https:\/\/www.upm.cz\/eshop\/eva-eisler\/#primaryimage"},"thumbnailUrl":"https:\/\/www.upm.cz\/wp-content\/uploads\/624.jpg","datePublished":"2021-02-16T19:16:06+00:00","dateModified":"2026-01-22T01:34:01+00:00","description":"Eva Eisler (*1952) si sv\u011btov\u00e9 jm\u00e9no vydobyla na poli \u0161perku. Jej\u00ed d\u00edla maj\u00ed povahu architektonick\u00fdch viz\u00ed, koncept\u016f mnoha rovin. Realizace Evy Eisler v\u00a0oblasti interi\u00e9rov\u00e9ho designu, v\u00fdstavnictv\u00ed i\u00a0voln\u00e9 tvorby objekt\u016f nab\u00fdvaly na d\u016fle\u017eitosti od devades\u00e1t\u00fdch let, prvn\u00ed ve\u0159ejn\u00e9 prezentace se ov\u0161em odehr\u00e1ly u\u017e v\u00a0ran\u00fdch sedmdes\u00e1t\u00fdch letech v\u00a0\u010ceskoslovensku.","breadcrumb":{"@id":"https:\/\/www.upm.cz\/eshop\/eva-eisler\/#breadcrumb"},"inLanguage":"en-US","potentialAction":[{"@type":"ReadAction","target":["https:\/\/www.upm.cz\/eshop\/eva-eisler\/"]}]},{"@type":"ImageObject","inLanguage":"en-US","@id":"https:\/\/www.upm.cz\/eshop\/eva-eisler\/#primaryimage","url":"https:\/\/www.upm.cz\/wp-content\/uploads\/624.jpg","contentUrl":"https:\/\/www.upm.cz\/wp-content\/uploads\/624.jpg","width":688,"height":800},{"@type":"BreadcrumbList","@id":"https:\/\/www.upm.cz\/eshop\/eva-eisler\/#breadcrumb","itemListElement":[{"@type":"ListItem","position":1,"name":"Dom\u016f","item":"https:\/\/www.upm.cz\/"},{"@type":"ListItem","position":2,"name":"eshop","item":"https:\/\/www.upm.cz\/eshop\/"},{"@type":"ListItem","position":3,"name":"EVA EISLER"}]},{"@type":"WebSite","@id":"https:\/\/www.upm.cz\/#website","url":"https:\/\/www.upm.cz\/","name":"Um\u011bleckopr\u016fmyslov\u00e9 museum v Praze","description":"","publisher":{"@id":"https:\/\/www.upm.cz\/#organization"},"potentialAction":[{"@type":"SearchAction","target":{"@type":"EntryPoint","urlTemplate":"https:\/\/www.upm.cz\/?s={search_term_string}"},"query-input":{"@type":"PropertyValueSpecification","valueRequired":true,"valueName":"search_term_string"}}],"inLanguage":"en-US"},{"@type":"Organization","@id":"https:\/\/www.upm.cz\/#organization","name":"Um\u011bleckopr\u016fmyslov\u00e9 museum v Praze","url":"https:\/\/www.upm.cz\/","logo":{"@type":"ImageObject","inLanguage":"en-US","@id":"https:\/\/www.upm.cz\/#\/schema\/logo\/image\/","url":"https:\/\/www.upm.cz\/wp-content\/uploads\/2020\/03\/logo_upm_cz.svg","contentUrl":"https:\/\/www.upm.cz\/wp-content\/uploads\/2020\/03\/logo_upm_cz.svg","width":1736,"height":295,"caption":"Um\u011bleckopr\u016fmyslov\u00e9 museum v Praze"},"image":{"@id":"https:\/\/www.upm.cz\/#\/schema\/logo\/image\/"}}]}},"_links":{"self":[{"href":"https:\/\/www.upm.cz\/an\/wp-json\/wp\/v2\/product\/7067","targetHints":{"allow":["GET"]}}],"collection":[{"href":"https:\/\/www.upm.cz\/an\/wp-json\/wp\/v2\/product"}],"about":[{"href":"https:\/\/www.upm.cz\/an\/wp-json\/wp\/v2\/types\/product"}],"wp:featuredmedia":[{"embeddable":true,"href":"https:\/\/www.upm.cz\/an\/wp-json\/wp\/v2\/media\/2089"}],"wp:attachment":[{"href":"https:\/\/www.upm.cz\/an\/wp-json\/wp\/v2\/media?parent=7067"}],"wp:term":[{"taxonomy":"product_brand","embeddable":true,"href":"https:\/\/www.upm.cz\/an\/wp-json\/wp\/v2\/product_brand?post=7067"},{"taxonomy":"product_cat","embeddable":true,"href":"https:\/\/www.upm.cz\/an\/wp-json\/wp\/v2\/product_cat?post=7067"},{"taxonomy":"product_tag","embeddable":true,"href":"https:\/\/www.upm.cz\/an\/wp-json\/wp\/v2\/product_tag?post=7067"}],"curies":[{"name":"wp","href":"https:\/\/api.w.org\/{rel}","templated":true}]}}