{"id":7073,"date":"2021-02-16T20:32:04","date_gmt":"2021-02-16T19:32:04","guid":{"rendered":"https:\/\/www.upm.cz\/?post_type=product&#038;p=7073"},"modified":"2025-10-23T13:57:34","modified_gmt":"2025-10-23T11:57:34","slug":"kytky-v-popelnici","status":"publish","type":"product","link":"https:\/\/www.upm.cz\/an\/eshop\/kytky-v-popelnici\/","title":{"rendered":"KYTKY V&nbsp;POPELNICI. SPOLE\u010cNOST A&nbsp;M\u00d3DA V&nbsp;70. LETECH V&nbsp;\u010cESKOSLOVENSKU"},"content":{"rendered":"<p>Monografie Konstantiny Hlav\u00e1\u010dkov\u00e9, histori\u010dky um\u011bn\u00ed specializovan\u00e9 na textil a\u00a0m\u00f3du 20.\u00a0stolet\u00ed, s\u00a0\u00favodn\u00edm textem Pavla Kosat\u00edka, p\u0159ipom\u00edn\u00e1 nejd\u016fle\u017eit\u011bj\u0161\u00ed ud\u00e1losti sedmdes\u00e1t\u00fdch let a\u00a0jejich vliv na m\u00f3du a\u00a0\u017eivotn\u00ed styl obyvatel z\u00e1padn\u00edch zem\u00ed a\u00a0tehdej\u0161\u00edho \u010ceskoslovenska.<br \/>\nSn\u00edmky od\u011bv\u016f a\u00a0od\u011bvn\u00edch dopl\u0148k\u016f \u010deskoslovensk\u00e9 a\u00a0zahrani\u010dn\u00ed v\u00fdroby i\u00a0produkt\u016f dom\u00e1c\u00edch \u0161vadlen dopl\u0148uj\u00ed fotografie Freda Kramera a\u00a0Viktora Kol\u00e1\u0159e.<br \/>\nSedmdes\u00e1t\u00e1 l\u00e9ta byla v\u00a0mnoha ohledech p\u0159elomov\u00e1. V\u00a0m\u00f3d\u011b se naplno projevily tendence, kter\u00e9 se zrodily na konci \u0161edes\u00e1t\u00fdch let a\u00a0teprve v\u00a0n\u00e1sleduj\u00edc\u00edm desetilet\u00ed se pln\u011b rozvinuly v\u00a0n\u00e1vaznosti na my\u0161lenky hnut\u00ed hippies. \u0160atn\u00edky se zaplnily oble\u010den\u00edm z\u00a0d\u017e\u00ednoviny a\u00a0od\u011bvy inspirovan\u00fdmi etnick\u00fdmi styly. Sou\u010dasn\u011b s\u00a0t\u011bmito trendy se rozv\u00edjel romantick\u00fd retro styl ohl\u00ed\u017eej\u00edc\u00ed se p\u0159edev\u0161\u00edm za t\u0159ic\u00e1t\u00fdmi a\u00a0\u010dty\u0159ic\u00e1t\u00fdmi l\u00e9ty 20.\u00a0stolet\u00ed. Od druh\u00e9 poloviny desetilet\u00ed spole\u010dn\u011b s\u00a0punkov\u00fdm hnut\u00edm vstoupil do m\u00f3dy fenom\u00e9n agresivity. Tradi\u010dn\u00ed vysok\u00e1 m\u00f3da (haute couture) se rozv\u00edjela pod vlivem takzvan\u00e9 antim\u00f3dy. K\u00a0v\u00fdvoji m\u011bl co \u0159\u00edci tak\u00e9 feminismus. V\u0161echny tyto od\u011bvn\u00ed tendence, kter\u00e9 m\u011bly sv\u016fj p\u016fvod v\u00a0z\u00e1padn\u00ed Evrop\u011b, nach\u00e1zely odezvu v\u00a0komunistick\u00e9m \u010ceskoslovensku. Byly v\u0161ak p\u0159ijaty pouze form\u00e1ln\u011b, bez organick\u00e9ho spojen\u00ed formy s\u00a0obsahem, spole\u010dnost\u00ed, kter\u00e1 se vyv\u00edjela nesvobodn\u011b a\u00a0izolovan\u011b v\u00a0podm\u00ednk\u00e1ch politick\u00e9 represe a\u00a0nep\u0159irozen\u011b utv\u00e1\u0159en\u00fdch spole\u010densk\u00fdch vztah\u016f.<\/p>","protected":false},"excerpt":{"rendered":"<p>vydavatel\u00e9: UPM v&nbsp;Praze a&nbsp;NAGA, s. r. o., 2007<br \/>\nkoncepce publikace: Konstantina Hlav\u00e1\u010dkov\u00e1<br \/>\ntexty: Konstantina Hlav\u00e1\u010dkov\u00e1, Pavel Kosat\u00edk<br \/>\nvyd\u00e1n\u00ed: \u010desko-anglick\u00e9<br \/>\nform\u00e1t: 30 x 21,5 cm, pevn\u00e1 vazba<br \/>\npo\u010det stran: 168, reprodukc\u00ed: 179<br \/>\nISBN 978-80-7101-072-2<\/p>","protected":false},"featured_media":2130,"template":"","meta":{"_acf_changed":false},"product_brand":[],"product_cat":[45],"product_tag":[],"class_list":{"0":"post-7073","1":"product","2":"type-product","3":"status-publish","4":"has-post-thumbnail","6":"product_cat-knihy","8":"first","9":"instock","10":"shipping-taxable","11":"purchasable","12":"product-type-simple"},"acf":[],"yoast_head":"<!-- This site is optimized with the Yoast SEO plugin v26.9 - https:\/\/yoast.com\/product\/yoast-seo-wordpress\/ -->\n<title>KYTKY V POPELNICI. SPOLE\u010cNOST A M\u00d3DA V 70. LETECH V \u010cESKOSLOVENSKU - Um\u011bleckopr\u016fmyslov\u00e9 museum v Praze<\/title>\n<meta name=\"description\" content=\"Monografie Konstantiny Hlav\u00e1\u010dkov\u00e9, histori\u010dky um\u011bn\u00ed specializovan\u00e9 na textil a\u00a0m\u00f3du 20.\u00a0stolet\u00ed, s\u00a0\u00favodn\u00edm textem Pavla Kosat\u00edka, p\u0159ipom\u00edn\u00e1 nejd\u016fle\u017eit\u011bj\u0161\u00ed ud\u00e1losti sedmdes\u00e1t\u00fdch let a\u00a0jejich vliv na m\u00f3du a\u00a0\u017eivotn\u00ed styl obyvatel z\u00e1padn\u00edch zem\u00ed a\u00a0tehdej\u0161\u00edho \u010ceskoslovenska.\" \/>\n<meta name=\"robots\" content=\"noindex, nofollow\" \/>\n<meta property=\"og:locale\" content=\"en_US\" \/>\n<meta property=\"og:type\" content=\"article\" \/>\n<meta property=\"og:title\" content=\"KYTKY V POPELNICI. SPOLE\u010cNOST A M\u00d3DA V 70. LETECH V \u010cESKOSLOVENSKU - Um\u011bleckopr\u016fmyslov\u00e9 museum v Praze\" \/>\n<meta property=\"og:description\" content=\"Monografie Konstantiny Hlav\u00e1\u010dkov\u00e9, histori\u010dky um\u011bn\u00ed specializovan\u00e9 na textil a\u00a0m\u00f3du 20.\u00a0stolet\u00ed, s\u00a0\u00favodn\u00edm textem Pavla Kosat\u00edka, p\u0159ipom\u00edn\u00e1 nejd\u016fle\u017eit\u011bj\u0161\u00ed ud\u00e1losti sedmdes\u00e1t\u00fdch let a\u00a0jejich vliv na m\u00f3du a\u00a0\u017eivotn\u00ed styl obyvatel z\u00e1padn\u00edch zem\u00ed a\u00a0tehdej\u0161\u00edho \u010ceskoslovenska.\" \/>\n<meta property=\"og:url\" content=\"https:\/\/www.upm.cz\/an\/eshop\/kytky-v-popelnici\/\" \/>\n<meta property=\"og:site_name\" content=\"Um\u011bleckopr\u016fmyslov\u00e9 museum v Praze\" \/>\n<meta property=\"article:modified_time\" content=\"2025-10-23T11:57:34+00:00\" \/>\n<meta property=\"og:image\" content=\"https:\/\/www.upm.cz\/wp-content\/uploads\/KYTKY_V_POPELNICI_01.jpg\" \/>\n\t<meta property=\"og:image:width\" content=\"1012\" \/>\n\t<meta property=\"og:image:height\" content=\"1400\" \/>\n\t<meta property=\"og:image:type\" content=\"image\/jpeg\" \/>\n<meta name=\"twitter:card\" content=\"summary_large_image\" \/>\n<meta name=\"twitter:label1\" content=\"Est. reading time\" \/>\n\t<meta name=\"twitter:data1\" content=\"1 minute\" \/>\n<script type=\"application\/ld+json\" class=\"yoast-schema-graph\">{\"@context\":\"https:\/\/schema.org\",\"@graph\":[{\"@type\":\"WebPage\",\"@id\":\"https:\/\/www.upm.cz\/eshop\/kytky-v-popelnici\/\",\"url\":\"https:\/\/www.upm.cz\/eshop\/kytky-v-popelnici\/\",\"name\":\"KYTKY V POPELNICI. SPOLE\u010cNOST A M\u00d3DA V 70. LETECH V \u010cESKOSLOVENSKU - Um\u011bleckopr\u016fmyslov\u00e9 museum v Praze\",\"isPartOf\":{\"@id\":\"https:\/\/www.upm.cz\/#website\"},\"primaryImageOfPage\":{\"@id\":\"https:\/\/www.upm.cz\/eshop\/kytky-v-popelnici\/#primaryimage\"},\"image\":{\"@id\":\"https:\/\/www.upm.cz\/eshop\/kytky-v-popelnici\/#primaryimage\"},\"thumbnailUrl\":\"https:\/\/www.upm.cz\/wp-content\/uploads\/KYTKY_V_POPELNICI_01.jpg\",\"datePublished\":\"2021-02-16T19:32:04+00:00\",\"dateModified\":\"2025-10-23T11:57:34+00:00\",\"description\":\"Monografie Konstantiny Hlav\u00e1\u010dkov\u00e9, histori\u010dky um\u011bn\u00ed specializovan\u00e9 na textil a\u00a0m\u00f3du 20.\u00a0stolet\u00ed, s\u00a0\u00favodn\u00edm textem Pavla Kosat\u00edka, p\u0159ipom\u00edn\u00e1 nejd\u016fle\u017eit\u011bj\u0161\u00ed ud\u00e1losti sedmdes\u00e1t\u00fdch let a\u00a0jejich vliv na m\u00f3du a\u00a0\u017eivotn\u00ed styl obyvatel z\u00e1padn\u00edch zem\u00ed a\u00a0tehdej\u0161\u00edho \u010ceskoslovenska.\",\"breadcrumb\":{\"@id\":\"https:\/\/www.upm.cz\/eshop\/kytky-v-popelnici\/#breadcrumb\"},\"inLanguage\":\"en-US\",\"potentialAction\":[{\"@type\":\"ReadAction\",\"target\":[\"https:\/\/www.upm.cz\/eshop\/kytky-v-popelnici\/\"]}]},{\"@type\":\"ImageObject\",\"inLanguage\":\"en-US\",\"@id\":\"https:\/\/www.upm.cz\/eshop\/kytky-v-popelnici\/#primaryimage\",\"url\":\"https:\/\/www.upm.cz\/wp-content\/uploads\/KYTKY_V_POPELNICI_01.jpg\",\"contentUrl\":\"https:\/\/www.upm.cz\/wp-content\/uploads\/KYTKY_V_POPELNICI_01.jpg\",\"width\":1012,\"height\":1400},{\"@type\":\"BreadcrumbList\",\"@id\":\"https:\/\/www.upm.cz\/eshop\/kytky-v-popelnici\/#breadcrumb\",\"itemListElement\":[{\"@type\":\"ListItem\",\"position\":1,\"name\":\"Dom\u016f\",\"item\":\"https:\/\/www.upm.cz\/\"},{\"@type\":\"ListItem\",\"position\":2,\"name\":\"eshop\",\"item\":\"https:\/\/www.upm.cz\/eshop\/\"},{\"@type\":\"ListItem\",\"position\":3,\"name\":\"KYTKY V&nbsp;POPELNICI. SPOLE\u010cNOST A&nbsp;M\u00d3DA V&nbsp;70. LETECH V&nbsp;\u010cESKOSLOVENSKU\"}]},{\"@type\":\"WebSite\",\"@id\":\"https:\/\/www.upm.cz\/#website\",\"url\":\"https:\/\/www.upm.cz\/\",\"name\":\"Um\u011bleckopr\u016fmyslov\u00e9 museum v Praze\",\"description\":\"\",\"publisher\":{\"@id\":\"https:\/\/www.upm.cz\/#organization\"},\"potentialAction\":[{\"@type\":\"SearchAction\",\"target\":{\"@type\":\"EntryPoint\",\"urlTemplate\":\"https:\/\/www.upm.cz\/?s={search_term_string}\"},\"query-input\":{\"@type\":\"PropertyValueSpecification\",\"valueRequired\":true,\"valueName\":\"search_term_string\"}}],\"inLanguage\":\"en-US\"},{\"@type\":\"Organization\",\"@id\":\"https:\/\/www.upm.cz\/#organization\",\"name\":\"Um\u011bleckopr\u016fmyslov\u00e9 museum v Praze\",\"url\":\"https:\/\/www.upm.cz\/\",\"logo\":{\"@type\":\"ImageObject\",\"inLanguage\":\"en-US\",\"@id\":\"https:\/\/www.upm.cz\/#\/schema\/logo\/image\/\",\"url\":\"https:\/\/www.upm.cz\/wp-content\/uploads\/2020\/03\/logo_upm_cz.svg\",\"contentUrl\":\"https:\/\/www.upm.cz\/wp-content\/uploads\/2020\/03\/logo_upm_cz.svg\",\"width\":1736,\"height\":295,\"caption\":\"Um\u011bleckopr\u016fmyslov\u00e9 museum v Praze\"},\"image\":{\"@id\":\"https:\/\/www.upm.cz\/#\/schema\/logo\/image\/\"}}]}<\/script>\n<!-- \/ Yoast SEO plugin. -->","yoast_head_json":{"title":"KYTKY V POPELNICI. SPOLE\u010cNOST A M\u00d3DA V 70. LETECH V \u010cESKOSLOVENSKU - Um\u011bleckopr\u016fmyslov\u00e9 museum v Praze","description":"Monografie Konstantiny Hlav\u00e1\u010dkov\u00e9, histori\u010dky um\u011bn\u00ed specializovan\u00e9 na textil a\u00a0m\u00f3du 20.\u00a0stolet\u00ed, s\u00a0\u00favodn\u00edm textem Pavla Kosat\u00edka, p\u0159ipom\u00edn\u00e1 nejd\u016fle\u017eit\u011bj\u0161\u00ed ud\u00e1losti sedmdes\u00e1t\u00fdch let a\u00a0jejich vliv na m\u00f3du a\u00a0\u017eivotn\u00ed styl obyvatel z\u00e1padn\u00edch zem\u00ed a\u00a0tehdej\u0161\u00edho \u010ceskoslovenska.","robots":{"index":"noindex","follow":"nofollow"},"og_locale":"en_US","og_type":"article","og_title":"KYTKY V POPELNICI. SPOLE\u010cNOST A M\u00d3DA V 70. LETECH V \u010cESKOSLOVENSKU - Um\u011bleckopr\u016fmyslov\u00e9 museum v Praze","og_description":"Monografie Konstantiny Hlav\u00e1\u010dkov\u00e9, histori\u010dky um\u011bn\u00ed specializovan\u00e9 na textil a\u00a0m\u00f3du 20.\u00a0stolet\u00ed, s\u00a0\u00favodn\u00edm textem Pavla Kosat\u00edka, p\u0159ipom\u00edn\u00e1 nejd\u016fle\u017eit\u011bj\u0161\u00ed ud\u00e1losti sedmdes\u00e1t\u00fdch let a\u00a0jejich vliv na m\u00f3du a\u00a0\u017eivotn\u00ed styl obyvatel z\u00e1padn\u00edch zem\u00ed a\u00a0tehdej\u0161\u00edho \u010ceskoslovenska.","og_url":"https:\/\/www.upm.cz\/an\/eshop\/kytky-v-popelnici\/","og_site_name":"Um\u011bleckopr\u016fmyslov\u00e9 museum v Praze","article_modified_time":"2025-10-23T11:57:34+00:00","og_image":[{"width":1012,"height":1400,"url":"https:\/\/www.upm.cz\/wp-content\/uploads\/KYTKY_V_POPELNICI_01.jpg","type":"image\/jpeg"}],"twitter_card":"summary_large_image","twitter_misc":{"Est. reading time":"1 minute"},"schema":{"@context":"https:\/\/schema.org","@graph":[{"@type":"WebPage","@id":"https:\/\/www.upm.cz\/eshop\/kytky-v-popelnici\/","url":"https:\/\/www.upm.cz\/eshop\/kytky-v-popelnici\/","name":"KYTKY V POPELNICI. SPOLE\u010cNOST A M\u00d3DA V 70. LETECH V \u010cESKOSLOVENSKU - Um\u011bleckopr\u016fmyslov\u00e9 museum v Praze","isPartOf":{"@id":"https:\/\/www.upm.cz\/#website"},"primaryImageOfPage":{"@id":"https:\/\/www.upm.cz\/eshop\/kytky-v-popelnici\/#primaryimage"},"image":{"@id":"https:\/\/www.upm.cz\/eshop\/kytky-v-popelnici\/#primaryimage"},"thumbnailUrl":"https:\/\/www.upm.cz\/wp-content\/uploads\/KYTKY_V_POPELNICI_01.jpg","datePublished":"2021-02-16T19:32:04+00:00","dateModified":"2025-10-23T11:57:34+00:00","description":"Monografie Konstantiny Hlav\u00e1\u010dkov\u00e9, histori\u010dky um\u011bn\u00ed specializovan\u00e9 na textil a\u00a0m\u00f3du 20.\u00a0stolet\u00ed, s\u00a0\u00favodn\u00edm textem Pavla Kosat\u00edka, p\u0159ipom\u00edn\u00e1 nejd\u016fle\u017eit\u011bj\u0161\u00ed ud\u00e1losti sedmdes\u00e1t\u00fdch let a\u00a0jejich vliv na m\u00f3du a\u00a0\u017eivotn\u00ed styl obyvatel z\u00e1padn\u00edch zem\u00ed a\u00a0tehdej\u0161\u00edho \u010ceskoslovenska.","breadcrumb":{"@id":"https:\/\/www.upm.cz\/eshop\/kytky-v-popelnici\/#breadcrumb"},"inLanguage":"en-US","potentialAction":[{"@type":"ReadAction","target":["https:\/\/www.upm.cz\/eshop\/kytky-v-popelnici\/"]}]},{"@type":"ImageObject","inLanguage":"en-US","@id":"https:\/\/www.upm.cz\/eshop\/kytky-v-popelnici\/#primaryimage","url":"https:\/\/www.upm.cz\/wp-content\/uploads\/KYTKY_V_POPELNICI_01.jpg","contentUrl":"https:\/\/www.upm.cz\/wp-content\/uploads\/KYTKY_V_POPELNICI_01.jpg","width":1012,"height":1400},{"@type":"BreadcrumbList","@id":"https:\/\/www.upm.cz\/eshop\/kytky-v-popelnici\/#breadcrumb","itemListElement":[{"@type":"ListItem","position":1,"name":"Dom\u016f","item":"https:\/\/www.upm.cz\/"},{"@type":"ListItem","position":2,"name":"eshop","item":"https:\/\/www.upm.cz\/eshop\/"},{"@type":"ListItem","position":3,"name":"KYTKY V&nbsp;POPELNICI. SPOLE\u010cNOST A&nbsp;M\u00d3DA V&nbsp;70. LETECH V&nbsp;\u010cESKOSLOVENSKU"}]},{"@type":"WebSite","@id":"https:\/\/www.upm.cz\/#website","url":"https:\/\/www.upm.cz\/","name":"Um\u011bleckopr\u016fmyslov\u00e9 museum v Praze","description":"","publisher":{"@id":"https:\/\/www.upm.cz\/#organization"},"potentialAction":[{"@type":"SearchAction","target":{"@type":"EntryPoint","urlTemplate":"https:\/\/www.upm.cz\/?s={search_term_string}"},"query-input":{"@type":"PropertyValueSpecification","valueRequired":true,"valueName":"search_term_string"}}],"inLanguage":"en-US"},{"@type":"Organization","@id":"https:\/\/www.upm.cz\/#organization","name":"Um\u011bleckopr\u016fmyslov\u00e9 museum v Praze","url":"https:\/\/www.upm.cz\/","logo":{"@type":"ImageObject","inLanguage":"en-US","@id":"https:\/\/www.upm.cz\/#\/schema\/logo\/image\/","url":"https:\/\/www.upm.cz\/wp-content\/uploads\/2020\/03\/logo_upm_cz.svg","contentUrl":"https:\/\/www.upm.cz\/wp-content\/uploads\/2020\/03\/logo_upm_cz.svg","width":1736,"height":295,"caption":"Um\u011bleckopr\u016fmyslov\u00e9 museum v Praze"},"image":{"@id":"https:\/\/www.upm.cz\/#\/schema\/logo\/image\/"}}]}},"_links":{"self":[{"href":"https:\/\/www.upm.cz\/an\/wp-json\/wp\/v2\/product\/7073","targetHints":{"allow":["GET"]}}],"collection":[{"href":"https:\/\/www.upm.cz\/an\/wp-json\/wp\/v2\/product"}],"about":[{"href":"https:\/\/www.upm.cz\/an\/wp-json\/wp\/v2\/types\/product"}],"wp:featuredmedia":[{"embeddable":true,"href":"https:\/\/www.upm.cz\/an\/wp-json\/wp\/v2\/media\/2130"}],"wp:attachment":[{"href":"https:\/\/www.upm.cz\/an\/wp-json\/wp\/v2\/media?parent=7073"}],"wp:term":[{"taxonomy":"product_brand","embeddable":true,"href":"https:\/\/www.upm.cz\/an\/wp-json\/wp\/v2\/product_brand?post=7073"},{"taxonomy":"product_cat","embeddable":true,"href":"https:\/\/www.upm.cz\/an\/wp-json\/wp\/v2\/product_cat?post=7073"},{"taxonomy":"product_tag","embeddable":true,"href":"https:\/\/www.upm.cz\/an\/wp-json\/wp\/v2\/product_tag?post=7073"}],"curies":[{"name":"wp","href":"https:\/\/api.w.org\/{rel}","templated":true}]}}