{"id":7080,"date":"2023-02-17T11:44:13","date_gmt":"2023-02-17T10:44:13","guid":{"rendered":"https:\/\/www.upm.cz\/?post_type=product&#038;p=7080"},"modified":"2026-04-29T06:32:32","modified_gmt":"2026-04-29T04:32:32","slug":"koudelka-navraty","status":"publish","type":"product","link":"https:\/\/www.upm.cz\/an\/eshop\/koudelka-navraty\/","title":{"rendered":"KOUDELKA N\u00c1VRATY"},"content":{"rendered":"<p>Publikace vy\u0161la u\u00a0p\u0159\u00edle\u017eitosti v\u00fdstavy v\u00a0UPM k\u00a0autorov\u00fdm osmdes\u00e1t\u00fdm narozenin\u00e1m a\u00a0p\u0159edstavuje pr\u016f\u0159ez jeho celo\u017eivotn\u00ed tvorbou.<\/p>\n<p>Jej\u00ed z\u00e1klad tvo\u0159\u00ed 350\u00a0fotografi\u00ed, kter\u00e9 jsou sou\u010d\u00e1st\u00ed obs\u00e1hl\u00e9ho souboru d\u011bl, je\u017e se Josef Koudelka rozhodl v\u011bnovat sv\u00e9 vlasti a\u00a0kter\u00fd zahrnuje v\u0161echny v\u00fdznamn\u00e9 fotografick\u00e9 cykly (Za\u010d\u00e1tky, Experimenty, Divadlo, Cik\u00e1ni, Invaze 68, Exily, Panorama). Souborn\u00e1 publikace p\u0159ipraven\u00e1 edi\u010dn\u011b Josefem Koudelkou a\u00a0Irenou \u0160orfovou v\u00a0\u010desk\u00e9 a\u00a0anglick\u00e9 verzi pod\u00e1v\u00e1 ucelen\u00fd pohled na fotograf\u016fv \u017eivot a\u00a0jeho d\u00edlo.<\/p>","protected":false},"excerpt":{"rendered":"<p>koncepce publikace: Josef Koudelka<br \/>\nedito\u0159i: Josef Koudelka a\u00a0Irena \u0160orfov\u00e1<br \/>\nvydavatel\u00e9: UPM v&nbsp;Praze a&nbsp;KANT, 2018<br \/>\ntexty: Anna F\u00e1rov\u00e1, Helena Koenigsmarkov\u00e1, Irena \u0160orfov\u00e1, Stuart Alexander, Daniel\u00a0Herman, Josef Chuchma, Jan Ml\u010doch, Josef Moucha, Tom\u00e1\u0161 Posp\u011bch<br \/>\nvyd\u00e1n\u00ed: \u010desk\u00e9 a\u00a0anglick\u00e9<br \/>\nfotografie: Josef Koudelka\/Magnum Photos<br \/>\nform\u00e1t: 31 x 24 cm, pevn\u00e1 vazba<br \/>\npo\u010det stran: 312<br \/>\npo\u010det\u00a0reprodukc\u00ed: 440<br \/>\nISBN: 978-80-7101-172-9 (UPM, \u010dj)<br \/>\nISBN: 978-80-7101-173-6 (UPM, aj)<\/p>","protected":false},"featured_media":7081,"template":"","meta":{"_acf_changed":false},"product_brand":[],"product_cat":[45],"product_tag":[],"class_list":{"0":"post-7080","1":"product","2":"type-product","3":"status-publish","4":"has-post-thumbnail","6":"product_cat-knihy","8":"first","9":"instock","10":"sale","11":"shipping-taxable","12":"purchasable","13":"product-type-variable","14":"has-default-attributes"},"acf":[],"yoast_head":"<!-- This site is optimized with the Yoast SEO plugin v26.9 - https:\/\/yoast.com\/product\/yoast-seo-wordpress\/ -->\n<title>KOUDELKA N\u00c1VRATY - Um\u011bleckopr\u016fmyslov\u00e9 museum v Praze<\/title>\n<meta name=\"description\" content=\"Souborn\u00e1 publikace p\u0159ipraven\u00e1 edi\u010dn\u011b Josefem Koudelkou a\u00a0Irenou \u0160orfovou v\u00a0\u010desk\u00e9 a\u00a0anglick\u00e9 verzi pod\u00e1v\u00e1 ucelen\u00fd pohled na fotograf\u016fv \u017eivot a\u00a0jeho d\u00edlo.\" \/>\n<meta name=\"robots\" content=\"noindex, nofollow\" \/>\n<meta property=\"og:locale\" content=\"en_US\" \/>\n<meta property=\"og:type\" content=\"article\" \/>\n<meta property=\"og:title\" content=\"KOUDELKA N\u00c1VRATY - Um\u011bleckopr\u016fmyslov\u00e9 museum v Praze\" \/>\n<meta property=\"og:description\" content=\"Souborn\u00e1 publikace p\u0159ipraven\u00e1 edi\u010dn\u011b Josefem Koudelkou a\u00a0Irenou \u0160orfovou v\u00a0\u010desk\u00e9 a\u00a0anglick\u00e9 verzi pod\u00e1v\u00e1 ucelen\u00fd pohled na fotograf\u016fv \u017eivot a\u00a0jeho d\u00edlo.\" \/>\n<meta property=\"og:url\" content=\"https:\/\/www.upm.cz\/an\/eshop\/koudelka-navraty\/\" \/>\n<meta property=\"og:site_name\" content=\"Um\u011bleckopr\u016fmyslov\u00e9 museum v Praze\" \/>\n<meta property=\"article:modified_time\" content=\"2026-04-29T04:32:32+00:00\" \/>\n<meta property=\"og:image\" content=\"https:\/\/www.upm.cz\/wp-content\/uploads\/605-1.jpg\" \/>\n\t<meta property=\"og:image:width\" content=\"604\" \/>\n\t<meta property=\"og:image:height\" content=\"800\" \/>\n\t<meta property=\"og:image:type\" content=\"image\/jpeg\" \/>\n<meta name=\"twitter:card\" content=\"summary_large_image\" \/>\n<meta name=\"twitter:label1\" content=\"Est. reading time\" \/>\n\t<meta name=\"twitter:data1\" content=\"1 minute\" \/>\n<script type=\"application\/ld+json\" class=\"yoast-schema-graph\">{\"@context\":\"https:\/\/schema.org\",\"@graph\":[{\"@type\":\"WebPage\",\"@id\":\"https:\/\/www.upm.cz\/eshop\/koudelka-navraty\/\",\"url\":\"https:\/\/www.upm.cz\/eshop\/koudelka-navraty\/\",\"name\":\"KOUDELKA N\u00c1VRATY - Um\u011bleckopr\u016fmyslov\u00e9 museum v Praze\",\"isPartOf\":{\"@id\":\"https:\/\/www.upm.cz\/#website\"},\"primaryImageOfPage\":{\"@id\":\"https:\/\/www.upm.cz\/eshop\/koudelka-navraty\/#primaryimage\"},\"image\":{\"@id\":\"https:\/\/www.upm.cz\/eshop\/koudelka-navraty\/#primaryimage\"},\"thumbnailUrl\":\"https:\/\/www.upm.cz\/wp-content\/uploads\/605-1.jpg\",\"datePublished\":\"2023-02-17T10:44:13+00:00\",\"dateModified\":\"2026-04-29T04:32:32+00:00\",\"description\":\"Souborn\u00e1 publikace p\u0159ipraven\u00e1 edi\u010dn\u011b Josefem Koudelkou a\u00a0Irenou \u0160orfovou v\u00a0\u010desk\u00e9 a\u00a0anglick\u00e9 verzi pod\u00e1v\u00e1 ucelen\u00fd pohled na fotograf\u016fv \u017eivot a\u00a0jeho d\u00edlo.\",\"breadcrumb\":{\"@id\":\"https:\/\/www.upm.cz\/eshop\/koudelka-navraty\/#breadcrumb\"},\"inLanguage\":\"en-US\",\"potentialAction\":[{\"@type\":\"ReadAction\",\"target\":[\"https:\/\/www.upm.cz\/eshop\/koudelka-navraty\/\"]}]},{\"@type\":\"ImageObject\",\"inLanguage\":\"en-US\",\"@id\":\"https:\/\/www.upm.cz\/eshop\/koudelka-navraty\/#primaryimage\",\"url\":\"https:\/\/www.upm.cz\/wp-content\/uploads\/605-1.jpg\",\"contentUrl\":\"https:\/\/www.upm.cz\/wp-content\/uploads\/605-1.jpg\",\"width\":604,\"height\":800},{\"@type\":\"BreadcrumbList\",\"@id\":\"https:\/\/www.upm.cz\/eshop\/koudelka-navraty\/#breadcrumb\",\"itemListElement\":[{\"@type\":\"ListItem\",\"position\":1,\"name\":\"Dom\u016f\",\"item\":\"https:\/\/www.upm.cz\/\"},{\"@type\":\"ListItem\",\"position\":2,\"name\":\"eshop\",\"item\":\"https:\/\/www.upm.cz\/eshop\/\"},{\"@type\":\"ListItem\",\"position\":3,\"name\":\"KOUDELKA N\u00c1VRATY\"}]},{\"@type\":\"WebSite\",\"@id\":\"https:\/\/www.upm.cz\/#website\",\"url\":\"https:\/\/www.upm.cz\/\",\"name\":\"Um\u011bleckopr\u016fmyslov\u00e9 museum v Praze\",\"description\":\"\",\"publisher\":{\"@id\":\"https:\/\/www.upm.cz\/#organization\"},\"potentialAction\":[{\"@type\":\"SearchAction\",\"target\":{\"@type\":\"EntryPoint\",\"urlTemplate\":\"https:\/\/www.upm.cz\/?s={search_term_string}\"},\"query-input\":{\"@type\":\"PropertyValueSpecification\",\"valueRequired\":true,\"valueName\":\"search_term_string\"}}],\"inLanguage\":\"en-US\"},{\"@type\":\"Organization\",\"@id\":\"https:\/\/www.upm.cz\/#organization\",\"name\":\"Um\u011bleckopr\u016fmyslov\u00e9 museum v Praze\",\"url\":\"https:\/\/www.upm.cz\/\",\"logo\":{\"@type\":\"ImageObject\",\"inLanguage\":\"en-US\",\"@id\":\"https:\/\/www.upm.cz\/#\/schema\/logo\/image\/\",\"url\":\"https:\/\/www.upm.cz\/wp-content\/uploads\/2020\/03\/logo_upm_cz.svg\",\"contentUrl\":\"https:\/\/www.upm.cz\/wp-content\/uploads\/2020\/03\/logo_upm_cz.svg\",\"width\":1736,\"height\":295,\"caption\":\"Um\u011bleckopr\u016fmyslov\u00e9 museum v Praze\"},\"image\":{\"@id\":\"https:\/\/www.upm.cz\/#\/schema\/logo\/image\/\"}}]}<\/script>\n<!-- \/ Yoast SEO plugin. -->","yoast_head_json":{"title":"KOUDELKA N\u00c1VRATY - Um\u011bleckopr\u016fmyslov\u00e9 museum v Praze","description":"Souborn\u00e1 publikace p\u0159ipraven\u00e1 edi\u010dn\u011b Josefem Koudelkou a\u00a0Irenou \u0160orfovou v\u00a0\u010desk\u00e9 a\u00a0anglick\u00e9 verzi pod\u00e1v\u00e1 ucelen\u00fd pohled na fotograf\u016fv \u017eivot a\u00a0jeho d\u00edlo.","robots":{"index":"noindex","follow":"nofollow"},"og_locale":"en_US","og_type":"article","og_title":"KOUDELKA N\u00c1VRATY - Um\u011bleckopr\u016fmyslov\u00e9 museum v Praze","og_description":"Souborn\u00e1 publikace p\u0159ipraven\u00e1 edi\u010dn\u011b Josefem Koudelkou a\u00a0Irenou \u0160orfovou v\u00a0\u010desk\u00e9 a\u00a0anglick\u00e9 verzi pod\u00e1v\u00e1 ucelen\u00fd pohled na fotograf\u016fv \u017eivot a\u00a0jeho d\u00edlo.","og_url":"https:\/\/www.upm.cz\/an\/eshop\/koudelka-navraty\/","og_site_name":"Um\u011bleckopr\u016fmyslov\u00e9 museum v Praze","article_modified_time":"2026-04-29T04:32:32+00:00","og_image":[{"width":604,"height":800,"url":"https:\/\/www.upm.cz\/wp-content\/uploads\/605-1.jpg","type":"image\/jpeg"}],"twitter_card":"summary_large_image","twitter_misc":{"Est. reading time":"1 minute"},"schema":{"@context":"https:\/\/schema.org","@graph":[{"@type":"WebPage","@id":"https:\/\/www.upm.cz\/eshop\/koudelka-navraty\/","url":"https:\/\/www.upm.cz\/eshop\/koudelka-navraty\/","name":"KOUDELKA N\u00c1VRATY - Um\u011bleckopr\u016fmyslov\u00e9 museum v Praze","isPartOf":{"@id":"https:\/\/www.upm.cz\/#website"},"primaryImageOfPage":{"@id":"https:\/\/www.upm.cz\/eshop\/koudelka-navraty\/#primaryimage"},"image":{"@id":"https:\/\/www.upm.cz\/eshop\/koudelka-navraty\/#primaryimage"},"thumbnailUrl":"https:\/\/www.upm.cz\/wp-content\/uploads\/605-1.jpg","datePublished":"2023-02-17T10:44:13+00:00","dateModified":"2026-04-29T04:32:32+00:00","description":"Souborn\u00e1 publikace p\u0159ipraven\u00e1 edi\u010dn\u011b Josefem Koudelkou a\u00a0Irenou \u0160orfovou v\u00a0\u010desk\u00e9 a\u00a0anglick\u00e9 verzi pod\u00e1v\u00e1 ucelen\u00fd pohled na fotograf\u016fv \u017eivot a\u00a0jeho d\u00edlo.","breadcrumb":{"@id":"https:\/\/www.upm.cz\/eshop\/koudelka-navraty\/#breadcrumb"},"inLanguage":"en-US","potentialAction":[{"@type":"ReadAction","target":["https:\/\/www.upm.cz\/eshop\/koudelka-navraty\/"]}]},{"@type":"ImageObject","inLanguage":"en-US","@id":"https:\/\/www.upm.cz\/eshop\/koudelka-navraty\/#primaryimage","url":"https:\/\/www.upm.cz\/wp-content\/uploads\/605-1.jpg","contentUrl":"https:\/\/www.upm.cz\/wp-content\/uploads\/605-1.jpg","width":604,"height":800},{"@type":"BreadcrumbList","@id":"https:\/\/www.upm.cz\/eshop\/koudelka-navraty\/#breadcrumb","itemListElement":[{"@type":"ListItem","position":1,"name":"Dom\u016f","item":"https:\/\/www.upm.cz\/"},{"@type":"ListItem","position":2,"name":"eshop","item":"https:\/\/www.upm.cz\/eshop\/"},{"@type":"ListItem","position":3,"name":"KOUDELKA N\u00c1VRATY"}]},{"@type":"WebSite","@id":"https:\/\/www.upm.cz\/#website","url":"https:\/\/www.upm.cz\/","name":"Um\u011bleckopr\u016fmyslov\u00e9 museum v Praze","description":"","publisher":{"@id":"https:\/\/www.upm.cz\/#organization"},"potentialAction":[{"@type":"SearchAction","target":{"@type":"EntryPoint","urlTemplate":"https:\/\/www.upm.cz\/?s={search_term_string}"},"query-input":{"@type":"PropertyValueSpecification","valueRequired":true,"valueName":"search_term_string"}}],"inLanguage":"en-US"},{"@type":"Organization","@id":"https:\/\/www.upm.cz\/#organization","name":"Um\u011bleckopr\u016fmyslov\u00e9 museum v Praze","url":"https:\/\/www.upm.cz\/","logo":{"@type":"ImageObject","inLanguage":"en-US","@id":"https:\/\/www.upm.cz\/#\/schema\/logo\/image\/","url":"https:\/\/www.upm.cz\/wp-content\/uploads\/2020\/03\/logo_upm_cz.svg","contentUrl":"https:\/\/www.upm.cz\/wp-content\/uploads\/2020\/03\/logo_upm_cz.svg","width":1736,"height":295,"caption":"Um\u011bleckopr\u016fmyslov\u00e9 museum v Praze"},"image":{"@id":"https:\/\/www.upm.cz\/#\/schema\/logo\/image\/"}}]}},"_links":{"self":[{"href":"https:\/\/www.upm.cz\/an\/wp-json\/wp\/v2\/product\/7080","targetHints":{"allow":["GET"]}}],"collection":[{"href":"https:\/\/www.upm.cz\/an\/wp-json\/wp\/v2\/product"}],"about":[{"href":"https:\/\/www.upm.cz\/an\/wp-json\/wp\/v2\/types\/product"}],"wp:featuredmedia":[{"embeddable":true,"href":"https:\/\/www.upm.cz\/an\/wp-json\/wp\/v2\/media\/7081"}],"wp:attachment":[{"href":"https:\/\/www.upm.cz\/an\/wp-json\/wp\/v2\/media?parent=7080"}],"wp:term":[{"taxonomy":"product_brand","embeddable":true,"href":"https:\/\/www.upm.cz\/an\/wp-json\/wp\/v2\/product_brand?post=7080"},{"taxonomy":"product_cat","embeddable":true,"href":"https:\/\/www.upm.cz\/an\/wp-json\/wp\/v2\/product_cat?post=7080"},{"taxonomy":"product_tag","embeddable":true,"href":"https:\/\/www.upm.cz\/an\/wp-json\/wp\/v2\/product_tag?post=7080"}],"curies":[{"name":"wp","href":"https:\/\/api.w.org\/{rel}","templated":true}]}}