{"id":7083,"date":"2021-02-17T11:50:55","date_gmt":"2021-02-17T10:50:55","guid":{"rendered":"https:\/\/www.upm.cz\/?post_type=product&#038;p=7083"},"modified":"2026-02-02T14:57:49","modified_gmt":"2026-02-02T13:57:49","slug":"poeticka-geometrie-moderni-architektura-ve-fotografiich-josefa-sudka","status":"publish","type":"product","link":"https:\/\/www.upm.cz\/an\/eshop\/poeticka-geometrie-moderni-architektura-ve-fotografiich-josefa-sudka\/","title":{"rendered":"POETICK\u00c1 GEOMETRIE. MODERN\u00cd ARCHITEKTURA VE FOTOGRAFI\u00cdCH JOSEFA SUDKA"},"content":{"rendered":"<p>Fotograf Josef Sudek (1896\u20131976) od konce dvac\u00e1t\u00fdch do za\u010d\u00e1tku pades\u00e1t\u00fdch let 20.\u00a0stolet\u00ed spolupracoval s\u00a0avantgardn\u00edmi architekty a\u00a0majiteli modern\u00edch staveb. Vzniklo tak n\u011bkolik stovek sn\u00edmk\u016f, kter\u00fdm dosud nebyla v\u011bnov\u00e1na detailn\u011bj\u0161\u00ed odborn\u00e1 pozornost.<\/p>\n<p>Pat\u0159\u00ed mezi n\u011b nap\u0159\u00edklad fotografie Barrandovsk\u00fdch teras v\u00a0Praze, elektr\u00e1rny ESSO v\u00a0Kol\u00edn\u011b, modern\u00edch staveb v\u00a0Hradci Kr\u00e1lov\u00e9 a\u00a0\u0159ady dal\u0161\u00edch budov, je\u017e se v\u00fdrazn\u011b zapsaly do d\u011bjin \u010desk\u00e9 architektury. Kniha p\u0159ibli\u017euje\u00a0spolupr\u00e1ci fotografa a\u00a0architekta a\u00a0pokou\u0161\u00ed se odpov\u011bd\u011bt na ot\u00e1zku, zda a\u00a0jak\u00fdm zp\u016fsobem architekti ovliv\u0148ovali fotografov\u00e1n\u00ed sv\u00fdch staveb. Soust\u0159ed\u00ed se rovn\u011b\u017e na spojnice mezi Sudkovou volnou a\u00a0zak\u00e1zkovou tvorbou a\u00a0roli, kterou fotografie hr\u00e1la v\u00a0popularizaci meziv\u00e1le\u010dn\u00e9 architektury mezi \u0161irokou ve\u0159ejnost\u00ed.<\/p>","protected":false},"excerpt":{"rendered":"<p>vydavatel\u00e9: UPM v&nbsp;Praze a&nbsp;KANT, 2018<br \/>\nautorka: Mariana Kubi\u0161tov\u00e1<br \/>\nvyd\u00e1n\u00ed: \u010desk\u00e9 s\u00a0anglick\u00fdm resum\u00e9<br \/>\nform\u00e1t: 28 x 24 cm, m\u011bkk\u00e1 vazba<br \/>\npo\u010det stran: 120<br \/>\npo\u010det\u00a0reprodukc\u00ed: 100<br \/>\nISBN 978-80-7101-177-4 (UPM)<\/p>","protected":false},"featured_media":7084,"template":"","meta":{"_acf_changed":false},"product_brand":[],"product_cat":[45],"product_tag":[],"class_list":{"0":"post-7083","1":"product","2":"type-product","3":"status-publish","4":"has-post-thumbnail","6":"product_cat-knihy","8":"first","9":"instock","10":"shipping-taxable","11":"purchasable","12":"product-type-simple"},"acf":[],"yoast_head":"<!-- This site is optimized with the Yoast SEO plugin v26.9 - https:\/\/yoast.com\/product\/yoast-seo-wordpress\/ -->\n<title>POETICK\u00c1 GEOMETRIE. MODERN\u00cd ARCHITEKTURA VE FOTOGRAFI\u00cdCH JOSEFA SUDKA - Um\u011bleckopr\u016fmyslov\u00e9 museum v Praze<\/title>\n<meta name=\"description\" content=\"Fotograf Josef Sudek (1896\u20131976) od konce dvac\u00e1t\u00fdch do za\u010d\u00e1tku pades\u00e1t\u00fdch let 20.\u00a0stolet\u00ed spolupracoval s\u00a0avantgardn\u00edmi architekty a\u00a0majiteli modern\u00edch staveb. Vzniklo tak n\u011bkolik stovek sn\u00edmk\u016f, kter\u00fdm dosud nebyla v\u011bnov\u00e1na detailn\u011bj\u0161\u00ed odborn\u00e1 pozornost.\" \/>\n<meta name=\"robots\" content=\"noindex, nofollow\" \/>\n<meta property=\"og:locale\" content=\"en_US\" \/>\n<meta property=\"og:type\" content=\"article\" \/>\n<meta property=\"og:title\" content=\"POETICK\u00c1 GEOMETRIE. MODERN\u00cd ARCHITEKTURA VE FOTOGRAFI\u00cdCH JOSEFA SUDKA - Um\u011bleckopr\u016fmyslov\u00e9 museum v Praze\" \/>\n<meta property=\"og:description\" content=\"Fotograf Josef Sudek (1896\u20131976) od konce dvac\u00e1t\u00fdch do za\u010d\u00e1tku pades\u00e1t\u00fdch let 20.\u00a0stolet\u00ed spolupracoval s\u00a0avantgardn\u00edmi architekty a\u00a0majiteli modern\u00edch staveb. Vzniklo tak n\u011bkolik stovek sn\u00edmk\u016f, kter\u00fdm dosud nebyla v\u011bnov\u00e1na detailn\u011bj\u0161\u00ed odborn\u00e1 pozornost.\" \/>\n<meta property=\"og:url\" content=\"https:\/\/www.upm.cz\/an\/eshop\/poeticka-geometrie-moderni-architektura-ve-fotografiich-josefa-sudka\/\" \/>\n<meta property=\"og:site_name\" content=\"Um\u011bleckopr\u016fmyslov\u00e9 museum v Praze\" \/>\n<meta property=\"article:modified_time\" content=\"2026-02-02T13:57:49+00:00\" \/>\n<meta property=\"og:image\" content=\"https:\/\/www.upm.cz\/wp-content\/uploads\/Sudek_Poe_Geo_01.jpg\" \/>\n\t<meta property=\"og:image:width\" content=\"1026\" \/>\n\t<meta property=\"og:image:height\" content=\"1200\" \/>\n\t<meta property=\"og:image:type\" content=\"image\/jpeg\" \/>\n<meta name=\"twitter:card\" content=\"summary_large_image\" \/>\n<meta name=\"twitter:label1\" content=\"Est. reading time\" \/>\n\t<meta name=\"twitter:data1\" content=\"1 minute\" \/>\n<script type=\"application\/ld+json\" class=\"yoast-schema-graph\">{\"@context\":\"https:\/\/schema.org\",\"@graph\":[{\"@type\":\"WebPage\",\"@id\":\"https:\/\/www.upm.cz\/eshop\/poeticka-geometrie-moderni-architektura-ve-fotografiich-josefa-sudka\/\",\"url\":\"https:\/\/www.upm.cz\/eshop\/poeticka-geometrie-moderni-architektura-ve-fotografiich-josefa-sudka\/\",\"name\":\"POETICK\u00c1 GEOMETRIE. MODERN\u00cd ARCHITEKTURA VE FOTOGRAFI\u00cdCH JOSEFA SUDKA - Um\u011bleckopr\u016fmyslov\u00e9 museum v Praze\",\"isPartOf\":{\"@id\":\"https:\/\/www.upm.cz\/#website\"},\"primaryImageOfPage\":{\"@id\":\"https:\/\/www.upm.cz\/eshop\/poeticka-geometrie-moderni-architektura-ve-fotografiich-josefa-sudka\/#primaryimage\"},\"image\":{\"@id\":\"https:\/\/www.upm.cz\/eshop\/poeticka-geometrie-moderni-architektura-ve-fotografiich-josefa-sudka\/#primaryimage\"},\"thumbnailUrl\":\"https:\/\/www.upm.cz\/wp-content\/uploads\/Sudek_Poe_Geo_01.jpg\",\"datePublished\":\"2021-02-17T10:50:55+00:00\",\"dateModified\":\"2026-02-02T13:57:49+00:00\",\"description\":\"Fotograf Josef Sudek (1896\u20131976) od konce dvac\u00e1t\u00fdch do za\u010d\u00e1tku pades\u00e1t\u00fdch let 20.\u00a0stolet\u00ed spolupracoval s\u00a0avantgardn\u00edmi architekty a\u00a0majiteli modern\u00edch staveb. Vzniklo tak n\u011bkolik stovek sn\u00edmk\u016f, kter\u00fdm dosud nebyla v\u011bnov\u00e1na detailn\u011bj\u0161\u00ed odborn\u00e1 pozornost.\",\"breadcrumb\":{\"@id\":\"https:\/\/www.upm.cz\/eshop\/poeticka-geometrie-moderni-architektura-ve-fotografiich-josefa-sudka\/#breadcrumb\"},\"inLanguage\":\"en-US\",\"potentialAction\":[{\"@type\":\"ReadAction\",\"target\":[\"https:\/\/www.upm.cz\/eshop\/poeticka-geometrie-moderni-architektura-ve-fotografiich-josefa-sudka\/\"]}]},{\"@type\":\"ImageObject\",\"inLanguage\":\"en-US\",\"@id\":\"https:\/\/www.upm.cz\/eshop\/poeticka-geometrie-moderni-architektura-ve-fotografiich-josefa-sudka\/#primaryimage\",\"url\":\"https:\/\/www.upm.cz\/wp-content\/uploads\/Sudek_Poe_Geo_01.jpg\",\"contentUrl\":\"https:\/\/www.upm.cz\/wp-content\/uploads\/Sudek_Poe_Geo_01.jpg\",\"width\":1026,\"height\":1200},{\"@type\":\"BreadcrumbList\",\"@id\":\"https:\/\/www.upm.cz\/eshop\/poeticka-geometrie-moderni-architektura-ve-fotografiich-josefa-sudka\/#breadcrumb\",\"itemListElement\":[{\"@type\":\"ListItem\",\"position\":1,\"name\":\"Dom\u016f\",\"item\":\"https:\/\/www.upm.cz\/\"},{\"@type\":\"ListItem\",\"position\":2,\"name\":\"eshop\",\"item\":\"https:\/\/www.upm.cz\/eshop\/\"},{\"@type\":\"ListItem\",\"position\":3,\"name\":\"POETICK\u00c1 GEOMETRIE. MODERN\u00cd ARCHITEKTURA VE FOTOGRAFI\u00cdCH JOSEFA SUDKA\"}]},{\"@type\":\"WebSite\",\"@id\":\"https:\/\/www.upm.cz\/#website\",\"url\":\"https:\/\/www.upm.cz\/\",\"name\":\"Um\u011bleckopr\u016fmyslov\u00e9 museum v Praze\",\"description\":\"\",\"publisher\":{\"@id\":\"https:\/\/www.upm.cz\/#organization\"},\"potentialAction\":[{\"@type\":\"SearchAction\",\"target\":{\"@type\":\"EntryPoint\",\"urlTemplate\":\"https:\/\/www.upm.cz\/?s={search_term_string}\"},\"query-input\":{\"@type\":\"PropertyValueSpecification\",\"valueRequired\":true,\"valueName\":\"search_term_string\"}}],\"inLanguage\":\"en-US\"},{\"@type\":\"Organization\",\"@id\":\"https:\/\/www.upm.cz\/#organization\",\"name\":\"Um\u011bleckopr\u016fmyslov\u00e9 museum v Praze\",\"url\":\"https:\/\/www.upm.cz\/\",\"logo\":{\"@type\":\"ImageObject\",\"inLanguage\":\"en-US\",\"@id\":\"https:\/\/www.upm.cz\/#\/schema\/logo\/image\/\",\"url\":\"https:\/\/www.upm.cz\/wp-content\/uploads\/2020\/03\/logo_upm_cz.svg\",\"contentUrl\":\"https:\/\/www.upm.cz\/wp-content\/uploads\/2020\/03\/logo_upm_cz.svg\",\"width\":1736,\"height\":295,\"caption\":\"Um\u011bleckopr\u016fmyslov\u00e9 museum v Praze\"},\"image\":{\"@id\":\"https:\/\/www.upm.cz\/#\/schema\/logo\/image\/\"}}]}<\/script>\n<!-- \/ Yoast SEO plugin. -->","yoast_head_json":{"title":"POETICK\u00c1 GEOMETRIE. MODERN\u00cd ARCHITEKTURA VE FOTOGRAFI\u00cdCH JOSEFA SUDKA - Um\u011bleckopr\u016fmyslov\u00e9 museum v Praze","description":"Fotograf Josef Sudek (1896\u20131976) od konce dvac\u00e1t\u00fdch do za\u010d\u00e1tku pades\u00e1t\u00fdch let 20.\u00a0stolet\u00ed spolupracoval s\u00a0avantgardn\u00edmi architekty a\u00a0majiteli modern\u00edch staveb. Vzniklo tak n\u011bkolik stovek sn\u00edmk\u016f, kter\u00fdm dosud nebyla v\u011bnov\u00e1na detailn\u011bj\u0161\u00ed odborn\u00e1 pozornost.","robots":{"index":"noindex","follow":"nofollow"},"og_locale":"en_US","og_type":"article","og_title":"POETICK\u00c1 GEOMETRIE. MODERN\u00cd ARCHITEKTURA VE FOTOGRAFI\u00cdCH JOSEFA SUDKA - Um\u011bleckopr\u016fmyslov\u00e9 museum v Praze","og_description":"Fotograf Josef Sudek (1896\u20131976) od konce dvac\u00e1t\u00fdch do za\u010d\u00e1tku pades\u00e1t\u00fdch let 20.\u00a0stolet\u00ed spolupracoval s\u00a0avantgardn\u00edmi architekty a\u00a0majiteli modern\u00edch staveb. Vzniklo tak n\u011bkolik stovek sn\u00edmk\u016f, kter\u00fdm dosud nebyla v\u011bnov\u00e1na detailn\u011bj\u0161\u00ed odborn\u00e1 pozornost.","og_url":"https:\/\/www.upm.cz\/an\/eshop\/poeticka-geometrie-moderni-architektura-ve-fotografiich-josefa-sudka\/","og_site_name":"Um\u011bleckopr\u016fmyslov\u00e9 museum v Praze","article_modified_time":"2026-02-02T13:57:49+00:00","og_image":[{"width":1026,"height":1200,"url":"https:\/\/www.upm.cz\/wp-content\/uploads\/Sudek_Poe_Geo_01.jpg","type":"image\/jpeg"}],"twitter_card":"summary_large_image","twitter_misc":{"Est. reading time":"1 minute"},"schema":{"@context":"https:\/\/schema.org","@graph":[{"@type":"WebPage","@id":"https:\/\/www.upm.cz\/eshop\/poeticka-geometrie-moderni-architektura-ve-fotografiich-josefa-sudka\/","url":"https:\/\/www.upm.cz\/eshop\/poeticka-geometrie-moderni-architektura-ve-fotografiich-josefa-sudka\/","name":"POETICK\u00c1 GEOMETRIE. MODERN\u00cd ARCHITEKTURA VE FOTOGRAFI\u00cdCH JOSEFA SUDKA - Um\u011bleckopr\u016fmyslov\u00e9 museum v Praze","isPartOf":{"@id":"https:\/\/www.upm.cz\/#website"},"primaryImageOfPage":{"@id":"https:\/\/www.upm.cz\/eshop\/poeticka-geometrie-moderni-architektura-ve-fotografiich-josefa-sudka\/#primaryimage"},"image":{"@id":"https:\/\/www.upm.cz\/eshop\/poeticka-geometrie-moderni-architektura-ve-fotografiich-josefa-sudka\/#primaryimage"},"thumbnailUrl":"https:\/\/www.upm.cz\/wp-content\/uploads\/Sudek_Poe_Geo_01.jpg","datePublished":"2021-02-17T10:50:55+00:00","dateModified":"2026-02-02T13:57:49+00:00","description":"Fotograf Josef Sudek (1896\u20131976) od konce dvac\u00e1t\u00fdch do za\u010d\u00e1tku pades\u00e1t\u00fdch let 20.\u00a0stolet\u00ed spolupracoval s\u00a0avantgardn\u00edmi architekty a\u00a0majiteli modern\u00edch staveb. Vzniklo tak n\u011bkolik stovek sn\u00edmk\u016f, kter\u00fdm dosud nebyla v\u011bnov\u00e1na detailn\u011bj\u0161\u00ed odborn\u00e1 pozornost.","breadcrumb":{"@id":"https:\/\/www.upm.cz\/eshop\/poeticka-geometrie-moderni-architektura-ve-fotografiich-josefa-sudka\/#breadcrumb"},"inLanguage":"en-US","potentialAction":[{"@type":"ReadAction","target":["https:\/\/www.upm.cz\/eshop\/poeticka-geometrie-moderni-architektura-ve-fotografiich-josefa-sudka\/"]}]},{"@type":"ImageObject","inLanguage":"en-US","@id":"https:\/\/www.upm.cz\/eshop\/poeticka-geometrie-moderni-architektura-ve-fotografiich-josefa-sudka\/#primaryimage","url":"https:\/\/www.upm.cz\/wp-content\/uploads\/Sudek_Poe_Geo_01.jpg","contentUrl":"https:\/\/www.upm.cz\/wp-content\/uploads\/Sudek_Poe_Geo_01.jpg","width":1026,"height":1200},{"@type":"BreadcrumbList","@id":"https:\/\/www.upm.cz\/eshop\/poeticka-geometrie-moderni-architektura-ve-fotografiich-josefa-sudka\/#breadcrumb","itemListElement":[{"@type":"ListItem","position":1,"name":"Dom\u016f","item":"https:\/\/www.upm.cz\/"},{"@type":"ListItem","position":2,"name":"eshop","item":"https:\/\/www.upm.cz\/eshop\/"},{"@type":"ListItem","position":3,"name":"POETICK\u00c1 GEOMETRIE. MODERN\u00cd ARCHITEKTURA VE FOTOGRAFI\u00cdCH JOSEFA SUDKA"}]},{"@type":"WebSite","@id":"https:\/\/www.upm.cz\/#website","url":"https:\/\/www.upm.cz\/","name":"Um\u011bleckopr\u016fmyslov\u00e9 museum v Praze","description":"","publisher":{"@id":"https:\/\/www.upm.cz\/#organization"},"potentialAction":[{"@type":"SearchAction","target":{"@type":"EntryPoint","urlTemplate":"https:\/\/www.upm.cz\/?s={search_term_string}"},"query-input":{"@type":"PropertyValueSpecification","valueRequired":true,"valueName":"search_term_string"}}],"inLanguage":"en-US"},{"@type":"Organization","@id":"https:\/\/www.upm.cz\/#organization","name":"Um\u011bleckopr\u016fmyslov\u00e9 museum v Praze","url":"https:\/\/www.upm.cz\/","logo":{"@type":"ImageObject","inLanguage":"en-US","@id":"https:\/\/www.upm.cz\/#\/schema\/logo\/image\/","url":"https:\/\/www.upm.cz\/wp-content\/uploads\/2020\/03\/logo_upm_cz.svg","contentUrl":"https:\/\/www.upm.cz\/wp-content\/uploads\/2020\/03\/logo_upm_cz.svg","width":1736,"height":295,"caption":"Um\u011bleckopr\u016fmyslov\u00e9 museum v Praze"},"image":{"@id":"https:\/\/www.upm.cz\/#\/schema\/logo\/image\/"}}]}},"_links":{"self":[{"href":"https:\/\/www.upm.cz\/an\/wp-json\/wp\/v2\/product\/7083","targetHints":{"allow":["GET"]}}],"collection":[{"href":"https:\/\/www.upm.cz\/an\/wp-json\/wp\/v2\/product"}],"about":[{"href":"https:\/\/www.upm.cz\/an\/wp-json\/wp\/v2\/types\/product"}],"wp:featuredmedia":[{"embeddable":true,"href":"https:\/\/www.upm.cz\/an\/wp-json\/wp\/v2\/media\/7084"}],"wp:attachment":[{"href":"https:\/\/www.upm.cz\/an\/wp-json\/wp\/v2\/media?parent=7083"}],"wp:term":[{"taxonomy":"product_brand","embeddable":true,"href":"https:\/\/www.upm.cz\/an\/wp-json\/wp\/v2\/product_brand?post=7083"},{"taxonomy":"product_cat","embeddable":true,"href":"https:\/\/www.upm.cz\/an\/wp-json\/wp\/v2\/product_cat?post=7083"},{"taxonomy":"product_tag","embeddable":true,"href":"https:\/\/www.upm.cz\/an\/wp-json\/wp\/v2\/product_tag?post=7083"}],"curies":[{"name":"wp","href":"https:\/\/api.w.org\/{rel}","templated":true}]}}