{"id":7097,"date":"2021-02-17T15:00:36","date_gmt":"2021-02-17T14:00:36","guid":{"rendered":"https:\/\/www.upm.cz\/?post_type=product&#038;p=7097"},"modified":"2025-07-23T09:53:25","modified_gmt":"2025-07-23T07:53:25","slug":"v-lesku-zlata-v-zari-barev-umeni-podmalby-na-skle-ze-sbirek-upm","status":"publish","type":"product","link":"https:\/\/www.upm.cz\/an\/eshop\/v-lesku-zlata-v-zari-barev-umeni-podmalby-na-skle-ze-sbirek-upm\/","title":{"rendered":"V LESKU ZLATA V&nbsp;Z\u00c1\u0158I BAREV. UM\u011aN\u00cd PODMALBY NA SKLE ZE SB\u00cdREK UPM"},"content":{"rendered":"<p>Podmalby neboli obrazy malovan\u00e9 na zadn\u00ed stran\u011b skla p\u0159edstavuj\u00ed ve sb\u00edrce historick\u00e9ho skla Um\u011bleckopr\u016fmyslov\u00e9ho musea v\u00a0Praze velmi r\u016fznorodou kolekci \u010d\u00edtaj\u00edc\u00ed na 387 p\u0159edm\u011bt\u016f z\u00a0obdob\u00ed od pozdn\u00ed antiky po&nbsp;19.\u00a0stolet\u00ed. Najdeme v\u00a0n\u00ed vynikaj\u00edc\u00ed um\u011bleck\u00e1 d\u00edla z\u00a0v\u011bt\u0161iny st\u011b\u017eejn\u00edch evropsk\u00fdch center produkce podmaleb, p\u0159edev\u0161\u00edm z\u00a0Ben\u00e1tek, Tyrolska, Lombardie, Norimberku, Curychu, Neapole \u010di\u00a0Augsburgu. Nejcenn\u011bj\u0161\u00ed renesan\u010dn\u00ed obrazy zastupuje d\u00edlo Hanse Jakoba Spr\u00fcngliho a\u00a0Mistra VBL, z\u00a0obdob\u00ed baroka pr\u00e1ce Gerharda Janssena nebo cenn\u00fd soubor prac\u00ed z\u00a0kun\u0161t\u00e1tsk\u00e9 d\u00edlny Daniela a\u00a0Ign\u00e1ce Preissler\u016f. Odborn\u00e9 pozornosti se doposud dostalo p\u0159edev\u0161\u00edm tzv.\u00a0lidov\u00fdm podmalb\u00e1m, tato kniha se v\u0161ak zam\u011b\u0159uje na d\u00edla z\u00a0dvorsk\u00e9ho a\u00a0m\u011b\u0161\u0165ansk\u00e9ho prost\u0159ed\u00ed, kter\u00e1 zlidov\u011bl\u00e9 produkci p\u0159edch\u00e1zela a\u00a0kter\u00fdm pat\u0159ilo \u010dasto reprezentativn\u00ed m\u00edsto ve sb\u00edrk\u00e1ch \u0161lechtic\u016f i\u00a0c\u00edsa\u0159\u016f. Kniha p\u0159ibli\u017euje krom\u011b charakteristiky sb\u00edrky tak\u00e9 jej\u00ed historii a\u00a0v\u00fdzkum um\u011bn\u00ed podmalby na skle. Dopl\u0148uje ji t\u00e9\u017e kapitola v\u011bnovan\u00e1 restaurov\u00e1n\u00ed tohoto sv\u00e9bytn\u00e9ho um\u011bn\u00ed od p\u0159edn\u00ed restaur\u00e1torky skla Evy Rydlov\u00e9. Katalog d\u011bl p\u0159in\u00e1\u0161\u00ed vedle pasportiza\u010dn\u00edch \u00fadaj\u016f a\u00a0citac\u00ed dosavadn\u00ed odborn\u00e9 literatury odkazy na p\u0159edlohy a\u00a0inspira\u010dn\u00ed zdroje jednotliv\u00fdch obraz\u016f na skle.<\/p>","protected":false},"excerpt":{"rendered":"<p>vydavatel: Um\u011bleckopr\u016fmyslov\u00e9 museum v&nbsp;Praze, 2020<br \/>\nhlavn\u00ed autorka a\u00a0editorka: Helena Bro\u017ekov\u00e1<br \/>\nodborn\u00e1 spolupr\u00e1ce: Jana \u010cernovsk\u00e1<br \/>\ntexty: Helena Bro\u017ekov\u00e1, Eva Rydlov\u00e1, Jana \u010cernovsk\u00e1; p\u0159edmluva Helena Koenigsmarkov\u00e1<br \/>\nvyd\u00e1n\u00ed: \u010desk\u00e9<br \/>\nform\u00e1t: 24,5 x 21 cm, m\u011bkk\u00e1 vazba<br \/>\npo\u010det stran: 272<br \/>\npo\u010det reprodukc\u00ed: 163<br \/>\nISBN 978-80-7101-188-0<\/p>","protected":false},"featured_media":2371,"template":"","meta":{"_acf_changed":false},"product_brand":[],"product_cat":[45],"product_tag":[],"class_list":{"0":"post-7097","1":"product","2":"type-product","3":"status-publish","4":"has-post-thumbnail","6":"product_cat-knihy","8":"first","9":"instock","10":"shipping-taxable","11":"purchasable","12":"product-type-variable"},"acf":[],"yoast_head":"<!-- This site is optimized with the Yoast SEO plugin v26.9 - https:\/\/yoast.com\/product\/yoast-seo-wordpress\/ -->\n<title>V LESKU ZLATA V Z\u00c1\u0158I BAREV. UM\u011aN\u00cd PODMALBY NA SKLE ZE SB\u00cdREK UPM - Um\u011bleckopr\u016fmyslov\u00e9 museum v Praze<\/title>\n<meta name=\"description\" content=\"kniha se v\u0161ak zam\u011b\u0159uje na d\u00edla z\u00a0dvorsk\u00e9ho a\u00a0m\u011b\u0161\u0165ansk\u00e9ho prost\u0159ed\u00ed, kter\u00e1 zlidov\u011bl\u00e9 produkci p\u0159edch\u00e1zela a\u00a0kter\u00fdm pat\u0159ilo \u010dasto reprezentativn\u00ed m\u00edsto ve sb\u00edrk\u00e1ch \u0161lechtic\u016f i\u00a0c\u00edsa\u0159\u016f. Kniha p\u0159ibli\u017euje krom\u011b charakteristiky sb\u00edrky tak\u00e9 jej\u00ed historii a\u00a0v\u00fdzkum um\u011bn\u00ed podmalby na skle. Dopl\u0148uje ji t\u00e9\u017e kapitola v\u011bnovan\u00e1 restaurov\u00e1n\u00ed tohoto sv\u00e9bytn\u00e9ho um\u011bn\u00ed od p\u0159edn\u00ed restaur\u00e1torky skla Evy Rydlov\u00e9.\" \/>\n<meta name=\"robots\" content=\"noindex, nofollow\" \/>\n<meta property=\"og:locale\" content=\"en_US\" \/>\n<meta property=\"og:type\" content=\"article\" \/>\n<meta property=\"og:title\" content=\"V LESKU ZLATA V Z\u00c1\u0158I BAREV. UM\u011aN\u00cd PODMALBY NA SKLE ZE SB\u00cdREK UPM - Um\u011bleckopr\u016fmyslov\u00e9 museum v Praze\" \/>\n<meta property=\"og:description\" content=\"kniha se v\u0161ak zam\u011b\u0159uje na d\u00edla z\u00a0dvorsk\u00e9ho a\u00a0m\u011b\u0161\u0165ansk\u00e9ho prost\u0159ed\u00ed, kter\u00e1 zlidov\u011bl\u00e9 produkci p\u0159edch\u00e1zela a\u00a0kter\u00fdm pat\u0159ilo \u010dasto reprezentativn\u00ed m\u00edsto ve sb\u00edrk\u00e1ch \u0161lechtic\u016f i\u00a0c\u00edsa\u0159\u016f. Kniha p\u0159ibli\u017euje krom\u011b charakteristiky sb\u00edrky tak\u00e9 jej\u00ed historii a\u00a0v\u00fdzkum um\u011bn\u00ed podmalby na skle. Dopl\u0148uje ji t\u00e9\u017e kapitola v\u011bnovan\u00e1 restaurov\u00e1n\u00ed tohoto sv\u00e9bytn\u00e9ho um\u011bn\u00ed od p\u0159edn\u00ed restaur\u00e1torky skla Evy Rydlov\u00e9.\" \/>\n<meta property=\"og:url\" content=\"https:\/\/www.upm.cz\/an\/eshop\/v-lesku-zlata-v-zari-barev-umeni-podmalby-na-skle-ze-sbirek-upm\/\" \/>\n<meta property=\"og:site_name\" content=\"Um\u011bleckopr\u016fmyslov\u00e9 museum v Praze\" \/>\n<meta property=\"article:modified_time\" content=\"2025-07-23T07:53:25+00:00\" \/>\n<meta property=\"og:image\" content=\"https:\/\/www.upm.cz\/wp-content\/uploads\/VLZvZB_01.jpg\" \/>\n\t<meta property=\"og:image:width\" content=\"1101\" \/>\n\t<meta property=\"og:image:height\" content=\"1280\" \/>\n\t<meta property=\"og:image:type\" content=\"image\/jpeg\" \/>\n<meta name=\"twitter:card\" content=\"summary_large_image\" \/>\n<meta name=\"twitter:label1\" content=\"Est. reading time\" \/>\n\t<meta name=\"twitter:data1\" content=\"1 minute\" \/>\n<script type=\"application\/ld+json\" class=\"yoast-schema-graph\">{\"@context\":\"https:\/\/schema.org\",\"@graph\":[{\"@type\":\"WebPage\",\"@id\":\"https:\/\/www.upm.cz\/eshop\/v-lesku-zlata-v-zari-barev-umeni-podmalby-na-skle-ze-sbirek-upm\/\",\"url\":\"https:\/\/www.upm.cz\/eshop\/v-lesku-zlata-v-zari-barev-umeni-podmalby-na-skle-ze-sbirek-upm\/\",\"name\":\"V LESKU ZLATA V Z\u00c1\u0158I BAREV. UM\u011aN\u00cd PODMALBY NA SKLE ZE SB\u00cdREK UPM - Um\u011bleckopr\u016fmyslov\u00e9 museum v Praze\",\"isPartOf\":{\"@id\":\"https:\/\/www.upm.cz\/#website\"},\"primaryImageOfPage\":{\"@id\":\"https:\/\/www.upm.cz\/eshop\/v-lesku-zlata-v-zari-barev-umeni-podmalby-na-skle-ze-sbirek-upm\/#primaryimage\"},\"image\":{\"@id\":\"https:\/\/www.upm.cz\/eshop\/v-lesku-zlata-v-zari-barev-umeni-podmalby-na-skle-ze-sbirek-upm\/#primaryimage\"},\"thumbnailUrl\":\"https:\/\/www.upm.cz\/wp-content\/uploads\/VLZvZB_01.jpg\",\"datePublished\":\"2021-02-17T14:00:36+00:00\",\"dateModified\":\"2025-07-23T07:53:25+00:00\",\"description\":\"kniha se v\u0161ak zam\u011b\u0159uje na d\u00edla z\u00a0dvorsk\u00e9ho a\u00a0m\u011b\u0161\u0165ansk\u00e9ho prost\u0159ed\u00ed, kter\u00e1 zlidov\u011bl\u00e9 produkci p\u0159edch\u00e1zela a\u00a0kter\u00fdm pat\u0159ilo \u010dasto reprezentativn\u00ed m\u00edsto ve sb\u00edrk\u00e1ch \u0161lechtic\u016f i\u00a0c\u00edsa\u0159\u016f. Kniha p\u0159ibli\u017euje krom\u011b charakteristiky sb\u00edrky tak\u00e9 jej\u00ed historii a\u00a0v\u00fdzkum um\u011bn\u00ed podmalby na skle. Dopl\u0148uje ji t\u00e9\u017e kapitola v\u011bnovan\u00e1 restaurov\u00e1n\u00ed tohoto sv\u00e9bytn\u00e9ho um\u011bn\u00ed od p\u0159edn\u00ed restaur\u00e1torky skla Evy Rydlov\u00e9.\",\"breadcrumb\":{\"@id\":\"https:\/\/www.upm.cz\/eshop\/v-lesku-zlata-v-zari-barev-umeni-podmalby-na-skle-ze-sbirek-upm\/#breadcrumb\"},\"inLanguage\":\"en-US\",\"potentialAction\":[{\"@type\":\"ReadAction\",\"target\":[\"https:\/\/www.upm.cz\/eshop\/v-lesku-zlata-v-zari-barev-umeni-podmalby-na-skle-ze-sbirek-upm\/\"]}]},{\"@type\":\"ImageObject\",\"inLanguage\":\"en-US\",\"@id\":\"https:\/\/www.upm.cz\/eshop\/v-lesku-zlata-v-zari-barev-umeni-podmalby-na-skle-ze-sbirek-upm\/#primaryimage\",\"url\":\"https:\/\/www.upm.cz\/wp-content\/uploads\/VLZvZB_01.jpg\",\"contentUrl\":\"https:\/\/www.upm.cz\/wp-content\/uploads\/VLZvZB_01.jpg\",\"width\":1101,\"height\":1280},{\"@type\":\"BreadcrumbList\",\"@id\":\"https:\/\/www.upm.cz\/eshop\/v-lesku-zlata-v-zari-barev-umeni-podmalby-na-skle-ze-sbirek-upm\/#breadcrumb\",\"itemListElement\":[{\"@type\":\"ListItem\",\"position\":1,\"name\":\"Dom\u016f\",\"item\":\"https:\/\/www.upm.cz\/\"},{\"@type\":\"ListItem\",\"position\":2,\"name\":\"eshop\",\"item\":\"https:\/\/www.upm.cz\/eshop\/\"},{\"@type\":\"ListItem\",\"position\":3,\"name\":\"V LESKU ZLATA V&nbsp;Z\u00c1\u0158I BAREV. UM\u011aN\u00cd PODMALBY NA SKLE ZE SB\u00cdREK UPM\"}]},{\"@type\":\"WebSite\",\"@id\":\"https:\/\/www.upm.cz\/#website\",\"url\":\"https:\/\/www.upm.cz\/\",\"name\":\"Um\u011bleckopr\u016fmyslov\u00e9 museum v Praze\",\"description\":\"\",\"publisher\":{\"@id\":\"https:\/\/www.upm.cz\/#organization\"},\"potentialAction\":[{\"@type\":\"SearchAction\",\"target\":{\"@type\":\"EntryPoint\",\"urlTemplate\":\"https:\/\/www.upm.cz\/?s={search_term_string}\"},\"query-input\":{\"@type\":\"PropertyValueSpecification\",\"valueRequired\":true,\"valueName\":\"search_term_string\"}}],\"inLanguage\":\"en-US\"},{\"@type\":\"Organization\",\"@id\":\"https:\/\/www.upm.cz\/#organization\",\"name\":\"Um\u011bleckopr\u016fmyslov\u00e9 museum v Praze\",\"url\":\"https:\/\/www.upm.cz\/\",\"logo\":{\"@type\":\"ImageObject\",\"inLanguage\":\"en-US\",\"@id\":\"https:\/\/www.upm.cz\/#\/schema\/logo\/image\/\",\"url\":\"https:\/\/www.upm.cz\/wp-content\/uploads\/2020\/03\/logo_upm_cz.svg\",\"contentUrl\":\"https:\/\/www.upm.cz\/wp-content\/uploads\/2020\/03\/logo_upm_cz.svg\",\"width\":1736,\"height\":295,\"caption\":\"Um\u011bleckopr\u016fmyslov\u00e9 museum v Praze\"},\"image\":{\"@id\":\"https:\/\/www.upm.cz\/#\/schema\/logo\/image\/\"}}]}<\/script>\n<!-- \/ Yoast SEO plugin. -->","yoast_head_json":{"title":"V LESKU ZLATA V Z\u00c1\u0158I BAREV. UM\u011aN\u00cd PODMALBY NA SKLE ZE SB\u00cdREK UPM - Um\u011bleckopr\u016fmyslov\u00e9 museum v Praze","description":"kniha se v\u0161ak zam\u011b\u0159uje na d\u00edla z\u00a0dvorsk\u00e9ho a\u00a0m\u011b\u0161\u0165ansk\u00e9ho prost\u0159ed\u00ed, kter\u00e1 zlidov\u011bl\u00e9 produkci p\u0159edch\u00e1zela a\u00a0kter\u00fdm pat\u0159ilo \u010dasto reprezentativn\u00ed m\u00edsto ve sb\u00edrk\u00e1ch \u0161lechtic\u016f i\u00a0c\u00edsa\u0159\u016f. Kniha p\u0159ibli\u017euje krom\u011b charakteristiky sb\u00edrky tak\u00e9 jej\u00ed historii a\u00a0v\u00fdzkum um\u011bn\u00ed podmalby na skle. Dopl\u0148uje ji t\u00e9\u017e kapitola v\u011bnovan\u00e1 restaurov\u00e1n\u00ed tohoto sv\u00e9bytn\u00e9ho um\u011bn\u00ed od p\u0159edn\u00ed restaur\u00e1torky skla Evy Rydlov\u00e9.","robots":{"index":"noindex","follow":"nofollow"},"og_locale":"en_US","og_type":"article","og_title":"V LESKU ZLATA V Z\u00c1\u0158I BAREV. UM\u011aN\u00cd PODMALBY NA SKLE ZE SB\u00cdREK UPM - Um\u011bleckopr\u016fmyslov\u00e9 museum v Praze","og_description":"kniha se v\u0161ak zam\u011b\u0159uje na d\u00edla z\u00a0dvorsk\u00e9ho a\u00a0m\u011b\u0161\u0165ansk\u00e9ho prost\u0159ed\u00ed, kter\u00e1 zlidov\u011bl\u00e9 produkci p\u0159edch\u00e1zela a\u00a0kter\u00fdm pat\u0159ilo \u010dasto reprezentativn\u00ed m\u00edsto ve sb\u00edrk\u00e1ch \u0161lechtic\u016f i\u00a0c\u00edsa\u0159\u016f. Kniha p\u0159ibli\u017euje krom\u011b charakteristiky sb\u00edrky tak\u00e9 jej\u00ed historii a\u00a0v\u00fdzkum um\u011bn\u00ed podmalby na skle. Dopl\u0148uje ji t\u00e9\u017e kapitola v\u011bnovan\u00e1 restaurov\u00e1n\u00ed tohoto sv\u00e9bytn\u00e9ho um\u011bn\u00ed od p\u0159edn\u00ed restaur\u00e1torky skla Evy Rydlov\u00e9.","og_url":"https:\/\/www.upm.cz\/an\/eshop\/v-lesku-zlata-v-zari-barev-umeni-podmalby-na-skle-ze-sbirek-upm\/","og_site_name":"Um\u011bleckopr\u016fmyslov\u00e9 museum v Praze","article_modified_time":"2025-07-23T07:53:25+00:00","og_image":[{"width":1101,"height":1280,"url":"https:\/\/www.upm.cz\/wp-content\/uploads\/VLZvZB_01.jpg","type":"image\/jpeg"}],"twitter_card":"summary_large_image","twitter_misc":{"Est. reading time":"1 minute"},"schema":{"@context":"https:\/\/schema.org","@graph":[{"@type":"WebPage","@id":"https:\/\/www.upm.cz\/eshop\/v-lesku-zlata-v-zari-barev-umeni-podmalby-na-skle-ze-sbirek-upm\/","url":"https:\/\/www.upm.cz\/eshop\/v-lesku-zlata-v-zari-barev-umeni-podmalby-na-skle-ze-sbirek-upm\/","name":"V LESKU ZLATA V Z\u00c1\u0158I BAREV. UM\u011aN\u00cd PODMALBY NA SKLE ZE SB\u00cdREK UPM - Um\u011bleckopr\u016fmyslov\u00e9 museum v Praze","isPartOf":{"@id":"https:\/\/www.upm.cz\/#website"},"primaryImageOfPage":{"@id":"https:\/\/www.upm.cz\/eshop\/v-lesku-zlata-v-zari-barev-umeni-podmalby-na-skle-ze-sbirek-upm\/#primaryimage"},"image":{"@id":"https:\/\/www.upm.cz\/eshop\/v-lesku-zlata-v-zari-barev-umeni-podmalby-na-skle-ze-sbirek-upm\/#primaryimage"},"thumbnailUrl":"https:\/\/www.upm.cz\/wp-content\/uploads\/VLZvZB_01.jpg","datePublished":"2021-02-17T14:00:36+00:00","dateModified":"2025-07-23T07:53:25+00:00","description":"kniha se v\u0161ak zam\u011b\u0159uje na d\u00edla z\u00a0dvorsk\u00e9ho a\u00a0m\u011b\u0161\u0165ansk\u00e9ho prost\u0159ed\u00ed, kter\u00e1 zlidov\u011bl\u00e9 produkci p\u0159edch\u00e1zela a\u00a0kter\u00fdm pat\u0159ilo \u010dasto reprezentativn\u00ed m\u00edsto ve sb\u00edrk\u00e1ch \u0161lechtic\u016f i\u00a0c\u00edsa\u0159\u016f. Kniha p\u0159ibli\u017euje krom\u011b charakteristiky sb\u00edrky tak\u00e9 jej\u00ed historii a\u00a0v\u00fdzkum um\u011bn\u00ed podmalby na skle. Dopl\u0148uje ji t\u00e9\u017e kapitola v\u011bnovan\u00e1 restaurov\u00e1n\u00ed tohoto sv\u00e9bytn\u00e9ho um\u011bn\u00ed od p\u0159edn\u00ed restaur\u00e1torky skla Evy Rydlov\u00e9.","breadcrumb":{"@id":"https:\/\/www.upm.cz\/eshop\/v-lesku-zlata-v-zari-barev-umeni-podmalby-na-skle-ze-sbirek-upm\/#breadcrumb"},"inLanguage":"en-US","potentialAction":[{"@type":"ReadAction","target":["https:\/\/www.upm.cz\/eshop\/v-lesku-zlata-v-zari-barev-umeni-podmalby-na-skle-ze-sbirek-upm\/"]}]},{"@type":"ImageObject","inLanguage":"en-US","@id":"https:\/\/www.upm.cz\/eshop\/v-lesku-zlata-v-zari-barev-umeni-podmalby-na-skle-ze-sbirek-upm\/#primaryimage","url":"https:\/\/www.upm.cz\/wp-content\/uploads\/VLZvZB_01.jpg","contentUrl":"https:\/\/www.upm.cz\/wp-content\/uploads\/VLZvZB_01.jpg","width":1101,"height":1280},{"@type":"BreadcrumbList","@id":"https:\/\/www.upm.cz\/eshop\/v-lesku-zlata-v-zari-barev-umeni-podmalby-na-skle-ze-sbirek-upm\/#breadcrumb","itemListElement":[{"@type":"ListItem","position":1,"name":"Dom\u016f","item":"https:\/\/www.upm.cz\/"},{"@type":"ListItem","position":2,"name":"eshop","item":"https:\/\/www.upm.cz\/eshop\/"},{"@type":"ListItem","position":3,"name":"V LESKU ZLATA V&nbsp;Z\u00c1\u0158I BAREV. UM\u011aN\u00cd PODMALBY NA SKLE ZE SB\u00cdREK UPM"}]},{"@type":"WebSite","@id":"https:\/\/www.upm.cz\/#website","url":"https:\/\/www.upm.cz\/","name":"Um\u011bleckopr\u016fmyslov\u00e9 museum v Praze","description":"","publisher":{"@id":"https:\/\/www.upm.cz\/#organization"},"potentialAction":[{"@type":"SearchAction","target":{"@type":"EntryPoint","urlTemplate":"https:\/\/www.upm.cz\/?s={search_term_string}"},"query-input":{"@type":"PropertyValueSpecification","valueRequired":true,"valueName":"search_term_string"}}],"inLanguage":"en-US"},{"@type":"Organization","@id":"https:\/\/www.upm.cz\/#organization","name":"Um\u011bleckopr\u016fmyslov\u00e9 museum v Praze","url":"https:\/\/www.upm.cz\/","logo":{"@type":"ImageObject","inLanguage":"en-US","@id":"https:\/\/www.upm.cz\/#\/schema\/logo\/image\/","url":"https:\/\/www.upm.cz\/wp-content\/uploads\/2020\/03\/logo_upm_cz.svg","contentUrl":"https:\/\/www.upm.cz\/wp-content\/uploads\/2020\/03\/logo_upm_cz.svg","width":1736,"height":295,"caption":"Um\u011bleckopr\u016fmyslov\u00e9 museum v Praze"},"image":{"@id":"https:\/\/www.upm.cz\/#\/schema\/logo\/image\/"}}]}},"_links":{"self":[{"href":"https:\/\/www.upm.cz\/an\/wp-json\/wp\/v2\/product\/7097","targetHints":{"allow":["GET"]}}],"collection":[{"href":"https:\/\/www.upm.cz\/an\/wp-json\/wp\/v2\/product"}],"about":[{"href":"https:\/\/www.upm.cz\/an\/wp-json\/wp\/v2\/types\/product"}],"wp:featuredmedia":[{"embeddable":true,"href":"https:\/\/www.upm.cz\/an\/wp-json\/wp\/v2\/media\/2371"}],"wp:attachment":[{"href":"https:\/\/www.upm.cz\/an\/wp-json\/wp\/v2\/media?parent=7097"}],"wp:term":[{"taxonomy":"product_brand","embeddable":true,"href":"https:\/\/www.upm.cz\/an\/wp-json\/wp\/v2\/product_brand?post=7097"},{"taxonomy":"product_cat","embeddable":true,"href":"https:\/\/www.upm.cz\/an\/wp-json\/wp\/v2\/product_cat?post=7097"},{"taxonomy":"product_tag","embeddable":true,"href":"https:\/\/www.upm.cz\/an\/wp-json\/wp\/v2\/product_tag?post=7097"}],"curies":[{"name":"wp","href":"https:\/\/api.w.org\/{rel}","templated":true}]}}