{"id":7281,"date":"2021-01-24T15:55:31","date_gmt":"2021-01-24T14:55:31","guid":{"rendered":"https:\/\/www.upm.cz\/?post_type=product&#038;p=7281"},"modified":"2022-12-20T10:25:37","modified_gmt":"2022-12-20T09:25:37","slug":"artel-umeni-pro-vsedni-den-1908-1935","status":"publish","type":"product","link":"https:\/\/www.upm.cz\/an\/eshop\/artel-umeni-pro-vsedni-den-1908-1935\/","title":{"rendered":"ART\u011aL. UM\u011aN\u00cd PRO V\u0160EDN\u00cd DEN 1908 &#8211; 1935"},"content":{"rendered":"<p>Nejkr\u00e1sn\u011bj\u0161\u00ed \u010desk\u00e1 kniha roku\u20143.\u00a0m\u00edsto v\u00a0kategorii Katalogy<\/p>\n<p>Obs\u00e1hl\u00e1 publikace seznamuje se\u00a0\u010dtvrt stolet\u00ed trvaj\u00edc\u00ed \u010dinnost\u00ed dru\u017estva Art\u011bl \u2013 jedn\u00e9 z\u00a0nejv\u00fdznamn\u011bj\u0161\u00edch instituc\u00ed \u010desk\u00e9ho u\u017eit\u00e9ho um\u011bn\u00ed a\u00a0designu prv\u00e9 poloviny 20.\u00a0stolet\u00ed. Art\u011bl, zalo\u017een\u00fd v\u00a0Praze roku 1908, sdru\u017eoval nejv\u00fdrazn\u011bj\u0161\u00ed osobnosti \u010desk\u00e9 v\u00fdtvarn\u00e9 sc\u00e9ny. V\u00a0po\u010d\u00e1tc\u00edch se\u00a0soust\u0159edil na\u00a0navrhov\u00e1n\u00ed a\u00a0produkci \u201edrobn\u00e9ho um\u011bn\u00ed pro v\u0161edn\u00ed den\u201c \u2013 men\u0161\u00edch u\u017eitn\u00fdch a\u00a0dekorativn\u00edch p\u0159edm\u011bt\u016f ze\u00a0d\u0159eva, keramiky, kov\u016f a\u00a0dal\u0161\u00edch materi\u00e1l\u016f, n\u00e1sledn\u011b v\u0161ak svou \u010dinnost roz\u0161\u00ed\u0159il i\u00a0na\u00a0komplexn\u00ed \u0159e\u0161en\u00ed bytov\u00fdch a\u00a0komer\u010dn\u00edch interi\u00e9r\u016f. V\u00a0pr\u016fb\u011bhu \u010dinnosti se\u00a0v\u00a0Art\u011blu st\u0159et\u00e1valo v\u00edce n\u00e1zorov\u00fdch proud\u016f, ale spole\u010dn\u00e9 v\u017edy z\u016fst\u00e1valo \u00fasil\u00ed o\u00a0prosazen\u00ed modern\u00edho v\u00fdtvarn\u00e9ho my\u0161len\u00ed do\u00a0oblasti u\u017eit\u00e9ho um\u011bn\u00ed a\u00a0snaha pod\u00edlet se\u00a0na\u00a0kultivaci bytov\u00e9 kultury a\u00a0\u017eivotn\u00edho stylu. M\u016f\u017eeme tedy i\u00a0dnes \u0159\u00edci, \u017ee Art\u011bl je\u00a0sou\u010d\u00e1st\u00ed evropsk\u00e9 moderny stejn\u011b jako inspiruj\u00edc\u00ed Wiener Werkst\u00e4tte v\u00a0Rakousku \u010di\u00a0hnut\u00ed Bauhaus v\u00a0N\u011bmecku.<\/p>","protected":false},"excerpt":{"rendered":"<p>Publikaci vydalo Um\u011bleckopr\u016fmyslov\u00e9 museum v\u00a0Praze a\u00a0nakladatelstv\u00ed Arbor vitae ke\u00a0stejnojmenn\u00e9 v\u00fdstav\u011b konan\u00e9 v\u00a0Um\u011bleckopr\u016fmyslov\u00e9m museum v\u00a0Praze ve\u00a0dnech 27.\u00a0listopadu 2008 \u2013 15.\u00a0b\u0159ezna 2009.<\/p>\n<p>autor koncepce, editor: Ji\u0159\u00ed Fronek<br \/>\ntexty: kol. kur\u00e1tor\u016f UPM, Vendula Hn\u00eddkov\u00e1 a\u00a0Michael T\u0159e\u0161t\u00edk<br \/>\ngrafick\u00fd design: \u0160t\u011bp\u00e1n Malovec<br \/>\nvyd\u00e1n\u00ed: \u010desk\u00e9, n\u011bmeck\u00e9<br \/>\npo\u010det stran: 400<br \/>\npo\u010det reprodukc\u00ed: 750<br \/>\nvazba: pevn\u00e1, 27,5 x\u00a020,5 cm<br \/>\nISBN UPM: 978\u20148071-081\u20144<br \/>\nISBN Arbor vitae: 978\u201480-87164\u201412-9<\/p>\n<p>JEN N\u011aMECKY<\/p>","protected":false},"featured_media":7282,"template":"","meta":{"_acf_changed":false},"product_brand":[],"product_cat":[45],"product_tag":[],"class_list":{"0":"post-7281","1":"product","2":"type-product","3":"status-publish","4":"has-post-thumbnail","6":"product_cat-knihy","8":"first","9":"outofstock","10":"shipping-taxable","11":"purchasable","12":"product-type-simple"},"acf":[],"yoast_head":"<!-- This site is optimized with the Yoast SEO plugin v26.9 - https:\/\/yoast.com\/product\/yoast-seo-wordpress\/ -->\n<title>ART\u011aL. UM\u011aN\u00cd PRO V\u0160EDN\u00cd DEN 1908 - 1935 - Um\u011bleckopr\u016fmyslov\u00e9 museum v Praze<\/title>\n<meta name=\"description\" content=\"Obs\u00e1hl\u00e1 publikace seznamuje se\u00a0\u010dtvrt stolet\u00ed trvaj\u00edc\u00ed \u010dinnost\u00ed dru\u017estva Art\u011bl \u2013 jedn\u00e9 z\u00a0nejv\u00fdznamn\u011bj\u0161\u00edch instituc\u00ed \u010desk\u00e9ho u\u017eit\u00e9ho um\u011bn\u00ed a\u00a0designu prv\u00e9 poloviny 20.\u00a0stolet\u00ed.\" \/>\n<meta name=\"robots\" content=\"index, follow, max-snippet:-1, max-image-preview:large, max-video-preview:-1\" \/>\n<link rel=\"canonical\" href=\"https:\/\/www.upm.cz\/an\/eshop\/artel-umeni-pro-vsedni-den-1908-1935\/\" \/>\n<meta property=\"og:locale\" content=\"en_US\" \/>\n<meta property=\"og:type\" content=\"article\" \/>\n<meta property=\"og:title\" content=\"ART\u011aL. UM\u011aN\u00cd PRO V\u0160EDN\u00cd DEN 1908 - 1935 - Um\u011bleckopr\u016fmyslov\u00e9 museum v Praze\" \/>\n<meta property=\"og:description\" content=\"Obs\u00e1hl\u00e1 publikace seznamuje se\u00a0\u010dtvrt stolet\u00ed trvaj\u00edc\u00ed \u010dinnost\u00ed dru\u017estva Art\u011bl \u2013 jedn\u00e9 z\u00a0nejv\u00fdznamn\u011bj\u0161\u00edch instituc\u00ed \u010desk\u00e9ho u\u017eit\u00e9ho um\u011bn\u00ed a\u00a0designu prv\u00e9 poloviny 20.\u00a0stolet\u00ed.\" \/>\n<meta property=\"og:url\" content=\"https:\/\/www.upm.cz\/an\/eshop\/artel-umeni-pro-vsedni-den-1908-1935\/\" \/>\n<meta property=\"og:site_name\" content=\"Um\u011bleckopr\u016fmyslov\u00e9 museum v Praze\" \/>\n<meta property=\"article:modified_time\" content=\"2022-12-20T09:25:37+00:00\" \/>\n<meta property=\"og:image\" content=\"https:\/\/www.upm.cz\/wp-content\/uploads\/ARTEL_DE_P05.jpg\" \/>\n\t<meta property=\"og:image:width\" content=\"904\" \/>\n\t<meta property=\"og:image:height\" content=\"1200\" \/>\n\t<meta property=\"og:image:type\" content=\"image\/jpeg\" \/>\n<meta name=\"twitter:card\" content=\"summary_large_image\" \/>\n<meta name=\"twitter:label1\" content=\"Est. reading time\" \/>\n\t<meta name=\"twitter:data1\" content=\"1 minute\" \/>\n<script type=\"application\/ld+json\" class=\"yoast-schema-graph\">{\"@context\":\"https:\/\/schema.org\",\"@graph\":[{\"@type\":\"WebPage\",\"@id\":\"https:\/\/www.upm.cz\/eshop\/artel-umeni-pro-vsedni-den-1908-1935\/\",\"url\":\"https:\/\/www.upm.cz\/eshop\/artel-umeni-pro-vsedni-den-1908-1935\/\",\"name\":\"ART\u011aL. UM\u011aN\u00cd PRO V\u0160EDN\u00cd DEN 1908 - 1935 - Um\u011bleckopr\u016fmyslov\u00e9 museum v Praze\",\"isPartOf\":{\"@id\":\"https:\/\/www.upm.cz\/#website\"},\"primaryImageOfPage\":{\"@id\":\"https:\/\/www.upm.cz\/eshop\/artel-umeni-pro-vsedni-den-1908-1935\/#primaryimage\"},\"image\":{\"@id\":\"https:\/\/www.upm.cz\/eshop\/artel-umeni-pro-vsedni-den-1908-1935\/#primaryimage\"},\"thumbnailUrl\":\"https:\/\/www.upm.cz\/wp-content\/uploads\/ARTEL_DE_P05.jpg\",\"datePublished\":\"2021-01-24T14:55:31+00:00\",\"dateModified\":\"2022-12-20T09:25:37+00:00\",\"description\":\"Obs\u00e1hl\u00e1 publikace seznamuje se\u00a0\u010dtvrt stolet\u00ed trvaj\u00edc\u00ed \u010dinnost\u00ed dru\u017estva Art\u011bl \u2013 jedn\u00e9 z\u00a0nejv\u00fdznamn\u011bj\u0161\u00edch instituc\u00ed \u010desk\u00e9ho u\u017eit\u00e9ho um\u011bn\u00ed a\u00a0designu prv\u00e9 poloviny 20.\u00a0stolet\u00ed.\",\"breadcrumb\":{\"@id\":\"https:\/\/www.upm.cz\/eshop\/artel-umeni-pro-vsedni-den-1908-1935\/#breadcrumb\"},\"inLanguage\":\"en-US\",\"potentialAction\":[{\"@type\":\"ReadAction\",\"target\":[\"https:\/\/www.upm.cz\/eshop\/artel-umeni-pro-vsedni-den-1908-1935\/\"]}]},{\"@type\":\"ImageObject\",\"inLanguage\":\"en-US\",\"@id\":\"https:\/\/www.upm.cz\/eshop\/artel-umeni-pro-vsedni-den-1908-1935\/#primaryimage\",\"url\":\"https:\/\/www.upm.cz\/wp-content\/uploads\/ARTEL_DE_P05.jpg\",\"contentUrl\":\"https:\/\/www.upm.cz\/wp-content\/uploads\/ARTEL_DE_P05.jpg\",\"width\":904,\"height\":1200},{\"@type\":\"BreadcrumbList\",\"@id\":\"https:\/\/www.upm.cz\/eshop\/artel-umeni-pro-vsedni-den-1908-1935\/#breadcrumb\",\"itemListElement\":[{\"@type\":\"ListItem\",\"position\":1,\"name\":\"Dom\u016f\",\"item\":\"https:\/\/www.upm.cz\/\"},{\"@type\":\"ListItem\",\"position\":2,\"name\":\"eshop\",\"item\":\"https:\/\/www.upm.cz\/eshop\/\"},{\"@type\":\"ListItem\",\"position\":3,\"name\":\"ART\u011aL. UM\u011aN\u00cd PRO V\u0160EDN\u00cd DEN 1908 &#8211; 1935\"}]},{\"@type\":\"WebSite\",\"@id\":\"https:\/\/www.upm.cz\/#website\",\"url\":\"https:\/\/www.upm.cz\/\",\"name\":\"Um\u011bleckopr\u016fmyslov\u00e9 museum v Praze\",\"description\":\"\",\"publisher\":{\"@id\":\"https:\/\/www.upm.cz\/#organization\"},\"potentialAction\":[{\"@type\":\"SearchAction\",\"target\":{\"@type\":\"EntryPoint\",\"urlTemplate\":\"https:\/\/www.upm.cz\/?s={search_term_string}\"},\"query-input\":{\"@type\":\"PropertyValueSpecification\",\"valueRequired\":true,\"valueName\":\"search_term_string\"}}],\"inLanguage\":\"en-US\"},{\"@type\":\"Organization\",\"@id\":\"https:\/\/www.upm.cz\/#organization\",\"name\":\"Um\u011bleckopr\u016fmyslov\u00e9 museum v Praze\",\"url\":\"https:\/\/www.upm.cz\/\",\"logo\":{\"@type\":\"ImageObject\",\"inLanguage\":\"en-US\",\"@id\":\"https:\/\/www.upm.cz\/#\/schema\/logo\/image\/\",\"url\":\"https:\/\/www.upm.cz\/wp-content\/uploads\/2020\/03\/logo_upm_cz.svg\",\"contentUrl\":\"https:\/\/www.upm.cz\/wp-content\/uploads\/2020\/03\/logo_upm_cz.svg\",\"width\":1736,\"height\":295,\"caption\":\"Um\u011bleckopr\u016fmyslov\u00e9 museum v Praze\"},\"image\":{\"@id\":\"https:\/\/www.upm.cz\/#\/schema\/logo\/image\/\"}}]}<\/script>\n<!-- \/ Yoast SEO plugin. -->","yoast_head_json":{"title":"ART\u011aL. UM\u011aN\u00cd PRO V\u0160EDN\u00cd DEN 1908 - 1935 - Um\u011bleckopr\u016fmyslov\u00e9 museum v Praze","description":"Obs\u00e1hl\u00e1 publikace seznamuje se\u00a0\u010dtvrt stolet\u00ed trvaj\u00edc\u00ed \u010dinnost\u00ed dru\u017estva Art\u011bl \u2013 jedn\u00e9 z\u00a0nejv\u00fdznamn\u011bj\u0161\u00edch instituc\u00ed \u010desk\u00e9ho u\u017eit\u00e9ho um\u011bn\u00ed a\u00a0designu prv\u00e9 poloviny 20.\u00a0stolet\u00ed.","robots":{"index":"index","follow":"follow","max-snippet":"max-snippet:-1","max-image-preview":"max-image-preview:large","max-video-preview":"max-video-preview:-1"},"canonical":"https:\/\/www.upm.cz\/an\/eshop\/artel-umeni-pro-vsedni-den-1908-1935\/","og_locale":"en_US","og_type":"article","og_title":"ART\u011aL. UM\u011aN\u00cd PRO V\u0160EDN\u00cd DEN 1908 - 1935 - Um\u011bleckopr\u016fmyslov\u00e9 museum v Praze","og_description":"Obs\u00e1hl\u00e1 publikace seznamuje se\u00a0\u010dtvrt stolet\u00ed trvaj\u00edc\u00ed \u010dinnost\u00ed dru\u017estva Art\u011bl \u2013 jedn\u00e9 z\u00a0nejv\u00fdznamn\u011bj\u0161\u00edch instituc\u00ed \u010desk\u00e9ho u\u017eit\u00e9ho um\u011bn\u00ed a\u00a0designu prv\u00e9 poloviny 20.\u00a0stolet\u00ed.","og_url":"https:\/\/www.upm.cz\/an\/eshop\/artel-umeni-pro-vsedni-den-1908-1935\/","og_site_name":"Um\u011bleckopr\u016fmyslov\u00e9 museum v Praze","article_modified_time":"2022-12-20T09:25:37+00:00","og_image":[{"width":904,"height":1200,"url":"https:\/\/www.upm.cz\/wp-content\/uploads\/ARTEL_DE_P05.jpg","type":"image\/jpeg"}],"twitter_card":"summary_large_image","twitter_misc":{"Est. reading time":"1 minute"},"schema":{"@context":"https:\/\/schema.org","@graph":[{"@type":"WebPage","@id":"https:\/\/www.upm.cz\/eshop\/artel-umeni-pro-vsedni-den-1908-1935\/","url":"https:\/\/www.upm.cz\/eshop\/artel-umeni-pro-vsedni-den-1908-1935\/","name":"ART\u011aL. UM\u011aN\u00cd PRO V\u0160EDN\u00cd DEN 1908 - 1935 - Um\u011bleckopr\u016fmyslov\u00e9 museum v Praze","isPartOf":{"@id":"https:\/\/www.upm.cz\/#website"},"primaryImageOfPage":{"@id":"https:\/\/www.upm.cz\/eshop\/artel-umeni-pro-vsedni-den-1908-1935\/#primaryimage"},"image":{"@id":"https:\/\/www.upm.cz\/eshop\/artel-umeni-pro-vsedni-den-1908-1935\/#primaryimage"},"thumbnailUrl":"https:\/\/www.upm.cz\/wp-content\/uploads\/ARTEL_DE_P05.jpg","datePublished":"2021-01-24T14:55:31+00:00","dateModified":"2022-12-20T09:25:37+00:00","description":"Obs\u00e1hl\u00e1 publikace seznamuje se\u00a0\u010dtvrt stolet\u00ed trvaj\u00edc\u00ed \u010dinnost\u00ed dru\u017estva Art\u011bl \u2013 jedn\u00e9 z\u00a0nejv\u00fdznamn\u011bj\u0161\u00edch instituc\u00ed \u010desk\u00e9ho u\u017eit\u00e9ho um\u011bn\u00ed a\u00a0designu prv\u00e9 poloviny 20.\u00a0stolet\u00ed.","breadcrumb":{"@id":"https:\/\/www.upm.cz\/eshop\/artel-umeni-pro-vsedni-den-1908-1935\/#breadcrumb"},"inLanguage":"en-US","potentialAction":[{"@type":"ReadAction","target":["https:\/\/www.upm.cz\/eshop\/artel-umeni-pro-vsedni-den-1908-1935\/"]}]},{"@type":"ImageObject","inLanguage":"en-US","@id":"https:\/\/www.upm.cz\/eshop\/artel-umeni-pro-vsedni-den-1908-1935\/#primaryimage","url":"https:\/\/www.upm.cz\/wp-content\/uploads\/ARTEL_DE_P05.jpg","contentUrl":"https:\/\/www.upm.cz\/wp-content\/uploads\/ARTEL_DE_P05.jpg","width":904,"height":1200},{"@type":"BreadcrumbList","@id":"https:\/\/www.upm.cz\/eshop\/artel-umeni-pro-vsedni-den-1908-1935\/#breadcrumb","itemListElement":[{"@type":"ListItem","position":1,"name":"Dom\u016f","item":"https:\/\/www.upm.cz\/"},{"@type":"ListItem","position":2,"name":"eshop","item":"https:\/\/www.upm.cz\/eshop\/"},{"@type":"ListItem","position":3,"name":"ART\u011aL. UM\u011aN\u00cd PRO V\u0160EDN\u00cd DEN 1908 &#8211; 1935"}]},{"@type":"WebSite","@id":"https:\/\/www.upm.cz\/#website","url":"https:\/\/www.upm.cz\/","name":"Um\u011bleckopr\u016fmyslov\u00e9 museum v Praze","description":"","publisher":{"@id":"https:\/\/www.upm.cz\/#organization"},"potentialAction":[{"@type":"SearchAction","target":{"@type":"EntryPoint","urlTemplate":"https:\/\/www.upm.cz\/?s={search_term_string}"},"query-input":{"@type":"PropertyValueSpecification","valueRequired":true,"valueName":"search_term_string"}}],"inLanguage":"en-US"},{"@type":"Organization","@id":"https:\/\/www.upm.cz\/#organization","name":"Um\u011bleckopr\u016fmyslov\u00e9 museum v Praze","url":"https:\/\/www.upm.cz\/","logo":{"@type":"ImageObject","inLanguage":"en-US","@id":"https:\/\/www.upm.cz\/#\/schema\/logo\/image\/","url":"https:\/\/www.upm.cz\/wp-content\/uploads\/2020\/03\/logo_upm_cz.svg","contentUrl":"https:\/\/www.upm.cz\/wp-content\/uploads\/2020\/03\/logo_upm_cz.svg","width":1736,"height":295,"caption":"Um\u011bleckopr\u016fmyslov\u00e9 museum v Praze"},"image":{"@id":"https:\/\/www.upm.cz\/#\/schema\/logo\/image\/"}}]}},"_links":{"self":[{"href":"https:\/\/www.upm.cz\/an\/wp-json\/wp\/v2\/product\/7281","targetHints":{"allow":["GET"]}}],"collection":[{"href":"https:\/\/www.upm.cz\/an\/wp-json\/wp\/v2\/product"}],"about":[{"href":"https:\/\/www.upm.cz\/an\/wp-json\/wp\/v2\/types\/product"}],"wp:featuredmedia":[{"embeddable":true,"href":"https:\/\/www.upm.cz\/an\/wp-json\/wp\/v2\/media\/7282"}],"wp:attachment":[{"href":"https:\/\/www.upm.cz\/an\/wp-json\/wp\/v2\/media?parent=7281"}],"wp:term":[{"taxonomy":"product_brand","embeddable":true,"href":"https:\/\/www.upm.cz\/an\/wp-json\/wp\/v2\/product_brand?post=7281"},{"taxonomy":"product_cat","embeddable":true,"href":"https:\/\/www.upm.cz\/an\/wp-json\/wp\/v2\/product_cat?post=7281"},{"taxonomy":"product_tag","embeddable":true,"href":"https:\/\/www.upm.cz\/an\/wp-json\/wp\/v2\/product_tag?post=7281"}],"curies":[{"name":"wp","href":"https:\/\/api.w.org\/{rel}","templated":true}]}}