{"id":7287,"date":"2024-01-24T16:19:56","date_gmt":"2024-01-24T15:19:56","guid":{"rendered":"https:\/\/www.upm.cz\/?post_type=product&#038;p=7287"},"modified":"2024-06-14T15:56:17","modified_gmt":"2024-06-14T13:56:17","slug":"cesky-kubismus-pruvodce-expozici-upm","status":"publish","type":"product","link":"https:\/\/www.upm.cz\/an\/eshop\/cesky-kubismus-pruvodce-expozici-upm\/","title":{"rendered":"\u010cESK\u00dd KUBISMUS. PR\u016eVODCE EXPOZIC\u00cd UPM"},"content":{"rendered":"<p>Publikace v\u011bnovan\u00e1 fenom\u00e9nu \u010desk\u00e9ho kubismu \u010dten\u00e1\u0159e prov\u00e1d\u00ed v\u0161emi tematick\u00fdmi okruhy expozice v\u00a0dom\u011b U\u00a0\u010cern\u00e9 Matky Bo\u017e\u00ed \u2013 prvn\u00ed pra\u017esk\u00e9 kubistick\u00e9 stavb\u011b. Tato kl\u00ed\u010dov\u00e1 t\u00e9mata, mezi n\u011b\u017e pat\u0159\u00ed nap\u0159\u00edklad \u201eSkupina v\u00fdtvarn\u00fdch um\u011blc\u016f\u201c, \u201eKubistick\u00fd interi\u00e9r a\u00a0n\u00e1bytkov\u00e1 tvorba\u201c \u010di\u00a0\u201e\u0160ikm\u00e1 plocha a\u00a0krystal\u201c, sleduj\u00ed vztahy mezi voln\u00fdm um\u011bn\u00edm, architekturou a\u00a0interi\u00e9rovou tvorbou.<\/p>\n<p>Text doprov\u00e1zej\u00ed reprodukce n\u00e1bytku, p\u0159edm\u011bt\u016f z\u00a0keramiky, skla a\u00a0kov\u016f, ornament\u00e1ln\u00edch tapetov\u00fdch vzor\u016f, plak\u00e1t\u016f a\u00a0kni\u017en\u00ed grafiky ze sb\u00edrky UPM, Moravsk\u00e9 galerie v\u00a0Brn\u011b a\u00a0N\u00e1rodn\u00edho muzea. Ideov\u00e9 propojen\u00ed voln\u00e9ho a\u00a0u\u017eit\u00e9ho um\u011bn\u00ed v\u00a0obdob\u00ed kubismu dokumentuj\u00ed obrazy a\u00a0plastiky z\u00a0fond\u016f N\u00e1rodn\u00ed galerie v\u00a0Praze, Z\u00e1pado\u010desk\u00e9 galerie v\u00a0Plzni a\u00a0ze soukrom\u00e9 sb\u00edrky. Hlavn\u00ed tv\u016frce, jako jsou Josef Go\u010d\u00e1r, Vlastislav Hofman, Pavel Jan\u00e1k, Otto Gutfreund, Emila Filla, Josef \u010capek, Bohumil Kubi\u0161ta, V\u00e1clav \u0160p\u00e1la a\u00a0dal\u0161\u00ed, p\u0159ibli\u017euj\u00ed medailony. Ud\u00e1losti druh\u00e9ho desetilet\u00ed 20.\u00a0stolet\u00ed, kter\u00e9 utv\u00e1\u0159ely prost\u0159ed\u00ed um\u011bleck\u00e9 sc\u00e9ny kubist\u016f, jejich p\u0159\u00edznivc\u016f i\u00a0kritik\u016f, sleduje \u010dasov\u00e1 osa.<\/p>","protected":false},"excerpt":{"rendered":"<p>vydavatel: UPM v&nbsp;Praze, 2015<br \/>\nautor: Lucie Vl\u010dkov\u00e1<br \/>\nvyd\u00e1n\u00ed: \u010desk\u00e9 a\u00a0anglick\u00e9<br \/>\nform\u00e1t: 21 x 16,5 cm, m\u011bkk\u00e1 vazba<br \/>\npo\u010det stran: 88<br \/>\npo\u010det\u00a0reprodukc\u00ed: 65<br \/>\nISBN 978-80-7101-150-7 (aj)<\/p>\n<p>JEN ANGLICKY<\/p>","protected":false},"featured_media":19900,"template":"","meta":{"_acf_changed":false},"product_brand":[],"product_cat":[45],"product_tag":[],"class_list":{"0":"post-7287","1":"product","2":"type-product","3":"status-publish","4":"has-post-thumbnail","6":"product_cat-knihy","8":"first","9":"instock","10":"featured","11":"shipping-taxable","12":"purchasable","13":"product-type-simple"},"acf":[],"yoast_head":"<!-- This site is optimized with the Yoast SEO plugin v26.9 - https:\/\/yoast.com\/product\/yoast-seo-wordpress\/ -->\n<title>\u010cESK\u00dd KUBISMUS. PR\u016eVODCE EXPOZIC\u00cd UPM - Um\u011bleckopr\u016fmyslov\u00e9 museum v Praze<\/title>\n<meta name=\"description\" content=\"Publikace v\u011bnovan\u00e1 fenom\u00e9nu \u010desk\u00e9ho kubismu \u010dten\u00e1\u0159e prov\u00e1d\u00ed v\u0161emi tematick\u00fdmi okruhy expozice v\u00a0dom\u011b U\u00a0\u010cern\u00e9 Matky Bo\u017e\u00ed \u2013 prvn\u00ed pra\u017esk\u00e9 kubistick\u00e9 stavb\u011b. Tato kl\u00ed\u010dov\u00e1 t\u00e9mata, mezi n\u011b\u017e pat\u0159\u00ed nap\u0159\u00edklad \u201eSkupina v\u00fdtvarn\u00fdch um\u011blc\u016f\u201c, \u201eKubistick\u00fd interi\u00e9r a\u00a0n\u00e1bytkov\u00e1 tvorba\u201c \u010di\u00a0\u201e\u0160ikm\u00e1 plocha a\u00a0krystal\u201c, sleduj\u00ed vztahy mezi voln\u00fdm um\u011bn\u00edm, architekturou a\u00a0interi\u00e9rovou tvorbou.\u00a0\" \/>\n<meta name=\"robots\" content=\"index, follow, max-snippet:-1, max-image-preview:large, max-video-preview:-1\" \/>\n<link rel=\"canonical\" href=\"https:\/\/www.upm.cz\/an\/eshop\/cesky-kubismus-pruvodce-expozici-upm\/\" \/>\n<meta property=\"og:locale\" content=\"en_US\" \/>\n<meta property=\"og:type\" content=\"article\" \/>\n<meta property=\"og:title\" content=\"\u010cESK\u00dd KUBISMUS. PR\u016eVODCE EXPOZIC\u00cd UPM - Um\u011bleckopr\u016fmyslov\u00e9 museum v Praze\" \/>\n<meta property=\"og:description\" content=\"Publikace v\u011bnovan\u00e1 fenom\u00e9nu \u010desk\u00e9ho kubismu \u010dten\u00e1\u0159e prov\u00e1d\u00ed v\u0161emi tematick\u00fdmi okruhy expozice v\u00a0dom\u011b U\u00a0\u010cern\u00e9 Matky Bo\u017e\u00ed \u2013 prvn\u00ed pra\u017esk\u00e9 kubistick\u00e9 stavb\u011b. Tato kl\u00ed\u010dov\u00e1 t\u00e9mata, mezi n\u011b\u017e pat\u0159\u00ed nap\u0159\u00edklad \u201eSkupina v\u00fdtvarn\u00fdch um\u011blc\u016f\u201c, \u201eKubistick\u00fd interi\u00e9r a\u00a0n\u00e1bytkov\u00e1 tvorba\u201c \u010di\u00a0\u201e\u0160ikm\u00e1 plocha a\u00a0krystal\u201c, sleduj\u00ed vztahy mezi voln\u00fdm um\u011bn\u00edm, architekturou a\u00a0interi\u00e9rovou tvorbou.\u00a0\" \/>\n<meta property=\"og:url\" content=\"https:\/\/www.upm.cz\/an\/eshop\/cesky-kubismus-pruvodce-expozici-upm\/\" \/>\n<meta property=\"og:site_name\" content=\"Um\u011bleckopr\u016fmyslov\u00e9 museum v Praze\" \/>\n<meta property=\"article:modified_time\" content=\"2024-06-14T13:56:17+00:00\" \/>\n<meta property=\"og:image\" content=\"https:\/\/www.upm.cz\/wp-content\/uploads\/628-1.jpg\" \/>\n\t<meta property=\"og:image:width\" content=\"633\" \/>\n\t<meta property=\"og:image:height\" content=\"800\" \/>\n\t<meta property=\"og:image:type\" content=\"image\/jpeg\" \/>\n<meta name=\"twitter:card\" content=\"summary_large_image\" \/>\n<meta name=\"twitter:label1\" content=\"Est. reading time\" \/>\n\t<meta name=\"twitter:data1\" content=\"1 minute\" \/>\n<script type=\"application\/ld+json\" class=\"yoast-schema-graph\">{\"@context\":\"https:\/\/schema.org\",\"@graph\":[{\"@type\":\"WebPage\",\"@id\":\"https:\/\/www.upm.cz\/eshop\/cesky-kubismus-pruvodce-expozici-upm\/\",\"url\":\"https:\/\/www.upm.cz\/eshop\/cesky-kubismus-pruvodce-expozici-upm\/\",\"name\":\"\u010cESK\u00dd KUBISMUS. PR\u016eVODCE EXPOZIC\u00cd UPM - Um\u011bleckopr\u016fmyslov\u00e9 museum v Praze\",\"isPartOf\":{\"@id\":\"https:\/\/www.upm.cz\/#website\"},\"primaryImageOfPage\":{\"@id\":\"https:\/\/www.upm.cz\/eshop\/cesky-kubismus-pruvodce-expozici-upm\/#primaryimage\"},\"image\":{\"@id\":\"https:\/\/www.upm.cz\/eshop\/cesky-kubismus-pruvodce-expozici-upm\/#primaryimage\"},\"thumbnailUrl\":\"https:\/\/www.upm.cz\/wp-content\/uploads\/628-1.jpg\",\"datePublished\":\"2024-01-24T15:19:56+00:00\",\"dateModified\":\"2024-06-14T13:56:17+00:00\",\"description\":\"Publikace v\u011bnovan\u00e1 fenom\u00e9nu \u010desk\u00e9ho kubismu \u010dten\u00e1\u0159e prov\u00e1d\u00ed v\u0161emi tematick\u00fdmi okruhy expozice v\u00a0dom\u011b U\u00a0\u010cern\u00e9 Matky Bo\u017e\u00ed \u2013 prvn\u00ed pra\u017esk\u00e9 kubistick\u00e9 stavb\u011b. Tato kl\u00ed\u010dov\u00e1 t\u00e9mata, mezi n\u011b\u017e pat\u0159\u00ed nap\u0159\u00edklad \u201eSkupina v\u00fdtvarn\u00fdch um\u011blc\u016f\u201c, \u201eKubistick\u00fd interi\u00e9r a\u00a0n\u00e1bytkov\u00e1 tvorba\u201c \u010di\u00a0\u201e\u0160ikm\u00e1 plocha a\u00a0krystal\u201c, sleduj\u00ed vztahy mezi voln\u00fdm um\u011bn\u00edm, architekturou a\u00a0interi\u00e9rovou tvorbou.\u00a0\",\"breadcrumb\":{\"@id\":\"https:\/\/www.upm.cz\/eshop\/cesky-kubismus-pruvodce-expozici-upm\/#breadcrumb\"},\"inLanguage\":\"en-US\",\"potentialAction\":[{\"@type\":\"ReadAction\",\"target\":[\"https:\/\/www.upm.cz\/eshop\/cesky-kubismus-pruvodce-expozici-upm\/\"]}]},{\"@type\":\"ImageObject\",\"inLanguage\":\"en-US\",\"@id\":\"https:\/\/www.upm.cz\/eshop\/cesky-kubismus-pruvodce-expozici-upm\/#primaryimage\",\"url\":\"https:\/\/www.upm.cz\/wp-content\/uploads\/628-1.jpg\",\"contentUrl\":\"https:\/\/www.upm.cz\/wp-content\/uploads\/628-1.jpg\",\"width\":633,\"height\":800},{\"@type\":\"BreadcrumbList\",\"@id\":\"https:\/\/www.upm.cz\/eshop\/cesky-kubismus-pruvodce-expozici-upm\/#breadcrumb\",\"itemListElement\":[{\"@type\":\"ListItem\",\"position\":1,\"name\":\"Dom\u016f\",\"item\":\"https:\/\/www.upm.cz\/\"},{\"@type\":\"ListItem\",\"position\":2,\"name\":\"eshop\",\"item\":\"https:\/\/www.upm.cz\/eshop\/\"},{\"@type\":\"ListItem\",\"position\":3,\"name\":\"\u010cESK\u00dd KUBISMUS. PR\u016eVODCE EXPOZIC\u00cd UPM\"}]},{\"@type\":\"WebSite\",\"@id\":\"https:\/\/www.upm.cz\/#website\",\"url\":\"https:\/\/www.upm.cz\/\",\"name\":\"Um\u011bleckopr\u016fmyslov\u00e9 museum v Praze\",\"description\":\"\",\"publisher\":{\"@id\":\"https:\/\/www.upm.cz\/#organization\"},\"potentialAction\":[{\"@type\":\"SearchAction\",\"target\":{\"@type\":\"EntryPoint\",\"urlTemplate\":\"https:\/\/www.upm.cz\/?s={search_term_string}\"},\"query-input\":{\"@type\":\"PropertyValueSpecification\",\"valueRequired\":true,\"valueName\":\"search_term_string\"}}],\"inLanguage\":\"en-US\"},{\"@type\":\"Organization\",\"@id\":\"https:\/\/www.upm.cz\/#organization\",\"name\":\"Um\u011bleckopr\u016fmyslov\u00e9 museum v Praze\",\"url\":\"https:\/\/www.upm.cz\/\",\"logo\":{\"@type\":\"ImageObject\",\"inLanguage\":\"en-US\",\"@id\":\"https:\/\/www.upm.cz\/#\/schema\/logo\/image\/\",\"url\":\"https:\/\/www.upm.cz\/wp-content\/uploads\/2020\/03\/logo_upm_cz.svg\",\"contentUrl\":\"https:\/\/www.upm.cz\/wp-content\/uploads\/2020\/03\/logo_upm_cz.svg\",\"width\":1736,\"height\":295,\"caption\":\"Um\u011bleckopr\u016fmyslov\u00e9 museum v Praze\"},\"image\":{\"@id\":\"https:\/\/www.upm.cz\/#\/schema\/logo\/image\/\"}}]}<\/script>\n<!-- \/ Yoast SEO plugin. -->","yoast_head_json":{"title":"\u010cESK\u00dd KUBISMUS. PR\u016eVODCE EXPOZIC\u00cd UPM - Um\u011bleckopr\u016fmyslov\u00e9 museum v Praze","description":"Publikace v\u011bnovan\u00e1 fenom\u00e9nu \u010desk\u00e9ho kubismu \u010dten\u00e1\u0159e prov\u00e1d\u00ed v\u0161emi tematick\u00fdmi okruhy expozice v\u00a0dom\u011b U\u00a0\u010cern\u00e9 Matky Bo\u017e\u00ed \u2013 prvn\u00ed pra\u017esk\u00e9 kubistick\u00e9 stavb\u011b. Tato kl\u00ed\u010dov\u00e1 t\u00e9mata, mezi n\u011b\u017e pat\u0159\u00ed nap\u0159\u00edklad \u201eSkupina v\u00fdtvarn\u00fdch um\u011blc\u016f\u201c, \u201eKubistick\u00fd interi\u00e9r a\u00a0n\u00e1bytkov\u00e1 tvorba\u201c \u010di\u00a0\u201e\u0160ikm\u00e1 plocha a\u00a0krystal\u201c, sleduj\u00ed vztahy mezi voln\u00fdm um\u011bn\u00edm, architekturou a\u00a0interi\u00e9rovou tvorbou.\u00a0","robots":{"index":"index","follow":"follow","max-snippet":"max-snippet:-1","max-image-preview":"max-image-preview:large","max-video-preview":"max-video-preview:-1"},"canonical":"https:\/\/www.upm.cz\/an\/eshop\/cesky-kubismus-pruvodce-expozici-upm\/","og_locale":"en_US","og_type":"article","og_title":"\u010cESK\u00dd KUBISMUS. PR\u016eVODCE EXPOZIC\u00cd UPM - Um\u011bleckopr\u016fmyslov\u00e9 museum v Praze","og_description":"Publikace v\u011bnovan\u00e1 fenom\u00e9nu \u010desk\u00e9ho kubismu \u010dten\u00e1\u0159e prov\u00e1d\u00ed v\u0161emi tematick\u00fdmi okruhy expozice v\u00a0dom\u011b U\u00a0\u010cern\u00e9 Matky Bo\u017e\u00ed \u2013 prvn\u00ed pra\u017esk\u00e9 kubistick\u00e9 stavb\u011b. Tato kl\u00ed\u010dov\u00e1 t\u00e9mata, mezi n\u011b\u017e pat\u0159\u00ed nap\u0159\u00edklad \u201eSkupina v\u00fdtvarn\u00fdch um\u011blc\u016f\u201c, \u201eKubistick\u00fd interi\u00e9r a\u00a0n\u00e1bytkov\u00e1 tvorba\u201c \u010di\u00a0\u201e\u0160ikm\u00e1 plocha a\u00a0krystal\u201c, sleduj\u00ed vztahy mezi voln\u00fdm um\u011bn\u00edm, architekturou a\u00a0interi\u00e9rovou tvorbou.\u00a0","og_url":"https:\/\/www.upm.cz\/an\/eshop\/cesky-kubismus-pruvodce-expozici-upm\/","og_site_name":"Um\u011bleckopr\u016fmyslov\u00e9 museum v Praze","article_modified_time":"2024-06-14T13:56:17+00:00","og_image":[{"width":633,"height":800,"url":"https:\/\/www.upm.cz\/wp-content\/uploads\/628-1.jpg","type":"image\/jpeg"}],"twitter_card":"summary_large_image","twitter_misc":{"Est. reading time":"1 minute"},"schema":{"@context":"https:\/\/schema.org","@graph":[{"@type":"WebPage","@id":"https:\/\/www.upm.cz\/eshop\/cesky-kubismus-pruvodce-expozici-upm\/","url":"https:\/\/www.upm.cz\/eshop\/cesky-kubismus-pruvodce-expozici-upm\/","name":"\u010cESK\u00dd KUBISMUS. PR\u016eVODCE EXPOZIC\u00cd UPM - Um\u011bleckopr\u016fmyslov\u00e9 museum v Praze","isPartOf":{"@id":"https:\/\/www.upm.cz\/#website"},"primaryImageOfPage":{"@id":"https:\/\/www.upm.cz\/eshop\/cesky-kubismus-pruvodce-expozici-upm\/#primaryimage"},"image":{"@id":"https:\/\/www.upm.cz\/eshop\/cesky-kubismus-pruvodce-expozici-upm\/#primaryimage"},"thumbnailUrl":"https:\/\/www.upm.cz\/wp-content\/uploads\/628-1.jpg","datePublished":"2024-01-24T15:19:56+00:00","dateModified":"2024-06-14T13:56:17+00:00","description":"Publikace v\u011bnovan\u00e1 fenom\u00e9nu \u010desk\u00e9ho kubismu \u010dten\u00e1\u0159e prov\u00e1d\u00ed v\u0161emi tematick\u00fdmi okruhy expozice v\u00a0dom\u011b U\u00a0\u010cern\u00e9 Matky Bo\u017e\u00ed \u2013 prvn\u00ed pra\u017esk\u00e9 kubistick\u00e9 stavb\u011b. Tato kl\u00ed\u010dov\u00e1 t\u00e9mata, mezi n\u011b\u017e pat\u0159\u00ed nap\u0159\u00edklad \u201eSkupina v\u00fdtvarn\u00fdch um\u011blc\u016f\u201c, \u201eKubistick\u00fd interi\u00e9r a\u00a0n\u00e1bytkov\u00e1 tvorba\u201c \u010di\u00a0\u201e\u0160ikm\u00e1 plocha a\u00a0krystal\u201c, sleduj\u00ed vztahy mezi voln\u00fdm um\u011bn\u00edm, architekturou a\u00a0interi\u00e9rovou tvorbou.\u00a0","breadcrumb":{"@id":"https:\/\/www.upm.cz\/eshop\/cesky-kubismus-pruvodce-expozici-upm\/#breadcrumb"},"inLanguage":"en-US","potentialAction":[{"@type":"ReadAction","target":["https:\/\/www.upm.cz\/eshop\/cesky-kubismus-pruvodce-expozici-upm\/"]}]},{"@type":"ImageObject","inLanguage":"en-US","@id":"https:\/\/www.upm.cz\/eshop\/cesky-kubismus-pruvodce-expozici-upm\/#primaryimage","url":"https:\/\/www.upm.cz\/wp-content\/uploads\/628-1.jpg","contentUrl":"https:\/\/www.upm.cz\/wp-content\/uploads\/628-1.jpg","width":633,"height":800},{"@type":"BreadcrumbList","@id":"https:\/\/www.upm.cz\/eshop\/cesky-kubismus-pruvodce-expozici-upm\/#breadcrumb","itemListElement":[{"@type":"ListItem","position":1,"name":"Dom\u016f","item":"https:\/\/www.upm.cz\/"},{"@type":"ListItem","position":2,"name":"eshop","item":"https:\/\/www.upm.cz\/eshop\/"},{"@type":"ListItem","position":3,"name":"\u010cESK\u00dd KUBISMUS. PR\u016eVODCE EXPOZIC\u00cd UPM"}]},{"@type":"WebSite","@id":"https:\/\/www.upm.cz\/#website","url":"https:\/\/www.upm.cz\/","name":"Um\u011bleckopr\u016fmyslov\u00e9 museum v Praze","description":"","publisher":{"@id":"https:\/\/www.upm.cz\/#organization"},"potentialAction":[{"@type":"SearchAction","target":{"@type":"EntryPoint","urlTemplate":"https:\/\/www.upm.cz\/?s={search_term_string}"},"query-input":{"@type":"PropertyValueSpecification","valueRequired":true,"valueName":"search_term_string"}}],"inLanguage":"en-US"},{"@type":"Organization","@id":"https:\/\/www.upm.cz\/#organization","name":"Um\u011bleckopr\u016fmyslov\u00e9 museum v Praze","url":"https:\/\/www.upm.cz\/","logo":{"@type":"ImageObject","inLanguage":"en-US","@id":"https:\/\/www.upm.cz\/#\/schema\/logo\/image\/","url":"https:\/\/www.upm.cz\/wp-content\/uploads\/2020\/03\/logo_upm_cz.svg","contentUrl":"https:\/\/www.upm.cz\/wp-content\/uploads\/2020\/03\/logo_upm_cz.svg","width":1736,"height":295,"caption":"Um\u011bleckopr\u016fmyslov\u00e9 museum v Praze"},"image":{"@id":"https:\/\/www.upm.cz\/#\/schema\/logo\/image\/"}}]}},"_links":{"self":[{"href":"https:\/\/www.upm.cz\/an\/wp-json\/wp\/v2\/product\/7287","targetHints":{"allow":["GET"]}}],"collection":[{"href":"https:\/\/www.upm.cz\/an\/wp-json\/wp\/v2\/product"}],"about":[{"href":"https:\/\/www.upm.cz\/an\/wp-json\/wp\/v2\/types\/product"}],"wp:featuredmedia":[{"embeddable":true,"href":"https:\/\/www.upm.cz\/an\/wp-json\/wp\/v2\/media\/19900"}],"wp:attachment":[{"href":"https:\/\/www.upm.cz\/an\/wp-json\/wp\/v2\/media?parent=7287"}],"wp:term":[{"taxonomy":"product_brand","embeddable":true,"href":"https:\/\/www.upm.cz\/an\/wp-json\/wp\/v2\/product_brand?post=7287"},{"taxonomy":"product_cat","embeddable":true,"href":"https:\/\/www.upm.cz\/an\/wp-json\/wp\/v2\/product_cat?post=7287"},{"taxonomy":"product_tag","embeddable":true,"href":"https:\/\/www.upm.cz\/an\/wp-json\/wp\/v2\/product_tag?post=7287"}],"curies":[{"name":"wp","href":"https:\/\/api.w.org\/{rel}","templated":true}]}}